{"id":6417,"date":"2018-11-22T10:07:12","date_gmt":"2018-11-22T16:07:12","guid":{"rendered":"http:\/\/www.robertabudasalon.com\/?page_id=6417"},"modified":"2020-06-21T14:35:20","modified_gmt":"2020-06-21T19:35:20","slug":"el-mohicano-perfecto","status":"publish","type":"page","link":"https:\/\/robertabudasalon.com\/es\/el-mohicano-perfecto\/","title":{"rendered":"EL MOHICANO PERFECTO"},"content":{"rendered":"<h2>Salon de Belleza Merida Robert Abuda<\/h2>\n<p style=\"text-align: center;\">Shop by Brand \u2013\u00a0<a href=\"https:\/\/robertabudasalon.com\/product-category\/olaplex\/\" target=\"_blank\" rel=\"noreferrer noopener\">OLAPLEX<\/a>\u00a0|\u00a0<a href=\"https:\/\/robertabudasalon.com\/product-category\/living-proof\/\" target=\"_blank\" rel=\"noreferrer noopener\">LIVING PROOF<\/a>\u00a0|\u00a0<a href=\"https:\/\/robertabudasalon.com\/product-category\/balmain\/\" target=\"_blank\" rel=\"noreferrer noopener\">BALMAIN<\/a>\u00a0|\u00a0<a href=\"https:\/\/robertabudasalon.com\/product-category\/malibu-c\/\" target=\"_blank\" rel=\"noreferrer noopener\">MALIBU C<\/a><\/p>\n<p><span id=\"result_box\" class=\"\" lang=\"es\">Salon de Belleza Merida Robert Abuda Estilistas | El cabello de Robert Abuda y Model es Roger Pech Sansores. | Fotos por BDG Photo Video. El mohawk (tambi\u00e9n conocido como mohicano) es un peinado en el que se afeitan ambos lados de la cabeza, lo que deja una franja de cabello notablemente m\u00e1s largo en el centro. El mohawk tambi\u00e9n se conoce como iro en referencia a los iroqueses, de quienes se deriva el peinado. Hist\u00f3ricamente, el pelo fue arrancado en lugar de afeitado.<\/span><\/p>\n<p><span class=\"\">Los peinados con estos nombres se asemejan m\u00e1s a los que usan los pawnee, en lugar de los mohawk, mohicanos \/ mahicanos, moheganos u otras tribus fon\u00e9ticamente similares.<\/span> <span class=\"\">El hombre pelirrojo de Clonycavan encontrado en Irlanda es notable por tener un peinado Mohawk bien conservado, que data de entre 392 aC y 201 aC.<\/span><\/p>\n<p><span class=\"\">Hoy en d\u00eda, el peinado mohicano o mohawk se usa como un emblema de la no conformidad.<\/span> <span class=\"\">El r\u00e9cord mundial para el mohawk m\u00e1s alto es para Kazuhiro Watanabe, quien tiene un mohawk de 44.6 pulgadas de alto.<\/span><\/p>\n<figure id=\"attachment_4221\" aria-describedby=\"caption-attachment-4221\" style=\"width: 960px\" class=\"wp-caption alignleft\"><img loading=\"lazy\" decoding=\"async\" class=\"wp-image-4221 size-full\" src=\"http:\/\/robertabudasalon.com\/wp-content\/uploads\/2013\/05\/Salon-de-Belleza-Merida-Robert-Abuda-1.jpg\" alt=\"Salon de Belleza Merida Robert Abuda Estilistas 1\" width=\"960\" height=\"640\" srcset=\"https:\/\/robertabudasalon.com\/wp-content\/uploads\/2013\/05\/Salon-de-Belleza-Merida-Robert-Abuda-1.jpg 960w, https:\/\/robertabudasalon.com\/wp-content\/uploads\/2013\/05\/Salon-de-Belleza-Merida-Robert-Abuda-1.jpg 600w, https:\/\/robertabudasalon.com\/wp-content\/uploads\/2013\/05\/Salon-de-Belleza-Merida-Robert-Abuda-1.jpg 300w, https:\/\/robertabudasalon.com\/wp-content\/uploads\/2013\/05\/Salon-de-Belleza-Merida-Robert-Abuda-1.jpg 768w\" sizes=\"auto, (max-width: 714px) 100vw, 714px\" \/><figcaption id=\"caption-attachment-4221\" class=\"wp-caption-text\">Salon de Belleza Merida Robert Abuda Estilistas 1.<\/figcaption><\/figure>\n<figure id=\"attachment_4223\" aria-describedby=\"caption-attachment-4223\" style=\"width: 960px\" class=\"wp-caption alignleft\"><img loading=\"lazy\" decoding=\"async\" class=\"wp-image-4223 size-full\" src=\"http:\/\/robertabudasalon.com\/wp-content\/uploads\/2013\/05\/Salon-de-Belleza-Merida-Robert-Abuda-3.jpg\" alt=\"Salon de Belleza Merida Robert Abuda Estilistas 2\" width=\"960\" height=\"640\" srcset=\"https:\/\/robertabudasalon.com\/wp-content\/uploads\/2013\/05\/Salon-de-Belleza-Merida-Robert-Abuda-3.jpg 960w, https:\/\/robertabudasalon.com\/wp-content\/uploads\/2013\/05\/Salon-de-Belleza-Merida-Robert-Abuda-3.jpg 600w, https:\/\/robertabudasalon.com\/wp-content\/uploads\/2013\/05\/Salon-de-Belleza-Merida-Robert-Abuda-3.jpg 300w, https:\/\/robertabudasalon.com\/wp-content\/uploads\/2013\/05\/Salon-de-Belleza-Merida-Robert-Abuda-3.jpg 768w\" sizes=\"auto, (max-width: 714px) 100vw, 714px\" \/><figcaption id=\"caption-attachment-4223\" class=\"wp-caption-text\">Salon de Belleza Merida Robert Abuda Estilistas 2.<\/figcaption><\/figure>\n<figure id=\"attachment_4222\" aria-describedby=\"caption-attachment-4222\" style=\"width: 960px\" class=\"wp-caption alignleft\"><img loading=\"lazy\" decoding=\"async\" class=\"wp-image-4222 size-full\" src=\"http:\/\/robertabudasalon.com\/wp-content\/uploads\/2013\/05\/Salon-de-Belleza-Merida-Robert-Abuda-2.jpg\" alt=\"Hair Salon Merida 1\" width=\"960\" height=\"640\" srcset=\"https:\/\/robertabudasalon.com\/wp-content\/uploads\/2013\/05\/Salon-de-Belleza-Merida-Robert-Abuda-2.jpg 960w, https:\/\/robertabudasalon.com\/wp-content\/uploads\/2013\/05\/Salon-de-Belleza-Merida-Robert-Abuda-2.jpg 600w, https:\/\/robertabudasalon.com\/wp-content\/uploads\/2013\/05\/Salon-de-Belleza-Merida-Robert-Abuda-2.jpg 300w, https:\/\/robertabudasalon.com\/wp-content\/uploads\/2013\/05\/Salon-de-Belleza-Merida-Robert-Abuda-2.jpg 768w\" sizes=\"auto, (max-width: 714px) 100vw, 714px\" \/><figcaption id=\"caption-attachment-4222\" class=\"wp-caption-text\">Hair Salon Merida 1.<\/figcaption><\/figure>\n<figure id=\"attachment_4224\" aria-describedby=\"caption-attachment-4224\" style=\"width: 960px\" class=\"wp-caption alignleft\"><img loading=\"lazy\" decoding=\"async\" class=\"wp-image-4224 size-full\" src=\"http:\/\/robertabudasalon.com\/wp-content\/uploads\/2013\/05\/Salon-de-Belleza-Merida-Robert-Abuda-4.jpg\" alt=\"Hair Salon Merida 2a\" width=\"960\" height=\"640\" srcset=\"https:\/\/robertabudasalon.com\/wp-content\/uploads\/2013\/05\/Salon-de-Belleza-Merida-Robert-Abuda-4.jpg 960w, https:\/\/robertabudasalon.com\/wp-content\/uploads\/2013\/05\/Salon-de-Belleza-Merida-Robert-Abuda-4.jpg 600w, https:\/\/robertabudasalon.com\/wp-content\/uploads\/2013\/05\/Salon-de-Belleza-Merida-Robert-Abuda-4.jpg 300w, https:\/\/robertabudasalon.com\/wp-content\/uploads\/2013\/05\/Salon-de-Belleza-Merida-Robert-Abuda-4.jpg 768w\" sizes=\"auto, (max-width: 714px) 100vw, 714px\" \/><figcaption id=\"caption-attachment-4224\" class=\"wp-caption-text\">Hair Salon Merida 2a.<\/figcaption><\/figure>\n<figure id=\"attachment_4225\" aria-describedby=\"caption-attachment-4225\" style=\"width: 960px\" class=\"wp-caption alignleft\"><img loading=\"lazy\" decoding=\"async\" class=\"wp-image-4225 size-full\" src=\"http:\/\/robertabudasalon.com\/wp-content\/uploads\/2013\/05\/Salon-de-Belleza-Merida-Robert-Abuda-5.jpg\" alt=\"Salon de Belleza Merida Hair Abuda\" width=\"960\" height=\"640\" srcset=\"https:\/\/robertabudasalon.com\/wp-content\/uploads\/2013\/05\/Salon-de-Belleza-Merida-Robert-Abuda-5.jpg 960w, https:\/\/robertabudasalon.com\/wp-content\/uploads\/2013\/05\/Salon-de-Belleza-Merida-Robert-Abuda-5.jpg 600w, https:\/\/robertabudasalon.com\/wp-content\/uploads\/2013\/05\/Salon-de-Belleza-Merida-Robert-Abuda-5.jpg 300w, https:\/\/robertabudasalon.com\/wp-content\/uploads\/2013\/05\/Salon-de-Belleza-Merida-Robert-Abuda-5.jpg 768w\" sizes=\"auto, (max-width: 714px) 100vw, 714px\" \/><figcaption id=\"caption-attachment-4225\" class=\"wp-caption-text\">Salon de Belleza Merida Hair Abuda.<\/figcaption><\/figure>\n<figure id=\"attachment_4226\" aria-describedby=\"caption-attachment-4226\" style=\"width: 960px\" class=\"wp-caption alignleft\"><img loading=\"lazy\" decoding=\"async\" class=\"wp-image-4226 size-full\" src=\"http:\/\/robertabudasalon.com\/wp-content\/uploads\/2013\/05\/Salon-de-Belleza-Merida-Robert-Abuda-6.jpg\" alt=\"Salon de Belleza Merida Robert Abuda 3\" width=\"960\" height=\"640\" srcset=\"https:\/\/robertabudasalon.com\/wp-content\/uploads\/2013\/05\/Salon-de-Belleza-Merida-Robert-Abuda-6.jpg 960w, https:\/\/robertabudasalon.com\/wp-content\/uploads\/2013\/05\/Salon-de-Belleza-Merida-Robert-Abuda-6.jpg 600w, https:\/\/robertabudasalon.com\/wp-content\/uploads\/2013\/05\/Salon-de-Belleza-Merida-Robert-Abuda-6.jpg 300w, https:\/\/robertabudasalon.com\/wp-content\/uploads\/2013\/05\/Salon-de-Belleza-Merida-Robert-Abuda-6.jpg 768w\" sizes=\"auto, (max-width: 714px) 100vw, 714px\" \/><figcaption id=\"caption-attachment-4226\" class=\"wp-caption-text\">Salon de Belleza Merida Robert Abuda 3.<\/figcaption><\/figure>\n<figure id=\"attachment_4227\" aria-describedby=\"caption-attachment-4227\" style=\"width: 960px\" class=\"wp-caption alignleft\"><img loading=\"lazy\" decoding=\"async\" class=\"wp-image-4227 size-full\" src=\"http:\/\/robertabudasalon.com\/wp-content\/uploads\/2013\/05\/Salon-de-Belleza-Merida-Robert-Abuda-7.jpg\" alt=\"Salon de Belleza Merida Robert Abuda 7\" width=\"960\" height=\"640\" srcset=\"https:\/\/robertabudasalon.com\/wp-content\/uploads\/2013\/05\/Salon-de-Belleza-Merida-Robert-Abuda-7.jpg 960w, https:\/\/robertabudasalon.com\/wp-content\/uploads\/2013\/05\/Salon-de-Belleza-Merida-Robert-Abuda-7.jpg 600w, https:\/\/robertabudasalon.com\/wp-content\/uploads\/2013\/05\/Salon-de-Belleza-Merida-Robert-Abuda-7.jpg 300w, https:\/\/robertabudasalon.com\/wp-content\/uploads\/2013\/05\/Salon-de-Belleza-Merida-Robert-Abuda-7.jpg 768w\" sizes=\"auto, (max-width: 714px) 100vw, 714px\" \/><figcaption id=\"caption-attachment-4227\" class=\"wp-caption-text\">Salon de Belleza Merida Robert Abuda 7.<\/figcaption><\/figure>\n<figure id=\"attachment_4228\" aria-describedby=\"caption-attachment-4228\" style=\"width: 960px\" class=\"wp-caption alignleft\"><img loading=\"lazy\" decoding=\"async\" class=\"wp-image-4228 size-full\" src=\"http:\/\/robertabudasalon.com\/wp-content\/uploads\/2013\/05\/Salon-de-Belleza-Merida-Robert-Abuda-8.jpg\" alt=\"Robert Abuda Hair Salon de Belleza Merida 1\" width=\"960\" height=\"640\" srcset=\"https:\/\/robertabudasalon.com\/wp-content\/uploads\/2013\/05\/Salon-de-Belleza-Merida-Robert-Abuda-8.jpg 960w, https:\/\/robertabudasalon.com\/wp-content\/uploads\/2013\/05\/Salon-de-Belleza-Merida-Robert-Abuda-8.jpg 600w, https:\/\/robertabudasalon.com\/wp-content\/uploads\/2013\/05\/Salon-de-Belleza-Merida-Robert-Abuda-8.jpg 300w, https:\/\/robertabudasalon.com\/wp-content\/uploads\/2013\/05\/Salon-de-Belleza-Merida-Robert-Abuda-8.jpg 768w\" sizes=\"auto, (max-width: 714px) 100vw, 714px\" \/><figcaption id=\"caption-attachment-4228\" class=\"wp-caption-text\">Robert Abuda Hair Salon de Belleza Merida 1.<\/figcaption><\/figure>\n<figure id=\"attachment_4229\" aria-describedby=\"caption-attachment-4229\" style=\"width: 960px\" class=\"wp-caption alignleft\"><img loading=\"lazy\" decoding=\"async\" class=\"wp-image-4229 size-full\" src=\"http:\/\/robertabudasalon.com\/wp-content\/uploads\/2013\/05\/Salon-de-Belleza-Merida-Robert-Abuda-9.jpg\" alt=\"Salon de Belleza Merida Robert Abuda 9\" width=\"960\" height=\"621\" srcset=\"https:\/\/robertabudasalon.com\/wp-content\/uploads\/2013\/05\/Salon-de-Belleza-Merida-Robert-Abuda-9.jpg 960w, https:\/\/robertabudasalon.com\/wp-content\/uploads\/2013\/05\/Salon-de-Belleza-Merida-Robert-Abuda-9.jpg 600w, https:\/\/robertabudasalon.com\/wp-content\/uploads\/2013\/05\/Salon-de-Belleza-Merida-Robert-Abuda-9.jpg 300w, https:\/\/robertabudasalon.com\/wp-content\/uploads\/2013\/05\/Salon-de-Belleza-Merida-Robert-Abuda-9.jpg 768w\" sizes=\"auto, (max-width: 714px) 100vw, 714px\" \/><figcaption id=\"caption-attachment-4229\" class=\"wp-caption-text\">Salon de Belleza Merida Robert Abuda 9.<\/figcaption><\/figure>\n<figure id=\"attachment_4230\" aria-describedby=\"caption-attachment-4230\" style=\"width: 960px\" class=\"wp-caption alignleft\"><img loading=\"lazy\" decoding=\"async\" class=\"wp-image-4230 size-full\" src=\"http:\/\/robertabudasalon.com\/wp-content\/uploads\/2013\/05\/Salon-de-Belleza-Merida-Robert-Abuda-10.jpg\" alt=\"Salon de Belleza Merida Robert Abuda Hair 10\" width=\"960\" height=\"640\" srcset=\"https:\/\/robertabudasalon.com\/wp-content\/uploads\/2013\/05\/Salon-de-Belleza-Merida-Robert-Abuda-10.jpg 960w, https:\/\/robertabudasalon.com\/wp-content\/uploads\/2013\/05\/Salon-de-Belleza-Merida-Robert-Abuda-10.jpg 600w, https:\/\/robertabudasalon.com\/wp-content\/uploads\/2013\/05\/Salon-de-Belleza-Merida-Robert-Abuda-10.jpg 300w, https:\/\/robertabudasalon.com\/wp-content\/uploads\/2013\/05\/Salon-de-Belleza-Merida-Robert-Abuda-10.jpg 768w\" sizes=\"auto, (max-width: 714px) 100vw, 714px\" \/><figcaption id=\"caption-attachment-4230\" class=\"wp-caption-text\">Salon de Belleza Merida Robert Abuda Hair 10.<\/figcaption><\/figure>\n<figure id=\"attachment_4232\" aria-describedby=\"caption-attachment-4232\" style=\"width: 960px\" class=\"wp-caption alignleft\"><img loading=\"lazy\" decoding=\"async\" class=\"wp-image-4232 size-full\" src=\"http:\/\/robertabudasalon.com\/wp-content\/uploads\/2013\/05\/Salon-de-Belleza-Merida-Robert-Abuda-12.jpg\" alt=\"Hair Salon de Belleza Merida Robert Abuda 11\" width=\"960\" height=\"625\" srcset=\"https:\/\/robertabudasalon.com\/wp-content\/uploads\/2013\/05\/Salon-de-Belleza-Merida-Robert-Abuda-12.jpg 960w, https:\/\/robertabudasalon.com\/wp-content\/uploads\/2013\/05\/Salon-de-Belleza-Merida-Robert-Abuda-12.jpg 600w, https:\/\/robertabudasalon.com\/wp-content\/uploads\/2013\/05\/Salon-de-Belleza-Merida-Robert-Abuda-12.jpg 300w, https:\/\/robertabudasalon.com\/wp-content\/uploads\/2013\/05\/Salon-de-Belleza-Merida-Robert-Abuda-12.jpg 768w\" sizes=\"auto, (max-width: 714px) 100vw, 714px\" \/><figcaption id=\"caption-attachment-4232\" class=\"wp-caption-text\">Hair Salon de Belleza Merida Robert Abuda 11.<\/figcaption><\/figure>\n<p>Salon de Belleza M\u00e9rida Robert Abuda Estilistas. | Fotos por <a href=\"http:\/\/www.bdgphotovideos.com\">BDG Foto Video<\/a>. El Mohawk (tambi\u00e9n referido como un mohican) es un peinado en el que, en la variedad m\u00e1s com\u00fan, los dos lados de la cabeza son afeitada, dejando una tira de pelo notablemente m\u00e1s largo en el centro.<\/p>\n<p>El Mohawk tambi\u00e9n se refiere a veces como un iro en referencia a los iroqueses, de quien se deriva el peinado &#8211; aunque hist\u00f3ricamente el cabello se arranc\u00f3 en lugar de afeitado.<\/p>\n<p>Los peinados que llevan estos nombres se parecen m\u00e1s a los usados por los Pawnee, en lugar de los Mohawk, mohicano \/ Mahican, Mohegan, u otras tribus fon\u00e9ticamente similares.<\/p>\n<p>El cuerpo de un hombre de Clonycavan pantano de pelo rojo que se encuentra en Irlanda se destaca por tener un peinado Mohawk bien conservada, que data de entre el 392 aC y 201 aC.<\/p>\n<p>Hoy en d\u00eda es usado como un emblema de la no conformidad. El r\u00e9cord mundial de la mohawk m\u00e1s alto va a Kazuhiro Watanabe, que tiene un mohawk 44,6 pulgadas de altura.<\/p>\n<p><!--:--><script type=\"text\/javascript\">\/\/ <![CDATA[ (function(i,s,o,g,r,a,m){i['GoogleAnalyticsObject']=r;i[r]=i[r]||function(){ (i[r].q=i[r].q||[]).push(arguments)},i[r].l=1*new Date();a=s.createElement(o), m=s.getElementsByTagName(o)[0];a.async=1;a.src=g;m.parentNode.insertBefore(a,m) })(window,document,'script','\/\/www.google-analytics.com\/analytics.js','ga'); ga('create', 'UA-40885373-1', 'robertabudasalon.com'); ga('send', 'pageview'); \/\/ ]]><\/script><\/p>\n","protected":false},"excerpt":{"rendered":"<p>Salon de Belleza Merida Robert Abuda Shop by Brand \u2013\u00a0OLAPLEX\u00a0|\u00a0LIVING PROOF\u00a0|\u00a0BALMAIN\u00a0|\u00a0MALIBU C Salon de Belleza Merida Robert Abuda Estilistas | El cabello de Robert Abuda y Model es Roger Pech Sansores. | Fotos por BDG Photo Video. El mohawk (tambi\u00e9n conocido como mohicano) es un peinado en el que se afeitan ambos lados de la [&hellip;]<\/p>\n","protected":false},"author":1,"featured_media":0,"parent":0,"menu_order":0,"comment_status":"closed","ping_status":"closed","template":"","meta":{"nf_dc_page":"","jetpack_post_was_ever_published":false,"footnotes":""},"yst_prominent_words":[662,941,940,943,563,554,939,938,2923,2927,2926,942,944,2925,521,697,639,630,937,2924],"class_list":["post-6417","page","type-page","status-publish","entry"],"yoast_head":"<!-- This site is optimized with the Yoast SEO Premium plugin v14.4.1 - https:\/\/yoast.com\/wordpress\/plugins\/seo\/ -->\n<title>EL MOHICANO PERFECTO | Robert Abuda Merida Hair Salon<\/title>\n<meta name=\"description\" content=\"Hair Salon Merida | Cortes Hombres Merida, Cortes Damas Merida. Salon de belleza, 470C Paseo de Montejo y Calle 39, Merida Mexico. TEL 999 926 3015.\" \/>\n<meta name=\"robots\" content=\"index, follow\" \/>\n<meta name=\"googlebot\" content=\"index, follow, max-snippet:-1, max-image-preview:large, max-video-preview:-1\" \/>\n<meta name=\"bingbot\" content=\"index, follow, max-snippet:-1, max-image-preview:large, max-video-preview:-1\" \/>\n<link rel=\"canonical\" href=\"https:\/\/www.robertabudasalon.com\/es\/el-mohicano-perfecto\/\" \/>\n<meta property=\"og:locale\" content=\"es_ES\" \/>\n<meta property=\"og:type\" content=\"article\" \/>\n<meta property=\"og:title\" content=\"EL MOHICANO PERFECTO | Robert Abuda Merida Hair Salon\" \/>\n<meta property=\"og:description\" content=\"Hair Salon Merida | Cortes Hombres Merida, Cortes Damas Merida. Salon de belleza, 470C Paseo de Montejo y Calle 39, Merida Mexico. TEL 999 926 3015.\" \/>\n<meta property=\"og:url\" content=\"https:\/\/www.robertabudasalon.com\/es\/el-mohicano-perfecto\/\" \/>\n<meta property=\"og:site_name\" content=\"Robert Abuda Merida Hair Salon\" \/>\n<meta property=\"article:publisher\" content=\"https:\/\/www.facebook.com\/RobertAbudaSalondeBellezaMerida\" \/>\n<meta property=\"article:author\" content=\"https:\/\/www.facebook.com\/RobertAbudaSalondeBellezaMerida\" \/>\n<meta property=\"article:modified_time\" content=\"2020-06-21T19:35:20+00:00\" \/>\n<meta property=\"og:image\" content=\"http:\/\/robertabudasalon.com\/wp-content\/uploads\/2013\/05\/Salon-de-Belleza-Merida-Robert-Abuda-1.jpg\" \/>\n<meta property=\"fb:app_id\" content=\"https:\/\/www.facebook.com\/RobertAbudaSalondeBellezaMerida\" \/>\n<meta name=\"twitter:card\" content=\"summary\" \/>\n<meta name=\"twitter:creator\" content=\"@RobAbudaSalon\" \/>\n<meta name=\"twitter:site\" content=\"@RobAbudaSalon\" \/>\n<script type=\"application\/ld+json\" class=\"yoast-schema-graph\">{\"@context\":\"https:\/\/schema.org\",\"@graph\":[{\"@type\":\"WebSite\",\"@id\":\"https:\/\/robertabudasalon.com\/es\/#website\",\"url\":\"https:\/\/robertabudasalon.com\/es\/\",\"name\":\"Robert Abuda Merida Hair Salon\",\"description\":\"Hair Salon Merida, Salon de Belleza Merida +52 999 926 3015, #470C Paseo de Montejo, Peluqueria y SPA.\",\"potentialAction\":[{\"@type\":\"SearchAction\",\"target\":\"https:\/\/robertabudasalon.com\/es\/?s={search_term_string}\",\"query-input\":\"required name=search_term_string\"}],\"inLanguage\":\"es-ES\"},{\"@type\":\"ImageObject\",\"@id\":\"https:\/\/www.robertabudasalon.com\/es\/el-mohicano-perfecto\/#primaryimage\",\"inLanguage\":\"es-ES\",\"url\":\"http:\/\/robertabudasalon.com\/wp-content\/uploads\/2013\/05\/Salon-de-Belleza-Merida-Robert-Abuda-1.jpg\"},{\"@type\":\"WebPage\",\"@id\":\"https:\/\/www.robertabudasalon.com\/es\/el-mohicano-perfecto\/#webpage\",\"url\":\"https:\/\/www.robertabudasalon.com\/es\/el-mohicano-perfecto\/\",\"name\":\"EL MOHICANO PERFECTO | Robert Abuda Merida Hair Salon\",\"isPartOf\":{\"@id\":\"https:\/\/robertabudasalon.com\/es\/#website\"},\"primaryImageOfPage\":{\"@id\":\"https:\/\/www.robertabudasalon.com\/es\/el-mohicano-perfecto\/#primaryimage\"},\"datePublished\":\"2018-11-22T16:07:12+00:00\",\"dateModified\":\"2020-06-21T19:35:20+00:00\",\"description\":\"Hair Salon Merida | Cortes Hombres Merida, Cortes Damas Merida. Salon de belleza, 470C Paseo de Montejo y Calle 39, Merida Mexico. TEL 999 926 3015.\",\"inLanguage\":\"es-ES\",\"potentialAction\":[{\"@type\":\"ReadAction\",\"target\":[\"https:\/\/www.robertabudasalon.com\/es\/el-mohicano-perfecto\/\"]}]}]}<\/script>\n<!-- \/ Yoast SEO Premium plugin. -->","jetpack_sharing_enabled":true,"jetpack_shortlink":"https:\/\/wp.me\/P6c51u-1Fv","amp_enabled":true,"_links":{"self":[{"href":"https:\/\/robertabudasalon.com\/es\/wp-json\/wp\/v2\/pages\/6417","targetHints":{"allow":["GET"]}}],"collection":[{"href":"https:\/\/robertabudasalon.com\/es\/wp-json\/wp\/v2\/pages"}],"about":[{"href":"https:\/\/robertabudasalon.com\/es\/wp-json\/wp\/v2\/types\/page"}],"author":[{"embeddable":true,"href":"https:\/\/robertabudasalon.com\/es\/wp-json\/wp\/v2\/users\/1"}],"replies":[{"embeddable":true,"href":"https:\/\/robertabudasalon.com\/es\/wp-json\/wp\/v2\/comments?post=6417"}],"version-history":[{"count":3,"href":"https:\/\/robertabudasalon.com\/es\/wp-json\/wp\/v2\/pages\/6417\/revisions"}],"predecessor-version":[{"id":11042,"href":"https:\/\/robertabudasalon.com\/es\/wp-json\/wp\/v2\/pages\/6417\/revisions\/11042"}],"wp:attachment":[{"href":"https:\/\/robertabudasalon.com\/es\/wp-json\/wp\/v2\/media?parent=6417"}],"wp:term":[{"taxonomy":"yst_prominent_words","embeddable":true,"href":"https:\/\/robertabudasalon.com\/es\/wp-json\/wp\/v2\/yst_prominent_words?post=6417"}],"curies":[{"name":"wp","href":"https:\/\/api.w.org\/{rel}","templated":true}]}}