{"id":6368,"date":"2018-11-16T20:48:54","date_gmt":"2018-11-17T02:48:54","guid":{"rendered":"http:\/\/www.robertabudasalon.com\/?page_id=6368"},"modified":"2020-06-21T20:32:04","modified_gmt":"2020-06-22T01:32:04","slug":"fotos-y-videos-merida","status":"publish","type":"page","link":"https:\/\/robertabudasalon.com\/es\/fotos-y-videos-merida\/","title":{"rendered":"Fotos y Videos"},"content":{"rendered":"<h3>Fotos y Videos, Robert Abuda Salon | <span style=\"color: #ff99cc;\">TEL +52 999 926 3015<\/span><\/h3>\n<p><strong>Fotos y Videos Merida |<\/strong> <span id=\"result_box\" class=\"\" lang=\"es\">GALER\u00cdA DE FOTOS | Robert Abuda Salon cuenta con un equipo altamente calificado de estilistas profesionales de belleza y peluquer\u00eda con m\u00e1s de 20 a\u00f1os de experiencia combinada. Por favor, vea nuestras fotos a continuaci\u00f3n para ver ejemplos de nuestro trabajo favorito. <span class=\"\">Fotos por<\/span><\/span> <a href=\"http:\/\/www.bdgphotovideos.com\" target=\"_blank\" rel=\"noopener noreferrer\">BDG Photo Video.<\/a><\/p>\n<p style=\"text-align: center;\">Shop by Brand \u2013\u00a0<a href=\"https:\/\/robertabudasalon.com\/product-category\/olaplex\/\" target=\"_blank\" rel=\"noreferrer noopener\">OLAPLEX<\/a>\u00a0|\u00a0<a href=\"https:\/\/robertabudasalon.com\/product-category\/living-proof\/\" target=\"_blank\" rel=\"noreferrer noopener\">LIVING PROOF<\/a>\u00a0|\u00a0<a href=\"https:\/\/robertabudasalon.com\/product-category\/balmain\/\" target=\"_blank\" rel=\"noreferrer noopener\">BALMAIN<\/a>\u00a0|\u00a0<a href=\"https:\/\/robertabudasalon.com\/product-category\/malibu-c\/\" target=\"_blank\" rel=\"noreferrer noopener\">MALIBU C<\/a><\/p>\n<figure id=\"attachment_6833\" aria-describedby=\"caption-attachment-6833\" style=\"width: 600px\" class=\"wp-caption alignleft\"><a href=\"https:\/\/robertabudasalon.com\/es\/prom-merida\/\"><img loading=\"lazy\" decoding=\"async\" data-attachment-id=\"6833\" data-permalink=\"https:\/\/robertabudasalon.com\/es\/fotos-y-videos-merida\/prom-merida-mx-thumbnail-eng-2\/\" data-orig-file=\"https:\/\/robertabudasalon.com\/wp-content\/uploads\/2018\/12\/Prom-Merida-MX-Thumbnail-eng.jpg\" data-orig-size=\"600,180\" data-comments-opened=\"0\" data-image-meta=\"{&quot;aperture&quot;:&quot;0&quot;,&quot;credit&quot;:&quot;&quot;,&quot;camera&quot;:&quot;&quot;,&quot;caption&quot;:&quot;&quot;,&quot;created_timestamp&quot;:&quot;0&quot;,&quot;copyright&quot;:&quot;&quot;,&quot;focal_length&quot;:&quot;0&quot;,&quot;iso&quot;:&quot;0&quot;,&quot;shutter_speed&quot;:&quot;0&quot;,&quot;title&quot;:&quot;&quot;,&quot;orientation&quot;:&quot;0&quot;}\" data-image-title=\"Prom-Merida-MX-Thumbnail-eng\" data-image-description=\"\" data-image-caption=\"&lt;p&gt;Prom Merida MX Hair, Peinados, Makeup, Maquillaje&lt;\/p&gt;\n\" data-large-file=\"https:\/\/robertabudasalon.com\/wp-content\/uploads\/2018\/12\/Prom-Merida-MX-Thumbnail-eng.jpg\" class=\"wp-image-6833 size-full\" src=\"https:\/\/robertabudasalon.com\/wp-content\/uploads\/2018\/12\/Prom-Merida-MX-Thumbnail-eng.jpg\" alt=\"Fotos y videos Merida\" width=\"600\" height=\"180\" srcset=\"https:\/\/robertabudasalon.com\/wp-content\/uploads\/2018\/12\/Prom-Merida-MX-Thumbnail-eng.jpg 600w, https:\/\/robertabudasalon.com\/wp-content\/uploads\/2018\/12\/Prom-Merida-MX-Thumbnail-eng.jpg 300w\" sizes=\"auto, (max-width: 600px) 100vw, 600px\" \/><\/a><figcaption id=\"caption-attachment-6833\" class=\"wp-caption-text\">Prom Merida MX Peinados, Makeup, Maquillaje<\/figcaption><\/figure>\n<figure id=\"attachment_3442\" aria-describedby=\"caption-attachment-3442\" style=\"width: 600px\" class=\"wp-caption alignleft\"><a href=\"http:\/\/robertabudasalon.com\/es\/ras-glam-squad\/\" target=\"_blank\" rel=\"noopener noreferrer\"><img loading=\"lazy\" decoding=\"async\" class=\"wp-image-3442 size-full\" src=\"http:\/\/robertabudasalon.com\/wp-content\/uploads\/2012\/10\/Hair-Salon-Merida-Robert-Abuda-SalonThumbnail1.jpg\" alt=\"Hair Salon de Belleza Merida Robert Abuda Photos\" width=\"600\" height=\"180\" srcset=\"https:\/\/robertabudasalon.com\/wp-content\/uploads\/2012\/10\/Hair-Salon-Merida-Robert-Abuda-SalonThumbnail1.jpg 600w, https:\/\/robertabudasalon.com\/wp-content\/uploads\/2012\/10\/Hair-Salon-Merida-Robert-Abuda-SalonThumbnail1.jpg 300w\" sizes=\"auto, (max-width: 600px) 100vw, 600px\" \/><\/a><figcaption id=\"caption-attachment-3442\" class=\"wp-caption-text\">Fotos y videos Merida, Salon de Belleza Merida<\/figcaption><\/figure>\n<figure id=\"attachment_2729\" aria-describedby=\"caption-attachment-2729\" style=\"width: 600px\" class=\"wp-caption alignleft\"><a title=\"Braids &amp; Updos \/ Trenzas &amp; Peinados\" href=\"http:\/\/robertabudasalon.com\/es\/peinados-maquillaje-merida\/\"><img loading=\"lazy\" decoding=\"async\" class=\"wp-image-2729 size-full\" src=\"http:\/\/robertabudasalon.com\/wp-content\/uploads\/2012\/10\/braids-merida-peinado-trenzas-yucatan.jpg\" alt=\"Salon de Belleza Merida Robert Abuda 45\" width=\"600\" height=\"180\" srcset=\"https:\/\/robertabudasalon.com\/wp-content\/uploads\/2012\/10\/braids-merida-peinado-trenzas-yucatan.jpg 600w, https:\/\/robertabudasalon.com\/wp-content\/uploads\/2012\/10\/braids-merida-peinado-trenzas-yucatan.jpg 300w\" sizes=\"auto, (max-width: 600px) 100vw, 600px\" \/><\/a><figcaption id=\"caption-attachment-2729\" class=\"wp-caption-text\">Salon de Belleza Merida Robert Abuda 22 | Fotos<\/figcaption><\/figure>\n<figure id=\"attachment_2242\" aria-describedby=\"caption-attachment-2242\" style=\"width: 600px\" class=\"wp-caption alignleft\"><a href=\"http:\/\/robertabudasalon.com\/es\/novias-bodas\/\"><img loading=\"lazy\" decoding=\"async\" class=\"wp-image-2242 size-full\" style=\"margin: 5px;\" src=\"https:\/\/robertabudasalon.com\/wp-content\/uploads\/2012\/10\/wedding-2.jpg\" alt=\"Salon de Belleza Merida Robert Abuda Photos\" width=\"600\" height=\"180\" srcset=\"https:\/\/robertabudasalon.com\/wp-content\/uploads\/2012\/10\/wedding-2.jpg 600w, https:\/\/robertabudasalon.com\/wp-content\/uploads\/2012\/10\/wedding-2.jpg 300w\" sizes=\"auto, (max-width: 600px) 100vw, 600px\" \/><\/a><figcaption id=\"caption-attachment-2242\" class=\"wp-caption-text\">Salon de Belleza Merida Robert Abuda Fotos<\/figcaption><\/figure>\n<figure id=\"attachment_2333\" aria-describedby=\"caption-attachment-2333\" style=\"width: 600px\" class=\"wp-caption alignleft\"><a href=\"http:\/\/robertabudasalon.com\/es\/hair-stylist-merida-estilista-robert-abuda\/\"><img loading=\"lazy\" decoding=\"async\" class=\"wp-image-2333 size-full\" style=\"margin: 5px;\" src=\"https:\/\/robertabudasalon.com\/wp-content\/uploads\/2012\/10\/The-Cut.jpg\" alt=\"Fotos y videos Merida\" width=\"600\" height=\"180\" srcset=\"https:\/\/robertabudasalon.com\/wp-content\/uploads\/2012\/10\/The-Cut.jpg 600w, https:\/\/robertabudasalon.com\/wp-content\/uploads\/2012\/10\/The-Cut.jpg 300w\" sizes=\"auto, (max-width: 600px) 100vw, 600px\" \/><\/a><figcaption id=\"caption-attachment-2333\" class=\"wp-caption-text\">Corte y Tinte de Robert Abuda<\/figcaption><\/figure>\n<figure id=\"attachment_2207\" aria-describedby=\"caption-attachment-2207\" style=\"width: 600px\" class=\"wp-caption alignleft\"><a href=\"https:\/\/robertabudasalon.com\/es\/belleza-abuda-salon-merida\/\"><img loading=\"lazy\" decoding=\"async\" class=\"wp-image-2207 size-full\" style=\"margin: 5px;\" src=\"https:\/\/robertabudasalon.com\/wp-content\/uploads\/2012\/10\/society1.jpg\" alt=\"Beautiful Woman\" width=\"600\" height=\"180\" srcset=\"https:\/\/robertabudasalon.com\/wp-content\/uploads\/2012\/10\/society1.jpg 600w, https:\/\/robertabudasalon.com\/wp-content\/uploads\/2012\/10\/society1.jpg 300w\" sizes=\"auto, (max-width: 600px) 100vw, 600px\" \/><\/a><figcaption id=\"caption-attachment-2207\" class=\"wp-caption-text\">Fotos y videos Merida Hair Salon de Belleza Society<\/figcaption><\/figure>\n<figure id=\"attachment_1904\" aria-describedby=\"caption-attachment-1904\" style=\"width: 600px\" class=\"wp-caption alignnone\"><a href=\"https:\/\/robertabudasalon.com\/es\/knock-out-salon-de-belleza-merida\/\"><img loading=\"lazy\" decoding=\"async\" class=\"wp-image-1904 size-full\" style=\"margin: 5px;\" src=\"https:\/\/robertabudasalon.com\/wp-content\/uploads\/2012\/10\/knockout.jpg\" alt=\"Salon de Belleza Merida 105\" width=\"600\" height=\"180\" srcset=\"https:\/\/robertabudasalon.com\/wp-content\/uploads\/2012\/10\/knockout.jpg 600w, https:\/\/robertabudasalon.com\/wp-content\/uploads\/2012\/10\/knockout.jpg 300w\" sizes=\"auto, (max-width: 600px) 100vw, 600px\" \/><\/a><figcaption id=\"caption-attachment-1904\" class=\"wp-caption-text\">Hair Salon de Belleza Merida Yucatan<\/figcaption><\/figure>\n<figure id=\"attachment_1900\" aria-describedby=\"caption-attachment-1900\" style=\"width: 600px\" class=\"wp-caption alignleft\"><a href=\"http:\/\/robertabudasalon.com\/Prom-Merida-Salon-de-Belleza\"><img loading=\"lazy\" decoding=\"async\" class=\"wp-image-1900 size-full\" style=\"margin: 5px;\" src=\"http:\/\/robertabudasalon.com\/wp-content\/uploads\/2012\/10\/prom1.jpg\" alt=\"Merida Salon de Belleza 108\" width=\"600\" height=\"180\" srcset=\"https:\/\/robertabudasalon.com\/wp-content\/uploads\/2012\/10\/prom1.jpg 600w, https:\/\/robertabudasalon.com\/wp-content\/uploads\/2012\/10\/prom1.jpg 300w\" sizes=\"auto, (max-width: 600px) 100vw, 600px\" \/><\/a><figcaption id=\"caption-attachment-1900\" class=\"wp-caption-text\">Merida Salon de Belleza Mejor 8<\/figcaption><\/figure>\n<figure id=\"attachment_1876\" aria-describedby=\"caption-attachment-1876\" style=\"width: 600px\" class=\"wp-caption alignleft\"><a href=\"http:\/\/robertabudasalon.com\/redfoo\/\"><img loading=\"lazy\" decoding=\"async\" class=\"wp-image-1876 size-full\" style=\"margin: 5px;\" src=\"http:\/\/robertabudasalon.com\/wp-content\/uploads\/2012\/10\/RedFoo-Thumbnail-Photos-merida.jpg\" alt=\"Hair Salon Merida Hair Stylist Robert Abuda\" width=\"600\" height=\"180\" srcset=\"https:\/\/robertabudasalon.com\/wp-content\/uploads\/2012\/10\/RedFoo-Thumbnail-Photos-merida.jpg 600w, https:\/\/robertabudasalon.com\/wp-content\/uploads\/2012\/10\/RedFoo-Thumbnail-Photos-merida.jpg 300w\" sizes=\"auto, (max-width: 600px) 100vw, 600px\" \/><\/a><figcaption id=\"caption-attachment-1876\" class=\"wp-caption-text\">RedFoo &#8211; LMFAO en Merida. Cabello de Robert Abuda and Adriana Domingo.<\/figcaption><\/figure>\n<figure id=\"attachment_974\" aria-describedby=\"caption-attachment-974\" style=\"width: 600px\" class=\"wp-caption alignleft\"><a href=\"http:\/\/robertabudasalon.com\/es\/spa-manicura-pedicura-merida\/\"><img loading=\"lazy\" decoding=\"async\" class=\"wp-image-974 size-full\" style=\"margin: 5px;\" src=\"http:\/\/robertabudasalon.com\/wp-content\/uploads\/2012\/10\/Mani-Pedicure.jpg\" alt=\"Spa Merida Manicure Pedicure 101\" width=\"600\" height=\"180\" srcset=\"https:\/\/robertabudasalon.com\/wp-content\/uploads\/2012\/10\/Mani-Pedicure.jpg 600w, https:\/\/robertabudasalon.com\/wp-content\/uploads\/2012\/10\/Mani-Pedicure.jpg 300w\" sizes=\"auto, (max-width: 600px) 100vw, 600px\" \/><\/a><figcaption id=\"caption-attachment-974\" class=\"wp-caption-text\">Spa Merida Manicura y Pedicura 1.<\/figcaption><\/figure>\n<figure id=\"attachment_1901\" aria-describedby=\"caption-attachment-1901\" style=\"width: 600px\" class=\"wp-caption alignleft\"><a href=\"http:\/\/robertabudasalon.com\/es\/symphonica-merida\/\"><img loading=\"lazy\" decoding=\"async\" class=\"wp-image-1901 size-full\" style=\"margin: 5px;\" src=\"http:\/\/robertabudasalon.com\/wp-content\/uploads\/2012\/10\/symphonica1.jpg\" alt=\"Hair Salon Merida Salon de Belleza Merida 106\" width=\"600\" height=\"180\" srcset=\"https:\/\/robertabudasalon.com\/wp-content\/uploads\/2012\/10\/symphonica1.jpg 600w, https:\/\/robertabudasalon.com\/wp-content\/uploads\/2012\/10\/symphonica1.jpg 300w\" sizes=\"auto, (max-width: 600px) 100vw, 600px\" \/><\/a><figcaption id=\"caption-attachment-1901\" class=\"wp-caption-text\">Merida Salon de Belleza Hair Mejor 9<\/figcaption><\/figure>\n<figure id=\"attachment_1919\" aria-describedby=\"caption-attachment-1919\" style=\"width: 600px\" class=\"wp-caption alignleft\"><a href=\"http:\/\/robertabudasalon.com\/salones-de-belleza-merida-romancia-2012\"><img loading=\"lazy\" decoding=\"async\" class=\"wp-image-1919 size-full\" style=\"margin: 5px;\" src=\"http:\/\/robertabudasalon.com\/wp-content\/uploads\/2012\/10\/romancia1.jpg\" alt=\"Salon de Belleza Merida 37\" width=\"600\" height=\"180\" srcset=\"https:\/\/robertabudasalon.com\/wp-content\/uploads\/2012\/10\/romancia1.jpg 600w, https:\/\/robertabudasalon.com\/wp-content\/uploads\/2012\/10\/romancia1.jpg 300w\" sizes=\"auto, (max-width: 600px) 100vw, 600px\" \/><\/a><figcaption id=\"caption-attachment-1919\" class=\"wp-caption-text\">Salon de Belleza Merida | ROBERT ABUDA<\/figcaption><\/figure>\n<figure id=\"attachment_1902\" aria-describedby=\"caption-attachment-1902\" style=\"width: 600px\" class=\"wp-caption alignleft\"><a href=\"https:\/\/robertabudasalon.com\/es\/peluqueria-merida\/\"><img loading=\"lazy\" decoding=\"async\" class=\"wp-image-1902 size-full\" style=\"margin: 5px;\" src=\"https:\/\/robertabudasalon.com\/wp-content\/uploads\/2012\/10\/city1.jpg\" alt=\"Salones de Belleza Merida | ROBERT ABUDA SALON 73\" width=\"600\" height=\"180\" srcset=\"https:\/\/robertabudasalon.com\/wp-content\/uploads\/2012\/10\/city1.jpg 600w, https:\/\/robertabudasalon.com\/wp-content\/uploads\/2012\/10\/city1.jpg 300w\" sizes=\"auto, (max-width: 600px) 100vw, 600px\" \/><\/a><figcaption id=\"caption-attachment-1902\" class=\"wp-caption-text\">Merida Hair Salon 39, Cabello, Maquillaje and U\u00f1as | ROBERT ABUDA SALON<\/figcaption><\/figure>\n<p><a href=\"http:\/\/robertabudasalon.com\/wp-content\/uploads\/2012\/10\/flirty.jpg\"><!--:--><!--:es--><\/a><\/p>\n<figure id=\"attachment_1929\" aria-describedby=\"caption-attachment-1929\" style=\"width: 600px\" class=\"wp-caption alignleft\"><a href=\"http:\/\/robertabudasalon.com\/es\/flirty-peluqueria-merida\/\"><img loading=\"lazy\" decoding=\"async\" class=\"wp-image-1929 size-full\" style=\"margin: 5px;\" src=\"https:\/\/robertabudasalon.com\/wp-content\/uploads\/2012\/10\/flirty-ESP.jpg\" alt=\"Fotos y videos Merida\" width=\"600\" height=\"180\" srcset=\"https:\/\/robertabudasalon.com\/wp-content\/uploads\/2012\/10\/flirty-ESP.jpg 600w, https:\/\/robertabudasalon.com\/wp-content\/uploads\/2012\/10\/flirty-ESP.jpg 300w\" sizes=\"auto, (max-width: 600px) 100vw, 600px\" \/><\/a><figcaption id=\"caption-attachment-1929\" class=\"wp-caption-text\">Salones de Belleza en Merida Yucatan<\/figcaption><\/figure>\n<figure id=\"attachment_1950\" aria-describedby=\"caption-attachment-1950\" style=\"width: 600px\" class=\"wp-caption alignleft\"><a href=\"https:\/\/robertabudasalon.com\/es\/chemistry\/\"><img loading=\"lazy\" decoding=\"async\" class=\"wp-image-1950 size-full\" style=\"margin: 5px;\" src=\"https:\/\/robertabudasalon.com\/wp-content\/uploads\/2012\/10\/chemistry-ESP1.jpg\" alt=\"Fotos y videos Merida\" width=\"600\" height=\"180\" srcset=\"https:\/\/robertabudasalon.com\/wp-content\/uploads\/2012\/10\/chemistry-ESP1.jpg 600w, https:\/\/robertabudasalon.com\/wp-content\/uploads\/2012\/10\/chemistry-ESP1.jpg 300w\" sizes=\"auto, (max-width: 600px) 100vw, 600px\" \/><\/a><figcaption id=\"caption-attachment-1950\" class=\"wp-caption-text\">Fotos y videos Merida<\/figcaption><\/figure>\n<figure id=\"attachment_998\" aria-describedby=\"caption-attachment-998\" style=\"width: 600px\" class=\"wp-caption alignleft\"><a href=\"http:\/\/robertabudasalon.com\/es\/el-mohicano-perfecto\/\"><img loading=\"lazy\" decoding=\"async\" class=\"wp-image-998 size-full\" style=\"margin: 5px;\" src=\"https:\/\/robertabudasalon.com\/wp-content\/uploads\/2012\/10\/ESP-the-perfect-mohican.jpg\" alt=\"Videos Merida\" width=\"600\" height=\"180\" srcset=\"https:\/\/robertabudasalon.com\/wp-content\/uploads\/2012\/10\/ESP-the-perfect-mohican.jpg 600w, https:\/\/robertabudasalon.com\/wp-content\/uploads\/2012\/10\/ESP-the-perfect-mohican.jpg 300w\" sizes=\"auto, (max-width: 600px) 100vw, 600px\" \/><\/a><figcaption id=\"caption-attachment-998\" class=\"wp-caption-text\">Hair Stylist Merida Robert Abuda 4<\/figcaption><\/figure>\n<figure id=\"attachment_999\" aria-describedby=\"caption-attachment-999\" style=\"width: 600px\" class=\"wp-caption alignleft\"><img loading=\"lazy\" decoding=\"async\" class=\"wp-image-999 size-full\" style=\"margin: 5px;\" src=\"https:\/\/robertabudasalon.com\/wp-content\/uploads\/2012\/10\/ESP-verano-2010.jpg\" alt=\"Fotos y videos Merida\" width=\"600\" height=\"180\" srcset=\"https:\/\/robertabudasalon.com\/wp-content\/uploads\/2012\/10\/ESP-verano-2010.jpg 600w, https:\/\/robertabudasalon.com\/wp-content\/uploads\/2012\/10\/ESP-verano-2010.jpg 300w\" sizes=\"auto, (max-width: 600px) 100vw, 600px\" \/><figcaption id=\"caption-attachment-999\" class=\"wp-caption-text\">Estilista Merida, Robert Abuda Salon de Belleza Merida.<\/figcaption><\/figure>\n<h4><a href=\"https:\/\/robertabudasalon.com\">CLICK HERE FOR ENGLISH<\/a><\/h4>\n<h2><\/h2>\n<h4><\/h4>\n<p><script type=\"text\/javascript\">\/\/ <![CDATA[ (function(i,s,o,g,r,a,m){i['GoogleAnalyticsObject']=r;i[r]=i[r]||function(){ (i[r].q=i[r].q||[]).push(arguments)},i[r].l=1*new Date();a=s.createElement(o), m=s.getElementsByTagName(o)[0];a.async=1;a.src=g;m.parentNode.insertBefore(a,m) })(window,document,'script','\/\/www.google-analytics.com\/analytics.js','ga'); ga('create', 'UA-40885373-1', 'robertabudasalon.com'); ga('send', 'pageview'); \/\/ ]]><\/script><!--:--><!--:es--><script type=\"text\/javascript\">\/\/ <![CDATA[ (function(i,s,o,g,r,a,m){i['GoogleAnalyticsObject']=r;i[r]=i[r]||function(){ (i[r].q=i[r].q||[]).push(arguments)},i[r].l=1*new Date();a=s.createElement(o), m=s.getElementsByTagName(o)[0];a.async=1;a.src=g;m.parentNode.insertBefore(a,m) })(window,document,'script','\/\/www.google-analytics.com\/analytics.js','ga'); ga('create', 'UA-40885373-1', 'robertabudasalon.com'); ga('send', 'pageview'); \/\/ ]]><\/script><!--:--><\/p>\n","protected":false},"excerpt":{"rendered":"<p>Fotos y Videos, Robert Abuda Salon | TEL +52 999 926 3015 Fotos y Videos Merida | GALER\u00cdA DE FOTOS | Robert Abuda Salon cuenta con un equipo altamente calificado de estilistas profesionales de belleza y peluquer\u00eda con m\u00e1s de 20 a\u00f1os de experiencia combinada. Por favor, vea nuestras fotos a continuaci\u00f3n para ver ejemplos [&hellip;]<\/p>\n","protected":false},"author":1,"featured_media":6106,"parent":0,"menu_order":0,"comment_status":"closed","ping_status":"closed","template":"","meta":{"nf_dc_page":"","jetpack_post_was_ever_published":false,"footnotes":""},"yst_prominent_words":[662,941,940,554,939,938,2422,1905,1903,1902,814,620,942,1284,1282,512,630,937,1906,1904],"class_list":["post-6368","page","type-page","status-publish","has-post-thumbnail","entry"],"yoast_head":"<!-- This site is optimized with the Yoast SEO Premium plugin v14.4.1 - https:\/\/yoast.com\/wordpress\/plugins\/seo\/ -->\n<title>Fotos y Videos | Robert Abuda Merida Hair Salon | Salon de Belleza Merida<\/title>\n<meta name=\"description\" content=\"Navega por nuestras fotos y videos Merida de sesiones de fotos anteriores. Ubicado en 470C Paseo de Montejo y Calle 39 en M\u00e9rida, M\u00e9xico. TEL 999 926 3015\" \/>\n<meta name=\"robots\" content=\"index, follow\" \/>\n<meta name=\"googlebot\" content=\"index, follow, max-snippet:-1, max-image-preview:large, max-video-preview:-1\" \/>\n<meta name=\"bingbot\" content=\"index, follow, max-snippet:-1, max-image-preview:large, max-video-preview:-1\" \/>\n<link rel=\"canonical\" href=\"https:\/\/www.robertabudasalon.com\/es\/fotos-y-videos-merida\/\" \/>\n<meta property=\"og:locale\" content=\"es_ES\" \/>\n<meta property=\"og:type\" content=\"article\" \/>\n<meta property=\"og:title\" content=\"Fotos y Videos | Robert Abuda Merida Hair Salon | Salon de Belleza Merida\" \/>\n<meta property=\"og:description\" content=\"Navega por nuestras fotos y videos Merida de sesiones de fotos anteriores. Ubicado en 470C Paseo de Montejo y Calle 39 en M\u00e9rida, M\u00e9xico. TEL 999 926 3015\" \/>\n<meta property=\"og:url\" content=\"https:\/\/www.robertabudasalon.com\/es\/fotos-y-videos-merida\/\" \/>\n<meta property=\"og:site_name\" content=\"Robert Abuda Merida Hair Salon\" \/>\n<meta property=\"article:publisher\" content=\"https:\/\/www.facebook.com\/RobertAbudaSalondeBellezaMerida\" \/>\n<meta property=\"article:author\" content=\"https:\/\/www.facebook.com\/RobertAbudaSalondeBellezaMerida\" \/>\n<meta property=\"article:modified_time\" content=\"2020-06-22T01:32:04+00:00\" \/>\n<meta property=\"og:image\" content=\"https:\/\/robertabudasalon.com\/wp-content\/uploads\/2012\/10\/Salon-de-Belleza-Merida-Robert-Abuda-Salon-Hair-Wordpress-Slider.jpg\" \/>\n\t<meta property=\"og:image:width\" content=\"1315\" \/>\n\t<meta property=\"og:image:height\" content=\"500\" \/>\n<meta property=\"fb:app_id\" content=\"https:\/\/www.facebook.com\/RobertAbudaSalondeBellezaMerida\" \/>\n<meta name=\"twitter:card\" content=\"summary\" \/>\n<meta name=\"twitter:creator\" content=\"@RobAbudaSalon\" \/>\n<meta name=\"twitter:site\" content=\"@RobAbudaSalon\" \/>\n<script type=\"application\/ld+json\" class=\"yoast-schema-graph\">{\"@context\":\"https:\/\/schema.org\",\"@graph\":[{\"@type\":\"WebSite\",\"@id\":\"https:\/\/robertabudasalon.com\/es\/#website\",\"url\":\"https:\/\/robertabudasalon.com\/es\/\",\"name\":\"Robert Abuda Merida Hair Salon\",\"description\":\"Hair Salon Merida, Salon de Belleza Merida +52 999 926 3015, #470C Paseo de Montejo, Peluqueria y SPA.\",\"potentialAction\":[{\"@type\":\"SearchAction\",\"target\":\"https:\/\/robertabudasalon.com\/es\/?s={search_term_string}\",\"query-input\":\"required name=search_term_string\"}],\"inLanguage\":\"es-ES\"},{\"@type\":\"ImageObject\",\"@id\":\"https:\/\/www.robertabudasalon.com\/es\/fotos-y-videos-merida\/#primaryimage\",\"inLanguage\":\"es-ES\",\"url\":\"https:\/\/robertabudasalon.com\/wp-content\/uploads\/2012\/10\/Salon-de-Belleza-Merida-Robert-Abuda-Salon-Hair-Wordpress-Slider.jpg\",\"width\":1315,\"height\":500},{\"@type\":\"WebPage\",\"@id\":\"https:\/\/www.robertabudasalon.com\/es\/fotos-y-videos-merida\/#webpage\",\"url\":\"https:\/\/www.robertabudasalon.com\/es\/fotos-y-videos-merida\/\",\"name\":\"Fotos y Videos | Robert Abuda Merida Hair Salon | Salon de Belleza Merida\",\"isPartOf\":{\"@id\":\"https:\/\/robertabudasalon.com\/es\/#website\"},\"primaryImageOfPage\":{\"@id\":\"https:\/\/www.robertabudasalon.com\/es\/fotos-y-videos-merida\/#primaryimage\"},\"datePublished\":\"2018-11-17T02:48:54+00:00\",\"dateModified\":\"2020-06-22T01:32:04+00:00\",\"description\":\"Navega por nuestras fotos y videos Merida de sesiones de fotos anteriores. Ubicado en 470C Paseo de Montejo y Calle 39 en M\\u00e9rida, M\\u00e9xico. TEL 999 926 3015\",\"inLanguage\":\"es-ES\",\"potentialAction\":[{\"@type\":\"ReadAction\",\"target\":[\"https:\/\/www.robertabudasalon.com\/es\/fotos-y-videos-merida\/\"]}]}]}<\/script>\n<!-- \/ Yoast SEO Premium plugin. -->","jetpack_sharing_enabled":true,"jetpack_shortlink":"https:\/\/wp.me\/P6c51u-1EI","amp_enabled":true,"_links":{"self":[{"href":"https:\/\/robertabudasalon.com\/es\/wp-json\/wp\/v2\/pages\/6368","targetHints":{"allow":["GET"]}}],"collection":[{"href":"https:\/\/robertabudasalon.com\/es\/wp-json\/wp\/v2\/pages"}],"about":[{"href":"https:\/\/robertabudasalon.com\/es\/wp-json\/wp\/v2\/types\/page"}],"author":[{"embeddable":true,"href":"https:\/\/robertabudasalon.com\/es\/wp-json\/wp\/v2\/users\/1"}],"replies":[{"embeddable":true,"href":"https:\/\/robertabudasalon.com\/es\/wp-json\/wp\/v2\/comments?post=6368"}],"version-history":[{"count":30,"href":"https:\/\/robertabudasalon.com\/es\/wp-json\/wp\/v2\/pages\/6368\/revisions"}],"predecessor-version":[{"id":11232,"href":"https:\/\/robertabudasalon.com\/es\/wp-json\/wp\/v2\/pages\/6368\/revisions\/11232"}],"wp:featuredmedia":[{"embeddable":true,"href":"https:\/\/robertabudasalon.com\/es\/wp-json\/wp\/v2\/media\/6106"}],"wp:attachment":[{"href":"https:\/\/robertabudasalon.com\/es\/wp-json\/wp\/v2\/media?parent=6368"}],"wp:term":[{"taxonomy":"yst_prominent_words","embeddable":true,"href":"https:\/\/robertabudasalon.com\/es\/wp-json\/wp\/v2\/yst_prominent_words?post=6368"}],"curies":[{"name":"wp","href":"https:\/\/api.w.org\/{rel}","templated":true}]}}