{"id":6296,"date":"2018-11-14T10:50:26","date_gmt":"2018-11-14T16:50:26","guid":{"rendered":"http:\/\/robertabudasalon.com\/olaplex\/"},"modified":"2020-06-21T11:04:24","modified_gmt":"2020-06-21T16:04:24","slug":"olaplex-merida","status":"publish","type":"page","link":"https:\/\/robertabudasalon.com\/es\/olaplex-merida\/","title":{"rendered":"OLAPLEX"},"content":{"rendered":"\n<h3 class=\"wp-block-heading\">OLAPLEX Salon de Belleza Merida | YUC | <span style=\"color: #ff99cc;\">TEL +52 999 926 3015<\/span><\/h3>\n\n\n\n<p>Despl\u00e1cese hacia abajo para ver fotos.<\/p>\n\n\n\n<p>OLAPLEX Salon de Belleza Merida, YUC | Hazte m\u00e1s rubia. Ve m\u00e1s all\u00e1 sin comprometer la integridad de tu cabello. Desde sesiones fotogr\u00e1ficas hasta el sal\u00f3n de belleza, los coloristas se liberan del miedo al cabello da\u00f1ado. OLAPLEX La f\u00f3rmula qu\u00edmica ORIGINAL que multiplica enlaces y enlaces rotos. \u00a1S\u00f3lo puede haber uno!<\/p>\n\n\n\n<p>Comenzamos por encontrar dos de los l\u00edderes mundiales con doctorado en materiales y qu\u00edmica que nunca antes hab\u00edan trabajado en productos para el cabello. Dr. Eric Pressly y Dr. Craig Hawker. Con esta visi\u00f3n muy fresca, este equipo de ensue\u00f1o invent\u00f3 un ingrediente qu\u00edmico simple, que no contiene silicona ni aceites, que une los enlaces rotos en el cabello durante y despu\u00e9s de los servicios qu\u00edmicos, haci\u00e9ndolos m\u00e1s fuertes que antes. Sonar\u00e1 como las mismas viejas promesas. Pero mira lo que dicen nuestros mejores coloristas sobre Olaplex en las redes sociales. Como dicen, la prueba est\u00e1 en los hechos. <\/p>\n\n\n\n<p>Puede usar Olaplex como herramienta o como nuevo servicio. La decisi\u00f3n es tuya. Como herramienta, usamos Olaplex Bond Multiplier No. 1 agreg\u00e1ndolo al blanqueador o al tinte y terminamos de aplicar Bond Perfector No. 2 despu\u00e9s de lavar el tinte para el cabello para eliminar da\u00f1os con cada servicio de color.<\/p>\n\n\n\n<p>Promocione Olaplex ofreci\u00e9ndolo como un nuevo servicio de sal\u00f3n. Incluya el profesional Hair Perfector No. 3 Take Home, para que su cliente lo use una vez por semana para fortalecer a\u00fan m\u00e1s el cabello o para usarlo como tratamiento previo para un servicio qu\u00edmico futuro. No. 3 Take Home tiene sorprendentes beneficios adicionales reportados por cientos de clientes.<span title=\"Optimiza Olaplex ofreci\u00e9ndolo como un nuevo servicio de sal\u00f3n.\"> <a href=\"http:\/\/www.olaplex.com\">www.olaplex.com<\/a> <\/span>para m\u00e1s informaci\u00f3n<span title=\"Optimiza Olaplex ofreci\u00e9ndolo como un nuevo servicio de sal\u00f3n.\">.<\/span><\/p>\n\n\n\n<h2 class=\"wp-block-heading\">OLAPLEX SALON de BELLEZA MERIDA &#8211; 2020<\/h2>\n\n\n\n<figure class=\"wp-block-image size-full\"><img loading=\"lazy\" decoding=\"async\" width=\"278\" height=\"482\" data-attachment-id=\"10718\" data-permalink=\"https:\/\/robertabudasalon.com\/es\/olaplex-merida\/salon-de-belleza-merida-peinado-3\/\" data-orig-file=\"https:\/\/robertabudasalon.com\/wp-content\/uploads\/2020\/05\/Salon-de-Belleza-Merida-Peinado-3.jpg\" data-orig-size=\"278,482\" data-comments-opened=\"0\" data-image-meta=\"{&quot;aperture&quot;:&quot;0&quot;,&quot;credit&quot;:&quot;&quot;,&quot;camera&quot;:&quot;&quot;,&quot;caption&quot;:&quot;&quot;,&quot;created_timestamp&quot;:&quot;0&quot;,&quot;copyright&quot;:&quot;&quot;,&quot;focal_length&quot;:&quot;0&quot;,&quot;iso&quot;:&quot;0&quot;,&quot;shutter_speed&quot;:&quot;0&quot;,&quot;title&quot;:&quot;&quot;,&quot;orientation&quot;:&quot;0&quot;}\" data-image-title=\"Salon-de-Belleza-Merida-Peinado-3\" data-image-description=\"\" data-image-caption=\"\" data-large-file=\"https:\/\/robertabudasalon.com\/wp-content\/uploads\/2020\/05\/Salon-de-Belleza-Merida-Peinado-3.jpg\" src=\"https:\/\/robertabudasalon.com\/wp-content\/uploads\/2020\/05\/Salon-de-Belleza-Merida-Peinado-3.jpg\" alt=\"Babylights by ANNIE\" class=\"wp-image-10718\" srcset=\"https:\/\/robertabudasalon.com\/wp-content\/uploads\/2020\/05\/Salon-de-Belleza-Merida-Peinado-3.jpg 278w, https:\/\/robertabudasalon.com\/wp-content\/uploads\/2020\/05\/Salon-de-Belleza-Merida-Peinado-3.jpg 173w\" sizes=\"auto, (max-width: 278px) 100vw, 278px\" \/><figcaption>New Hair with Babylights by ANNIE, Robert Abuda Salon<\/figcaption><\/figure>\n\n\n\n<figure class=\"wp-block-image size-large\"><img loading=\"lazy\" decoding=\"async\" width=\"578\" height=\"591\" data-attachment-id=\"10716\" data-permalink=\"https:\/\/robertabudasalon.com\/es\/olaplex-merida\/salon-de-belleza-merida-peinado-2-3\/\" data-orig-file=\"https:\/\/robertabudasalon.com\/wp-content\/uploads\/2020\/05\/Salon-de-Belleza-Merida-Peinado-2.jpg\" data-orig-size=\"578,591\" data-comments-opened=\"0\" data-image-meta=\"{&quot;aperture&quot;:&quot;0&quot;,&quot;credit&quot;:&quot;&quot;,&quot;camera&quot;:&quot;&quot;,&quot;caption&quot;:&quot;&quot;,&quot;created_timestamp&quot;:&quot;0&quot;,&quot;copyright&quot;:&quot;&quot;,&quot;focal_length&quot;:&quot;0&quot;,&quot;iso&quot;:&quot;0&quot;,&quot;shutter_speed&quot;:&quot;0&quot;,&quot;title&quot;:&quot;&quot;,&quot;orientation&quot;:&quot;1&quot;}\" data-image-title=\"Salon-de-Belleza-Merida-Peinado-2\" data-image-description=\"\" data-image-caption=\"\" data-large-file=\"https:\/\/robertabudasalon.com\/wp-content\/uploads\/2020\/05\/Salon-de-Belleza-Merida-Peinado-2.jpg\" src=\"https:\/\/robertabudasalon.com\/wp-content\/uploads\/2020\/05\/Salon-de-Belleza-Merida-Peinado-2.jpg\" alt=\"Babylights Merida\" class=\"wp-image-10716\" srcset=\"https:\/\/robertabudasalon.com\/wp-content\/uploads\/2020\/05\/Salon-de-Belleza-Merida-Peinado-2.jpg 578w, https:\/\/robertabudasalon.com\/wp-content\/uploads\/2020\/05\/Salon-de-Belleza-Merida-Peinado-2.jpg 293w\" sizes=\"auto, (max-width: 578px) 100vw, 578px\" \/><figcaption>Babylights with Olaplex by ANNIE at Robert Abuda Salon Merida<\/figcaption><\/figure>\n\n\n\n<figure class=\"wp-block-image size-large\"><img loading=\"lazy\" decoding=\"async\" width=\"879\" height=\"1024\" data-attachment-id=\"10570\" data-permalink=\"https:\/\/robertabudasalon.com\/es\/olaplex-merida\/hair-beauty-salon-2020-merida-1-2\/\" data-orig-file=\"https:\/\/robertabudasalon.com\/wp-content\/uploads\/2020\/05\/hair-beauty-salon-2020-Merida-1.jpg\" data-orig-size=\"2197,2560\" data-comments-opened=\"0\" data-image-meta=\"{&quot;aperture&quot;:&quot;0&quot;,&quot;credit&quot;:&quot;&quot;,&quot;camera&quot;:&quot;&quot;,&quot;caption&quot;:&quot;&quot;,&quot;created_timestamp&quot;:&quot;0&quot;,&quot;copyright&quot;:&quot;&quot;,&quot;focal_length&quot;:&quot;0&quot;,&quot;iso&quot;:&quot;0&quot;,&quot;shutter_speed&quot;:&quot;0&quot;,&quot;title&quot;:&quot;&quot;,&quot;orientation&quot;:&quot;0&quot;}\" data-image-title=\"hair-beauty-salon-2020-Merida-1\" data-image-description=\"\" data-image-caption=\"\" data-large-file=\"https:\/\/robertabudasalon.com\/wp-content\/uploads\/2020\/05\/hair-beauty-salon-2020-Merida-1.jpg\" src=\"https:\/\/robertabudasalon.com\/wp-content\/uploads\/2020\/05\/hair-beauty-salon-2020-Merida-1-879x1024.jpg\" alt=\"Blonde Hair Cut Merida\" class=\"wp-image-10570\" srcset=\"https:\/\/robertabudasalon.com\/wp-content\/uploads\/2020\/05\/hair-beauty-salon-2020-Merida-1.jpg 879w, https:\/\/robertabudasalon.com\/wp-content\/uploads\/2020\/05\/hair-beauty-salon-2020-Merida-1.jpg 258w, https:\/\/robertabudasalon.com\/wp-content\/uploads\/2020\/05\/hair-beauty-salon-2020-Merida-1.jpg 768w, https:\/\/robertabudasalon.com\/wp-content\/uploads\/2020\/05\/hair-beauty-salon-2020-Merida-1.jpg 1318w, https:\/\/robertabudasalon.com\/wp-content\/uploads\/2020\/05\/hair-beauty-salon-2020-Merida-1.jpg 1758w, https:\/\/robertabudasalon.com\/wp-content\/uploads\/2020\/05\/hair-beauty-salon-2020-Merida-1.jpg 600w, http:\/\/robertabudasalon.com\/wp-content\/uploads\/2020\/05\/hair-beauty-salon-2020-Merida-1-scaled.jpg 1428w, http:\/\/robertabudasalon.com\/wp-content\/uploads\/2020\/05\/hair-beauty-salon-2020-Merida-1-scaled.jpg 2142w\" sizes=\"auto, (max-width: 714px) 100vw, 714px\" \/><figcaption>Blonde Bob Hair Cut and Color by Robert Abuda<\/figcaption><\/figure>\n\n\n\n<figure class=\"wp-block-image size-large\"><img loading=\"lazy\" decoding=\"async\" width=\"594\" height=\"469\" data-attachment-id=\"10565\" data-permalink=\"https:\/\/robertabudasalon.com\/es\/olaplex-merida\/beauty-hair-salon-merida-yucatan-2\/\" data-orig-file=\"https:\/\/robertabudasalon.com\/wp-content\/uploads\/2020\/05\/Beauty-Hair-Salon-Merida-Yucatan.jpg\" data-orig-size=\"594,469\" data-comments-opened=\"0\" data-image-meta=\"{&quot;aperture&quot;:&quot;0&quot;,&quot;credit&quot;:&quot;&quot;,&quot;camera&quot;:&quot;&quot;,&quot;caption&quot;:&quot;&quot;,&quot;created_timestamp&quot;:&quot;0&quot;,&quot;copyright&quot;:&quot;&quot;,&quot;focal_length&quot;:&quot;0&quot;,&quot;iso&quot;:&quot;0&quot;,&quot;shutter_speed&quot;:&quot;0&quot;,&quot;title&quot;:&quot;&quot;,&quot;orientation&quot;:&quot;0&quot;}\" data-image-title=\"Beauty-Hair-Salon-Merida-Yucatan\" data-image-description=\"&lt;p&gt;Corte Bob con Cabello Rubio&lt;\/p&gt;\n\" data-image-caption=\"&lt;p&gt;Cabello Rubio con mechas por Rob Abuda, Merida&lt;\/p&gt;\n\" data-large-file=\"https:\/\/robertabudasalon.com\/wp-content\/uploads\/2020\/05\/Beauty-Hair-Salon-Merida-Yucatan.jpg\" src=\"https:\/\/robertabudasalon.com\/wp-content\/uploads\/2020\/05\/Beauty-Hair-Salon-Merida-Yucatan.jpg\" alt=\"Cabello Rubio\" class=\"wp-image-10565\" srcset=\"https:\/\/robertabudasalon.com\/wp-content\/uploads\/2020\/05\/Beauty-Hair-Salon-Merida-Yucatan.jpg 594w, https:\/\/robertabudasalon.com\/wp-content\/uploads\/2020\/05\/Beauty-Hair-Salon-Merida-Yucatan.jpg 300w\" sizes=\"auto, (max-width: 594px) 100vw, 594px\" \/><figcaption>Blonde Hair with highlights by Robert Abuda, Merida<\/figcaption><\/figure>\n\n\n\n<figure class=\"wp-block-image\"><img loading=\"lazy\" decoding=\"async\" width=\"295\" height=\"392\" src=\"https:\/\/robertabudasalon.com\/wp-content\/uploads\/2020\/03\/Lavendar-Hair-Salon-in-Merida-by-Robert-Abuda-Hair-Salon-Belleza.jpg\" alt=\"\" class=\"wp-image-9766\" srcset=\"https:\/\/robertabudasalon.com\/wp-content\/uploads\/2020\/03\/Lavendar-Hair-Salon-in-Merida-by-Robert-Abuda-Hair-Salon-Belleza.jpg 295w, https:\/\/robertabudasalon.com\/wp-content\/uploads\/2020\/03\/Lavendar-Hair-Salon-in-Merida-by-Robert-Abuda-Hair-Salon-Belleza.jpg 226w\" sizes=\"auto, (max-width: 295px) 100vw, 295px\" \/><figcaption> Streams of Lavendar by ANGIE, Hair Salon Merida, with <a href=\"http:\/\/www.olaplex.com\">OLAPLEX<\/a> Robert Abuda Salon <\/figcaption><\/figure>\n\n\n\n<figure class=\"wp-block-image\"><img loading=\"lazy\" decoding=\"async\" width=\"582\" height=\"473\" src=\"https:\/\/robertabudasalon.com\/wp-content\/uploads\/2020\/03\/Lavendar-Hair-Salon-in-Merida-by-Robert-Abuda-Hair-Salon.jpg\" alt=\"\" class=\"wp-image-9768\" srcset=\"https:\/\/robertabudasalon.com\/wp-content\/uploads\/2020\/03\/Lavendar-Hair-Salon-in-Merida-by-Robert-Abuda-Hair-Salon.jpg 582w, https:\/\/robertabudasalon.com\/wp-content\/uploads\/2020\/03\/Lavendar-Hair-Salon-in-Merida-by-Robert-Abuda-Hair-Salon.jpg 300w\" sizes=\"auto, (max-width: 582px) 100vw, 582px\" \/><figcaption>Streams of Lavendar by ANGIE, Hair Salon Merida Yucatan, Mexico, Robert Abuda Salon, March 2020<\/figcaption><\/figure>\n\n\n\n<figure class=\"wp-block-image\"><img loading=\"lazy\" decoding=\"async\" width=\"500\" height=\"418\" src=\"https:\/\/robertabudasalon.com\/wp-content\/uploads\/2020\/03\/Merida-Hair-Salon-Robert-Abuda-Salon-March-2020.jpg\" alt=\"\" class=\"wp-image-9737\" srcset=\"https:\/\/robertabudasalon.com\/wp-content\/uploads\/2020\/03\/Merida-Hair-Salon-Robert-Abuda-Salon-March-2020.jpg 500w, https:\/\/robertabudasalon.com\/wp-content\/uploads\/2020\/03\/Merida-Hair-Salon-Robert-Abuda-Salon-March-2020.jpg 300w\" sizes=\"auto, (max-width: 500px) 100vw, 500px\" \/><figcaption> Vibrant Hair Merida Transformation by ROB @ Robert Abuda Hair Salon Merida 2, March 2020 <\/figcaption><\/figure>\n\n\n\n<figure class=\"wp-block-image\"><img loading=\"lazy\" decoding=\"async\" width=\"694\" height=\"476\" src=\"https:\/\/robertabudasalon.com\/wp-content\/uploads\/2020\/03\/Merida-Hair-Salon-Beauty-Hair-Salon-Robert-Abuda.jpg\" alt=\"\" class=\"wp-image-9735\" srcset=\"https:\/\/robertabudasalon.com\/wp-content\/uploads\/2020\/03\/Merida-Hair-Salon-Beauty-Hair-Salon-Robert-Abuda.jpg 694w, https:\/\/robertabudasalon.com\/wp-content\/uploads\/2020\/03\/Merida-Hair-Salon-Beauty-Hair-Salon-Robert-Abuda.jpg 300w, https:\/\/robertabudasalon.com\/wp-content\/uploads\/2020\/03\/Merida-Hair-Salon-Beauty-Hair-Salon-Robert-Abuda.jpg 600w\" sizes=\"auto, (max-width: 694px) 100vw, 694px\" \/><figcaption>Vibrant Hair Merida Transformation by ROB @ Robert Abuda Hair Salon Merida, March 2020<\/figcaption><\/figure>\n\n\n\n<figure class=\"wp-block-image\"><img loading=\"lazy\" decoding=\"async\" width=\"905\" height=\"1024\" src=\"https:\/\/robertabudasalon.com\/wp-content\/uploads\/2020\/03\/Robert-Abuda-Salon-de-Belleza-Merida-905x1024.jpg\" alt=\"\" class=\"wp-image-9712\" srcset=\"https:\/\/robertabudasalon.com\/wp-content\/uploads\/2020\/03\/Robert-Abuda-Salon-de-Belleza-Merida.jpg 905w, https:\/\/robertabudasalon.com\/wp-content\/uploads\/2020\/03\/Robert-Abuda-Salon-de-Belleza-Merida.jpg 265w, https:\/\/robertabudasalon.com\/wp-content\/uploads\/2020\/03\/Robert-Abuda-Salon-de-Belleza-Merida.jpg 768w, https:\/\/robertabudasalon.com\/wp-content\/uploads\/2020\/03\/Robert-Abuda-Salon-de-Belleza-Merida.jpg 600w, http:\/\/robertabudasalon.com\/wp-content\/uploads\/2020\/03\/Robert-Abuda-Salon-de-Belleza-Merida.jpg 1428w, http:\/\/robertabudasalon.com\/wp-content\/uploads\/2020\/03\/Robert-Abuda-Salon-de-Belleza-Merida.jpg 2142w\" sizes=\"auto, (max-width: 714px) 100vw, 714px\" \/><figcaption>Paseo de Montejo Hair Salon Hairstylists Merida Yucatan Mexico with <a href=\"http:\/\/www.olaplex.com\">OLAPLEX<\/a>, Robert Abuda Salon<\/figcaption><\/figure>\n\n\n\n<figure class=\"wp-block-image\"><img loading=\"lazy\" decoding=\"async\" width=\"672\" height=\"496\" src=\"https:\/\/robertabudasalon.com\/wp-content\/uploads\/2020\/03\/Hair-Salon-de-Belleza-en-Merida-Yucatan-1.jpg\" alt=\"\" class=\"wp-image-9718\" srcset=\"https:\/\/robertabudasalon.com\/wp-content\/uploads\/2020\/03\/Hair-Salon-de-Belleza-en-Merida-Yucatan-1.jpg 672w, https:\/\/robertabudasalon.com\/wp-content\/uploads\/2020\/03\/Hair-Salon-de-Belleza-en-Merida-Yucatan-1.jpg 300w, https:\/\/robertabudasalon.com\/wp-content\/uploads\/2020\/03\/Hair-Salon-de-Belleza-en-Merida-Yucatan-1.jpg 600w\" sizes=\"auto, (max-width: 672px) 100vw, 672px\" \/><figcaption><a href=\"http:\/\/www.olaplex.com\">OLAPLEX<\/a> Hair and Beauty Salon, Robert Abuda Salon Merida Yucatan<\/figcaption><\/figure>\n\n\n\n<figure class=\"wp-block-image\"><img loading=\"lazy\" decoding=\"async\" width=\"581\" height=\"1024\" src=\"https:\/\/robertabudasalon.com\/wp-content\/uploads\/2020\/02\/Salon-de-Belleza-en-Merida-Cabello-Azul-581x1024.jpg\" alt=\"\" class=\"wp-image-9700\" srcset=\"https:\/\/robertabudasalon.com\/wp-content\/uploads\/2020\/02\/Salon-de-Belleza-en-Merida-Cabello-Azul.jpg 581w, https:\/\/robertabudasalon.com\/wp-content\/uploads\/2020\/02\/Salon-de-Belleza-en-Merida-Cabello-Azul.jpg 170w, https:\/\/robertabudasalon.com\/wp-content\/uploads\/2020\/02\/Salon-de-Belleza-en-Merida-Cabello-Azul.jpg 768w, https:\/\/robertabudasalon.com\/wp-content\/uploads\/2020\/02\/Salon-de-Belleza-en-Merida-Cabello-Azul.jpg 600w, http:\/\/robertabudasalon.com\/wp-content\/uploads\/2020\/02\/Salon-de-Belleza-en-Merida-Cabello-Azul.jpg 1428w, http:\/\/robertabudasalon.com\/wp-content\/uploads\/2020\/02\/Salon-de-Belleza-en-Merida-Cabello-Azul.jpg 2142w\" sizes=\"auto, (max-width: 581px) 100vw, 581px\" \/><figcaption>ROYAL Blue Hair by ANGIE Hair Salon with <a href=\"http:\/\/www.pravana.com\">PRAVANA<\/a> in Merida Yucatan, <a href=\"http:\/\/www.olaplex.com\">Olaplex<\/a><\/figcaption><\/figure>\n\n\n\n<figure class=\"wp-block-image\"><img loading=\"lazy\" decoding=\"async\" width=\"549\" height=\"603\" src=\"https:\/\/robertabudasalon.com\/wp-content\/uploads\/2020\/02\/Salon-de-Belleza-en-Merida-Estilistas-Cabello-Azul-Merida.jpg\" alt=\"\" class=\"wp-image-9697\" srcset=\"https:\/\/robertabudasalon.com\/wp-content\/uploads\/2020\/02\/Salon-de-Belleza-en-Merida-Estilistas-Cabello-Azul-Merida.jpg 549w, https:\/\/robertabudasalon.com\/wp-content\/uploads\/2020\/02\/Salon-de-Belleza-en-Merida-Estilistas-Cabello-Azul-Merida.jpg 273w\" sizes=\"auto, (max-width: 549px) 100vw, 549px\" \/><figcaption>ROYAL Blue Hair &amp; <a href=\"http:\/\/olaplex.com\">OLAPLEX<\/a> in MERIDA by ANGIE Photos by MARIFER<\/figcaption><\/figure>\n\n\n\n<figure class=\"wp-block-image\"><img loading=\"lazy\" decoding=\"async\" width=\"710\" height=\"1000\" src=\"https:\/\/robertabudasalon.com\/wp-content\/uploads\/2020\/02\/After-sunset-in-Merida-Side-View-1.jpg\" alt=\"\" class=\"wp-image-9691\" srcset=\"https:\/\/robertabudasalon.com\/wp-content\/uploads\/2020\/02\/After-sunset-in-Merida-Side-View-1.jpg 710w, https:\/\/robertabudasalon.com\/wp-content\/uploads\/2020\/02\/After-sunset-in-Merida-Side-View-1.jpg 213w, https:\/\/robertabudasalon.com\/wp-content\/uploads\/2020\/02\/After-sunset-in-Merida-Side-View-1.jpg 600w\" sizes=\"auto, (max-width: 710px) 100vw, 710px\" \/><figcaption>Beauty Salon Merida, Olaplex Hair Color by ANNIE &amp; ROBERT<\/figcaption><\/figure>\n\n\n\n<figure class=\"wp-block-image\"><img loading=\"lazy\" decoding=\"async\" width=\"668\" height=\"1000\" src=\"https:\/\/robertabudasalon.com\/wp-content\/uploads\/2020\/02\/Merida-Hair-and-Beauty-Salon-Robert-Abuda.jpg\" alt=\"\" class=\"wp-image-9646\" srcset=\"https:\/\/robertabudasalon.com\/wp-content\/uploads\/2020\/02\/Merida-Hair-and-Beauty-Salon-Robert-Abuda.jpg 668w, https:\/\/robertabudasalon.com\/wp-content\/uploads\/2020\/02\/Merida-Hair-and-Beauty-Salon-Robert-Abuda.jpg 200w, https:\/\/robertabudasalon.com\/wp-content\/uploads\/2020\/02\/Merida-Hair-and-Beauty-Salon-Robert-Abuda.jpg 600w\" sizes=\"auto, (max-width: 668px) 100vw, 668px\" \/><figcaption> After Sunset hair by ANNIE &amp; ROBERT, Hairstylists Merida 3<\/figcaption><\/figure>\n\n\n\n<figure class=\"wp-block-image\"><img loading=\"lazy\" decoding=\"async\" width=\"668\" height=\"1000\" src=\"https:\/\/robertabudasalon.com\/wp-content\/uploads\/2020\/02\/Merida-Hair-and-Beauty-Salon-Robert-Abuda-2.jpg\" alt=\"\" class=\"wp-image-9644\" srcset=\"https:\/\/robertabudasalon.com\/wp-content\/uploads\/2020\/02\/Merida-Hair-and-Beauty-Salon-Robert-Abuda-2.jpg 668w, https:\/\/robertabudasalon.com\/wp-content\/uploads\/2020\/02\/Merida-Hair-and-Beauty-Salon-Robert-Abuda-2.jpg 200w, https:\/\/robertabudasalon.com\/wp-content\/uploads\/2020\/02\/Merida-Hair-and-Beauty-Salon-Robert-Abuda-2.jpg 600w\" sizes=\"auto, (max-width: 668px) 100vw, 668px\" \/><figcaption> After Sunset hair by ANNIE &amp; ROBERT, Hairstylists Merida 2<\/figcaption><\/figure>\n\n\n\n<figure class=\"wp-block-image\"><img loading=\"lazy\" decoding=\"async\" width=\"620\" height=\"603\" src=\"https:\/\/robertabudasalon.com\/wp-content\/uploads\/2020\/02\/Sunset-Hair-Salon-Merida-Robert-Abuda-Salon-Hair-Paseo-de-Montejo.jpg\" alt=\"\" class=\"wp-image-9642\" srcset=\"https:\/\/robertabudasalon.com\/wp-content\/uploads\/2020\/02\/Sunset-Hair-Salon-Merida-Robert-Abuda-Salon-Hair-Paseo-de-Montejo.jpg 620w, https:\/\/robertabudasalon.com\/wp-content\/uploads\/2020\/02\/Sunset-Hair-Salon-Merida-Robert-Abuda-Salon-Hair-Paseo-de-Montejo.jpg 300w, https:\/\/robertabudasalon.com\/wp-content\/uploads\/2020\/02\/Sunset-Hair-Salon-Merida-Robert-Abuda-Salon-Hair-Paseo-de-Montejo.jpg 600w\" sizes=\"auto, (max-width: 620px) 100vw, 620px\" \/><figcaption>After Sunset hair by ANNIE &amp; ROBERT, Hairstylists Merida with <a href=\"http:\/\/www.olaplex.com\">OLAPLEX<\/a><\/figcaption><\/figure>\n\n\n\n<figure class=\"wp-block-image\"><img loading=\"lazy\" decoding=\"async\" width=\"723\" height=\"1024\" src=\"https:\/\/robertabudasalon.com\/wp-content\/uploads\/2020\/03\/Robert-Abuda-Salon-de-Belleza-by-ANGIE-Merida-Hair-1-723x1024.jpg\" alt=\"\" class=\"wp-image-9725\" srcset=\"https:\/\/robertabudasalon.com\/wp-content\/uploads\/2020\/03\/Robert-Abuda-Salon-de-Belleza-by-ANGIE-Merida-Hair-1.jpg 723w, https:\/\/robertabudasalon.com\/wp-content\/uploads\/2020\/03\/Robert-Abuda-Salon-de-Belleza-by-ANGIE-Merida-Hair-1.jpg 212w, https:\/\/robertabudasalon.com\/wp-content\/uploads\/2020\/03\/Robert-Abuda-Salon-de-Belleza-by-ANGIE-Merida-Hair-1.jpg 768w, https:\/\/robertabudasalon.com\/wp-content\/uploads\/2020\/03\/Robert-Abuda-Salon-de-Belleza-by-ANGIE-Merida-Hair-1.jpg 600w, http:\/\/robertabudasalon.com\/wp-content\/uploads\/2020\/03\/Robert-Abuda-Salon-de-Belleza-by-ANGIE-Merida-Hair-1.jpg 1428w, http:\/\/robertabudasalon.com\/wp-content\/uploads\/2020\/03\/Robert-Abuda-Salon-de-Belleza-by-ANGIE-Merida-Hair-1.jpg 2142w\" sizes=\"auto, (max-width: 714px) 100vw, 714px\" \/><figcaption>Hair and Beauty Salon in Merida Yucatan Mexico, Robert Abuda Salon<\/figcaption><\/figure>\n\n\n\n<figure class=\"wp-block-image\"><img loading=\"lazy\" decoding=\"async\" width=\"429\" height=\"502\" src=\"https:\/\/robertabudasalon.com\/wp-content\/uploads\/2020\/02\/Hair-Salon-Merida-Yucatan-Mexico-Salon-de-Belleza.jpg\" alt=\"\" class=\"wp-image-9638\" srcset=\"https:\/\/robertabudasalon.com\/wp-content\/uploads\/2020\/02\/Hair-Salon-Merida-Yucatan-Mexico-Salon-de-Belleza.jpg 429w, https:\/\/robertabudasalon.com\/wp-content\/uploads\/2020\/02\/Hair-Salon-Merida-Yucatan-Mexico-Salon-de-Belleza.jpg 256w\" sizes=\"auto, (max-width: 429px) 100vw, 429px\" \/><figcaption>Cut and Color by ANGIE with <a href=\"http:\/\/www.olaplex.com\">OLAPLEX<\/a>, Hair Salon located in Merida MX<\/figcaption><\/figure>\n\n\n\n<figure class=\"wp-block-image\"><img loading=\"lazy\" decoding=\"async\" width=\"549\" height=\"603\" src=\"https:\/\/robertabudasalon.com\/wp-content\/uploads\/2020\/02\/Beauty-Salon-Merida-Robert-Abuda-Salon-Hair-Paseo-de-Montejo.jpg\" alt=\"\" class=\"wp-image-9636\" srcset=\"https:\/\/robertabudasalon.com\/wp-content\/uploads\/2020\/02\/Beauty-Salon-Merida-Robert-Abuda-Salon-Hair-Paseo-de-Montejo.jpg 549w, https:\/\/robertabudasalon.com\/wp-content\/uploads\/2020\/02\/Beauty-Salon-Merida-Robert-Abuda-Salon-Hair-Paseo-de-Montejo.jpg 273w\" sizes=\"auto, (max-width: 549px) 100vw, 549px\" \/><figcaption><a href=\"http:\/\/www.olaplex.com\">Olaplex<\/a> Babylights by ANNIE, Hair Beauty Salon in Merida Yucatan MEXICO<\/figcaption><\/figure>\n\n\n\n<figure class=\"wp-block-image\"><img loading=\"lazy\" decoding=\"async\" width=\"300\" height=\"500\" src=\"https:\/\/robertabudasalon.com\/wp-content\/uploads\/2020\/02\/Highlights-Beauty-Salon-in-Merida-Robert-Abuda.jpg\" alt=\"\" class=\"wp-image-9627\" srcset=\"https:\/\/robertabudasalon.com\/wp-content\/uploads\/2020\/02\/Highlights-Beauty-Salon-in-Merida-Robert-Abuda.jpg 300w, https:\/\/robertabudasalon.com\/wp-content\/uploads\/2020\/02\/Highlights-Beauty-Salon-in-Merida-Robert-Abuda.jpg 180w\" sizes=\"auto, (max-width: 300px) 100vw, 300px\" \/><figcaption> Color and Highlights with <a href=\"http:\/\/www.olaplex.com\/\">OLAPLEX<\/a> by Robert Abuda, Wavy Hair Merida 2<\/figcaption><\/figure>\n\n\n\n<figure class=\"wp-block-image\"><img loading=\"lazy\" decoding=\"async\" width=\"581\" height=\"603\" src=\"https:\/\/robertabudasalon.com\/wp-content\/uploads\/2020\/02\/Silver-Hair-Salon-Merida-Robert-Abuda-Salon-1.jpg\" alt=\"\" class=\"wp-image-9625\" srcset=\"https:\/\/robertabudasalon.com\/wp-content\/uploads\/2020\/02\/Silver-Hair-Salon-Merida-Robert-Abuda-Salon-1.jpg 581w, https:\/\/robertabudasalon.com\/wp-content\/uploads\/2020\/02\/Silver-Hair-Salon-Merida-Robert-Abuda-Salon-1.jpg 289w\" sizes=\"auto, (max-width: 581px) 100vw, 581px\" \/><figcaption> Color and Highlights with <a href=\"http:\/\/www.olaplex.com\/\">OLAPLEX<\/a> by Robert Abuda, Wavy Hair Merida<\/figcaption><\/figure>\n\n\n\n<figure class=\"wp-block-image\"><img loading=\"lazy\" decoding=\"async\" width=\"358\" height=\"500\" src=\"https:\/\/robertabudasalon.com\/wp-content\/uploads\/2020\/02\/Silver-Hair-Merida-Robert-Abuda-Salon.jpg\" alt=\"\" class=\"wp-image-9623\" srcset=\"https:\/\/robertabudasalon.com\/wp-content\/uploads\/2020\/02\/Silver-Hair-Merida-Robert-Abuda-Salon.jpg 358w, https:\/\/robertabudasalon.com\/wp-content\/uploads\/2020\/02\/Silver-Hair-Merida-Robert-Abuda-Salon.jpg 215w\" sizes=\"auto, (max-width: 358px) 100vw, 358px\" \/><figcaption> SILVER GREY FASHION COLOR with <a href=\"http:\/\/www.olaplex.com\/\">OLAPLEX<\/a> by ANNIE 2, Merida Hair Salon, MX <\/figcaption><\/figure>\n\n\n\n<figure class=\"wp-block-image\"><img loading=\"lazy\" decoding=\"async\" width=\"544\" height=\"496\" src=\"https:\/\/robertabudasalon.com\/wp-content\/uploads\/2020\/02\/Silver-Hair-Salon-Merida-Robert-Abuda-Salon.jpg\" alt=\"\" class=\"wp-image-9621\" srcset=\"https:\/\/robertabudasalon.com\/wp-content\/uploads\/2020\/02\/Silver-Hair-Salon-Merida-Robert-Abuda-Salon.jpg 544w, https:\/\/robertabudasalon.com\/wp-content\/uploads\/2020\/02\/Silver-Hair-Salon-Merida-Robert-Abuda-Salon.jpg 300w\" sizes=\"auto, (max-width: 544px) 100vw, 544px\" \/><figcaption> SILVER GREY FASHION COLOR with <a href=\"http:\/\/www.olaplex.com\/\">OLAPLEX<\/a> by ANNIE, Merida Hair Salon, MX <\/figcaption><\/figure>\n\n\n\n<figure class=\"wp-block-image\"><img loading=\"lazy\" decoding=\"async\" width=\"311\" height=\"600\" src=\"https:\/\/robertabudasalon.com\/wp-content\/uploads\/2020\/02\/Blonde-Hair-by-ANNIE-at-Robert-Abuda-Salon.jpg\" alt=\"\" class=\"wp-image-9619\" srcset=\"https:\/\/robertabudasalon.com\/wp-content\/uploads\/2020\/02\/Blonde-Hair-by-ANNIE-at-Robert-Abuda-Salon.jpg 311w, https:\/\/robertabudasalon.com\/wp-content\/uploads\/2020\/02\/Blonde-Hair-by-ANNIE-at-Robert-Abuda-Salon.jpg 156w\" sizes=\"auto, (max-width: 311px) 100vw, 311px\" \/><figcaption> Blonde Babylights with <a href=\"http:\/\/www.olaplex.com\/\">OLAPLEX<\/a> by ANNIE 2, Merida Hair Salon, MX <\/figcaption><\/figure>\n\n\n\n<figure class=\"wp-block-image\"><img loading=\"lazy\" decoding=\"async\" width=\"544\" height=\"564\" src=\"https:\/\/robertabudasalon.com\/wp-content\/uploads\/2020\/02\/blonde-hair-salon-in-merida-robert-abuda.jpg\" alt=\"\" class=\"wp-image-9617\" srcset=\"https:\/\/robertabudasalon.com\/wp-content\/uploads\/2020\/02\/blonde-hair-salon-in-merida-robert-abuda.jpg 544w, https:\/\/robertabudasalon.com\/wp-content\/uploads\/2020\/02\/blonde-hair-salon-in-merida-robert-abuda.jpg 289w\" sizes=\"auto, (max-width: 544px) 100vw, 544px\" \/><figcaption> Blonde Babylights with <a href=\"http:\/\/www.olaplex.com\/\">OLAPLEX<\/a> by ANNIE, Merida Hair Salon, MX <\/figcaption><\/figure>\n\n\n\n<figure class=\"wp-block-image\"><img loading=\"lazy\" decoding=\"async\" width=\"315\" height=\"500\" src=\"https:\/\/robertabudasalon.com\/wp-content\/uploads\/2020\/02\/Estilistas-Merida-Mexico-Hair-Salon-2.jpg\" alt=\"\" class=\"wp-image-9615\" srcset=\"https:\/\/robertabudasalon.com\/wp-content\/uploads\/2020\/02\/Estilistas-Merida-Mexico-Hair-Salon-2.jpg 315w, https:\/\/robertabudasalon.com\/wp-content\/uploads\/2020\/02\/Estilistas-Merida-Mexico-Hair-Salon-2.jpg 189w\" sizes=\"auto, (max-width: 315px) 100vw, 315px\" \/><figcaption> Color and Babylights with <a href=\"http:\/\/www.olaplex.com\/\">OLAPLEX<\/a> by Robert Abuda, Merida Hair Salon Centro <\/figcaption><\/figure>\n\n\n\n<figure class=\"wp-block-image\"><img loading=\"lazy\" decoding=\"async\" width=\"601\" height=\"610\" src=\"https:\/\/robertabudasalon.com\/wp-content\/uploads\/2020\/02\/Estilistas-Merida-Mexico-Hair-Salon.jpg\" alt=\"\" class=\"wp-image-9613\" srcset=\"https:\/\/robertabudasalon.com\/wp-content\/uploads\/2020\/02\/Estilistas-Merida-Mexico-Hair-Salon.jpg 601w, https:\/\/robertabudasalon.com\/wp-content\/uploads\/2020\/02\/Estilistas-Merida-Mexico-Hair-Salon.jpg 296w, https:\/\/robertabudasalon.com\/wp-content\/uploads\/2020\/02\/Estilistas-Merida-Mexico-Hair-Salon.jpg 600w, https:\/\/robertabudasalon.com\/wp-content\/uploads\/2020\/02\/Estilistas-Merida-Mexico-Hair-Salon.jpg 100w\" sizes=\"auto, (max-width: 601px) 100vw, 601px\" \/><figcaption> Color and Babylights with <a href=\"http:\/\/www.olaplex.com\/\">OLAPLEX<\/a> by Robert Abuda, Merida Hair Salon, MX <\/figcaption><\/figure>\n\n\n\n<figure class=\"wp-block-image\"><img loading=\"lazy\" decoding=\"async\" width=\"500\" height=\"730\" src=\"https:\/\/robertabudasalon.com\/wp-content\/uploads\/2020\/02\/Merida-Hair-Salon-de-Belleza-123.jpg\" alt=\"\" class=\"wp-image-9611\" srcset=\"https:\/\/robertabudasalon.com\/wp-content\/uploads\/2020\/02\/Merida-Hair-Salon-de-Belleza-123.jpg 500w, https:\/\/robertabudasalon.com\/wp-content\/uploads\/2020\/02\/Merida-Hair-Salon-de-Belleza-123.jpg 205w\" sizes=\"auto, (max-width: 500px) 100vw, 500px\" \/><figcaption> Color and Highlights with <a href=\"http:\/\/www.olaplex.com\/\">OLAPLEX<\/a> by Robert Abuda, Merida Hair Salon, MX <\/figcaption><\/figure>\n\n\n\n<figure class=\"wp-block-image\"><img loading=\"lazy\" decoding=\"async\" width=\"603\" height=\"549\" src=\"https:\/\/robertabudasalon.com\/wp-content\/uploads\/2020\/02\/Merida-Hair-Salon-de-Belleza.jpg\" alt=\"\" class=\"wp-image-9609\" srcset=\"https:\/\/robertabudasalon.com\/wp-content\/uploads\/2020\/02\/Merida-Hair-Salon-de-Belleza.jpg 603w, https:\/\/robertabudasalon.com\/wp-content\/uploads\/2020\/02\/Merida-Hair-Salon-de-Belleza.jpg 300w, https:\/\/robertabudasalon.com\/wp-content\/uploads\/2020\/02\/Merida-Hair-Salon-de-Belleza.jpg 600w\" sizes=\"auto, (max-width: 603px) 100vw, 603px\" \/><figcaption>Color and Highlights with <a href=\"http:\/\/www.olaplex.com\">OLAPLEX<\/a> by Robert Abuda, Merida Hair Salon, MX<\/figcaption><\/figure>\n\n\n\n<figure class=\"wp-block-image\"><img loading=\"lazy\" decoding=\"async\" width=\"400\" height=\"697\" src=\"https:\/\/robertabudasalon.com\/wp-content\/uploads\/2020\/02\/highlights-merida-hair-salon.jpg\" alt=\"\" class=\"wp-image-9607\" srcset=\"https:\/\/robertabudasalon.com\/wp-content\/uploads\/2020\/02\/highlights-merida-hair-salon.jpg 400w, https:\/\/robertabudasalon.com\/wp-content\/uploads\/2020\/02\/highlights-merida-hair-salon.jpg 172w\" sizes=\"auto, (max-width: 400px) 100vw, 400px\" \/><figcaption> Straight Brunette Babylights by ANNIE with <a href=\"http:\/\/WWW.OLAPLEX.COM\">OLAPLEX<\/a>, Beauty Salon in Merida MEXICO <\/figcaption><\/figure>\n\n\n\n<figure class=\"wp-block-image\"><img loading=\"lazy\" decoding=\"async\" width=\"520\" height=\"619\" src=\"https:\/\/robertabudasalon.com\/wp-content\/uploads\/2020\/02\/Highlights-Mechas-Merida-Hair-Salon-Robert-Abuda-Salon.jpg\" alt=\"\" class=\"wp-image-9605\" srcset=\"https:\/\/robertabudasalon.com\/wp-content\/uploads\/2020\/02\/Highlights-Mechas-Merida-Hair-Salon-Robert-Abuda-Salon.jpg 520w, https:\/\/robertabudasalon.com\/wp-content\/uploads\/2020\/02\/Highlights-Mechas-Merida-Hair-Salon-Robert-Abuda-Salon.jpg 252w\" sizes=\"auto, (max-width: 520px) 100vw, 520px\" \/><figcaption>Straight Brunette Babylights by ANNIE and <a href=\"http:\/\/WWW.OLAPLEX.COM\">OLAPLEX<\/a>, Beauty Salon in Merida MEXICO<\/figcaption><\/figure>\n\n\n\n<h2 class=\"wp-block-heading\">OLAPLEX SALON de BELLEZA MERIDA &#8211; 2019<\/h2>\n\n\n\n<figure class=\"wp-block-image\"><img loading=\"lazy\" decoding=\"async\" width=\"378\" height=\"600\" src=\"https:\/\/robertabudasalon.com\/wp-content\/uploads\/2020\/02\/Belleza-Beauty-and-Hair-Salon-Merida.jpg\" alt=\"\" class=\"wp-image-9603\" srcset=\"https:\/\/robertabudasalon.com\/wp-content\/uploads\/2020\/02\/Belleza-Beauty-and-Hair-Salon-Merida.jpg 378w, https:\/\/robertabudasalon.com\/wp-content\/uploads\/2020\/02\/Belleza-Beauty-and-Hair-Salon-Merida.jpg 189w\" sizes=\"auto, (max-width: 378px) 100vw, 378px\" \/><figcaption> Wavy Brunette Babylights by ANNIE 2, Robert Abuda Salon, Merida <\/figcaption><\/figure>\n\n\n\n<figure class=\"wp-block-image\"><img loading=\"lazy\" decoding=\"async\" width=\"639\" height=\"650\" src=\"https:\/\/robertabudasalon.com\/wp-content\/uploads\/2020\/02\/Beauty-and-Hair-Salon-Merida.jpg\" alt=\"\" class=\"wp-image-9601\" srcset=\"https:\/\/robertabudasalon.com\/wp-content\/uploads\/2020\/02\/Beauty-and-Hair-Salon-Merida.jpg 639w, https:\/\/robertabudasalon.com\/wp-content\/uploads\/2020\/02\/Beauty-and-Hair-Salon-Merida.jpg 295w, https:\/\/robertabudasalon.com\/wp-content\/uploads\/2020\/02\/Beauty-and-Hair-Salon-Merida.jpg 600w\" sizes=\"auto, (max-width: 639px) 100vw, 639px\" \/><figcaption>Wavy Brunette Babylights by ANNIE, Robert Abuda Salon, Merida<\/figcaption><\/figure>\n\n\n\n<figure class=\"wp-block-image\"><img loading=\"lazy\" decoding=\"async\" width=\"514\" height=\"619\" src=\"https:\/\/robertabudasalon.com\/wp-content\/uploads\/2020\/02\/Hair-Salon-Merida-2019-and-Beauty.jpg\" alt=\"\" class=\"wp-image-9599\" srcset=\"https:\/\/robertabudasalon.com\/wp-content\/uploads\/2020\/02\/Hair-Salon-Merida-2019-and-Beauty.jpg 514w, https:\/\/robertabudasalon.com\/wp-content\/uploads\/2020\/02\/Hair-Salon-Merida-2019-and-Beauty.jpg 249w\" sizes=\"auto, (max-width: 514px) 100vw, 514px\" \/><figcaption>Blonde Balayage by ANGIE, Beauty Salon in Merida, Robert Abuda Salon<\/figcaption><\/figure>\n\n\n\n<figure class=\"wp-block-image\"><img loading=\"lazy\" decoding=\"async\" width=\"629\" height=\"619\" src=\"https:\/\/robertabudasalon.com\/wp-content\/uploads\/2020\/02\/Hair-Salon-Merida-2019.jpg\" alt=\"Hair Cut Merida\" class=\"wp-image-9596\" srcset=\"https:\/\/robertabudasalon.com\/wp-content\/uploads\/2020\/02\/Hair-Salon-Merida-2019.jpg 629w, https:\/\/robertabudasalon.com\/wp-content\/uploads\/2020\/02\/Hair-Salon-Merida-2019.jpg 300w, https:\/\/robertabudasalon.com\/wp-content\/uploads\/2020\/02\/Hair-Salon-Merida-2019.jpg 600w\" sizes=\"auto, (max-width: 629px) 100vw, 629px\" \/><figcaption>Beige Blonde Balayage by Robert Abuda, Merida Hair Salon<\/figcaption><\/figure>\n\n\n\n<figure class=\"wp-block-image\"><img loading=\"lazy\" decoding=\"async\" width=\"450\" height=\"570\" src=\"https:\/\/robertabudasalon.com\/wp-content\/uploads\/2019\/12\/Merida-Salon-de-Belleza-Hair-Robert-Abuda-2.jpg\" alt=\"\" class=\"wp-image-9559\" srcset=\"https:\/\/robertabudasalon.com\/wp-content\/uploads\/2019\/12\/Merida-Salon-de-Belleza-Hair-Robert-Abuda-2.jpg 450w, https:\/\/robertabudasalon.com\/wp-content\/uploads\/2019\/12\/Merida-Salon-de-Belleza-Hair-Robert-Abuda-2.jpg 237w\" sizes=\"auto, (max-width: 450px) 100vw, 450px\" \/><figcaption>Blonde Hair by Rob, Merida Hair Salon<\/figcaption><\/figure>\n\n\n\n<figure class=\"wp-block-image\"><img loading=\"lazy\" decoding=\"async\" width=\"672\" height=\"546\" src=\"https:\/\/robertabudasalon.com\/wp-content\/uploads\/2019\/12\/Merida-Salon-de-Belleza-Hair-Robert-Abuda.jpg\" alt=\"\" class=\"wp-image-9557\" srcset=\"https:\/\/robertabudasalon.com\/wp-content\/uploads\/2019\/12\/Merida-Salon-de-Belleza-Hair-Robert-Abuda.jpg 672w, https:\/\/robertabudasalon.com\/wp-content\/uploads\/2019\/12\/Merida-Salon-de-Belleza-Hair-Robert-Abuda.jpg 300w, https:\/\/robertabudasalon.com\/wp-content\/uploads\/2019\/12\/Merida-Salon-de-Belleza-Hair-Robert-Abuda.jpg 600w\" sizes=\"auto, (max-width: 672px) 100vw, 672px\" \/><figcaption>Back to Blonde, by ROB, Merida Beauty Salon<\/figcaption><\/figure>\n\n\n\n<figure class=\"wp-block-image\"><img loading=\"lazy\" decoding=\"async\" width=\"400\" height=\"786\" src=\"https:\/\/robertabudasalon.com\/wp-content\/uploads\/2019\/12\/Salon-de-Belleza-Merida-Estetica.jpg\" alt=\"\" class=\"wp-image-9555\" srcset=\"https:\/\/robertabudasalon.com\/wp-content\/uploads\/2019\/12\/Salon-de-Belleza-Merida-Estetica.jpg 400w, https:\/\/robertabudasalon.com\/wp-content\/uploads\/2019\/12\/Salon-de-Belleza-Merida-Estetica.jpg 153w\" sizes=\"auto, (max-width: 400px) 100vw, 400px\" \/><figcaption>Balayage by ANGIE, Merida<\/figcaption><\/figure>\n\n\n\n<figure class=\"wp-block-image\"><img loading=\"lazy\" decoding=\"async\" width=\"400\" height=\"644\" src=\"https:\/\/robertabudasalon.com\/wp-content\/uploads\/2019\/12\/Merida-Hair-Salon-Mexico-Robert-Abuda.jpg\" alt=\"\" class=\"wp-image-9553\" srcset=\"https:\/\/robertabudasalon.com\/wp-content\/uploads\/2019\/12\/Merida-Hair-Salon-Mexico-Robert-Abuda.jpg 400w, https:\/\/robertabudasalon.com\/wp-content\/uploads\/2019\/12\/Merida-Hair-Salon-Mexico-Robert-Abuda.jpg 186w\" sizes=\"auto, (max-width: 400px) 100vw, 400px\" \/><figcaption>Gorgeous Balayage by ANGIE, Merida Yucatan, Mexico<\/figcaption><\/figure>\n\n\n\n<figure class=\"wp-block-image\"><img loading=\"lazy\" decoding=\"async\" width=\"593\" height=\"683\" src=\"https:\/\/robertabudasalon.com\/wp-content\/uploads\/2019\/12\/Hair-Salon-Merida-Estilistas-Mexico-Paseo-de-Montejo.jpg\" alt=\"\" class=\"wp-image-9551\" srcset=\"https:\/\/robertabudasalon.com\/wp-content\/uploads\/2019\/12\/Hair-Salon-Merida-Estilistas-Mexico-Paseo-de-Montejo.jpg 593w, https:\/\/robertabudasalon.com\/wp-content\/uploads\/2019\/12\/Hair-Salon-Merida-Estilistas-Mexico-Paseo-de-Montejo.jpg 260w\" sizes=\"auto, (max-width: 593px) 100vw, 593px\" \/><figcaption>Blonde Balayage by ANGIE, Merida MX<\/figcaption><\/figure>\n\n\n\n<figure class=\"wp-block-image\"><img loading=\"lazy\" decoding=\"async\" width=\"400\" height=\"691\" src=\"https:\/\/robertabudasalon.com\/wp-content\/uploads\/2019\/12\/hair-salon-merida-beauty-belleza-mexico-2019.jpg\" alt=\"\" class=\"wp-image-9549\" srcset=\"https:\/\/robertabudasalon.com\/wp-content\/uploads\/2019\/12\/hair-salon-merida-beauty-belleza-mexico-2019.jpg 400w, https:\/\/robertabudasalon.com\/wp-content\/uploads\/2019\/12\/hair-salon-merida-beauty-belleza-mexico-2019.jpg 174w\" sizes=\"auto, (max-width: 400px) 100vw, 400px\" \/><figcaption> Babylights with Olaplex by ANNIE, Robert Abuda Salon Merida 2<\/figcaption><\/figure>\n\n\n\n<figure class=\"wp-block-image\"><img loading=\"lazy\" decoding=\"async\" width=\"586\" height=\"619\" src=\"https:\/\/robertabudasalon.com\/wp-content\/uploads\/2019\/12\/Hair-Salon-de-Belleza-Merida-new-Robert-Abuda-Paseo-de-Montejo.jpg\" alt=\"\" class=\"wp-image-9547\" srcset=\"https:\/\/robertabudasalon.com\/wp-content\/uploads\/2019\/12\/Hair-Salon-de-Belleza-Merida-new-Robert-Abuda-Paseo-de-Montejo.jpg 586w, https:\/\/robertabudasalon.com\/wp-content\/uploads\/2019\/12\/Hair-Salon-de-Belleza-Merida-new-Robert-Abuda-Paseo-de-Montejo.jpg 284w\" sizes=\"auto, (max-width: 586px) 100vw, 586px\" \/><figcaption>Babylights with Olaplex by ANNIE, Robert Abuda Salon Merida<\/figcaption><\/figure>\n\n\n\n<figure class=\"wp-block-image\"><img loading=\"lazy\" decoding=\"async\" width=\"378\" height=\"629\" src=\"https:\/\/robertabudasalon.com\/wp-content\/uploads\/2019\/12\/Hair-Pink-Merida-Salon-de-Belleza-LARGE.jpg\" alt=\"\" class=\"wp-image-9545\" srcset=\"https:\/\/robertabudasalon.com\/wp-content\/uploads\/2019\/12\/Hair-Pink-Merida-Salon-de-Belleza-LARGE.jpg 378w, https:\/\/robertabudasalon.com\/wp-content\/uploads\/2019\/12\/Hair-Pink-Merida-Salon-de-Belleza-LARGE.jpg 180w\" sizes=\"auto, (max-width: 378px) 100vw, 378px\" \/><figcaption> Pink Unicorn Hair &#8211; ROBERT ABUDA SALON TEAM 2<\/figcaption><\/figure>\n\n\n\n<figure class=\"wp-block-image\"><img loading=\"lazy\" decoding=\"async\" width=\"605\" height=\"564\" src=\"https:\/\/robertabudasalon.com\/wp-content\/uploads\/2019\/12\/NEW-Hair-and-Beauty-Salon-de-Belleza-Olaplex-Merida-Mexico.jpg\" alt=\"\" class=\"wp-image-9543\" srcset=\"https:\/\/robertabudasalon.com\/wp-content\/uploads\/2019\/12\/NEW-Hair-and-Beauty-Salon-de-Belleza-Olaplex-Merida-Mexico.jpg 605w, https:\/\/robertabudasalon.com\/wp-content\/uploads\/2019\/12\/NEW-Hair-and-Beauty-Salon-de-Belleza-Olaplex-Merida-Mexico.jpg 300w, https:\/\/robertabudasalon.com\/wp-content\/uploads\/2019\/12\/NEW-Hair-and-Beauty-Salon-de-Belleza-Olaplex-Merida-Mexico.jpg 600w\" sizes=\"auto, (max-width: 605px) 100vw, 605px\" \/><figcaption>Pink Unicorn Hair &#8211; ROBERT ABUDA SALON TEAM <\/figcaption><\/figure>\n\n\n\n<figure class=\"wp-block-image\"><img loading=\"lazy\" decoding=\"async\" width=\"400\" height=\"583\" src=\"https:\/\/robertabudasalon.com\/wp-content\/uploads\/2019\/12\/Salon-de-Belleza-and-Hair-Salon-in-Merida.jpg\" alt=\"\" class=\"wp-image-9541\" srcset=\"https:\/\/robertabudasalon.com\/wp-content\/uploads\/2019\/12\/Salon-de-Belleza-and-Hair-Salon-in-Merida.jpg 400w, https:\/\/robertabudasalon.com\/wp-content\/uploads\/2019\/12\/Salon-de-Belleza-and-Hair-Salon-in-Merida.jpg 206w\" sizes=\"auto, (max-width: 400px) 100vw, 400px\" \/><figcaption> Brunette Babylights by ANGIE, Hair Salon in Merida, Robert Abuda Salon <\/figcaption><\/figure>\n\n\n\n<figure class=\"wp-block-image\"><img loading=\"lazy\" decoding=\"async\" width=\"568\" height=\"525\" src=\"https:\/\/robertabudasalon.com\/wp-content\/uploads\/2019\/12\/Hair-Salon-Merida-Beauty-Salon-de-Belleza-Olaplex-Mexico.jpg\" alt=\"\" class=\"wp-image-9539\" srcset=\"https:\/\/robertabudasalon.com\/wp-content\/uploads\/2019\/12\/Hair-Salon-Merida-Beauty-Salon-de-Belleza-Olaplex-Mexico.jpg 568w, https:\/\/robertabudasalon.com\/wp-content\/uploads\/2019\/12\/Hair-Salon-Merida-Beauty-Salon-de-Belleza-Olaplex-Mexico.jpg 300w\" sizes=\"auto, (max-width: 568px) 100vw, 568px\" \/><figcaption>Brunette Babylights by ANGIE, Hair Salon in Merida, Robert Abuda Salon<\/figcaption><\/figure>\n\n\n\n<figure class=\"wp-block-image\"><img loading=\"lazy\" decoding=\"async\" width=\"481\" height=\"571\" src=\"https:\/\/robertabudasalon.com\/wp-content\/uploads\/2019\/12\/Merida-Hair-Salon-Robert-Abuda-Mexico-Estilista.jpg\" alt=\"\" class=\"wp-image-9537\" srcset=\"https:\/\/robertabudasalon.com\/wp-content\/uploads\/2019\/12\/Merida-Hair-Salon-Robert-Abuda-Mexico-Estilista.jpg 481w, https:\/\/robertabudasalon.com\/wp-content\/uploads\/2019\/12\/Merida-Hair-Salon-Robert-Abuda-Mexico-Estilista.jpg 253w\" sizes=\"auto, (max-width: 481px) 100vw, 481px\" \/><figcaption> Platinum Blonde by ROB, Hair &amp; Beauty Salon Merida <\/figcaption><\/figure>\n\n\n\n<figure class=\"wp-block-image\"><img loading=\"lazy\" decoding=\"async\" width=\"450\" height=\"339\" src=\"https:\/\/robertabudasalon.com\/wp-content\/uploads\/2019\/12\/hair-salon-merida-facebook-photo.jpg\" alt=\"\" class=\"wp-image-9535\" srcset=\"https:\/\/robertabudasalon.com\/wp-content\/uploads\/2019\/12\/hair-salon-merida-facebook-photo.jpg 450w, https:\/\/robertabudasalon.com\/wp-content\/uploads\/2019\/12\/hair-salon-merida-facebook-photo.jpg 300w\" sizes=\"auto, (max-width: 450px) 100vw, 450px\" \/><figcaption>Platinum Blonde by ROB, Hair &amp; Beauty Salon Merida<\/figcaption><\/figure>\n\n\n\n<figure class=\"wp-block-image\"><img loading=\"lazy\" decoding=\"async\" width=\"500\" height=\"553\" src=\"https:\/\/robertabudasalon.com\/wp-content\/uploads\/2019\/12\/hair-salon-merida-yucatan-mexico.jpg\" alt=\"\" class=\"wp-image-9533\" srcset=\"https:\/\/robertabudasalon.com\/wp-content\/uploads\/2019\/12\/hair-salon-merida-yucatan-mexico.jpg 500w, https:\/\/robertabudasalon.com\/wp-content\/uploads\/2019\/12\/hair-salon-merida-yucatan-mexico.jpg 271w\" sizes=\"auto, (max-width: 500px) 100vw, 500px\" \/><figcaption> Purple Rain by ROB ABUDA, Hair Beauty Salon Merida 2<\/figcaption><\/figure>\n\n\n\n<figure class=\"wp-block-image\"><img loading=\"lazy\" decoding=\"async\" width=\"578\" height=\"491\" src=\"https:\/\/robertabudasalon.com\/wp-content\/uploads\/2019\/12\/Beauty-and-Hair-Salon-Merida-MX.jpg\" alt=\"\" class=\"wp-image-9531\" srcset=\"https:\/\/robertabudasalon.com\/wp-content\/uploads\/2019\/12\/Beauty-and-Hair-Salon-Merida-MX.jpg 578w, https:\/\/robertabudasalon.com\/wp-content\/uploads\/2019\/12\/Beauty-and-Hair-Salon-Merida-MX.jpg 300w\" sizes=\"auto, (max-width: 578px) 100vw, 578px\" \/><figcaption>Purple Rain by ROB ABUDA, Hair Beauty Salon Merida<\/figcaption><\/figure>\n\n\n\n<figure class=\"wp-block-image\"><img loading=\"lazy\" decoding=\"async\" width=\"500\" height=\"527\" src=\"https:\/\/robertabudasalon.com\/wp-content\/uploads\/2019\/12\/Salon-Merida-Hair-Estilsitas-Maquillaje-Wedding.jpg\" alt=\"\" class=\"wp-image-9529\" srcset=\"https:\/\/robertabudasalon.com\/wp-content\/uploads\/2019\/12\/Salon-Merida-Hair-Estilsitas-Maquillaje-Wedding.jpg 500w, https:\/\/robertabudasalon.com\/wp-content\/uploads\/2019\/12\/Salon-Merida-Hair-Estilsitas-Maquillaje-Wedding.jpg 285w\" sizes=\"auto, (max-width: 500px) 100vw, 500px\" \/><figcaption>Highlighted Bob by ANNIE, Beauty and Hair Salon located in Merida<\/figcaption><\/figure>\n\n\n\n<figure class=\"wp-block-image\"><img loading=\"lazy\" decoding=\"async\" width=\"578\" height=\"491\" src=\"https:\/\/robertabudasalon.com\/wp-content\/uploads\/2019\/12\/Hair-Merida-Beauty-Salon-de-Belleza-Olaplex-Mexico-2019.jpg\" alt=\"\" class=\"wp-image-9527\" srcset=\"https:\/\/robertabudasalon.com\/wp-content\/uploads\/2019\/12\/Hair-Merida-Beauty-Salon-de-Belleza-Olaplex-Mexico-2019.jpg 578w, https:\/\/robertabudasalon.com\/wp-content\/uploads\/2019\/12\/Hair-Merida-Beauty-Salon-de-Belleza-Olaplex-Mexico-2019.jpg 300w\" sizes=\"auto, (max-width: 578px) 100vw, 578px\" \/><figcaption> Highlighted Bob by ANNIE, Beauty and Hair Salon 2 located in Merida <\/figcaption><\/figure>\n\n\n\n<figure class=\"wp-block-image\"><img loading=\"lazy\" decoding=\"async\" width=\"559\" height=\"713\" src=\"https:\/\/robertabudasalon.com\/wp-content\/uploads\/2019\/12\/Merida-Hair-Salon-Yucatan-Paseo-de-Montejo-LGE.jpg\" alt=\"\" class=\"wp-image-9525\" srcset=\"https:\/\/robertabudasalon.com\/wp-content\/uploads\/2019\/12\/Merida-Hair-Salon-Yucatan-Paseo-de-Montejo-LGE.jpg 559w, https:\/\/robertabudasalon.com\/wp-content\/uploads\/2019\/12\/Merida-Hair-Salon-Yucatan-Paseo-de-Montejo-LGE.jpg 235w\" sizes=\"auto, (max-width: 559px) 100vw, 559px\" \/><figcaption>Strawberry Blonde Balayage by ANGIE, Hair Salon Merida<\/figcaption><\/figure>\n\n\n\n<figure class=\"wp-block-image\"><img loading=\"lazy\" decoding=\"async\" width=\"578\" height=\"532\" src=\"https:\/\/robertabudasalon.com\/wp-content\/uploads\/2019\/12\/Hair-Merida-Beauty-Salon-de-Belleza-Olaplex-Mexico-2.jpg\" alt=\"\" class=\"wp-image-9523\" srcset=\"https:\/\/robertabudasalon.com\/wp-content\/uploads\/2019\/12\/Hair-Merida-Beauty-Salon-de-Belleza-Olaplex-Mexico-2.jpg 578w, https:\/\/robertabudasalon.com\/wp-content\/uploads\/2019\/12\/Hair-Merida-Beauty-Salon-de-Belleza-Olaplex-Mexico-2.jpg 300w\" sizes=\"auto, (max-width: 578px) 100vw, 578px\" \/><figcaption>Before &amp; After, Strawberry Blonde Balayage by ANGIE, Hair Salon Merida <\/figcaption><\/figure>\n\n\n\n<figure class=\"wp-block-image\"><img loading=\"lazy\" decoding=\"async\" width=\"400\" height=\"776\" src=\"https:\/\/robertabudasalon.com\/wp-content\/uploads\/2019\/12\/olaplex-merida-hair-salon-robert-abuda.jpg\" alt=\"\" class=\"wp-image-9521\" srcset=\"https:\/\/robertabudasalon.com\/wp-content\/uploads\/2019\/12\/olaplex-merida-hair-salon-robert-abuda.jpg 400w, https:\/\/robertabudasalon.com\/wp-content\/uploads\/2019\/12\/olaplex-merida-hair-salon-robert-abuda.jpg 155w\" sizes=\"auto, (max-width: 400px) 100vw, 400px\" \/><figcaption>Heavy Metal, Metallic Blonde Balayge by ANGIE, Merida Beauty Salon<\/figcaption><\/figure>\n\n\n\n<figure class=\"wp-block-image\"><img loading=\"lazy\" decoding=\"async\" width=\"593\" height=\"683\" src=\"https:\/\/robertabudasalon.com\/wp-content\/uploads\/2019\/12\/hair-salon-in-merida-estilistas-mejor-mexico.jpg\" alt=\"\" class=\"wp-image-9519\" srcset=\"https:\/\/robertabudasalon.com\/wp-content\/uploads\/2019\/12\/hair-salon-in-merida-estilistas-mejor-mexico.jpg 593w, https:\/\/robertabudasalon.com\/wp-content\/uploads\/2019\/12\/hair-salon-in-merida-estilistas-mejor-mexico.jpg 260w\" sizes=\"auto, (max-width: 593px) 100vw, 593px\" \/><figcaption>Before &amp; After, Heavy Metal, Metallic Blonde Balayge by ANGIE, Merida Beauty Salon <\/figcaption><\/figure>\n\n\n\n<figure class=\"wp-block-image\"><img loading=\"lazy\" decoding=\"async\" width=\"400\" height=\"584\" src=\"https:\/\/robertabudasalon.com\/wp-content\/uploads\/2019\/12\/Hair-Salon-Merida-Robert-Abuda-Salon-Maquillaje.jpg\" alt=\"\" class=\"wp-image-9517\" srcset=\"https:\/\/robertabudasalon.com\/wp-content\/uploads\/2019\/12\/Hair-Salon-Merida-Robert-Abuda-Salon-Maquillaje.jpg 400w, https:\/\/robertabudasalon.com\/wp-content\/uploads\/2019\/12\/Hair-Salon-Merida-Robert-Abuda-Salon-Maquillaje.jpg 205w\" sizes=\"auto, (max-width: 400px) 100vw, 400px\" \/><figcaption>Color by ANNIE with OLAPLEX, Hair Merida Salon<\/figcaption><\/figure>\n\n\n\n<figure class=\"wp-block-image\"><img loading=\"lazy\" decoding=\"async\" width=\"621\" height=\"555\" src=\"https:\/\/robertabudasalon.com\/wp-content\/uploads\/2019\/12\/Hair-Stylists-Merida-2019-Salon-de-Belleza-Robert-Abuda.jpg\" alt=\"\" class=\"wp-image-9515\" srcset=\"https:\/\/robertabudasalon.com\/wp-content\/uploads\/2019\/12\/Hair-Stylists-Merida-2019-Salon-de-Belleza-Robert-Abuda.jpg 621w, https:\/\/robertabudasalon.com\/wp-content\/uploads\/2019\/12\/Hair-Stylists-Merida-2019-Salon-de-Belleza-Robert-Abuda.jpg 300w, https:\/\/robertabudasalon.com\/wp-content\/uploads\/2019\/12\/Hair-Stylists-Merida-2019-Salon-de-Belleza-Robert-Abuda.jpg 600w\" sizes=\"auto, (max-width: 621px) 100vw, 621px\" \/><figcaption>Before &amp; After, Color by ANNIE with OLAPLEX, Hair Merida Salon <\/figcaption><\/figure>\n\n\n\n<figure class=\"wp-block-image\"><img loading=\"lazy\" decoding=\"async\" width=\"500\" height=\"688\" src=\"https:\/\/robertabudasalon.com\/wp-content\/uploads\/2019\/12\/Hair-Salon-Merida-2019-Robert-Abuda-Salon-LGE.jpg\" alt=\"\" class=\"wp-image-9513\" srcset=\"https:\/\/robertabudasalon.com\/wp-content\/uploads\/2019\/12\/Hair-Salon-Merida-2019-Robert-Abuda-Salon-LGE.jpg 500w, https:\/\/robertabudasalon.com\/wp-content\/uploads\/2019\/12\/Hair-Salon-Merida-2019-Robert-Abuda-Salon-LGE.jpg 218w\" sizes=\"auto, (max-width: 500px) 100vw, 500px\" \/><figcaption> Caramel Balayage by ROB, Hair Salon Merida 2<\/figcaption><\/figure>\n\n\n\n<figure class=\"wp-block-image\"><img loading=\"lazy\" decoding=\"async\" width=\"577\" height=\"518\" src=\"https:\/\/robertabudasalon.com\/wp-content\/uploads\/2019\/12\/Salon-de-Belleza-Merida-Mexico-Robert-Abuda-Salon.jpg\" alt=\"\" class=\"wp-image-9511\" srcset=\"https:\/\/robertabudasalon.com\/wp-content\/uploads\/2019\/12\/Salon-de-Belleza-Merida-Mexico-Robert-Abuda-Salon.jpg 577w, https:\/\/robertabudasalon.com\/wp-content\/uploads\/2019\/12\/Salon-de-Belleza-Merida-Mexico-Robert-Abuda-Salon.jpg 300w\" sizes=\"auto, (max-width: 577px) 100vw, 577px\" \/><figcaption>Caramel Balayage by ROB, Hair Salon Merida<\/figcaption><\/figure>\n\n\n\n<figure class=\"wp-block-image\"><img loading=\"lazy\" decoding=\"async\" width=\"450\" height=\"686\" src=\"https:\/\/robertabudasalon.com\/wp-content\/uploads\/2019\/12\/2019-Hair-Salon-Merida-Estilistas-Estetica.jpg\" alt=\"\" class=\"wp-image-9509\" srcset=\"https:\/\/robertabudasalon.com\/wp-content\/uploads\/2019\/12\/2019-Hair-Salon-Merida-Estilistas-Estetica.jpg 450w, https:\/\/robertabudasalon.com\/wp-content\/uploads\/2019\/12\/2019-Hair-Salon-Merida-Estilistas-Estetica.jpg 197w\" sizes=\"auto, (max-width: 450px) 100vw, 450px\" \/><figcaption> Babylights by ANGIE, Hair Salon Merida 2<\/figcaption><\/figure>\n\n\n\n<figure class=\"wp-block-image\"><img loading=\"lazy\" decoding=\"async\" width=\"579\" height=\"562\" src=\"https:\/\/robertabudasalon.com\/wp-content\/uploads\/2019\/12\/Merida-Hair-Salon-de-Belleza-Yucatan.jpg\" alt=\"\" class=\"wp-image-9507\" srcset=\"https:\/\/robertabudasalon.com\/wp-content\/uploads\/2019\/12\/Merida-Hair-Salon-de-Belleza-Yucatan.jpg 579w, https:\/\/robertabudasalon.com\/wp-content\/uploads\/2019\/12\/Merida-Hair-Salon-de-Belleza-Yucatan.jpg 300w\" sizes=\"auto, (max-width: 579px) 100vw, 579px\" \/><figcaption>Babylights by ANGIE, Hair Salon Merida<\/figcaption><\/figure>\n\n\n\n<figure class=\"wp-block-image\"><img loading=\"lazy\" decoding=\"async\" width=\"348\" height=\"454\" src=\"https:\/\/robertabudasalon.com\/wp-content\/uploads\/2019\/12\/Salon-de-Belleza-Merida-Robert-Abuda-Large.jpg\" alt=\"\" class=\"wp-image-9505\" srcset=\"https:\/\/robertabudasalon.com\/wp-content\/uploads\/2019\/12\/Salon-de-Belleza-Merida-Robert-Abuda-Large.jpg 348w, https:\/\/robertabudasalon.com\/wp-content\/uploads\/2019\/12\/Salon-de-Belleza-Merida-Robert-Abuda-Large.jpg 230w\" sizes=\"auto, (max-width: 348px) 100vw, 348px\" \/><figcaption> Raven Bob by ROB ABUDA, Hair and Beauty Salon Merida 2<\/figcaption><\/figure>\n\n\n\n<figure class=\"wp-block-image\"><img loading=\"lazy\" decoding=\"async\" width=\"609\" height=\"562\" src=\"https:\/\/robertabudasalon.com\/wp-content\/uploads\/2019\/12\/Salon-de-Belleza-Estetica-and-Hair.jpg\" alt=\"\" class=\"wp-image-9503\" srcset=\"https:\/\/robertabudasalon.com\/wp-content\/uploads\/2019\/12\/Salon-de-Belleza-Estetica-and-Hair.jpg 609w, https:\/\/robertabudasalon.com\/wp-content\/uploads\/2019\/12\/Salon-de-Belleza-Estetica-and-Hair.jpg 300w, https:\/\/robertabudasalon.com\/wp-content\/uploads\/2019\/12\/Salon-de-Belleza-Estetica-and-Hair.jpg 600w\" sizes=\"auto, (max-width: 609px) 100vw, 609px\" \/><figcaption>Raven Bob by ROB ABUDA, Hair and Beauty Salon Merida<\/figcaption><\/figure>\n\n\n\n<figure class=\"wp-block-image\"><img loading=\"lazy\" decoding=\"async\" width=\"500\" height=\"635\" src=\"https:\/\/robertabudasalon.com\/wp-content\/uploads\/2019\/12\/Hair-Salon-Merida-Large.jpg\" alt=\"\" class=\"wp-image-9501\" srcset=\"https:\/\/robertabudasalon.com\/wp-content\/uploads\/2019\/12\/Hair-Salon-Merida-Large.jpg 500w, https:\/\/robertabudasalon.com\/wp-content\/uploads\/2019\/12\/Hair-Salon-Merida-Large.jpg 236w\" sizes=\"auto, (max-width: 500px) 100vw, 500px\" \/><figcaption> Silver Color Correction by ROB, Hair Salon Merida 2<\/figcaption><\/figure>\n\n\n\n<figure class=\"wp-block-image\"><img loading=\"lazy\" decoding=\"async\" width=\"550\" height=\"467\" src=\"https:\/\/robertabudasalon.com\/wp-content\/uploads\/2019\/12\/Merida-Hair-Salon-Belleza-Mexico.jpg\" alt=\"\" class=\"wp-image-9499\" srcset=\"https:\/\/robertabudasalon.com\/wp-content\/uploads\/2019\/12\/Merida-Hair-Salon-Belleza-Mexico.jpg 550w, https:\/\/robertabudasalon.com\/wp-content\/uploads\/2019\/12\/Merida-Hair-Salon-Belleza-Mexico.jpg 300w\" sizes=\"auto, (max-width: 550px) 100vw, 550px\" \/><figcaption>Silver Color Correction by ROB, Hair Salon Merida<\/figcaption><\/figure>\n\n\n\n<figure class=\"wp-block-image\"><img loading=\"lazy\" decoding=\"async\" width=\"400\" height=\"704\" src=\"https:\/\/robertabudasalon.com\/wp-content\/uploads\/2019\/12\/Salon-Hair-Merida-de-Belleza-LARGE-2019.jpg\" alt=\"\" class=\"wp-image-9497\" srcset=\"https:\/\/robertabudasalon.com\/wp-content\/uploads\/2019\/12\/Salon-Hair-Merida-de-Belleza-LARGE-2019.jpg 400w, https:\/\/robertabudasalon.com\/wp-content\/uploads\/2019\/12\/Salon-Hair-Merida-de-Belleza-LARGE-2019.jpg 170w\" sizes=\"auto, (max-width: 400px) 100vw, 400px\" \/><figcaption> Babylights by ANNIE, Robert Abuda Hair Salon, Merida <\/figcaption><\/figure>\n\n\n\n<figure class=\"wp-block-image\"><img loading=\"lazy\" decoding=\"async\" width=\"609\" height=\"591\" src=\"https:\/\/robertabudasalon.com\/wp-content\/uploads\/2019\/12\/Salon-Hair-Merida-de-Belleza.jpg\" alt=\"\" class=\"wp-image-9495\" srcset=\"https:\/\/robertabudasalon.com\/wp-content\/uploads\/2019\/12\/Salon-Hair-Merida-de-Belleza.jpg 609w, https:\/\/robertabudasalon.com\/wp-content\/uploads\/2019\/12\/Salon-Hair-Merida-de-Belleza.jpg 300w, https:\/\/robertabudasalon.com\/wp-content\/uploads\/2019\/12\/Salon-Hair-Merida-de-Belleza.jpg 600w\" sizes=\"auto, (max-width: 609px) 100vw, 609px\" \/><figcaption>Babylights by ANNIE, Robert Abuda Salon, Merida<\/figcaption><\/figure>\n\n\n\n<figure class=\"wp-block-image\"><img loading=\"lazy\" decoding=\"async\" width=\"400\" height=\"732\" src=\"https:\/\/robertabudasalon.com\/wp-content\/uploads\/2019\/12\/Merida-hair-salon-estilistas-robert-abuda-salon-LGE.jpg\" alt=\"\" class=\"wp-image-9491\" srcset=\"https:\/\/robertabudasalon.com\/wp-content\/uploads\/2019\/12\/Merida-hair-salon-estilistas-robert-abuda-salon-LGE.jpg 400w, https:\/\/robertabudasalon.com\/wp-content\/uploads\/2019\/12\/Merida-hair-salon-estilistas-robert-abuda-salon-LGE.jpg 164w\" sizes=\"auto, (max-width: 400px) 100vw, 400px\" \/><figcaption> Chestnut Brown by ANGIE, Robert Abuda Salon in Merida 2<\/figcaption><\/figure>\n\n\n\n<figure class=\"wp-block-image\"><img loading=\"lazy\" decoding=\"async\" width=\"639\" height=\"726\" src=\"https:\/\/robertabudasalon.com\/wp-content\/uploads\/2019\/12\/Hair-and-Beauty-Salon-Merida-Mexico-Robert-Abuda-Salon-2019.jpg\" alt=\"\" class=\"wp-image-9489\" srcset=\"https:\/\/robertabudasalon.com\/wp-content\/uploads\/2019\/12\/Hair-and-Beauty-Salon-Merida-Mexico-Robert-Abuda-Salon-2019.jpg 639w, https:\/\/robertabudasalon.com\/wp-content\/uploads\/2019\/12\/Hair-and-Beauty-Salon-Merida-Mexico-Robert-Abuda-Salon-2019.jpg 264w, https:\/\/robertabudasalon.com\/wp-content\/uploads\/2019\/12\/Hair-and-Beauty-Salon-Merida-Mexico-Robert-Abuda-Salon-2019.jpg 600w\" sizes=\"auto, (max-width: 639px) 100vw, 639px\" \/><figcaption>Chestnut Brown by ANGIE, Robert Abuda Salon in Merida<\/figcaption><\/figure>\n\n\n\n<figure class=\"wp-block-image\"><img loading=\"lazy\" decoding=\"async\" width=\"500\" height=\"624\" src=\"https:\/\/robertabudasalon.com\/wp-content\/uploads\/2019\/12\/merida-hair-salon-large.jpg\" alt=\"\" class=\"wp-image-9493\" srcset=\"https:\/\/robertabudasalon.com\/wp-content\/uploads\/2019\/12\/merida-hair-salon-large.jpg 500w, https:\/\/robertabudasalon.com\/wp-content\/uploads\/2019\/12\/merida-hair-salon-large.jpg 240w\" sizes=\"auto, (max-width: 500px) 100vw, 500px\" \/><figcaption> Olaplex Grey Color Correction by ANNIE, Beauty Salon in Merida 2<\/figcaption><\/figure>\n\n\n\n<figure class=\"wp-block-image\"><img loading=\"lazy\" decoding=\"async\" width=\"639\" height=\"514\" src=\"https:\/\/robertabudasalon.com\/wp-content\/uploads\/2019\/12\/Hair-and-Beauty-Salon-Merida-Mexico-Robert-Abuda-Salon.jpg\" alt=\"\" class=\"wp-image-9487\" srcset=\"https:\/\/robertabudasalon.com\/wp-content\/uploads\/2019\/12\/Hair-and-Beauty-Salon-Merida-Mexico-Robert-Abuda-Salon.jpg 639w, https:\/\/robertabudasalon.com\/wp-content\/uploads\/2019\/12\/Hair-and-Beauty-Salon-Merida-Mexico-Robert-Abuda-Salon.jpg 300w, https:\/\/robertabudasalon.com\/wp-content\/uploads\/2019\/12\/Hair-and-Beauty-Salon-Merida-Mexico-Robert-Abuda-Salon.jpg 600w\" sizes=\"auto, (max-width: 639px) 100vw, 639px\" \/><figcaption>Olaplex Grey Color Correction by ANNIE, Beauty Salon in Merida<\/figcaption><\/figure>\n\n\n\n<figure class=\"wp-block-image\"><img loading=\"lazy\" decoding=\"async\" width=\"305\" height=\"536\" src=\"https:\/\/robertabudasalon.com\/wp-content\/uploads\/2019\/12\/Estilistas-Merida-Hair-Salon-de-Belleza-Robert-Abuda-new.jpg\" alt=\"\" class=\"wp-image-9485\" srcset=\"https:\/\/robertabudasalon.com\/wp-content\/uploads\/2019\/12\/Estilistas-Merida-Hair-Salon-de-Belleza-Robert-Abuda-new.jpg 305w, https:\/\/robertabudasalon.com\/wp-content\/uploads\/2019\/12\/Estilistas-Merida-Hair-Salon-de-Belleza-Robert-Abuda-new.jpg 171w\" sizes=\"auto, (max-width: 305px) 100vw, 305px\" \/><figcaption>Curly Highlighted Hair Cut by Robert Abuda, Merida Hair Salon with OLAPLEX<\/figcaption><\/figure>\n\n\n\n<figure class=\"wp-block-image\"><img loading=\"lazy\" decoding=\"async\" width=\"639\" height=\"650\" src=\"https:\/\/robertabudasalon.com\/wp-content\/uploads\/2019\/12\/Estilistas-Merida-Hair-Salon-de-Belleza-Robert-Abuda.jpg\" alt=\"\" class=\"wp-image-9483\" srcset=\"https:\/\/robertabudasalon.com\/wp-content\/uploads\/2019\/12\/Estilistas-Merida-Hair-Salon-de-Belleza-Robert-Abuda.jpg 639w, https:\/\/robertabudasalon.com\/wp-content\/uploads\/2019\/12\/Estilistas-Merida-Hair-Salon-de-Belleza-Robert-Abuda.jpg 295w, https:\/\/robertabudasalon.com\/wp-content\/uploads\/2019\/12\/Estilistas-Merida-Hair-Salon-de-Belleza-Robert-Abuda.jpg 600w\" sizes=\"auto, (max-width: 639px) 100vw, 639px\" \/><figcaption> Curly Highlighted Hair Cut 2 by Robert Abuda, Merida Hair Salon with OLAPLEX <\/figcaption><\/figure>\n\n\n\n<figure class=\"wp-block-image\"><img loading=\"lazy\" decoding=\"async\" width=\"400\" height=\"791\" src=\"https:\/\/robertabudasalon.com\/wp-content\/uploads\/2019\/12\/Hair-Salon-Merida-Robert-Abuda-Salon-de-Belleza-NEW-2019.jpg\" alt=\"\" class=\"wp-image-9481\" srcset=\"https:\/\/robertabudasalon.com\/wp-content\/uploads\/2019\/12\/Hair-Salon-Merida-Robert-Abuda-Salon-de-Belleza-NEW-2019.jpg 400w, https:\/\/robertabudasalon.com\/wp-content\/uploads\/2019\/12\/Hair-Salon-Merida-Robert-Abuda-Salon-de-Belleza-NEW-2019.jpg 152w\" sizes=\"auto, (max-width: 400px) 100vw, 400px\" \/><figcaption>by ANGIE, Hair Salon Merida, Robert Abuda Salon<\/figcaption><\/figure>\n\n\n\n<figure class=\"wp-block-image\"><img loading=\"lazy\" decoding=\"async\" width=\"550\" height=\"645\" src=\"https:\/\/robertabudasalon.com\/wp-content\/uploads\/2019\/12\/Salon-de-Belleza-en-Merida-Estilistas-Mejor.jpg\" alt=\"\" class=\"wp-image-9479\" srcset=\"https:\/\/robertabudasalon.com\/wp-content\/uploads\/2019\/12\/Salon-de-Belleza-en-Merida-Estilistas-Mejor.jpg 550w, https:\/\/robertabudasalon.com\/wp-content\/uploads\/2019\/12\/Salon-de-Belleza-en-Merida-Estilistas-Mejor.jpg 256w\" sizes=\"auto, (max-width: 550px) 100vw, 550px\" \/><figcaption> by ANGIE, Hair Salon Merida, Robert Abuda Salon <\/figcaption><\/figure>\n\n\n\n<figure class=\"wp-block-image\"><img loading=\"lazy\" decoding=\"async\" width=\"386\" height=\"489\" src=\"https:\/\/robertabudasalon.com\/wp-content\/uploads\/2019\/12\/Hair-Salon-Merida-Robert-Abuda-MX.jpg\" alt=\"\" class=\"wp-image-9476\" srcset=\"https:\/\/robertabudasalon.com\/wp-content\/uploads\/2019\/12\/Hair-Salon-Merida-Robert-Abuda-MX.jpg 386w, https:\/\/robertabudasalon.com\/wp-content\/uploads\/2019\/12\/Hair-Salon-Merida-Robert-Abuda-MX.jpg 237w\" sizes=\"auto, (max-width: 386px) 100vw, 386px\" \/><figcaption>Blonde Hair by ROB, Hair &amp; Beauty Salon in Merida<\/figcaption><\/figure>\n\n\n\n<figure class=\"wp-block-image\"><img loading=\"lazy\" decoding=\"async\" width=\"672\" height=\"564\" src=\"https:\/\/robertabudasalon.com\/wp-content\/uploads\/2019\/09\/Hair-Salon-Merida-Mejor-Estilistas-Belleza-Olaplex-Mexico.jpg\" alt=\"\" class=\"wp-image-9297\" srcset=\"https:\/\/robertabudasalon.com\/wp-content\/uploads\/2019\/09\/Hair-Salon-Merida-Mejor-Estilistas-Belleza-Olaplex-Mexico.jpg 672w, https:\/\/robertabudasalon.com\/wp-content\/uploads\/2019\/09\/Hair-Salon-Merida-Mejor-Estilistas-Belleza-Olaplex-Mexico.jpg 300w, https:\/\/robertabudasalon.com\/wp-content\/uploads\/2019\/09\/Hair-Salon-Merida-Mejor-Estilistas-Belleza-Olaplex-Mexico.jpg 600w\" sizes=\"auto, (max-width: 672px) 100vw, 672px\" \/><figcaption>Hair Salon in Merida, Blonde Highlights and Shadow Root, by Robert Abuda<\/figcaption><\/figure>\n\n\n\n<figure class=\"wp-block-image\"><img loading=\"lazy\" decoding=\"async\" width=\"600\" height=\"841\" src=\"https:\/\/robertabudasalon.com\/wp-content\/uploads\/2019\/09\/Salon-de-Belleza-en-Merida-Estilistas-ANNIE.jpg\" alt=\"\" class=\"wp-image-9294\" srcset=\"https:\/\/robertabudasalon.com\/wp-content\/uploads\/2019\/09\/Salon-de-Belleza-en-Merida-Estilistas-ANNIE.jpg 600w, https:\/\/robertabudasalon.com\/wp-content\/uploads\/2019\/09\/Salon-de-Belleza-en-Merida-Estilistas-ANNIE.jpg 214w\" sizes=\"auto, (max-width: 600px) 100vw, 600px\" \/><figcaption>Hair and Beauty Salon Merida, Blonde Balayage by ANNIE. Gorgeous Blend!!!<\/figcaption><\/figure>\n\n\n\n<figure class=\"wp-block-image\"><img loading=\"lazy\" decoding=\"async\" width=\"609\" height=\"591\" src=\"https:\/\/robertabudasalon.com\/wp-content\/uploads\/2019\/09\/NEW-Hair-Salon-de-Belleza-Merida-Robert-Abuda-Paseo-de-Montejo-2.jpg\" alt=\"\" class=\"wp-image-9292\" srcset=\"https:\/\/robertabudasalon.com\/wp-content\/uploads\/2019\/09\/NEW-Hair-Salon-de-Belleza-Merida-Robert-Abuda-Paseo-de-Montejo-2.jpg 609w, https:\/\/robertabudasalon.com\/wp-content\/uploads\/2019\/09\/NEW-Hair-Salon-de-Belleza-Merida-Robert-Abuda-Paseo-de-Montejo-2.jpg 300w, https:\/\/robertabudasalon.com\/wp-content\/uploads\/2019\/09\/NEW-Hair-Salon-de-Belleza-Merida-Robert-Abuda-Paseo-de-Montejo-2.jpg 600w\" sizes=\"auto, (max-width: 609px) 100vw, 609px\" \/><figcaption>Salon de Belleza Merida, Blonde Balayage de ANNIE<\/figcaption><\/figure>\n\n\n\n<figure class=\"wp-block-image\"><img loading=\"lazy\" decoding=\"async\" width=\"331\" height=\"600\" src=\"https:\/\/robertabudasalon.com\/wp-content\/uploads\/2019\/09\/hair-salon-merida-olaplex-robert-abuda-large.jpg\" alt=\"\" class=\"wp-image-9282\" srcset=\"https:\/\/robertabudasalon.com\/wp-content\/uploads\/2019\/09\/hair-salon-merida-olaplex-robert-abuda-large.jpg 331w, https:\/\/robertabudasalon.com\/wp-content\/uploads\/2019\/09\/hair-salon-merida-olaplex-robert-abuda-large.jpg 166w\" sizes=\"auto, (max-width: 331px) 100vw, 331px\" \/><figcaption>Gorgeous Blonde Balayage de ANGIE at Robert Abuda Salon de Belleza, Merida<\/figcaption><\/figure>\n\n\n\n<figure class=\"wp-block-image\"><img loading=\"lazy\" decoding=\"async\" width=\"515\" height=\"630\" src=\"https:\/\/robertabudasalon.com\/wp-content\/uploads\/2019\/09\/Hair-Salon-de-Belleza-Merida-Robert-Abuda-Paseo-de-Montejo.jpg\" alt=\"\" class=\"wp-image-9280\" srcset=\"https:\/\/robertabudasalon.com\/wp-content\/uploads\/2019\/09\/Hair-Salon-de-Belleza-Merida-Robert-Abuda-Paseo-de-Montejo.jpg 515w, https:\/\/robertabudasalon.com\/wp-content\/uploads\/2019\/09\/Hair-Salon-de-Belleza-Merida-Robert-Abuda-Paseo-de-Montejo.jpg 245w\" sizes=\"auto, (max-width: 515px) 100vw, 515px\" \/><figcaption>Blonde Balayage de ANGIE, Robert Abuda Salon Merida<\/figcaption><\/figure>\n\n\n\n<figure class=\"wp-block-image\"><img loading=\"lazy\" decoding=\"async\" width=\"400\" height=\"824\" src=\"https:\/\/robertabudasalon.com\/wp-content\/uploads\/2019\/09\/salon-hair-merida-robert-abuda.jpg\" alt=\"\" class=\"wp-image-9278\" srcset=\"https:\/\/robertabudasalon.com\/wp-content\/uploads\/2019\/09\/salon-hair-merida-robert-abuda.jpg 400w, https:\/\/robertabudasalon.com\/wp-content\/uploads\/2019\/09\/salon-hair-merida-robert-abuda.jpg 146w\" sizes=\"auto, (max-width: 400px) 100vw, 400px\" \/><figcaption>Estilista Merida, Robert Abuda, Hair Salon Belleza Merida<\/figcaption><\/figure>\n\n\n\n<figure class=\"wp-block-image\"><img loading=\"lazy\" decoding=\"async\" width=\"577\" height=\"630\" src=\"https:\/\/robertabudasalon.com\/wp-content\/uploads\/2019\/09\/Salon-de-Belleza-Merida-Robert-Abuda-Paseo-de-Montejo.jpg\" alt=\"\" class=\"wp-image-9276\" srcset=\"https:\/\/robertabudasalon.com\/wp-content\/uploads\/2019\/09\/Salon-de-Belleza-Merida-Robert-Abuda-Paseo-de-Montejo.jpg 577w, https:\/\/robertabudasalon.com\/wp-content\/uploads\/2019\/09\/Salon-de-Belleza-Merida-Robert-Abuda-Paseo-de-Montejo.jpg 275w\" sizes=\"auto, (max-width: 577px) 100vw, 577px\" \/><figcaption>Hair Salon Merida, by Robert Abuda, Balayage and Olaplex<\/figcaption><\/figure>\n\n\n\n<figure class=\"wp-block-image\"><img loading=\"lazy\" decoding=\"async\" width=\"500\" height=\"726\" src=\"https:\/\/robertabudasalon.com\/wp-content\/uploads\/2019\/09\/2019-Hair-Salon-Merida.jpg\" alt=\"\" class=\"wp-image-9274\" srcset=\"https:\/\/robertabudasalon.com\/wp-content\/uploads\/2019\/09\/2019-Hair-Salon-Merida.jpg 500w, https:\/\/robertabudasalon.com\/wp-content\/uploads\/2019\/09\/2019-Hair-Salon-Merida.jpg 207w\" sizes=\"auto, (max-width: 500px) 100vw, 500px\" \/><figcaption>Pink hair by ANGIE, ANNIE, &amp; LAURA. Photo by MARIFER, MERIDA<\/figcaption><\/figure>\n\n\n\n<figure class=\"wp-block-image\"><img loading=\"lazy\" decoding=\"async\" width=\"605\" height=\"564\" src=\"https:\/\/robertabudasalon.com\/wp-content\/uploads\/2019\/09\/Hair-and-Beauty-Salon-de-Belleza-Olaplex-Merida-Wedding.jpg\" alt=\"\" class=\"wp-image-9272\" srcset=\"https:\/\/robertabudasalon.com\/wp-content\/uploads\/2019\/09\/Hair-and-Beauty-Salon-de-Belleza-Olaplex-Merida-Wedding.jpg 605w, https:\/\/robertabudasalon.com\/wp-content\/uploads\/2019\/09\/Hair-and-Beauty-Salon-de-Belleza-Olaplex-Merida-Wedding.jpg 300w, https:\/\/robertabudasalon.com\/wp-content\/uploads\/2019\/09\/Hair-and-Beauty-Salon-de-Belleza-Olaplex-Merida-Wedding.jpg 600w\" sizes=\"auto, (max-width: 605px) 100vw, 605px\" \/><figcaption> Pink hair by ANGIE, ANNIE, &amp; LAURA. Photo by MARIFER, MERIDA 2<\/figcaption><\/figure>\n\n\n\n<figure class=\"wp-block-image\"><img loading=\"lazy\" decoding=\"async\" width=\"400\" height=\"537\" src=\"https:\/\/robertabudasalon.com\/wp-content\/uploads\/2019\/09\/Hair-Salon-Merida-Belleza-Olaplex-Merida-Mexico-2-LGE.jpg\" alt=\"\" class=\"wp-image-9268\" srcset=\"https:\/\/robertabudasalon.com\/wp-content\/uploads\/2019\/09\/Hair-Salon-Merida-Belleza-Olaplex-Merida-Mexico-2-LGE.jpg 400w, https:\/\/robertabudasalon.com\/wp-content\/uploads\/2019\/09\/Hair-Salon-Merida-Belleza-Olaplex-Merida-Mexico-2-LGE.jpg 223w\" sizes=\"auto, (max-width: 400px) 100vw, 400px\" \/><figcaption>Sliver Hair by Robert Abuda in Merida<\/figcaption><\/figure>\n\n\n\n<figure class=\"wp-block-image\"><img loading=\"lazy\" decoding=\"async\" width=\"672\" height=\"564\" src=\"https:\/\/robertabudasalon.com\/wp-content\/uploads\/2019\/09\/Hair-Salon-Merida-Belleza-Olaplex-Merida-Mexico-2.jpg\" alt=\"\" class=\"wp-image-9270\" srcset=\"https:\/\/robertabudasalon.com\/wp-content\/uploads\/2019\/09\/Hair-Salon-Merida-Belleza-Olaplex-Merida-Mexico-2.jpg 672w, https:\/\/robertabudasalon.com\/wp-content\/uploads\/2019\/09\/Hair-Salon-Merida-Belleza-Olaplex-Merida-Mexico-2.jpg 300w, https:\/\/robertabudasalon.com\/wp-content\/uploads\/2019\/09\/Hair-Salon-Merida-Belleza-Olaplex-Merida-Mexico-2.jpg 600w\" sizes=\"auto, (max-width: 672px) 100vw, 672px\" \/><figcaption>Silver Hair Salon Merida, Robert Abuda, Estilista<\/figcaption><\/figure>\n\n\n\n<figure class=\"wp-block-image\"><img loading=\"lazy\" decoding=\"async\" width=\"394\" height=\"390\" src=\"https:\/\/robertabudasalon.com\/wp-content\/uploads\/2019\/09\/Hair-Salon-de-Belleza-Merida-2-Salon-Olaplex-by-Robert-Abuda.jpg\" alt=\"\" class=\"wp-image-9266\" srcset=\"https:\/\/robertabudasalon.com\/wp-content\/uploads\/2019\/09\/Hair-Salon-de-Belleza-Merida-2-Salon-Olaplex-by-Robert-Abuda.jpg 394w, https:\/\/robertabudasalon.com\/wp-content\/uploads\/2019\/09\/Hair-Salon-de-Belleza-Merida-2-Salon-Olaplex-by-Robert-Abuda.jpg 300w, https:\/\/robertabudasalon.com\/wp-content\/uploads\/2019\/09\/Hair-Salon-de-Belleza-Merida-2-Salon-Olaplex-by-Robert-Abuda.jpg 100w\" sizes=\"auto, (max-width: 394px) 100vw, 394px\" \/><figcaption>Blonde Highlights by Robert Abuda, Merida Mexico<\/figcaption><\/figure>\n\n\n\n<figure class=\"wp-block-image\"><img loading=\"lazy\" decoding=\"async\" width=\"750\" height=\"525\" src=\"https:\/\/robertabudasalon.com\/wp-content\/uploads\/2019\/09\/Hair-Salon-de-Belleza-Merida-1-Salon-Olaplex-by-Robert-Abuda.jpg\" alt=\"\" class=\"wp-image-9264\" srcset=\"https:\/\/robertabudasalon.com\/wp-content\/uploads\/2019\/09\/Hair-Salon-de-Belleza-Merida-1-Salon-Olaplex-by-Robert-Abuda.jpg 750w, https:\/\/robertabudasalon.com\/wp-content\/uploads\/2019\/09\/Hair-Salon-de-Belleza-Merida-1-Salon-Olaplex-by-Robert-Abuda.jpg 300w, https:\/\/robertabudasalon.com\/wp-content\/uploads\/2019\/09\/Hair-Salon-de-Belleza-Merida-1-Salon-Olaplex-by-Robert-Abuda.jpg 600w\" sizes=\"auto, (max-width: 714px) 100vw, 714px\" \/><figcaption>Blonde Highlights by Robert Abuda, Merida Mexico. Hair Salon<\/figcaption><\/figure>\n\n\n\n<figure class=\"wp-block-image\"><img loading=\"lazy\" decoding=\"async\" width=\"335\" height=\"389\" src=\"https:\/\/robertabudasalon.com\/wp-content\/uploads\/2019\/09\/Salon-de-Belleza-en-Merida-Estetica-Olaplex-Hair-Merida-LARGE.jpg\" alt=\"\" class=\"wp-image-9262\" srcset=\"https:\/\/robertabudasalon.com\/wp-content\/uploads\/2019\/09\/Salon-de-Belleza-en-Merida-Estetica-Olaplex-Hair-Merida-LARGE.jpg 335w, https:\/\/robertabudasalon.com\/wp-content\/uploads\/2019\/09\/Salon-de-Belleza-en-Merida-Estetica-Olaplex-Hair-Merida-LARGE.jpg 258w\" sizes=\"auto, (max-width: 335px) 100vw, 335px\" \/><figcaption>Purple Hair by Robert Abuda, Estilista, Merida<\/figcaption><\/figure>\n\n\n\n<figure class=\"wp-block-image\"><img loading=\"lazy\" decoding=\"async\" width=\"686\" height=\"525\" src=\"https:\/\/robertabudasalon.com\/wp-content\/uploads\/2019\/09\/Salon-de-Belleza-en-Merida-Estetica-Olaplex-Hair-Merida.jpg\" alt=\"\" class=\"wp-image-9260\" srcset=\"https:\/\/robertabudasalon.com\/wp-content\/uploads\/2019\/09\/Salon-de-Belleza-en-Merida-Estetica-Olaplex-Hair-Merida.jpg 686w, https:\/\/robertabudasalon.com\/wp-content\/uploads\/2019\/09\/Salon-de-Belleza-en-Merida-Estetica-Olaplex-Hair-Merida.jpg 300w, https:\/\/robertabudasalon.com\/wp-content\/uploads\/2019\/09\/Salon-de-Belleza-en-Merida-Estetica-Olaplex-Hair-Merida.jpg 600w\" sizes=\"auto, (max-width: 686px) 100vw, 686px\" \/><figcaption>Purple Hair, Robert Abuda Salon, Merida MX<\/figcaption><\/figure>\n\n\n\n<figure class=\"wp-block-image\"><img loading=\"lazy\" decoding=\"async\" width=\"280\" height=\"384\" src=\"https:\/\/robertabudasalon.com\/wp-content\/uploads\/2019\/09\/Salon-de-Belleza-en-Merida-Estetica-Olaplex-hair-salon-merida-2-LGE.jpg\" alt=\"\" class=\"wp-image-9258\" srcset=\"https:\/\/robertabudasalon.com\/wp-content\/uploads\/2019\/09\/Salon-de-Belleza-en-Merida-Estetica-Olaplex-hair-salon-merida-2-LGE.jpg 280w, https:\/\/robertabudasalon.com\/wp-content\/uploads\/2019\/09\/Salon-de-Belleza-en-Merida-Estetica-Olaplex-hair-salon-merida-2-LGE.jpg 219w\" sizes=\"auto, (max-width: 280px) 100vw, 280px\" \/><figcaption>Babylights by Laura, Hair Salon Merida, MX<\/figcaption><\/figure>\n\n\n\n<figure class=\"wp-block-image\"><img loading=\"lazy\" decoding=\"async\" width=\"550\" height=\"484\" src=\"https:\/\/robertabudasalon.com\/wp-content\/uploads\/2019\/09\/Salon-de-Belleza-en-Merida-Estetica-Olaplex-hair-salon-merida-2.jpg\" alt=\"\" class=\"wp-image-9256\" srcset=\"https:\/\/robertabudasalon.com\/wp-content\/uploads\/2019\/09\/Salon-de-Belleza-en-Merida-Estetica-Olaplex-hair-salon-merida-2.jpg 550w, https:\/\/robertabudasalon.com\/wp-content\/uploads\/2019\/09\/Salon-de-Belleza-en-Merida-Estetica-Olaplex-hair-salon-merida-2.jpg 300w\" sizes=\"auto, (max-width: 550px) 100vw, 550px\" \/><figcaption>Hair Salon Mexico, Babylights by LAURA<\/figcaption><\/figure>\n\n\n\n<figure class=\"wp-block-image\"><img loading=\"lazy\" decoding=\"async\" width=\"343\" height=\"400\" src=\"https:\/\/robertabudasalon.com\/wp-content\/uploads\/2019\/09\/Hair-Salon-Merida-Paseo-de-Montejo-Robert-Abuda-LGE.jpg\" alt=\"\" class=\"wp-image-9254\" srcset=\"https:\/\/robertabudasalon.com\/wp-content\/uploads\/2019\/09\/Hair-Salon-Merida-Paseo-de-Montejo-Robert-Abuda-LGE.jpg 343w, https:\/\/robertabudasalon.com\/wp-content\/uploads\/2019\/09\/Hair-Salon-Merida-Paseo-de-Montejo-Robert-Abuda-LGE.jpg 257w\" sizes=\"auto, (max-width: 343px) 100vw, 343px\" \/><figcaption>Salon de Belleza en Merida Robert Abuda Salon Mexico<\/figcaption><\/figure>\n\n\n\n<figure class=\"wp-block-image\"><img loading=\"lazy\" decoding=\"async\" width=\"666\" height=\"525\" src=\"https:\/\/robertabudasalon.com\/wp-content\/uploads\/2019\/09\/Hair-Salon-Merida-Paseo-de-Montejo-Robert-Abuda.jpg\" alt=\"\" class=\"wp-image-9252\" srcset=\"https:\/\/robertabudasalon.com\/wp-content\/uploads\/2019\/09\/Hair-Salon-Merida-Paseo-de-Montejo-Robert-Abuda.jpg 666w, https:\/\/robertabudasalon.com\/wp-content\/uploads\/2019\/09\/Hair-Salon-Merida-Paseo-de-Montejo-Robert-Abuda.jpg 300w, https:\/\/robertabudasalon.com\/wp-content\/uploads\/2019\/09\/Hair-Salon-Merida-Paseo-de-Montejo-Robert-Abuda.jpg 600w\" sizes=\"auto, (max-width: 666px) 100vw, 666px\" \/><figcaption>Estilista Merida Robert Abuda<\/figcaption><\/figure>\n\n\n\n<figure class=\"wp-block-image\"><img loading=\"lazy\" decoding=\"async\" width=\"277\" height=\"446\" src=\"https:\/\/robertabudasalon.com\/wp-content\/uploads\/2019\/09\/Hair-Merida-Beauty-Salon-de-Belleza-Olaplex-Mexico-LGE-1.jpg\" alt=\"\" class=\"wp-image-9250\" srcset=\"https:\/\/robertabudasalon.com\/wp-content\/uploads\/2019\/09\/Hair-Merida-Beauty-Salon-de-Belleza-Olaplex-Mexico-LGE-1.jpg 277w, https:\/\/robertabudasalon.com\/wp-content\/uploads\/2019\/09\/Hair-Merida-Beauty-Salon-de-Belleza-Olaplex-Mexico-LGE-1.jpg 186w\" sizes=\"auto, (max-width: 277px) 100vw, 277px\" \/><figcaption>Salon de Belleza Merida, Robert Abuda, Estilista<\/figcaption><\/figure>\n\n\n\n<figure class=\"wp-block-image\"><img loading=\"lazy\" decoding=\"async\" width=\"578\" height=\"567\" src=\"https:\/\/robertabudasalon.com\/wp-content\/uploads\/2019\/09\/Hair-Merida-Beauty-Salon-de-Belleza-Olaplex-Mexico.jpg\" alt=\"\" class=\"wp-image-9246\" srcset=\"https:\/\/robertabudasalon.com\/wp-content\/uploads\/2019\/09\/Hair-Merida-Beauty-Salon-de-Belleza-Olaplex-Mexico.jpg 578w, https:\/\/robertabudasalon.com\/wp-content\/uploads\/2019\/09\/Hair-Merida-Beauty-Salon-de-Belleza-Olaplex-Mexico.jpg 300w\" sizes=\"auto, (max-width: 578px) 100vw, 578px\" \/><figcaption>Silver Hair by Robert Abuda, estilista Merida.<\/figcaption><\/figure>\n\n\n\n<figure class=\"wp-block-image\"><img loading=\"lazy\" decoding=\"async\" width=\"315\" height=\"450\" src=\"https:\/\/robertabudasalon.com\/wp-content\/uploads\/2019\/07\/Hair-Salon-Merida-Belleza-Olaplex-Mexico-LGE.jpg\" alt=\"\" class=\"wp-image-9161\" srcset=\"https:\/\/robertabudasalon.com\/wp-content\/uploads\/2019\/07\/Hair-Salon-Merida-Belleza-Olaplex-Mexico-LGE.jpg 315w, https:\/\/robertabudasalon.com\/wp-content\/uploads\/2019\/07\/Hair-Salon-Merida-Belleza-Olaplex-Mexico-LGE.jpg 210w\" sizes=\"auto, (max-width: 315px) 100vw, 315px\" \/><figcaption>SALON de Belleza en Merida, Olaplex Highlights de Robert Abuda. <\/figcaption><\/figure>\n\n\n\n<figure class=\"wp-block-image\"><img loading=\"lazy\" decoding=\"async\" width=\"580\" height=\"567\" src=\"https:\/\/robertabudasalon.com\/wp-content\/uploads\/2019\/07\/Hair-Salon-Merida-Belleza-Olaplex-Mexico.jpg\" alt=\"\" class=\"wp-image-9159\" srcset=\"https:\/\/robertabudasalon.com\/wp-content\/uploads\/2019\/07\/Hair-Salon-Merida-Belleza-Olaplex-Mexico.jpg 580w, https:\/\/robertabudasalon.com\/wp-content\/uploads\/2019\/07\/Hair-Salon-Merida-Belleza-Olaplex-Mexico.jpg 300w\" sizes=\"auto, (max-width: 580px) 100vw, 580px\" \/><figcaption>Hair Salon in Merida, Highlights with Olaplex by Robert Abuda<\/figcaption><\/figure>\n\n\n\n<figure class=\"wp-block-image\"><img loading=\"lazy\" decoding=\"async\" width=\"359\" height=\"391\" src=\"https:\/\/robertabudasalon.com\/wp-content\/uploads\/2019\/07\/Hair-Salon-de-Belleza-en-Merida-Estetica-Olaplex.jpg\" alt=\"\" class=\"wp-image-9157\" srcset=\"https:\/\/robertabudasalon.com\/wp-content\/uploads\/2019\/07\/Hair-Salon-de-Belleza-en-Merida-Estetica-Olaplex.jpg 359w, https:\/\/robertabudasalon.com\/wp-content\/uploads\/2019\/07\/Hair-Salon-de-Belleza-en-Merida-Estetica-Olaplex.jpg 275w\" sizes=\"auto, (max-width: 359px) 100vw, 359px\" \/><figcaption>Hair Salon Merida, Olaplex Babylights by ANNIE<\/figcaption><\/figure>\n\n\n\n<figure class=\"wp-block-image\"><img loading=\"lazy\" decoding=\"async\" width=\"723\" height=\"525\" src=\"https:\/\/robertabudasalon.com\/wp-content\/uploads\/2019\/07\/Salon-de-Belleza-en-Merida-Estetica-Olaplex.jpg\" alt=\"\" class=\"wp-image-9155\" srcset=\"https:\/\/robertabudasalon.com\/wp-content\/uploads\/2019\/07\/Salon-de-Belleza-en-Merida-Estetica-Olaplex.jpg 723w, https:\/\/robertabudasalon.com\/wp-content\/uploads\/2019\/07\/Salon-de-Belleza-en-Merida-Estetica-Olaplex.jpg 300w, https:\/\/robertabudasalon.com\/wp-content\/uploads\/2019\/07\/Salon-de-Belleza-en-Merida-Estetica-Olaplex.jpg 600w\" sizes=\"auto, (max-width: 714px) 100vw, 714px\" \/><figcaption>Salon de Belleza en Merida, OLAPLEX Babylights by ANNIE<\/figcaption><\/figure>\n\n\n\n<figure class=\"wp-block-image\"><img loading=\"lazy\" decoding=\"async\" width=\"345\" height=\"522\" src=\"https:\/\/robertabudasalon.com\/wp-content\/uploads\/2019\/07\/Merida-Hair-Salon-de-Belleza-Robert-Abuda-June-2019-LGE.jpg\" alt=\"\" class=\"wp-image-9153\" srcset=\"https:\/\/robertabudasalon.com\/wp-content\/uploads\/2019\/07\/Merida-Hair-Salon-de-Belleza-Robert-Abuda-June-2019-LGE.jpg 345w, https:\/\/robertabudasalon.com\/wp-content\/uploads\/2019\/07\/Merida-Hair-Salon-de-Belleza-Robert-Abuda-June-2019-LGE.jpg 198w\" sizes=\"auto, (max-width: 345px) 100vw, 345px\" \/><figcaption>Olaplex Babylights by Robert Abuda, Salon de Belleza Merida<\/figcaption><\/figure>\n\n\n\n<figure class=\"wp-block-image\"><img loading=\"lazy\" decoding=\"async\" width=\"629\" height=\"669\" src=\"https:\/\/robertabudasalon.com\/wp-content\/uploads\/2019\/07\/Merida-Hair-Salon-de-Belleza-Robert-Abuda-June-2019.jpg\" alt=\"\" class=\"wp-image-9151\" srcset=\"https:\/\/robertabudasalon.com\/wp-content\/uploads\/2019\/07\/Merida-Hair-Salon-de-Belleza-Robert-Abuda-June-2019.jpg 629w, https:\/\/robertabudasalon.com\/wp-content\/uploads\/2019\/07\/Merida-Hair-Salon-de-Belleza-Robert-Abuda-June-2019.jpg 282w, https:\/\/robertabudasalon.com\/wp-content\/uploads\/2019\/07\/Merida-Hair-Salon-de-Belleza-Robert-Abuda-June-2019.jpg 600w\" sizes=\"auto, (max-width: 629px) 100vw, 629px\" \/><figcaption>Hair Salon in Merida, Olaplex Babylights by Robert Abuda<\/figcaption><\/figure>\n\n\n\n<figure class=\"wp-block-image\"><img loading=\"lazy\" decoding=\"async\" width=\"326\" height=\"361\" src=\"https:\/\/robertabudasalon.com\/wp-content\/uploads\/2019\/07\/Salon-de-Belleza-en-Merida-Estetica-Olaplex-hair-salon-merida-large.jpg\" alt=\"\" class=\"wp-image-9148\" srcset=\"https:\/\/robertabudasalon.com\/wp-content\/uploads\/2019\/07\/Salon-de-Belleza-en-Merida-Estetica-Olaplex-hair-salon-merida-large.jpg 326w, https:\/\/robertabudasalon.com\/wp-content\/uploads\/2019\/07\/Salon-de-Belleza-en-Merida-Estetica-Olaplex-hair-salon-merida-large.jpg 271w\" sizes=\"auto, (max-width: 326px) 100vw, 326px\" \/><figcaption>Hair Salon Merida, Olaplex Color by ANGIE <\/figcaption><\/figure>\n\n\n\n<figure class=\"wp-block-image\"><img loading=\"lazy\" decoding=\"async\" width=\"688\" height=\"495\" src=\"https:\/\/robertabudasalon.com\/wp-content\/uploads\/2019\/07\/Salon-de-Belleza-en-Merida-Estetica-Olaplex-hair-salon-merida.jpg\" alt=\"\" class=\"wp-image-9146\" srcset=\"https:\/\/robertabudasalon.com\/wp-content\/uploads\/2019\/07\/Salon-de-Belleza-en-Merida-Estetica-Olaplex-hair-salon-merida.jpg 688w, https:\/\/robertabudasalon.com\/wp-content\/uploads\/2019\/07\/Salon-de-Belleza-en-Merida-Estetica-Olaplex-hair-salon-merida.jpg 300w, https:\/\/robertabudasalon.com\/wp-content\/uploads\/2019\/07\/Salon-de-Belleza-en-Merida-Estetica-Olaplex-hair-salon-merida.jpg 600w\" sizes=\"auto, (max-width: 688px) 100vw, 688px\" \/><figcaption> Olaplex Color, Hair Salon Merida, by ANGIE <\/figcaption><\/figure>\n\n\n\n<figure class=\"wp-block-image\"><img loading=\"lazy\" decoding=\"async\" width=\"328\" height=\"444\" src=\"https:\/\/robertabudasalon.com\/wp-content\/uploads\/2019\/06\/Hair-Beauty-Salon-de-Belleza-Olaplex-Merida-Mexico-LGE.jpg\" alt=\"\" class=\"wp-image-9131\" srcset=\"https:\/\/robertabudasalon.com\/wp-content\/uploads\/2019\/06\/Hair-Beauty-Salon-de-Belleza-Olaplex-Merida-Mexico-LGE.jpg 328w, https:\/\/robertabudasalon.com\/wp-content\/uploads\/2019\/06\/Hair-Beauty-Salon-de-Belleza-Olaplex-Merida-Mexico-LGE.jpg 222w\" sizes=\"auto, (max-width: 328px) 100vw, 328px\" \/><figcaption>Olaplex Balayage by ANGIE, Salon de Belleza en Merida, Yucatan. Fotos de MARIFER.<\/figcaption><\/figure>\n\n\n\n<figure class=\"wp-block-image\"><img loading=\"lazy\" decoding=\"async\" width=\"609\" height=\"567\" src=\"https:\/\/robertabudasalon.com\/wp-content\/uploads\/2019\/06\/Hair-Beauty-Salon-de-Belleza-Olaplex-Merida-Mexico.jpg\" alt=\"\" class=\"wp-image-9129\" srcset=\"https:\/\/robertabudasalon.com\/wp-content\/uploads\/2019\/06\/Hair-Beauty-Salon-de-Belleza-Olaplex-Merida-Mexico.jpg 609w, https:\/\/robertabudasalon.com\/wp-content\/uploads\/2019\/06\/Hair-Beauty-Salon-de-Belleza-Olaplex-Merida-Mexico.jpg 300w, https:\/\/robertabudasalon.com\/wp-content\/uploads\/2019\/06\/Hair-Beauty-Salon-de-Belleza-Olaplex-Merida-Mexico.jpg 600w\" sizes=\"auto, (max-width: 609px) 100vw, 609px\" \/><figcaption>Balayage &amp; OLAPLEX by ANGIE, Hair &amp; Beauty Salon Merida, Mexico<\/figcaption><\/figure>\n\n\n\n<figure class=\"wp-block-image\"><img loading=\"lazy\" decoding=\"async\" width=\"319\" height=\"344\" src=\"https:\/\/robertabudasalon.com\/wp-content\/uploads\/2019\/06\/Merida-Salon-de-Belleza-Hair-Robert-Abuda-Salon-Olaplex-2019-LARGE.jpg\" alt=\"\" class=\"wp-image-9122\" srcset=\"https:\/\/robertabudasalon.com\/wp-content\/uploads\/2019\/06\/Merida-Salon-de-Belleza-Hair-Robert-Abuda-Salon-Olaplex-2019-LARGE.jpg 319w, https:\/\/robertabudasalon.com\/wp-content\/uploads\/2019\/06\/Merida-Salon-de-Belleza-Hair-Robert-Abuda-Salon-Olaplex-2019-LARGE.jpg 278w\" sizes=\"auto, (max-width: 319px) 100vw, 319px\" \/><figcaption>Blonde Highlights by Robert Abuda, Hair Salon, Salon de Belleza en Merida<\/figcaption><\/figure>\n\n\n\n<figure class=\"wp-block-image\"><img loading=\"lazy\" decoding=\"async\" width=\"599\" height=\"451\" src=\"https:\/\/robertabudasalon.com\/wp-content\/uploads\/2019\/06\/Merida-Salon-de-Belleza-Hair-Robert-Abuda-Salon-Olaplex-2019.jpg\" alt=\"\" class=\"wp-image-9120\" srcset=\"https:\/\/robertabudasalon.com\/wp-content\/uploads\/2019\/06\/Merida-Salon-de-Belleza-Hair-Robert-Abuda-Salon-Olaplex-2019.jpg 599w, https:\/\/robertabudasalon.com\/wp-content\/uploads\/2019\/06\/Merida-Salon-de-Belleza-Hair-Robert-Abuda-Salon-Olaplex-2019.jpg 300w\" sizes=\"auto, (max-width: 599px) 100vw, 599px\" \/><figcaption>Olaplex Highlights by Robert Abuda, Hair and Beauty Salon Merida<\/figcaption><\/figure>\n\n\n\n<figure class=\"wp-block-image\"><img loading=\"lazy\" decoding=\"async\" width=\"310\" height=\"484\" src=\"https:\/\/robertabudasalon.com\/wp-content\/uploads\/2019\/06\/Salon-de-Belleza-Merida-Mexico-June-2019-Robert-Abuda-Salon-LARGE.jpg\" alt=\"\" class=\"wp-image-9118\" srcset=\"https:\/\/robertabudasalon.com\/wp-content\/uploads\/2019\/06\/Salon-de-Belleza-Merida-Mexico-June-2019-Robert-Abuda-Salon-LARGE.jpg 310w, https:\/\/robertabudasalon.com\/wp-content\/uploads\/2019\/06\/Salon-de-Belleza-Merida-Mexico-June-2019-Robert-Abuda-Salon-LARGE.jpg 192w\" sizes=\"auto, (max-width: 310px) 100vw, 310px\" \/><figcaption>Olaplex Balayage by ANGIE, Salon de Belleza Merida, Mexico<\/figcaption><\/figure>\n\n\n\n<figure class=\"wp-block-image\"><img loading=\"lazy\" decoding=\"async\" width=\"573\" height=\"598\" src=\"https:\/\/robertabudasalon.com\/wp-content\/uploads\/2019\/06\/Salon-de-Belleza-Merida-Mexico-June-2019-Robert-Abuda-Salon.jpg\" alt=\"\" class=\"wp-image-9116\" srcset=\"https:\/\/robertabudasalon.com\/wp-content\/uploads\/2019\/06\/Salon-de-Belleza-Merida-Mexico-June-2019-Robert-Abuda-Salon.jpg 573w, https:\/\/robertabudasalon.com\/wp-content\/uploads\/2019\/06\/Salon-de-Belleza-Merida-Mexico-June-2019-Robert-Abuda-Salon.jpg 287w\" sizes=\"auto, (max-width: 573px) 100vw, 573px\" \/><figcaption>Olaplex Balayage de ANGIE, Hair and Beauty Salon Merida, Fotos de Marifer<\/figcaption><\/figure>\n\n\n\n<figure class=\"wp-block-image\"><img loading=\"lazy\" decoding=\"async\" width=\"339\" height=\"480\" src=\"https:\/\/robertabudasalon.com\/wp-content\/uploads\/2019\/05\/Merida-Olaplex-Salon-de-Belleza-May-2019-Robert-Abuda-Salon-LGE.jpg\" alt=\"Hair salons are in Merida\" class=\"wp-image-9099\" srcset=\"https:\/\/robertabudasalon.com\/wp-content\/uploads\/2019\/05\/Merida-Olaplex-Salon-de-Belleza-May-2019-Robert-Abuda-Salon-LGE.jpg 339w, https:\/\/robertabudasalon.com\/wp-content\/uploads\/2019\/05\/Merida-Olaplex-Salon-de-Belleza-May-2019-Robert-Abuda-Salon-LGE.jpg 212w\" sizes=\"auto, (max-width: 339px) 100vw, 339px\" \/><figcaption>Blond Balayage and Babylights by Annie, Photos by Marifer, Hair Salon in Merida.<\/figcaption><\/figure>\n\n\n\n<figure class=\"wp-block-image\"><img loading=\"lazy\" decoding=\"async\" width=\"573\" height=\"598\" src=\"https:\/\/robertabudasalon.com\/wp-content\/uploads\/2019\/05\/Merida-Olaplex-Salon-de-Belleza-May-2019-Robert-Abuda-Salon.jpg\" alt=\"\" class=\"wp-image-9097\" srcset=\"https:\/\/robertabudasalon.com\/wp-content\/uploads\/2019\/05\/Merida-Olaplex-Salon-de-Belleza-May-2019-Robert-Abuda-Salon.jpg 573w, https:\/\/robertabudasalon.com\/wp-content\/uploads\/2019\/05\/Merida-Olaplex-Salon-de-Belleza-May-2019-Robert-Abuda-Salon.jpg 287w\" sizes=\"auto, (max-width: 573px) 100vw, 573px\" \/><figcaption>OLAPLEX BABYLIGHTS y BALAYAGE by ROBERT ABUDA, MERIDA HAIR SALON<\/figcaption><\/figure>\n\n\n\n<figure class=\"wp-block-image\"><img loading=\"lazy\" decoding=\"async\" width=\"305\" height=\"416\" src=\"https:\/\/robertabudasalon.com\/wp-content\/uploads\/2019\/05\/Hair-Salon-de-Belleza-merida-Robert-Abuda-May-2019-6.jpg\" alt=\"\" class=\"wp-image-9094\" srcset=\"https:\/\/robertabudasalon.com\/wp-content\/uploads\/2019\/05\/Hair-Salon-de-Belleza-merida-Robert-Abuda-May-2019-6.jpg 305w, https:\/\/robertabudasalon.com\/wp-content\/uploads\/2019\/05\/Hair-Salon-de-Belleza-merida-Robert-Abuda-May-2019-6.jpg 220w\" sizes=\"auto, (max-width: 305px) 100vw, 305px\" \/><figcaption> Blonde Highlights by Robert Abuda with <a href=\"http:\/\/www.OLAPLEX.com\">Olaplex<\/a>, Merida Yucatan, MEXICO <\/figcaption><\/figure>\n\n\n\n<figure class=\"wp-block-image\"><img loading=\"lazy\" decoding=\"async\" width=\"558\" height=\"530\" src=\"https:\/\/robertabudasalon.com\/wp-content\/uploads\/2019\/05\/Hair-Salon-de-Belleza-merida-Robert-Abuda-May-2019.jpg\" alt=\"Blonde hair in Merida\" class=\"wp-image-9091\" srcset=\"https:\/\/robertabudasalon.com\/wp-content\/uploads\/2019\/05\/Hair-Salon-de-Belleza-merida-Robert-Abuda-May-2019.jpg 558w, https:\/\/robertabudasalon.com\/wp-content\/uploads\/2019\/05\/Hair-Salon-de-Belleza-merida-Robert-Abuda-May-2019.jpg 300w\" sizes=\"auto, (max-width: 558px) 100vw, 558px\" \/><figcaption>Blonde Highlights by Robert Abuda with Olaplex, Merida Yucatan, MEXICO<\/figcaption><\/figure>\n\n\n\n<figure class=\"wp-block-image\"><img loading=\"lazy\" decoding=\"async\" width=\"320\" height=\"331\" src=\"https:\/\/robertabudasalon.com\/wp-content\/uploads\/2019\/05\/LGE-Merida-Hair-Salon-de-Belleza-Robert-Abuda-Salon-Purple-Hair-Olaplex-2019.jpg\" alt=\"\" class=\"wp-image-9084\" srcset=\"https:\/\/robertabudasalon.com\/wp-content\/uploads\/2019\/05\/LGE-Merida-Hair-Salon-de-Belleza-Robert-Abuda-Salon-Purple-Hair-Olaplex-2019.jpg 320w, https:\/\/robertabudasalon.com\/wp-content\/uploads\/2019\/05\/LGE-Merida-Hair-Salon-de-Belleza-Robert-Abuda-Salon-Purple-Hair-Olaplex-2019.jpg 290w\" sizes=\"auto, (max-width: 320px) 100vw, 320px\" \/><figcaption>Purple Pravana Passion by Robert Abuda, Merida MX. Hair y Beauty Salon.<\/figcaption><\/figure>\n\n\n\n<figure class=\"wp-block-image\"><img loading=\"lazy\" decoding=\"async\" width=\"599\" height=\"456\" src=\"https:\/\/robertabudasalon.com\/wp-content\/uploads\/2019\/05\/Merida-Hair-Salon-de-Belleza-Robert-Abuda-Salon-Purple-Hair-Olaplex-2019.jpg\" alt=\"\" class=\"wp-image-9082\" srcset=\"https:\/\/robertabudasalon.com\/wp-content\/uploads\/2019\/05\/Merida-Hair-Salon-de-Belleza-Robert-Abuda-Salon-Purple-Hair-Olaplex-2019.jpg 599w, https:\/\/robertabudasalon.com\/wp-content\/uploads\/2019\/05\/Merida-Hair-Salon-de-Belleza-Robert-Abuda-Salon-Purple-Hair-Olaplex-2019.jpg 300w\" sizes=\"auto, (max-width: 599px) 100vw, 599px\" \/><figcaption>Passion for Purple by Robert Abuda, Merida Hair Salon MX, Photos by MARIFER.<\/figcaption><\/figure>\n\n\n\n<figure class=\"wp-block-image\"><img loading=\"lazy\" decoding=\"async\" width=\"301\" height=\"484\" src=\"https:\/\/robertabudasalon.com\/wp-content\/uploads\/2019\/05\/Hair-Salon-de-Belleza-Merida-May-2019-Robert-Abuda-Salon-LGE.jpg\" alt=\"\" class=\"wp-image-9080\" srcset=\"https:\/\/robertabudasalon.com\/wp-content\/uploads\/2019\/05\/Hair-Salon-de-Belleza-Merida-May-2019-Robert-Abuda-Salon-LGE.jpg 301w, https:\/\/robertabudasalon.com\/wp-content\/uploads\/2019\/05\/Hair-Salon-de-Belleza-Merida-May-2019-Robert-Abuda-Salon-LGE.jpg 187w\" sizes=\"auto, (max-width: 301px) 100vw, 301px\" \/><figcaption>Olaplex and Balayage by Robert Abuda in Merida Yucatan MX<\/figcaption><\/figure>\n\n\n\n<figure class=\"wp-block-image\"><img loading=\"lazy\" decoding=\"async\" width=\"573\" height=\"598\" src=\"https:\/\/robertabudasalon.com\/wp-content\/uploads\/2019\/05\/Hair-Salon-de-Belleza-Merida-May-2019-Robert-Abuda-Salon.jpg\" alt=\"\" class=\"wp-image-9078\" srcset=\"https:\/\/robertabudasalon.com\/wp-content\/uploads\/2019\/05\/Hair-Salon-de-Belleza-Merida-May-2019-Robert-Abuda-Salon.jpg 573w, https:\/\/robertabudasalon.com\/wp-content\/uploads\/2019\/05\/Hair-Salon-de-Belleza-Merida-May-2019-Robert-Abuda-Salon.jpg 287w\" sizes=\"auto, (max-width: 573px) 100vw, 573px\" \/><figcaption>Blonde Balayage Merida Hair Salon by Robert Abuda. Photos by Marifer.<\/figcaption><\/figure>\n\n\n\n<figure class=\"wp-block-image\"><img loading=\"lazy\" decoding=\"async\" width=\"290\" height=\"478\" src=\"https:\/\/robertabudasalon.com\/wp-content\/uploads\/2019\/05\/Merida-Hair-Salon-de-Belleza-Robert-Abuda-May-2019-LGE.jpg\" alt=\"\" class=\"wp-image-9076\" srcset=\"https:\/\/robertabudasalon.com\/wp-content\/uploads\/2019\/05\/Merida-Hair-Salon-de-Belleza-Robert-Abuda-May-2019-LGE.jpg 290w, https:\/\/robertabudasalon.com\/wp-content\/uploads\/2019\/05\/Merida-Hair-Salon-de-Belleza-Robert-Abuda-May-2019-LGE.jpg 182w\" sizes=\"auto, (max-width: 290px) 100vw, 290px\" \/><figcaption>Olaplex Blonde Balayage de Robert Abuda, Merida MX<\/figcaption><\/figure>\n\n\n\n<figure class=\"wp-block-image\"><img loading=\"lazy\" decoding=\"async\" width=\"558\" height=\"598\" src=\"https:\/\/robertabudasalon.com\/wp-content\/uploads\/2019\/05\/Merida-Hair-Salon-de-Belleza-Robert-Abuda-May-2019.jpg\" alt=\"\" class=\"wp-image-9074\" srcset=\"https:\/\/robertabudasalon.com\/wp-content\/uploads\/2019\/05\/Merida-Hair-Salon-de-Belleza-Robert-Abuda-May-2019.jpg 558w, https:\/\/robertabudasalon.com\/wp-content\/uploads\/2019\/05\/Merida-Hair-Salon-de-Belleza-Robert-Abuda-May-2019.jpg 280w\" sizes=\"auto, (max-width: 558px) 100vw, 558px\" \/><figcaption>Blonde Balayage by Robert Abuda in Merida Mx, Hair Salon. Photos by Marifer.<\/figcaption><\/figure>\n\n\n\n<figure class=\"wp-block-image\"><img loading=\"lazy\" decoding=\"async\" width=\"275\" height=\"486\" src=\"https:\/\/robertabudasalon.com\/wp-content\/uploads\/2019\/05\/Salon-de-Belleza-Merida-Mayo-2019-LGE-Robert-Abuda-Salon-Paseo-de-Montejo-1.jpg\" alt=\"\" class=\"wp-image-9042\" srcset=\"https:\/\/robertabudasalon.com\/wp-content\/uploads\/2019\/05\/Salon-de-Belleza-Merida-Mayo-2019-LGE-Robert-Abuda-Salon-Paseo-de-Montejo-1.jpg 275w, https:\/\/robertabudasalon.com\/wp-content\/uploads\/2019\/05\/Salon-de-Belleza-Merida-Mayo-2019-LGE-Robert-Abuda-Salon-Paseo-de-Montejo-1.jpg 170w\" sizes=\"auto, (max-width: 275px) 100vw, 275px\" \/><figcaption>Gorgeous Blonde by ANGIE, Merida MX. Photo MARIFER<\/figcaption><\/figure>\n\n\n\n<figure class=\"wp-block-image\"><img loading=\"lazy\" decoding=\"async\" width=\"573\" height=\"598\" src=\"https:\/\/robertabudasalon.com\/wp-content\/uploads\/2019\/05\/Salon-de-Belleza-Merida-Mayo-2019-Robert-Abuda-Salon-Paseo-de-Montejo.jpg\" alt=\"\" class=\"wp-image-9038\" srcset=\"https:\/\/robertabudasalon.com\/wp-content\/uploads\/2019\/05\/Salon-de-Belleza-Merida-Mayo-2019-Robert-Abuda-Salon-Paseo-de-Montejo.jpg 573w, https:\/\/robertabudasalon.com\/wp-content\/uploads\/2019\/05\/Salon-de-Belleza-Merida-Mayo-2019-Robert-Abuda-Salon-Paseo-de-Montejo.jpg 287w\" sizes=\"auto, (max-width: 573px) 100vw, 573px\" \/><figcaption>Multi-dimensional Blonde by ANGIE at Robert Abuda Salon de Belleza Merida. Photos MARIFER<\/figcaption><\/figure>\n\n\n\n<figure class=\"wp-block-image\"><img loading=\"lazy\" decoding=\"async\" width=\"294\" height=\"462\" src=\"https:\/\/robertabudasalon.com\/wp-content\/uploads\/2019\/05\/Salon-de-Belleza-Merida-Hair-Salon-Robert-Abuda-Paseo-de-Montejo-LGE.jpg\" alt=\"\" class=\"wp-image-9034\" srcset=\"https:\/\/robertabudasalon.com\/wp-content\/uploads\/2019\/05\/Salon-de-Belleza-Merida-Hair-Salon-Robert-Abuda-Paseo-de-Montejo-LGE.jpg 294w, https:\/\/robertabudasalon.com\/wp-content\/uploads\/2019\/05\/Salon-de-Belleza-Merida-Hair-Salon-Robert-Abuda-Paseo-de-Montejo-LGE.jpg 191w\" sizes=\"auto, (max-width: 294px) 100vw, 294px\" \/><figcaption>Olaplex Babylights &amp; Balayage by Robert Abuda, Merida. Photo Marifer<\/figcaption><\/figure>\n\n\n\n<figure class=\"wp-block-image\"><img loading=\"lazy\" decoding=\"async\" width=\"570\" height=\"581\" src=\"https:\/\/robertabudasalon.com\/wp-content\/uploads\/2019\/05\/Salon-de-Belleza-Merida-Hair-Salon-Robert-Abuda-Paseo-de-Montejo.jpg\" alt=\"\" class=\"wp-image-9040\" srcset=\"https:\/\/robertabudasalon.com\/wp-content\/uploads\/2019\/05\/Salon-de-Belleza-Merida-Hair-Salon-Robert-Abuda-Paseo-de-Montejo.jpg 570w, https:\/\/robertabudasalon.com\/wp-content\/uploads\/2019\/05\/Salon-de-Belleza-Merida-Hair-Salon-Robert-Abuda-Paseo-de-Montejo.jpg 294w\" sizes=\"auto, (max-width: 570px) 100vw, 570px\" \/><figcaption>Balayage &amp; Babylights by Robert Abuda, Merida. Photos by Marifer.<\/figcaption><\/figure>\n\n\n\n<div class=\"wp-block-image\"><figure class=\"alignleft\"><a href=\"http:\/\/www.robertabudasalon.com\/olaplex-merida\/hair-salon-merida-april-annie-large-2019-mexico-robert-abuda-salon-blue-hair-2\/\" rel=\"attachment wp-att-8848\"><img loading=\"lazy\" decoding=\"async\" width=\"295\" height=\"442\" src=\"https:\/\/robertabudasalon.com\/wp-content\/uploads\/2019\/04\/Hair-Salon-Merida-April-ANNIE-LARGE-2019-Mexico-Robert-Abuda-Salon-Blue-Hair.jpg\" alt=\"\" class=\"wp-image-8848\" srcset=\"https:\/\/robertabudasalon.com\/wp-content\/uploads\/2019\/04\/Hair-Salon-Merida-April-ANNIE-LARGE-2019-Mexico-Robert-Abuda-Salon-Blue-Hair.jpg 295w, https:\/\/robertabudasalon.com\/wp-content\/uploads\/2019\/04\/Hair-Salon-Merida-April-ANNIE-LARGE-2019-Mexico-Robert-Abuda-Salon-Blue-Hair.jpg 200w\" sizes=\"auto, (max-width: 295px) 100vw, 295px\" \/><\/a><figcaption>Balayage by ANNIE with OLAPLEX, Merida. Photos by MARIFER 2<\/figcaption><\/figure><\/div>\n\n\n\n<div class=\"wp-block-image\"><figure class=\"alignleft\"><a href=\"http:\/\/www.robertabudasalon.com\/olaplex-merida\/hair-salon-merida-april-annie-2019-mexico-robert-abuda-salon-blue-hair-2\/\" rel=\"attachment wp-att-8846\"><img loading=\"lazy\" decoding=\"async\" width=\"605\" height=\"555\" src=\"https:\/\/robertabudasalon.com\/wp-content\/uploads\/2019\/04\/Hair-Salon-Merida-April-ANNIE-2019-Mexico-Robert-Abuda-Salon-Blue-Hair.jpg\" alt=\"\" class=\"wp-image-8846\" srcset=\"https:\/\/robertabudasalon.com\/wp-content\/uploads\/2019\/04\/Hair-Salon-Merida-April-ANNIE-2019-Mexico-Robert-Abuda-Salon-Blue-Hair.jpg 605w, https:\/\/robertabudasalon.com\/wp-content\/uploads\/2019\/04\/Hair-Salon-Merida-April-ANNIE-2019-Mexico-Robert-Abuda-Salon-Blue-Hair.jpg 300w, https:\/\/robertabudasalon.com\/wp-content\/uploads\/2019\/04\/Hair-Salon-Merida-April-ANNIE-2019-Mexico-Robert-Abuda-Salon-Blue-Hair.jpg 600w\" sizes=\"auto, (max-width: 605px) 100vw, 605px\" \/><\/a><figcaption>Balayage by ANNIE with OLAPLEX, Merida. Photos by MARIFER<\/figcaption><\/figure><\/div>\n\n\n\n<div class=\"wp-block-image\"><figure class=\"alignleft\"><a href=\"http:\/\/www.robertabudasalon.com\/olaplex-merida\/hair-merida-salon-robert-abuda-salon-lge\/\" rel=\"attachment wp-att-8799\"><img loading=\"lazy\" decoding=\"async\" width=\"400\" height=\"691\" src=\"https:\/\/robertabudasalon.com\/wp-content\/uploads\/2019\/04\/Hair-Merida-Salon-Robert-Abuda-Salon-LGE.jpg\" alt=\"\" class=\"wp-image-8799\" srcset=\"https:\/\/robertabudasalon.com\/wp-content\/uploads\/2019\/04\/Hair-Merida-Salon-Robert-Abuda-Salon-LGE.jpg 400w, https:\/\/robertabudasalon.com\/wp-content\/uploads\/2019\/04\/Hair-Merida-Salon-Robert-Abuda-Salon-LGE.jpg 174w\" sizes=\"auto, (max-width: 400px) 100vw, 400px\" \/><\/a><figcaption>SHADES OF BLUE with OLAPLEX by ANGIE. Photos by MARIFER 2019, Merida, MX<\/figcaption><\/figure><\/div>\n\n\n\n<div class=\"wp-block-image\"><figure class=\"alignleft\"><a href=\"http:\/\/www.robertabudasalon.com\/olaplex-merida\/hair-salon-merida-04-2019-mexico-robert-abuda-salon-blue-hair\/\" rel=\"attachment wp-att-8797\"><img loading=\"lazy\" decoding=\"async\" width=\"605\" height=\"654\" src=\"https:\/\/robertabudasalon.com\/wp-content\/uploads\/2019\/04\/Hair-Salon-Merida-04-2019-Mexico-Robert-Abuda-Salon-Blue-Hair.jpg\" alt=\"\" class=\"wp-image-8797\" srcset=\"https:\/\/robertabudasalon.com\/wp-content\/uploads\/2019\/04\/Hair-Salon-Merida-04-2019-Mexico-Robert-Abuda-Salon-Blue-Hair.jpg 605w, https:\/\/robertabudasalon.com\/wp-content\/uploads\/2019\/04\/Hair-Salon-Merida-04-2019-Mexico-Robert-Abuda-Salon-Blue-Hair.jpg 278w, https:\/\/robertabudasalon.com\/wp-content\/uploads\/2019\/04\/Hair-Salon-Merida-04-2019-Mexico-Robert-Abuda-Salon-Blue-Hair.jpg 600w\" sizes=\"auto, (max-width: 605px) 100vw, 605px\" \/><\/a><figcaption>SHADES OF BLUE by ANGIE with Olaplex. Photos by Marifer, Merida, MX.<\/figcaption><\/figure><\/div>\n\n\n\n<div class=\"wp-block-image\"><figure class=\"alignleft\"><a href=\"http:\/\/www.robertabudasalon.com\/olaplex-merida\/hair-salon-merida-mexico-robert-abuda-salon-lge\/\" rel=\"attachment wp-att-8795\"><img loading=\"lazy\" decoding=\"async\" width=\"309\" height=\"455\" src=\"https:\/\/robertabudasalon.com\/wp-content\/uploads\/2019\/04\/Hair-Salon-Merida-Mexico-Robert-Abuda-Salon-LGE.jpg\" alt=\"\" class=\"wp-image-8795\" srcset=\"https:\/\/robertabudasalon.com\/wp-content\/uploads\/2019\/04\/Hair-Salon-Merida-Mexico-Robert-Abuda-Salon-LGE.jpg 309w, https:\/\/robertabudasalon.com\/wp-content\/uploads\/2019\/04\/Hair-Salon-Merida-Mexico-Robert-Abuda-Salon-LGE.jpg 204w\" sizes=\"auto, (max-width: 309px) 100vw, 309px\" \/><\/a><figcaption>Blonde Balayage by Robert Abuda, Hair Salon in Merida. Photo by Marifer.<\/figcaption><\/figure><\/div>\n\n\n\n<div class=\"wp-block-image\"><figure class=\"alignleft\"><a href=\"http:\/\/www.robertabudasalon.com\/olaplex-merida\/hair-salon-merida-mexico-robert-abuda-salon\/\" rel=\"attachment wp-att-8792\"><img loading=\"lazy\" decoding=\"async\" width=\"605\" height=\"581\" src=\"https:\/\/robertabudasalon.com\/wp-content\/uploads\/2019\/04\/Hair-Salon-Merida-Mexico-Robert-Abuda-Salon.jpg\" alt=\"\" class=\"wp-image-8792\" srcset=\"https:\/\/robertabudasalon.com\/wp-content\/uploads\/2019\/04\/Hair-Salon-Merida-Mexico-Robert-Abuda-Salon.jpg 605w, https:\/\/robertabudasalon.com\/wp-content\/uploads\/2019\/04\/Hair-Salon-Merida-Mexico-Robert-Abuda-Salon.jpg 300w, https:\/\/robertabudasalon.com\/wp-content\/uploads\/2019\/04\/Hair-Salon-Merida-Mexico-Robert-Abuda-Salon.jpg 600w\" sizes=\"auto, (max-width: 605px) 100vw, 605px\" \/><\/a><figcaption>Blonde Ribbon Balayage by Robert Abuda. Photos by Marifer<\/figcaption><\/figure><\/div>\n\n\n\n<div class=\"wp-block-image\"><figure class=\"alignleft\"><img loading=\"lazy\" decoding=\"async\" width=\"371\" height=\"418\" src=\"https:\/\/robertabudasalon.com\/wp-content\/uploads\/2019\/04\/Salon-de-Belleza-Merida-LGE-April-2019-Mexico-Robert-Abuda-Salon.jpg\" alt=\"\" class=\"wp-image-8786\" srcset=\"https:\/\/robertabudasalon.com\/wp-content\/uploads\/2019\/04\/Salon-de-Belleza-Merida-LGE-April-2019-Mexico-Robert-Abuda-Salon.jpg 371w, https:\/\/robertabudasalon.com\/wp-content\/uploads\/2019\/04\/Salon-de-Belleza-Merida-LGE-April-2019-Mexico-Robert-Abuda-Salon.jpg 266w\" sizes=\"auto, (max-width: 371px) 100vw, 371px\" \/><figcaption>Balayage and Babylights with Olaplex by Robert Abuda 2 Photos by Marifer<\/figcaption><\/figure><\/div>\n\n\n\n<div class=\"wp-block-image\"><figure class=\"alignleft\"><img loading=\"lazy\" decoding=\"async\" width=\"747\" height=\"540\" src=\"https:\/\/robertabudasalon.com\/wp-content\/uploads\/2019\/04\/Salon-de-Belleza-Merida-April-2019-Mexico-Robert-Abuda-Salon.jpg\" alt=\"\" class=\"wp-image-8784\" srcset=\"https:\/\/robertabudasalon.com\/wp-content\/uploads\/2019\/04\/Salon-de-Belleza-Merida-April-2019-Mexico-Robert-Abuda-Salon.jpg 747w, https:\/\/robertabudasalon.com\/wp-content\/uploads\/2019\/04\/Salon-de-Belleza-Merida-April-2019-Mexico-Robert-Abuda-Salon.jpg 300w, https:\/\/robertabudasalon.com\/wp-content\/uploads\/2019\/04\/Salon-de-Belleza-Merida-April-2019-Mexico-Robert-Abuda-Salon.jpg 600w\" sizes=\"auto, (max-width: 714px) 100vw, 714px\" \/><figcaption>Olaplex Color &amp; Hightlights and Hair Cut by Robert Abuda, Merida. Photos by Marifer.<\/figcaption><\/figure><\/div>\n\n\n\n<div class=\"wp-block-image\"><figure class=\"alignleft\"><img loading=\"lazy\" decoding=\"async\" width=\"345\" height=\"432\" src=\"https:\/\/robertabudasalon.com\/wp-content\/uploads\/2019\/04\/HAIR-Salon-de-Belleza-Merida-Robert-Abuda-Salon-Paseo-Montejo-lge.jpg\" alt=\"\" class=\"wp-image-8782\" srcset=\"https:\/\/robertabudasalon.com\/wp-content\/uploads\/2019\/04\/HAIR-Salon-de-Belleza-Merida-Robert-Abuda-Salon-Paseo-Montejo-lge.jpg 345w, https:\/\/robertabudasalon.com\/wp-content\/uploads\/2019\/04\/HAIR-Salon-de-Belleza-Merida-Robert-Abuda-Salon-Paseo-Montejo-lge.jpg 240w\" sizes=\"auto, (max-width: 345px) 100vw, 345px\" \/><figcaption>Shiny Hair with Highlights by ROB ABUDA, MERIDA, MX.<\/figcaption><\/figure><\/div>\n\n\n\n<div class=\"wp-block-image\"><figure class=\"alignleft\"><img loading=\"lazy\" decoding=\"async\" width=\"665\" height=\"557\" src=\"https:\/\/robertabudasalon.com\/wp-content\/uploads\/2019\/04\/HAIR-Salon-de-Belleza-Merida-Robert-Abuda-Salon-Paseo-Montejo.jpg\" alt=\"\" class=\"wp-image-8780\" srcset=\"https:\/\/robertabudasalon.com\/wp-content\/uploads\/2019\/04\/HAIR-Salon-de-Belleza-Merida-Robert-Abuda-Salon-Paseo-Montejo.jpg 665w, https:\/\/robertabudasalon.com\/wp-content\/uploads\/2019\/04\/HAIR-Salon-de-Belleza-Merida-Robert-Abuda-Salon-Paseo-Montejo.jpg 300w, https:\/\/robertabudasalon.com\/wp-content\/uploads\/2019\/04\/HAIR-Salon-de-Belleza-Merida-Robert-Abuda-Salon-Paseo-Montejo.jpg 600w\" sizes=\"auto, (max-width: 665px) 100vw, 665px\" \/><figcaption>Highlights with OLAPLEX by Robert Abuda, TEL 999 926 3015. Photos by Marifer<\/figcaption><\/figure><\/div>\n\n\n\n<div class=\"wp-block-image\"><figure class=\"alignleft\"><a href=\"http:\/\/www.robertabudasalon.com\/olaplex-merida\/merida-hair-salon-de-belleza-2-salon-olaplex-by-robert-abuda\/\" rel=\"attachment wp-att-6946\"><img loading=\"lazy\" decoding=\"async\" width=\"344\" height=\"404\" src=\"https:\/\/robertabudasalon.com\/wp-content\/uploads\/2019\/04\/MERMAID-HAIR-Salon-de-Belleza-Merida-Robert-Abuda-Salon-Paseo-de-Montejo-NEW-2.jpg\" alt=\"\" class=\"wp-image-8867\" srcset=\"https:\/\/robertabudasalon.com\/wp-content\/uploads\/2019\/04\/MERMAID-HAIR-Salon-de-Belleza-Merida-Robert-Abuda-Salon-Paseo-de-Montejo-NEW-2.jpg 344w, https:\/\/robertabudasalon.com\/wp-content\/uploads\/2019\/04\/MERMAID-HAIR-Salon-de-Belleza-Merida-Robert-Abuda-Salon-Paseo-de-Montejo-NEW-2.jpg 255w\" sizes=\"auto, (max-width: 344px) 100vw, 344px\" \/><\/a><figcaption>Color &amp; Highlights with Olaplex, Robert Abuda Merida.<\/figcaption><\/figure><\/div>\n\n\n\n<div class=\"wp-block-image\"><figure class=\"alignleft\"><a href=\"http:\/\/www.robertabudasalon.com\/olaplex-merida\/merida-hair-salon-de-belleza-2-salon-olaplex-by-robert-abuda\/\" rel=\"attachment wp-att-6946\"><img loading=\"lazy\" decoding=\"async\" width=\"665\" height=\"531\" src=\"https:\/\/robertabudasalon.com\/wp-content\/uploads\/2019\/04\/MERMAID-HAIR-Salon-de-Belleza-Merida-Robert-Abuda-Salon-Paseo-de-Montejo-NEW.jpg\" alt=\"\" class=\"wp-image-8865\" srcset=\"https:\/\/robertabudasalon.com\/wp-content\/uploads\/2019\/04\/MERMAID-HAIR-Salon-de-Belleza-Merida-Robert-Abuda-Salon-Paseo-de-Montejo-NEW.jpg 665w, https:\/\/robertabudasalon.com\/wp-content\/uploads\/2019\/04\/MERMAID-HAIR-Salon-de-Belleza-Merida-Robert-Abuda-Salon-Paseo-de-Montejo-NEW.jpg 300w, https:\/\/robertabudasalon.com\/wp-content\/uploads\/2019\/04\/MERMAID-HAIR-Salon-de-Belleza-Merida-Robert-Abuda-Salon-Paseo-de-Montejo-NEW.jpg 600w\" sizes=\"auto, (max-width: 665px) 100vw, 665px\" \/><\/a><figcaption>Color &amp; Highlights with OLAPLEX by Robert Abuda. Photos by MARIFER<\/figcaption><\/figure><\/div>\n\n\n\n<div class=\"wp-block-image\"><figure class=\"alignleft\"><a href=\"http:\/\/www.robertabudasalon.com\/olaplex-merida\/merida-hair-salon-de-belleza-2-salon-olaplex-by-robert-abuda\/\" rel=\"attachment wp-att-6946\"><img loading=\"lazy\" decoding=\"async\" width=\"434\" height=\"632\" src=\"https:\/\/robertabudasalon.com\/wp-content\/uploads\/2019\/04\/Salon-de-Belleza-Merida-Robert-Abuda-Salon.jpg\" alt=\"\" class=\"wp-image-8895\" srcset=\"https:\/\/robertabudasalon.com\/wp-content\/uploads\/2019\/04\/Salon-de-Belleza-Merida-Robert-Abuda-Salon.jpg 434w, https:\/\/robertabudasalon.com\/wp-content\/uploads\/2019\/04\/Salon-de-Belleza-Merida-Robert-Abuda-Salon.jpg 206w\" sizes=\"auto, (max-width: 434px) 100vw, 434px\" \/><\/a><figcaption>Balayage and Babylights with Olaplex by Robert Abuda. Photos by Marifer<\/figcaption><\/figure><\/div>\n\n\n\n<div class=\"wp-block-image\"><figure class=\"alignleft\"><a href=\"http:\/\/www.robertabudasalon.com\/olaplex-merida\/merida-hair-salon-de-belleza-2-salon-olaplex-by-robert-abuda\/\" rel=\"attachment wp-att-6946\"><img loading=\"lazy\" decoding=\"async\" width=\"347\" height=\"542\" src=\"https:\/\/robertabudasalon.com\/wp-content\/uploads\/2019\/04\/HAIR-Salon-de-Belleza-Merida-Robert-Abuda-Salon-Paseo-de-Montejo-Large-2.jpg\" alt=\"\" class=\"wp-image-8893\" srcset=\"https:\/\/robertabudasalon.com\/wp-content\/uploads\/2019\/04\/HAIR-Salon-de-Belleza-Merida-Robert-Abuda-Salon-Paseo-de-Montejo-Large-2.jpg 347w, https:\/\/robertabudasalon.com\/wp-content\/uploads\/2019\/04\/HAIR-Salon-de-Belleza-Merida-Robert-Abuda-Salon-Paseo-de-Montejo-Large-2.jpg 192w\" sizes=\"auto, (max-width: 347px) 100vw, 347px\" \/><\/a><figcaption>Balayage and Babylights with Olaplex by Robert Abuda. Photos by Marifer<\/figcaption><\/figure><\/div>\n\n\n\n<div class=\"wp-block-image\"><figure class=\"alignleft\"><a href=\"http:\/\/www.robertabudasalon.com\/olaplex-merida\/merida-hair-salon-de-belleza-2-salon-olaplex-by-robert-abuda\/\" rel=\"attachment wp-att-6946\"><img loading=\"lazy\" decoding=\"async\" width=\"683\" height=\"670\" src=\"https:\/\/robertabudasalon.com\/wp-content\/uploads\/2019\/04\/HAIR-Salon-de-Belleza-Merida-Robert-Abuda-Salon-Paseo-de-Montejo-Large.jpg\" alt=\"\" class=\"wp-image-8855\" srcset=\"https:\/\/robertabudasalon.com\/wp-content\/uploads\/2019\/04\/HAIR-Salon-de-Belleza-Merida-Robert-Abuda-Salon-Paseo-de-Montejo-Large.jpg 683w, https:\/\/robertabudasalon.com\/wp-content\/uploads\/2019\/04\/HAIR-Salon-de-Belleza-Merida-Robert-Abuda-Salon-Paseo-de-Montejo-Large.jpg 300w, https:\/\/robertabudasalon.com\/wp-content\/uploads\/2019\/04\/HAIR-Salon-de-Belleza-Merida-Robert-Abuda-Salon-Paseo-de-Montejo-Large.jpg 600w\" sizes=\"auto, (max-width: 683px) 100vw, 683px\" \/><\/a><figcaption>Balayage and Babylights by Robert Abuda, Hair Stylist in Merida. Photos by Marifer<\/figcaption><\/figure><\/div>\n\n\n\n<div class=\"wp-block-image\"><figure class=\"alignleft\"><a href=\"http:\/\/www.robertabudasalon.com\/olaplex-merida\/merida-hair-salon-de-belleza-2-salon-olaplex-by-robert-abuda\/\" rel=\"attachment wp-att-6946\"><img loading=\"lazy\" decoding=\"async\" width=\"400\" height=\"535\" src=\"https:\/\/robertabudasalon.com\/wp-content\/uploads\/2019\/04\/Nahomy-After-by-Robert-Abuda-Salon.jpg\" alt=\"\" class=\"wp-image-8869\" srcset=\"https:\/\/robertabudasalon.com\/wp-content\/uploads\/2019\/04\/Nahomy-After-by-Robert-Abuda-Salon.jpg 400w, https:\/\/robertabudasalon.com\/wp-content\/uploads\/2019\/04\/Nahomy-After-by-Robert-Abuda-Salon.jpg 224w\" sizes=\"auto, (max-width: 400px) 100vw, 400px\" \/><\/a><figcaption>MERMAID HAIR IN MERIDA by Robert Abuda, Hairstylist<\/figcaption><\/figure><\/div>\n\n\n\n<div class=\"wp-block-image\"><figure class=\"alignleft\"><a href=\"http:\/\/www.robertabudasalon.com\/olaplex-merida\/merida-hair-salon-de-belleza-2-salon-olaplex-by-robert-abuda\/\" rel=\"attachment wp-att-6946\"><img loading=\"lazy\" decoding=\"async\" width=\"665\" height=\"582\" src=\"https:\/\/robertabudasalon.com\/wp-content\/uploads\/2019\/04\/MERMAID-HAIR-Salon-de-Belleza-Merida-Robert-Abuda-Salon-Paseo-de-Montejo.jpg\" alt=\"\" class=\"wp-image-8863\" srcset=\"https:\/\/robertabudasalon.com\/wp-content\/uploads\/2019\/04\/MERMAID-HAIR-Salon-de-Belleza-Merida-Robert-Abuda-Salon-Paseo-de-Montejo.jpg 665w, https:\/\/robertabudasalon.com\/wp-content\/uploads\/2019\/04\/MERMAID-HAIR-Salon-de-Belleza-Merida-Robert-Abuda-Salon-Paseo-de-Montejo.jpg 300w, https:\/\/robertabudasalon.com\/wp-content\/uploads\/2019\/04\/MERMAID-HAIR-Salon-de-Belleza-Merida-Robert-Abuda-Salon-Paseo-de-Montejo.jpg 600w\" sizes=\"auto, (max-width: 665px) 100vw, 665px\" \/><\/a><figcaption>MERMAID HAIR RETOUCH with PRAVANA Vivids and OLAPLEX by Robert Abuda. Photos by Marifer<\/figcaption><\/figure><\/div>\n\n\n\n<div class=\"wp-block-image\"><figure class=\"alignleft\"><a href=\"http:\/\/www.robertabudasalon.com\/olaplex-merida\/merida-hair-salon-de-belleza-2-salon-olaplex-by-robert-abuda\/\" rel=\"attachment wp-att-6946\"><img loading=\"lazy\" decoding=\"async\" width=\"344\" height=\"464\" src=\"https:\/\/robertabudasalon.com\/wp-content\/uploads\/2019\/04\/Salon-de-Belleza-Hair-in-Merida-ANNIE-Robert-Abuda-Salon-Paseo-de-Montejo-LGE.jpg\" alt=\"\" class=\"wp-image-8877\" srcset=\"https:\/\/robertabudasalon.com\/wp-content\/uploads\/2019\/04\/Salon-de-Belleza-Hair-in-Merida-ANNIE-Robert-Abuda-Salon-Paseo-de-Montejo-LGE.jpg 344w, https:\/\/robertabudasalon.com\/wp-content\/uploads\/2019\/04\/Salon-de-Belleza-Hair-in-Merida-ANNIE-Robert-Abuda-Salon-Paseo-de-Montejo-LGE.jpg 222w\" sizes=\"auto, (max-width: 344px) 100vw, 344px\" \/><\/a><figcaption>Color and Babylights by ANNIE<\/figcaption><\/figure><\/div>\n\n\n\n<div class=\"wp-block-image\"><figure class=\"alignleft\"><a href=\"http:\/\/www.robertabudasalon.com\/olaplex-merida\/merida-hair-salon-de-belleza-2-salon-olaplex-by-robert-abuda\/\" rel=\"attachment wp-att-6946\"><img loading=\"lazy\" decoding=\"async\" width=\"665\" height=\"590\" src=\"https:\/\/robertabudasalon.com\/wp-content\/uploads\/2019\/04\/Salon-de-Belleza-Hair-in-Merida-ANNIE-Robert-Abuda-Salon-Paseo-de-Montejo.jpg\" alt=\"\" class=\"wp-image-8875\" srcset=\"https:\/\/robertabudasalon.com\/wp-content\/uploads\/2019\/04\/Salon-de-Belleza-Hair-in-Merida-ANNIE-Robert-Abuda-Salon-Paseo-de-Montejo.jpg 665w, https:\/\/robertabudasalon.com\/wp-content\/uploads\/2019\/04\/Salon-de-Belleza-Hair-in-Merida-ANNIE-Robert-Abuda-Salon-Paseo-de-Montejo.jpg 300w, https:\/\/robertabudasalon.com\/wp-content\/uploads\/2019\/04\/Salon-de-Belleza-Hair-in-Merida-ANNIE-Robert-Abuda-Salon-Paseo-de-Montejo.jpg 600w\" sizes=\"auto, (max-width: 665px) 100vw, 665px\" \/><\/a><figcaption>Subtle Babylights and Color by ANNIE<\/figcaption><\/figure><\/div>\n\n\n\n<div class=\"wp-block-image\"><figure class=\"alignleft\"><a href=\"http:\/\/www.robertabudasalon.com\/olaplex-merida\/merida-hair-salon-de-belleza-2-salon-olaplex-by-robert-abuda\/\" rel=\"attachment wp-att-6946\"><img loading=\"lazy\" decoding=\"async\" width=\"350\" height=\"555\" src=\"https:\/\/robertabudasalon.com\/wp-content\/uploads\/2019\/04\/hair-salon-merida-mx-robert-abuda-salon-olaplex.jpg\" alt=\"\" class=\"wp-image-8857\" srcset=\"https:\/\/robertabudasalon.com\/wp-content\/uploads\/2019\/04\/hair-salon-merida-mx-robert-abuda-salon-olaplex.jpg 350w, https:\/\/robertabudasalon.com\/wp-content\/uploads\/2019\/04\/hair-salon-merida-mx-robert-abuda-salon-olaplex.jpg 189w\" sizes=\"auto, (max-width: 350px) 100vw, 350px\" \/><\/a><figcaption>OLAPLEX Blonde Balayage and Babylights by Robert Abuda, Hair Stylist in Merida. Photos by Marifer<\/figcaption><\/figure><\/div>\n\n\n\n<div class=\"wp-block-image\"><figure class=\"alignleft\"><a href=\"http:\/\/www.robertabudasalon.com\/olaplex-merida\/merida-hair-salon-de-belleza-2-salon-olaplex-by-robert-abuda\/\" rel=\"attachment wp-att-6946\"><img loading=\"lazy\" decoding=\"async\" width=\"665\" height=\"680\" src=\"https:\/\/robertabudasalon.com\/wp-content\/uploads\/2019\/04\/NEW-Salon-de-Belleza-Hair-in-Merida-by-Robert-Abuda-Paseo-de-Montejo.jpg\" alt=\"\" class=\"wp-image-8873\" srcset=\"https:\/\/robertabudasalon.com\/wp-content\/uploads\/2019\/04\/NEW-Salon-de-Belleza-Hair-in-Merida-by-Robert-Abuda-Paseo-de-Montejo.jpg 665w, https:\/\/robertabudasalon.com\/wp-content\/uploads\/2019\/04\/NEW-Salon-de-Belleza-Hair-in-Merida-by-Robert-Abuda-Paseo-de-Montejo.jpg 293w, https:\/\/robertabudasalon.com\/wp-content\/uploads\/2019\/04\/NEW-Salon-de-Belleza-Hair-in-Merida-by-Robert-Abuda-Paseo-de-Montejo.jpg 600w\" sizes=\"auto, (max-width: 665px) 100vw, 665px\" \/><\/a><figcaption>Blonde Balayage by Robert Abuda<\/figcaption><\/figure><\/div>\n\n\n\n<div class=\"wp-block-image\"><figure class=\"alignleft\"><a href=\"http:\/\/www.robertabudasalon.com\/olaplex-merida\/merida-hair-salon-de-belleza-2-salon-olaplex-by-robert-abuda\/\" rel=\"attachment wp-att-6946\"><img loading=\"lazy\" decoding=\"async\" width=\"363\" height=\"508\" src=\"https:\/\/robertabudasalon.com\/wp-content\/uploads\/2019\/04\/Salon-de-Belleza-Merida-Hair-Salon-Olaplex-angie-at-Robert-Abuda.jpg\" alt=\"\" class=\"wp-image-8881\" srcset=\"https:\/\/robertabudasalon.com\/wp-content\/uploads\/2019\/04\/Salon-de-Belleza-Merida-Hair-Salon-Olaplex-angie-at-Robert-Abuda.jpg 363w, https:\/\/robertabudasalon.com\/wp-content\/uploads\/2019\/04\/Salon-de-Belleza-Merida-Hair-Salon-Olaplex-angie-at-Robert-Abuda.jpg 214w\" sizes=\"auto, (max-width: 363px) 100vw, 363px\" \/><\/a><figcaption>Sand Blonde Balayage by ANGIE with OLAPLEX<\/figcaption><\/figure><\/div>\n\n\n\n<div class=\"wp-block-image\"><figure class=\"alignleft\"><a href=\"http:\/\/www.robertabudasalon.com\/olaplex-merida\/merida-hair-salon-de-belleza-2-salon-olaplex-by-robert-abuda\/\" rel=\"attachment wp-att-6946\"><img loading=\"lazy\" decoding=\"async\" width=\"723\" height=\"643\" src=\"https:\/\/robertabudasalon.com\/wp-content\/uploads\/2019\/04\/Salon-de-Belleza-Merida-Hair-Salon-Olaplex-by-Robert-Abuda-2.jpg\" alt=\"\" class=\"wp-image-8883\" srcset=\"https:\/\/robertabudasalon.com\/wp-content\/uploads\/2019\/04\/Salon-de-Belleza-Merida-Hair-Salon-Olaplex-by-Robert-Abuda-2.jpg 723w, https:\/\/robertabudasalon.com\/wp-content\/uploads\/2019\/04\/Salon-de-Belleza-Merida-Hair-Salon-Olaplex-by-Robert-Abuda-2.jpg 300w, https:\/\/robertabudasalon.com\/wp-content\/uploads\/2019\/04\/Salon-de-Belleza-Merida-Hair-Salon-Olaplex-by-Robert-Abuda-2.jpg 600w\" sizes=\"auto, (max-width: 714px) 100vw, 714px\" \/><\/a><figcaption>SAND BLONDE Balayage by ANGIE, with OLAPLEX<\/figcaption><\/figure><\/div>\n\n\n\n<div class=\"wp-block-image\"><figure class=\"alignleft\"><a href=\"http:\/\/www.robertabudasalon.com\/olaplex-merida\/merida-hair-salon-de-belleza-1-salon-olaplex-by-robert-abuda\/\" rel=\"attachment wp-att-6944\"><img loading=\"lazy\" decoding=\"async\" width=\"400\" height=\"552\" src=\"https:\/\/robertabudasalon.com\/wp-content\/uploads\/2019\/04\/julissa-after-edited-robert-abuda-salon-merida.jpg\" alt=\"\" class=\"wp-image-8861\" srcset=\"https:\/\/robertabudasalon.com\/wp-content\/uploads\/2019\/04\/julissa-after-edited-robert-abuda-salon-merida.jpg 400w, https:\/\/robertabudasalon.com\/wp-content\/uploads\/2019\/04\/julissa-after-edited-robert-abuda-salon-merida.jpg 217w\" sizes=\"auto, (max-width: 400px) 100vw, 400px\" \/><\/a><figcaption>Painted Hair with Babylights and Olaplex by Robert Abuda. Photos by Marifer<\/figcaption><\/figure><\/div>\n\n\n\n<div class=\"wp-block-image\"><figure class=\"alignleft\"><a href=\"http:\/\/www.robertabudasalon.com\/olaplex-merida\/merida-hair-salon-de-belleza-1-salon-olaplex-by-robert-abuda\/\" rel=\"attachment wp-att-6944\"><img loading=\"lazy\" decoding=\"async\" width=\"699\" height=\"643\" src=\"https:\/\/robertabudasalon.com\/wp-content\/uploads\/2019\/04\/Salon-de-Belleza-Merida-Hair-Salon-Olaplex-by-Robert-Abuda-JULISSA.jpg\" alt=\"\" class=\"wp-image-8885\" srcset=\"https:\/\/robertabudasalon.com\/wp-content\/uploads\/2019\/04\/Salon-de-Belleza-Merida-Hair-Salon-Olaplex-by-Robert-Abuda-JULISSA.jpg 699w, https:\/\/robertabudasalon.com\/wp-content\/uploads\/2019\/04\/Salon-de-Belleza-Merida-Hair-Salon-Olaplex-by-Robert-Abuda-JULISSA.jpg 300w, https:\/\/robertabudasalon.com\/wp-content\/uploads\/2019\/04\/Salon-de-Belleza-Merida-Hair-Salon-Olaplex-by-Robert-Abuda-JULISSA.jpg 600w\" sizes=\"auto, (max-width: 699px) 100vw, 699px\" \/><\/a><figcaption>Babylights and Light Balayage by Robert Abuda, Merida. Photos by MARIFER.<\/figcaption><\/figure><\/div>\n\n\n\n<div class=\"wp-block-media-text alignwide is-stacked-on-mobile\"><figure class=\"wp-block-media-text__media\"><img alt=\"\"\/><\/figure><div class=\"wp-block-media-text__content\">\n<p class=\"has-large-font-size\"><\/p>\n<\/div><\/div>\n\n\n\n<div class=\"wp-block-image\"><figure class=\"alignleft\"><a href=\"http:\/\/www.robertabudasalon.com\/olaplex-merida\/merida-hair-salon-de-belleza-1-salon-olaplex-by-robert-abuda\/\" rel=\"attachment wp-att-6944\"><img loading=\"lazy\" decoding=\"async\" width=\"388\" height=\"391\" src=\"https:\/\/robertabudasalon.com\/wp-content\/uploads\/2019\/03\/Merida-Hair-Salon-de-Belleza-2-Salon-Olaplex-by-Robert-Abuda.jpg\" alt=\"\" class=\"wp-image-6946\" srcset=\"https:\/\/robertabudasalon.com\/wp-content\/uploads\/2019\/03\/Merida-Hair-Salon-de-Belleza-2-Salon-Olaplex-by-Robert-Abuda.jpg 388w, https:\/\/robertabudasalon.com\/wp-content\/uploads\/2019\/03\/Merida-Hair-Salon-de-Belleza-2-Salon-Olaplex-by-Robert-Abuda.jpg 150w, https:\/\/robertabudasalon.com\/wp-content\/uploads\/2019\/03\/Merida-Hair-Salon-de-Belleza-2-Salon-Olaplex-by-Robert-Abuda.jpg 298w, https:\/\/robertabudasalon.com\/wp-content\/uploads\/2019\/03\/Merida-Hair-Salon-de-Belleza-2-Salon-Olaplex-by-Robert-Abuda.jpg 50w, https:\/\/robertabudasalon.com\/wp-content\/uploads\/2019\/03\/Merida-Hair-Salon-de-Belleza-2-Salon-Olaplex-by-Robert-Abuda.jpg 100w\" sizes=\"auto, (max-width: 388px) 100vw, 388px\" \/><\/a><figcaption>Color, Hightlights, and Haircut by Robert Abuda. Photo by Marifer.<\/figcaption><\/figure><\/div>\n\n\n\n<div class=\"wp-block-image\"><figure class=\"alignleft\"><a href=\"http:\/\/www.robertabudasalon.com\/olaplex-merida\/merida-hair-salon-de-belleza-1-salon-olaplex-by-robert-abuda\/\" rel=\"attachment wp-att-6944\"><img loading=\"lazy\" decoding=\"async\" width=\"750\" height=\"525\" src=\"https:\/\/robertabudasalon.com\/wp-content\/uploads\/2019\/03\/Merida-Hair-Salon-de-Belleza-1-Salon-Olaplex-by-Robert-Abuda.jpg\" alt=\"Hair Cut Women's Merida\" class=\"wp-image-6944\" srcset=\"https:\/\/robertabudasalon.com\/wp-content\/uploads\/2019\/03\/Merida-Hair-Salon-de-Belleza-1-Salon-Olaplex-by-Robert-Abuda.jpg 750w, https:\/\/robertabudasalon.com\/wp-content\/uploads\/2019\/03\/Merida-Hair-Salon-de-Belleza-1-Salon-Olaplex-by-Robert-Abuda.jpg 300w, https:\/\/robertabudasalon.com\/wp-content\/uploads\/2019\/03\/Merida-Hair-Salon-de-Belleza-1-Salon-Olaplex-by-Robert-Abuda.jpg 50w, https:\/\/robertabudasalon.com\/wp-content\/uploads\/2019\/03\/Merida-Hair-Salon-de-Belleza-1-Salon-Olaplex-by-Robert-Abuda.jpg 600w\" sizes=\"auto, (max-width: 714px) 100vw, 714px\" \/><\/a><figcaption>Before &amp; AFTER, Color &amp; Highlights with OLAPLEX by ROBERT ABUDA, Merida, 2019.<\/figcaption><\/figure><\/div>\n\n\n\n<figure class=\"wp-block-image\"><img loading=\"lazy\" decoding=\"async\" width=\"699\" height=\"643\" src=\"https:\/\/robertabudasalon.com\/wp-content\/uploads\/2019\/03\/Estetica-de-Belleza-Merida-Hair-Salon-Olaplex-by-Robert-Abuda.jpg\" alt=\"\" class=\"wp-image-6942\" srcset=\"https:\/\/robertabudasalon.com\/wp-content\/uploads\/2019\/03\/Estetica-de-Belleza-Merida-Hair-Salon-Olaplex-by-Robert-Abuda.jpg 699w, https:\/\/robertabudasalon.com\/wp-content\/uploads\/2019\/03\/Estetica-de-Belleza-Merida-Hair-Salon-Olaplex-by-Robert-Abuda.jpg 300w, https:\/\/robertabudasalon.com\/wp-content\/uploads\/2019\/03\/Estetica-de-Belleza-Merida-Hair-Salon-Olaplex-by-Robert-Abuda.jpg 50w, https:\/\/robertabudasalon.com\/wp-content\/uploads\/2019\/03\/Estetica-de-Belleza-Merida-Hair-Salon-Olaplex-by-Robert-Abuda.jpg 600w\" sizes=\"auto, (max-width: 699px) 100vw, 699px\" \/><figcaption>Before &amp; After, Pink Hair by ANGIE. Photos by Marifer.<\/figcaption><\/figure>\n\n\n\n<div class=\"wp-block-image\"><figure class=\"alignleft\"><a href=\"http:\/\/www.robertabudasalon.com\/olaplex-merida\/merida-estetica-lge-salon-olaplex-by-robert-abuda\/\" rel=\"attachment wp-att-6936\"><img loading=\"lazy\" decoding=\"async\" width=\"392\" height=\"389\" src=\"https:\/\/robertabudasalon.com\/wp-content\/uploads\/2019\/03\/Merida-Estetica-LGE-Salon-Olaplex-by-Robert-Abuda.jpg\" alt=\"Salon de Belleza Hair Salon in Merida\" class=\"wp-image-6936\" srcset=\"https:\/\/robertabudasalon.com\/wp-content\/uploads\/2019\/03\/Merida-Estetica-LGE-Salon-Olaplex-by-Robert-Abuda.jpg 392w, https:\/\/robertabudasalon.com\/wp-content\/uploads\/2019\/03\/Merida-Estetica-LGE-Salon-Olaplex-by-Robert-Abuda.jpg 150w, https:\/\/robertabudasalon.com\/wp-content\/uploads\/2019\/03\/Merida-Estetica-LGE-Salon-Olaplex-by-Robert-Abuda.jpg 300w, https:\/\/robertabudasalon.com\/wp-content\/uploads\/2019\/03\/Merida-Estetica-LGE-Salon-Olaplex-by-Robert-Abuda.jpg 50w, https:\/\/robertabudasalon.com\/wp-content\/uploads\/2019\/03\/Merida-Estetica-LGE-Salon-Olaplex-by-Robert-Abuda.jpg 100w\" sizes=\"auto, (max-width: 392px) 100vw, 392px\" \/><\/a><figcaption>Color &amp; Highlights with Olaplex by Rob Abuda, Merida<\/figcaption><\/figure><\/div>\n\n\n\n<div class=\"wp-block-image\"><figure class=\"alignleft\"><a href=\"http:\/\/www.robertabudasalon.com\/olaplex-merida\/merida-estetica-1-salon-olaplex-by-robert-abuda\/\" rel=\"attachment wp-att-6938\"><img loading=\"lazy\" decoding=\"async\" width=\"740\" height=\"525\" src=\"https:\/\/robertabudasalon.com\/wp-content\/uploads\/2019\/03\/Merida-Estetica-1-Salon-Olaplex-by-Robert-Abuda.jpg\" alt=\"\" class=\"wp-image-6938\" srcset=\"https:\/\/robertabudasalon.com\/wp-content\/uploads\/2019\/03\/Merida-Estetica-1-Salon-Olaplex-by-Robert-Abuda.jpg 740w, https:\/\/robertabudasalon.com\/wp-content\/uploads\/2019\/03\/Merida-Estetica-1-Salon-Olaplex-by-Robert-Abuda.jpg 300w, https:\/\/robertabudasalon.com\/wp-content\/uploads\/2019\/03\/Merida-Estetica-1-Salon-Olaplex-by-Robert-Abuda.jpg 50w, https:\/\/robertabudasalon.com\/wp-content\/uploads\/2019\/03\/Merida-Estetica-1-Salon-Olaplex-by-Robert-Abuda.jpg 600w\" sizes=\"auto, (max-width: 714px) 100vw, 714px\" \/><\/a><figcaption>Color and Hightlights by Robert Abuda, Merida<br><\/figcaption><\/figure><\/div>\n\n\n\n<figure class=\"wp-block-image\"><img loading=\"lazy\" decoding=\"async\" width=\"394\" height=\"390\" src=\"https:\/\/robertabudasalon.com\/wp-content\/uploads\/2019\/04\/Hair-Salon-de-Belleza-Merida-2-Salon-Olaplex-by-Robert-Abuda-1.jpg\" alt=\"Blonde Hair Merida Salon\" class=\"wp-image-8967\" srcset=\"https:\/\/robertabudasalon.com\/wp-content\/uploads\/2019\/04\/Hair-Salon-de-Belleza-Merida-2-Salon-Olaplex-by-Robert-Abuda-1.jpg 394w, https:\/\/robertabudasalon.com\/wp-content\/uploads\/2019\/04\/Hair-Salon-de-Belleza-Merida-2-Salon-Olaplex-by-Robert-Abuda-1.jpg 300w, https:\/\/robertabudasalon.com\/wp-content\/uploads\/2019\/04\/Hair-Salon-de-Belleza-Merida-2-Salon-Olaplex-by-Robert-Abuda-1.jpg 100w\" sizes=\"auto, (max-width: 394px) 100vw, 394px\" \/><figcaption>Olaplex Blonde Highlights and Balayage by Robert Abuda. Photos by Marifer<\/figcaption><\/figure>\n\n\n\n<div class=\"wp-block-image\"><figure class=\"alignleft\"><a href=\"http:\/\/www.robertabudasalon.com\/olaplex-merida\/50709891_10155727378336736_1550593999717269504_n\/\" rel=\"attachment wp-att-6931\"><img loading=\"lazy\" decoding=\"async\" width=\"750\" height=\"525\" src=\"https:\/\/robertabudasalon.com\/wp-content\/uploads\/2019\/03\/50709891_10155727378336736_1550593999717269504_n.jpg\" alt=\"Olaplex Hair Merida Blonde\" class=\"wp-image-6931\" srcset=\"https:\/\/robertabudasalon.com\/wp-content\/uploads\/2019\/03\/50709891_10155727378336736_1550593999717269504_n.jpg 750w, https:\/\/robertabudasalon.com\/wp-content\/uploads\/2019\/03\/50709891_10155727378336736_1550593999717269504_n.jpg 300w, https:\/\/robertabudasalon.com\/wp-content\/uploads\/2019\/03\/50709891_10155727378336736_1550593999717269504_n.jpg 50w, https:\/\/robertabudasalon.com\/wp-content\/uploads\/2019\/03\/50709891_10155727378336736_1550593999717269504_n.jpg 600w\" sizes=\"auto, (max-width: 714px) 100vw, 714px\" \/><\/a><figcaption>Blonde Highlights and Balayage by Rob Abuda in Merida with Olaplex<br><\/figcaption><\/figure><\/div>\n\n\n\n<figure class=\"wp-block-image\"><img loading=\"lazy\" decoding=\"async\" width=\"332\" height=\"351\" src=\"https:\/\/robertabudasalon.com\/wp-content\/uploads\/2019\/04\/Color-Correction-Olaplex-Merida-Robert-Abuda-Silver.jpg\" alt=\"\" class=\"wp-image-8938\" srcset=\"https:\/\/robertabudasalon.com\/wp-content\/uploads\/2019\/04\/Color-Correction-Olaplex-Merida-Robert-Abuda-Silver.jpg 332w, https:\/\/robertabudasalon.com\/wp-content\/uploads\/2019\/04\/Color-Correction-Olaplex-Merida-Robert-Abuda-Silver.jpg 284w\" sizes=\"auto, (max-width: 332px) 100vw, 332px\" \/><figcaption>Silver Hair Color Correction by Robert Abuda, Merida<\/figcaption><\/figure>\n\n\n\n<figure class=\"wp-block-image\"><img loading=\"lazy\" decoding=\"async\" width=\"1000\" height=\"482\" src=\"https:\/\/robertabudasalon.com\/wp-content\/uploads\/2019\/04\/Color-Correction-Olaplex-Merida-Robert-Abuda.jpg\" alt=\"\" class=\"wp-image-8936\" srcset=\"https:\/\/robertabudasalon.com\/wp-content\/uploads\/2019\/04\/Color-Correction-Olaplex-Merida-Robert-Abuda.jpg 1000w, https:\/\/robertabudasalon.com\/wp-content\/uploads\/2019\/04\/Color-Correction-Olaplex-Merida-Robert-Abuda.jpg 300w, https:\/\/robertabudasalon.com\/wp-content\/uploads\/2019\/04\/Color-Correction-Olaplex-Merida-Robert-Abuda.jpg 768w, https:\/\/robertabudasalon.com\/wp-content\/uploads\/2019\/04\/Color-Correction-Olaplex-Merida-Robert-Abuda.jpg 600w\" sizes=\"auto, (max-width: 714px) 100vw, 714px\" \/><figcaption>Color Correction to Silver Hair by Robert Abuda. Photos by Marifer<\/figcaption><\/figure>\n\n\n\n<figure class=\"wp-block-image\"><img loading=\"lazy\" decoding=\"async\" width=\"266\" height=\"487\" src=\"https:\/\/robertabudasalon.com\/wp-content\/uploads\/2019\/04\/Salon-Belleza-Merida-Color-ROBERT-2018-NEW-1-LGE-1.jpg\" alt=\"\" class=\"wp-image-9017\" srcset=\"https:\/\/robertabudasalon.com\/wp-content\/uploads\/2019\/04\/Salon-Belleza-Merida-Color-ROBERT-2018-NEW-1-LGE-1.jpg 266w, https:\/\/robertabudasalon.com\/wp-content\/uploads\/2019\/04\/Salon-Belleza-Merida-Color-ROBERT-2018-NEW-1-LGE-1.jpg 164w\" sizes=\"auto, (max-width: 266px) 100vw, 266px\" \/><figcaption>Blonde Highlights with Shadow Root by Robert Abuda, Photo by MARFIER.<\/figcaption><\/figure>\n\n\n\n<figure class=\"wp-block-image\"><img loading=\"lazy\" decoding=\"async\" width=\"530\" height=\"605\" src=\"https:\/\/robertabudasalon.com\/wp-content\/uploads\/2019\/04\/Salon-Belleza-Merida-Color-ROBERT-2018-NEW-1-1.jpg\" alt=\"\" class=\"wp-image-9019\" srcset=\"https:\/\/robertabudasalon.com\/wp-content\/uploads\/2019\/04\/Salon-Belleza-Merida-Color-ROBERT-2018-NEW-1-1.jpg 530w, https:\/\/robertabudasalon.com\/wp-content\/uploads\/2019\/04\/Salon-Belleza-Merida-Color-ROBERT-2018-NEW-1-1.jpg 263w\" sizes=\"auto, (max-width: 530px) 100vw, 530px\" \/><figcaption>Olaplex Blonde Highlights by Robert Abuda with Shadow Root.<\/figcaption><\/figure>\n\n\n\n<figure class=\"wp-block-image\"><img loading=\"lazy\" decoding=\"async\" width=\"331\" height=\"345\" src=\"https:\/\/robertabudasalon.com\/wp-content\/uploads\/2019\/04\/Merida-Salon-de-Belleza-Robert-Abuda-Olaplex-2018-10-1.jpg\" alt=\"\" class=\"wp-image-8985\" srcset=\"https:\/\/robertabudasalon.com\/wp-content\/uploads\/2019\/04\/Merida-Salon-de-Belleza-Robert-Abuda-Olaplex-2018-10-1.jpg 331w, https:\/\/robertabudasalon.com\/wp-content\/uploads\/2019\/04\/Merida-Salon-de-Belleza-Robert-Abuda-Olaplex-2018-10-1.jpg 288w\" sizes=\"auto, (max-width: 331px) 100vw, 331px\" \/><figcaption>Olaplex Color by ANGIE, Hair Salon Merida<\/figcaption><\/figure>\n\n\n\n<div class=\"wp-block-image\"><figure class=\"alignleft\"><a href=\"http:\/\/www.robertabudasalon.com\/olaplex-merida\/50163256_10155713409961736_6610279063128899584_n\/\" rel=\"attachment wp-att-6927\"><img loading=\"lazy\" decoding=\"async\" width=\"694\" height=\"482\" src=\"https:\/\/robertabudasalon.com\/wp-content\/uploads\/2019\/03\/50163256_10155713409961736_6610279063128899584_n.jpg\" alt=\"\" class=\"wp-image-6927\" srcset=\"https:\/\/robertabudasalon.com\/wp-content\/uploads\/2019\/03\/50163256_10155713409961736_6610279063128899584_n.jpg 694w, https:\/\/robertabudasalon.com\/wp-content\/uploads\/2019\/03\/50163256_10155713409961736_6610279063128899584_n.jpg 300w, https:\/\/robertabudasalon.com\/wp-content\/uploads\/2019\/03\/50163256_10155713409961736_6610279063128899584_n.jpg 50w, https:\/\/robertabudasalon.com\/wp-content\/uploads\/2019\/03\/50163256_10155713409961736_6610279063128899584_n.jpg 600w\" sizes=\"auto, (max-width: 694px) 100vw, 694px\" \/><\/a><figcaption>Olaplex Color by ANGIE<br><br><\/figcaption><\/figure><\/div>\n\n\n\n<figure class=\"wp-block-image\"><img loading=\"lazy\" decoding=\"async\" width=\"703\" height=\"583\" src=\"https:\/\/robertabudasalon.com\/wp-content\/uploads\/2019\/04\/IMG_20190113_155725_389.jpg\" alt=\"\" class=\"wp-image-8996\" srcset=\"https:\/\/robertabudasalon.com\/wp-content\/uploads\/2019\/04\/IMG_20190113_155725_389.jpg 703w, https:\/\/robertabudasalon.com\/wp-content\/uploads\/2019\/04\/IMG_20190113_155725_389.jpg 300w, https:\/\/robertabudasalon.com\/wp-content\/uploads\/2019\/04\/IMG_20190113_155725_389.jpg 600w\" sizes=\"auto, (max-width: 703px) 100vw, 703px\" \/><figcaption>Olaplex Highlights by Robert Abuda, Salon de Belleza en Merida<br><br><br><\/figcaption><\/figure>\n\n\n\n<figure class=\"wp-block-image\"><img loading=\"lazy\" decoding=\"async\" width=\"354\" height=\"354\" src=\"https:\/\/robertabudasalon.com\/wp-content\/uploads\/2019\/04\/IMG_20190106_140319_548.jpg\" alt=\"\" class=\"wp-image-9000\" srcset=\"https:\/\/robertabudasalon.com\/wp-content\/uploads\/2019\/04\/IMG_20190106_140319_548.jpg 354w, https:\/\/robertabudasalon.com\/wp-content\/uploads\/2019\/04\/IMG_20190106_140319_548.jpg 150w, https:\/\/robertabudasalon.com\/wp-content\/uploads\/2019\/04\/IMG_20190106_140319_548.jpg 300w, https:\/\/robertabudasalon.com\/wp-content\/uploads\/2019\/04\/IMG_20190106_140319_548.jpg 100w\" sizes=\"auto, (max-width: 354px) 100vw, 354px\" \/><figcaption>Olaplex Blond Hair by Robert Abuda, Photo by Marifer in Merida<\/figcaption><\/figure>\n\n\n\n<figure class=\"wp-block-image\"><img loading=\"lazy\" decoding=\"async\" width=\"630\" height=\"630\" src=\"https:\/\/robertabudasalon.com\/wp-content\/uploads\/2019\/04\/IMG_20190106_140319_546.jpg\" alt=\"\" class=\"wp-image-8998\" srcset=\"https:\/\/robertabudasalon.com\/wp-content\/uploads\/2019\/04\/IMG_20190106_140319_546.jpg 630w, https:\/\/robertabudasalon.com\/wp-content\/uploads\/2019\/04\/IMG_20190106_140319_546.jpg 150w, https:\/\/robertabudasalon.com\/wp-content\/uploads\/2019\/04\/IMG_20190106_140319_546.jpg 300w, https:\/\/robertabudasalon.com\/wp-content\/uploads\/2019\/04\/IMG_20190106_140319_546.jpg 600w, https:\/\/robertabudasalon.com\/wp-content\/uploads\/2019\/04\/IMG_20190106_140319_546.jpg 100w\" sizes=\"auto, (max-width: 630px) 100vw, 630px\" \/><figcaption>Before &amp; After, Olaplex Blond Hair by Robert Abuda, Salon de Belleza Merida<\/figcaption><\/figure>\n\n\n\n<figure class=\"wp-block-image\"><img loading=\"lazy\" decoding=\"async\" width=\"325\" height=\"491\" src=\"https:\/\/robertabudasalon.com\/wp-content\/uploads\/2019\/04\/Salon-Belleza-Merida-Olaplex-Balayage-Robert-Abuda-Salon-2.jpg\" alt=\"\" class=\"wp-image-8949\" srcset=\"https:\/\/robertabudasalon.com\/wp-content\/uploads\/2019\/04\/Salon-Belleza-Merida-Olaplex-Balayage-Robert-Abuda-Salon-2.jpg 325w, https:\/\/robertabudasalon.com\/wp-content\/uploads\/2019\/04\/Salon-Belleza-Merida-Olaplex-Balayage-Robert-Abuda-Salon-2.jpg 199w\" sizes=\"auto, (max-width: 325px) 100vw, 325px\" \/><figcaption>Olaplex Balayage by ANGIE, Salon de Belleza Merida. <\/figcaption><\/figure>\n\n\n\n<div class=\"wp-block-image\"><figure class=\"alignleft\"><a href=\"http:\/\/www.robertabudasalon.com\/olaplex-merida\/48413564_10155657714386736_7653138955579162624_n\/\" rel=\"attachment wp-att-6924\"><img loading=\"lazy\" decoding=\"async\" width=\"569\" height=\"617\" src=\"https:\/\/robertabudasalon.com\/wp-content\/uploads\/2019\/03\/48413564_10155657714386736_7653138955579162624_n.jpg\" alt=\"Hair by Angie\" class=\"wp-image-6924\" srcset=\"https:\/\/robertabudasalon.com\/wp-content\/uploads\/2019\/03\/48413564_10155657714386736_7653138955579162624_n.jpg 569w, https:\/\/robertabudasalon.com\/wp-content\/uploads\/2019\/03\/48413564_10155657714386736_7653138955579162624_n.jpg 277w, https:\/\/robertabudasalon.com\/wp-content\/uploads\/2019\/03\/48413564_10155657714386736_7653138955579162624_n.jpg 46w\" sizes=\"auto, (max-width: 569px) 100vw, 569px\" \/><\/a><figcaption>Olaplex Blonde Beige Balayage by ANGIE<\/figcaption><\/figure><\/div>\n\n\n\n<figure class=\"wp-block-image\"><img loading=\"lazy\" decoding=\"async\" width=\"563\" height=\"563\" src=\"https:\/\/robertabudasalon.com\/wp-content\/uploads\/2019\/04\/IMG_20190113_105821_985.jpg\" alt=\"\" class=\"wp-image-9003\" srcset=\"https:\/\/robertabudasalon.com\/wp-content\/uploads\/2019\/04\/IMG_20190113_105821_985.jpg 563w, https:\/\/robertabudasalon.com\/wp-content\/uploads\/2019\/04\/IMG_20190113_105821_985.jpg 150w, https:\/\/robertabudasalon.com\/wp-content\/uploads\/2019\/04\/IMG_20190113_105821_985.jpg 300w, https:\/\/robertabudasalon.com\/wp-content\/uploads\/2019\/04\/IMG_20190113_105821_985.jpg 100w\" sizes=\"auto, (max-width: 563px) 100vw, 563px\" \/><figcaption>Olaplex Blonde Highlights by ANNIE. Photos by MARIFER.<\/figcaption><\/figure>\n\n\n\n<div class=\"wp-block-image\"><figure class=\"alignleft\"><a href=\"http:\/\/www.robertabudasalon.com\/olaplex-merida\/48231510_10155648305696736_8217428994631401472_n\/\" rel=\"attachment wp-att-6919\"><img loading=\"lazy\" decoding=\"async\" width=\"585\" height=\"605\" src=\"https:\/\/robertabudasalon.com\/wp-content\/uploads\/2019\/03\/48231510_10155648305696736_8217428994631401472_n.jpg\" alt=\"Highlights\" class=\"wp-image-6919\" srcset=\"https:\/\/robertabudasalon.com\/wp-content\/uploads\/2019\/03\/48231510_10155648305696736_8217428994631401472_n.jpg 585w, https:\/\/robertabudasalon.com\/wp-content\/uploads\/2019\/03\/48231510_10155648305696736_8217428994631401472_n.jpg 290w, https:\/\/robertabudasalon.com\/wp-content\/uploads\/2019\/03\/48231510_10155648305696736_8217428994631401472_n.jpg 48w\" sizes=\"auto, (max-width: 585px) 100vw, 585px\" \/><\/a><figcaption>Highlights with Olaplex by ANNIE<br><\/figcaption><\/figure><\/div>\n\n\n\n<figure class=\"wp-block-image\"><img loading=\"lazy\" decoding=\"async\" width=\"269\" height=\"629\" src=\"https:\/\/robertabudasalon.com\/wp-content\/uploads\/2019\/04\/Salon-de-Belleza-Merida-Hair-Beauty-robert-abuda-salon-2018-LGE.jpg\" alt=\"\" class=\"wp-image-8953\" srcset=\"https:\/\/robertabudasalon.com\/wp-content\/uploads\/2019\/04\/Salon-de-Belleza-Merida-Hair-Beauty-robert-abuda-salon-2018-LGE.jpg 269w, https:\/\/robertabudasalon.com\/wp-content\/uploads\/2019\/04\/Salon-de-Belleza-Merida-Hair-Beauty-robert-abuda-salon-2018-LGE.jpg 128w\" sizes=\"auto, (max-width: 269px) 100vw, 269px\" \/><figcaption>Olaplex Balayage by ANGIE. Gorgeous Blend, Merida. Photos by Marifer<\/figcaption><\/figure>\n\n\n\n<div class=\"wp-block-image\"><figure class=\"alignleft\"><a href=\"http:\/\/www.robertabudasalon.com\/olaplex-merida\/47395195_10155629966626736_7229903979059085312_n\/\" rel=\"attachment wp-att-6912\"><img loading=\"lazy\" decoding=\"async\" width=\"442\" height=\"605\" src=\"https:\/\/robertabudasalon.com\/wp-content\/uploads\/2019\/03\/47395195_10155629966626736_7229903979059085312_n.jpg\" alt=\"\" class=\"wp-image-6912\" srcset=\"https:\/\/robertabudasalon.com\/wp-content\/uploads\/2019\/03\/47395195_10155629966626736_7229903979059085312_n.jpg 442w, https:\/\/robertabudasalon.com\/wp-content\/uploads\/2019\/03\/47395195_10155629966626736_7229903979059085312_n.jpg 219w, https:\/\/robertabudasalon.com\/wp-content\/uploads\/2019\/03\/47395195_10155629966626736_7229903979059085312_n.jpg 37w\" sizes=\"auto, (max-width: 442px) 100vw, 442px\" \/><\/a><figcaption>Blonde Balayage by ANGIE in Merida, Paseo de Montejo<br><br><\/figcaption><\/figure><\/div>\n\n\n\n<figure class=\"wp-block-image\"><img loading=\"lazy\" decoding=\"async\" width=\"296\" height=\"478\" src=\"https:\/\/robertabudasalon.com\/wp-content\/uploads\/2019\/04\/Hair-Salon-Merida-Color-ANGIE-2018-LGE.jpg\" alt=\"\" class=\"wp-image-9013\" srcset=\"https:\/\/robertabudasalon.com\/wp-content\/uploads\/2019\/04\/Hair-Salon-Merida-Color-ANGIE-2018-LGE.jpg 296w, https:\/\/robertabudasalon.com\/wp-content\/uploads\/2019\/04\/Hair-Salon-Merida-Color-ANGIE-2018-LGE.jpg 186w\" sizes=\"auto, (max-width: 296px) 100vw, 296px\" \/><figcaption>Green with Envy and Olaplex by ANGIE. Photo by Marifer<\/figcaption><\/figure>\n\n\n\n<div class=\"wp-block-image\"><figure class=\"alignleft\"><a href=\"http:\/\/www.robertabudasalon.com\/olaplex-merida\/46370533_10155592532001736_4601220948358594560_n\/\" rel=\"attachment wp-att-6907\"><img loading=\"lazy\" decoding=\"async\" width=\"585\" height=\"605\" src=\"https:\/\/robertabudasalon.com\/wp-content\/uploads\/2019\/03\/46370533_10155592532001736_4601220948358594560_n.jpg\" alt=\"\" class=\"wp-image-6907\" srcset=\"https:\/\/robertabudasalon.com\/wp-content\/uploads\/2019\/03\/46370533_10155592532001736_4601220948358594560_n.jpg 585w, https:\/\/robertabudasalon.com\/wp-content\/uploads\/2019\/03\/46370533_10155592532001736_4601220948358594560_n.jpg 290w, https:\/\/robertabudasalon.com\/wp-content\/uploads\/2019\/03\/46370533_10155592532001736_4601220948358594560_n.jpg 48w\" sizes=\"auto, (max-width: 585px) 100vw, 585px\" \/><\/a><figcaption>Green with Envy &#8211; Balayage with Vivids by ANGIE, Merida Yucatan MX<br><br><\/figcaption><\/figure><\/div>\n\n\n\n<figure class=\"wp-block-image\"><img loading=\"lazy\" decoding=\"async\" width=\"388\" height=\"461\" src=\"https:\/\/robertabudasalon.com\/wp-content\/uploads\/2019\/04\/Merida-Salon-de-Belleza-Robert-Abuda-Olaplex-2.jpg\" alt=\"\" class=\"wp-image-9009\" srcset=\"https:\/\/robertabudasalon.com\/wp-content\/uploads\/2019\/04\/Merida-Salon-de-Belleza-Robert-Abuda-Olaplex-2.jpg 388w, https:\/\/robertabudasalon.com\/wp-content\/uploads\/2019\/04\/Merida-Salon-de-Belleza-Robert-Abuda-Olaplex-2.jpg 252w\" sizes=\"auto, (max-width: 388px) 100vw, 388px\" \/><figcaption>Olaplex Blonde Highlights &amp; Balayage by Robert Abuda, Merida<\/figcaption><\/figure>\n\n\n\n<div class=\"wp-block-image\"><figure class=\"alignleft\"><a href=\"http:\/\/www.robertabudasalon.com\/olaplex-merida\/45508325_10155575410836736_8716539713806139392_n\/\" rel=\"attachment wp-att-6900\"><img loading=\"lazy\" decoding=\"async\" width=\"750\" height=\"598\" src=\"https:\/\/robertabudasalon.com\/wp-content\/uploads\/2019\/03\/45508325_10155575410836736_8716539713806139392_n.jpg\" alt=\"\" class=\"wp-image-6900\" srcset=\"https:\/\/robertabudasalon.com\/wp-content\/uploads\/2019\/03\/45508325_10155575410836736_8716539713806139392_n.jpg 750w, https:\/\/robertabudasalon.com\/wp-content\/uploads\/2019\/03\/45508325_10155575410836736_8716539713806139392_n.jpg 300w, https:\/\/robertabudasalon.com\/wp-content\/uploads\/2019\/03\/45508325_10155575410836736_8716539713806139392_n.jpg 50w, https:\/\/robertabudasalon.com\/wp-content\/uploads\/2019\/03\/45508325_10155575410836736_8716539713806139392_n.jpg 600w\" sizes=\"auto, (max-width: 714px) 100vw, 714px\" \/><\/a><figcaption>Blonde Balayage by Robert Abuda, Merida<br><\/figcaption><\/figure><\/div>\n\n\n\n<div class=\"wp-block-image\"><figure class=\"alignleft\"><a href=\"http:\/\/www.robertabudasalon.com\/olaplex-merida\/merida-salon-de-belleza-robert-abuda-olaplex-5-lge\/\" rel=\"attachment wp-att-6671\"><img loading=\"lazy\" decoding=\"async\" width=\"326\" height=\"461\" src=\"https:\/\/robertabudasalon.com\/wp-content\/uploads\/2018\/12\/Merida-Salon-de-Belleza-Robert-Abuda-Olaplex-5-LGE.jpg\" alt=\"\" class=\"wp-image-6671\" srcset=\"https:\/\/robertabudasalon.com\/wp-content\/uploads\/2018\/12\/Merida-Salon-de-Belleza-Robert-Abuda-Olaplex-5-LGE.jpg 326w, https:\/\/robertabudasalon.com\/wp-content\/uploads\/2018\/12\/Merida-Salon-de-Belleza-Robert-Abuda-Olaplex-5-LGE.jpg 212w\" sizes=\"auto, (max-width: 326px) 100vw, 326px\" \/><\/a><figcaption>OLAPLEX Blonde Balayage by ANGIE at Robert Abuda Salon in Merida 2<\/figcaption><\/figure><\/div>\n\n\n\n<div class=\"wp-block-image\"><figure class=\"alignleft\"><a href=\"http:\/\/www.robertabudasalon.com\/olaplex-merida\/merida-salon-de-belleza-robert-abuda-olaplex-5\/\" rel=\"attachment wp-att-6669\"><img loading=\"lazy\" decoding=\"async\" width=\"666\" height=\"583\" src=\"https:\/\/robertabudasalon.com\/wp-content\/uploads\/2018\/12\/Merida-Salon-de-Belleza-Robert-Abuda-Olaplex-5.jpg\" alt=\"\" class=\"wp-image-6669\" srcset=\"https:\/\/robertabudasalon.com\/wp-content\/uploads\/2018\/12\/Merida-Salon-de-Belleza-Robert-Abuda-Olaplex-5.jpg 666w, https:\/\/robertabudasalon.com\/wp-content\/uploads\/2018\/12\/Merida-Salon-de-Belleza-Robert-Abuda-Olaplex-5.jpg 300w, https:\/\/robertabudasalon.com\/wp-content\/uploads\/2018\/12\/Merida-Salon-de-Belleza-Robert-Abuda-Olaplex-5.jpg 600w\" sizes=\"auto, (max-width: 666px) 100vw, 666px\" \/><\/a><figcaption>OLAPLEX Blonde Balayage by ANGIE at Robert Abuda Salon in Merida<\/figcaption><\/figure><\/div>\n\n\n\n<div class=\"wp-block-image\"><figure class=\"alignleft\"><a href=\"http:\/\/www.robertabudasalon.com\/olaplex-merida\/merida-salon-de-belleza-hair-robert-abuda-olaplex-11-lge\/\" rel=\"attachment wp-att-6667\"><img loading=\"lazy\" decoding=\"async\" width=\"366\" height=\"463\" src=\"https:\/\/robertabudasalon.com\/wp-content\/uploads\/2018\/12\/Merida-Salon-de-Belleza-Hair-Robert-Abuda-Olaplex-11-LGE.jpg\" alt=\"\" class=\"wp-image-6667\" srcset=\"https:\/\/robertabudasalon.com\/wp-content\/uploads\/2018\/12\/Merida-Salon-de-Belleza-Hair-Robert-Abuda-Olaplex-11-LGE.jpg 366w, https:\/\/robertabudasalon.com\/wp-content\/uploads\/2018\/12\/Merida-Salon-de-Belleza-Hair-Robert-Abuda-Olaplex-11-LGE.jpg 237w\" sizes=\"auto, (max-width: 366px) 100vw, 366px\" \/><\/a><figcaption>Highlights and Balayage with Olaplex by ROBERT at Robert Abuda Salon in Merida 2<\/figcaption><\/figure><\/div>\n\n\n\n<div class=\"wp-block-image\"><figure class=\"alignleft\"><a href=\"http:\/\/www.robertabudasalon.com\/olaplex-merida\/merida-salon-de-belleza-hair-robert-abuda-olaplex-11\/\" rel=\"attachment wp-att-6665\"><img loading=\"lazy\" decoding=\"async\" width=\"666\" height=\"583\" src=\"https:\/\/robertabudasalon.com\/wp-content\/uploads\/2018\/12\/Merida-Salon-de-Belleza-Hair-Robert-Abuda-Olaplex-11.jpg\" alt=\"\" class=\"wp-image-6665\" srcset=\"https:\/\/robertabudasalon.com\/wp-content\/uploads\/2018\/12\/Merida-Salon-de-Belleza-Hair-Robert-Abuda-Olaplex-11.jpg 666w, https:\/\/robertabudasalon.com\/wp-content\/uploads\/2018\/12\/Merida-Salon-de-Belleza-Hair-Robert-Abuda-Olaplex-11.jpg 300w, https:\/\/robertabudasalon.com\/wp-content\/uploads\/2018\/12\/Merida-Salon-de-Belleza-Hair-Robert-Abuda-Olaplex-11.jpg 600w\" sizes=\"auto, (max-width: 666px) 100vw, 666px\" \/><\/a><figcaption>Highlights and Balayage with Olaplex by ROBERT at Robert Abuda Salon in Merida<\/figcaption><\/figure><\/div>\n\n\n\n<div class=\"wp-block-image\"><figure class=\"alignleft\"><a href=\"http:\/\/www.robertabudasalon.com\/olaplex-merida\/hair-salon-belleza-merida-color-annie-2018-lge\/\" rel=\"attachment wp-att-6663\"><img loading=\"lazy\" decoding=\"async\" width=\"278\" height=\"422\" src=\"https:\/\/robertabudasalon.com\/wp-content\/uploads\/2018\/12\/Hair-Salon-Belleza-Merida-Color-ANNIE-2018-LGE.jpg\" alt=\"\" class=\"wp-image-6663\" srcset=\"https:\/\/robertabudasalon.com\/wp-content\/uploads\/2018\/12\/Hair-Salon-Belleza-Merida-Color-ANNIE-2018-LGE.jpg 278w, https:\/\/robertabudasalon.com\/wp-content\/uploads\/2018\/12\/Hair-Salon-Belleza-Merida-Color-ANNIE-2018-LGE.jpg 198w\" sizes=\"auto, (max-width: 278px) 100vw, 278px\" \/><\/a><figcaption>HIghlights with Olaplex by ANNIE at Robert Abuda Salon Merida 2<\/figcaption><\/figure><\/div>\n\n\n\n<div class=\"wp-block-image\"><figure class=\"alignleft\"><a href=\"http:\/\/www.robertabudasalon.com\/olaplex-merida\/hair-salon-belleza-merida-color-annie-2018-2\/\" rel=\"attachment wp-att-6661\"><img loading=\"lazy\" decoding=\"async\" width=\"578\" height=\"548\" src=\"https:\/\/robertabudasalon.com\/wp-content\/uploads\/2018\/12\/Hair-Salon-Belleza-Merida-Color-ANNIE-2018-2.jpg\" alt=\"\" class=\"wp-image-6661\" srcset=\"https:\/\/robertabudasalon.com\/wp-content\/uploads\/2018\/12\/Hair-Salon-Belleza-Merida-Color-ANNIE-2018-2.jpg 578w, https:\/\/robertabudasalon.com\/wp-content\/uploads\/2018\/12\/Hair-Salon-Belleza-Merida-Color-ANNIE-2018-2.jpg 300w\" sizes=\"auto, (max-width: 578px) 100vw, 578px\" \/><\/a><figcaption>HIghlights with Olaplex by ANNIE at Robert Abuda Salon Merida<\/figcaption><\/figure><\/div>\n\n\n\n<div class=\"wp-block-image\"><figure class=\"alignleft\"><a href=\"http:\/\/www.robertabudasalon.com\/olaplex-merida\/merida-salon-de-belleza-olaplex-mexico-march-2018-9\/\" rel=\"attachment wp-att-6657\"><img loading=\"lazy\" decoding=\"async\" width=\"631\" height=\"499\" src=\"https:\/\/robertabudasalon.com\/wp-content\/uploads\/2018\/12\/Merida-Salon-de-Belleza-Olaplex-Mexico-March-2018-9.jpg\" alt=\"\" class=\"wp-image-6657\" srcset=\"https:\/\/robertabudasalon.com\/wp-content\/uploads\/2018\/12\/Merida-Salon-de-Belleza-Olaplex-Mexico-March-2018-9.jpg 631w, https:\/\/robertabudasalon.com\/wp-content\/uploads\/2018\/12\/Merida-Salon-de-Belleza-Olaplex-Mexico-March-2018-9.jpg 300w, https:\/\/robertabudasalon.com\/wp-content\/uploads\/2018\/12\/Merida-Salon-de-Belleza-Olaplex-Mexico-March-2018-9.jpg 600w\" sizes=\"auto, (max-width: 631px) 100vw, 631px\" \/><\/a><figcaption>Hair Cut and Color in Merida by ANGIE at Robert Abuda Salon<\/figcaption><\/figure><\/div>\n\n\n\n<div class=\"wp-block-image\"><figure class=\"alignleft\"><a href=\"http:\/\/www.robertabudasalon.com\/olaplex-merida\/merida-salon-de-belleza-olaplex-mexico-march-2018-11\/\" rel=\"attachment wp-att-6659\"><img loading=\"lazy\" decoding=\"async\" width=\"331\" height=\"369\" src=\"https:\/\/robertabudasalon.com\/wp-content\/uploads\/2018\/12\/Merida-Salon-de-Belleza-Olaplex-Mexico-March-2018-11.jpg\" alt=\"\" class=\"wp-image-6659\" srcset=\"https:\/\/robertabudasalon.com\/wp-content\/uploads\/2018\/12\/Merida-Salon-de-Belleza-Olaplex-Mexico-March-2018-11.jpg 331w, https:\/\/robertabudasalon.com\/wp-content\/uploads\/2018\/12\/Merida-Salon-de-Belleza-Olaplex-Mexico-March-2018-11.jpg 269w\" sizes=\"auto, (max-width: 331px) 100vw, 331px\" \/><\/a><figcaption>Hair Cut and Color in Merida by ANGIE at Robert Abuda Salon 2<\/figcaption><\/figure><\/div>\n\n\n\n<div class=\"wp-block-image\"><figure class=\"alignleft\"><a href=\"http:\/\/www.robertabudasalon.com\/olaplex-merida\/salon-de-belleza-merida-color-robert-abuda-salon-2018\/\" rel=\"attachment wp-att-6609\"><img loading=\"lazy\" decoding=\"async\" width=\"516\" height=\"605\" src=\"https:\/\/robertabudasalon.com\/wp-content\/uploads\/2018\/11\/Salon-de-Belleza-Merida-Color-robert-abuda-salon-2018.jpg\" alt=\"\" class=\"wp-image-6609\" srcset=\"https:\/\/robertabudasalon.com\/wp-content\/uploads\/2018\/11\/Salon-de-Belleza-Merida-Color-robert-abuda-salon-2018.jpg 516w, https:\/\/robertabudasalon.com\/wp-content\/uploads\/2018\/11\/Salon-de-Belleza-Merida-Color-robert-abuda-salon-2018.jpg 256w\" sizes=\"auto, (max-width: 516px) 100vw, 516px\" \/><\/a><figcaption>OLAPLEX Color and Highlights by ROBERT at Robert Abuda Salon in Merida<\/figcaption><\/figure><\/div>\n\n\n\n<div class=\"wp-block-image\"><figure class=\"alignleft\"><a href=\"http:\/\/www.robertabudasalon.com\/olaplex-merida\/salon-de-belleza-merida-color-robert-abuda-salon-2018-large\/\" rel=\"attachment wp-att-6611\"><img loading=\"lazy\" decoding=\"async\" width=\"298\" height=\"489\" src=\"https:\/\/robertabudasalon.com\/wp-content\/uploads\/2018\/11\/Salon-de-Belleza-Merida-Color-robert-abuda-salon-2018-Large.jpg\" alt=\"\" class=\"wp-image-6611\" srcset=\"https:\/\/robertabudasalon.com\/wp-content\/uploads\/2018\/11\/Salon-de-Belleza-Merida-Color-robert-abuda-salon-2018-Large.jpg 298w, https:\/\/robertabudasalon.com\/wp-content\/uploads\/2018\/11\/Salon-de-Belleza-Merida-Color-robert-abuda-salon-2018-Large.jpg 183w\" sizes=\"auto, (max-width: 298px) 100vw, 298px\" \/><\/a><figcaption>OLAPLEX Blonde Balayage by ANGIE at Robert Abuda Salon in Merida 2<\/figcaption><\/figure><\/div>\n\n\n\n<div class=\"wp-block-image\"><figure class=\"alignleft\"><a href=\"http:\/\/www.robertabudasalon.com\/olaplex-merida\/salon-de-belleza-merida-por-angie-robert-abuda-salon-paseo\/\" rel=\"attachment wp-att-6613\"><img loading=\"lazy\" decoding=\"async\" width=\"612\" height=\"706\" src=\"https:\/\/robertabudasalon.com\/wp-content\/uploads\/2018\/11\/Salon-de-Belleza-Merida-por-ANGIE-Robert-Abuda-Salon-Paseo.jpg\" alt=\"\" class=\"wp-image-6613\" srcset=\"https:\/\/robertabudasalon.com\/wp-content\/uploads\/2018\/11\/Salon-de-Belleza-Merida-por-ANGIE-Robert-Abuda-Salon-Paseo.jpg 612w, https:\/\/robertabudasalon.com\/wp-content\/uploads\/2018\/11\/Salon-de-Belleza-Merida-por-ANGIE-Robert-Abuda-Salon-Paseo.jpg 260w, https:\/\/robertabudasalon.com\/wp-content\/uploads\/2018\/11\/Salon-de-Belleza-Merida-por-ANGIE-Robert-Abuda-Salon-Paseo.jpg 600w\" sizes=\"auto, (max-width: 612px) 100vw, 612px\" \/><\/a><figcaption>OLAPLEX Blonde Balayage by ANGIE at Robert Abuda Salon in Merida<\/figcaption><\/figure><\/div>\n\n\n\n<div class=\"wp-block-image\"><figure class=\"alignleft\"><a href=\"http:\/\/www.robertabudasalon.com\/olaplex-merida\/salon-de-belleza-merida-por-angie-robert-abuda-salon-paseo-2\/\" rel=\"attachment wp-att-6615\"><img loading=\"lazy\" decoding=\"async\" width=\"340\" height=\"600\" src=\"https:\/\/robertabudasalon.com\/wp-content\/uploads\/2018\/11\/Salon-de-Belleza-Merida-por-ANGIE-Robert-Abuda-Salon-Paseo-2.jpg\" alt=\"\" class=\"wp-image-6615\" srcset=\"https:\/\/robertabudasalon.com\/wp-content\/uploads\/2018\/11\/Salon-de-Belleza-Merida-por-ANGIE-Robert-Abuda-Salon-Paseo-2.jpg 340w, https:\/\/robertabudasalon.com\/wp-content\/uploads\/2018\/11\/Salon-de-Belleza-Merida-por-ANGIE-Robert-Abuda-Salon-Paseo-2.jpg 170w\" sizes=\"auto, (max-width: 340px) 100vw, 340px\" \/><\/a><figcaption>OLAPLEX Blonde Balayage by ANGIE at Robert Abuda Salon in Merida 2<\/figcaption><\/figure><\/div>\n\n\n\n<div class=\"wp-block-image\"><figure class=\"alignleft\"><a href=\"http:\/\/www.robertabudasalon.com\/olaplex-merida\/salon-de-belleza-merida-robert-abuda-salon-balayage-olaplex-annie\/\" rel=\"attachment wp-att-6621\"><img loading=\"lazy\" decoding=\"async\" width=\"551\" height=\"624\" src=\"https:\/\/robertabudasalon.com\/wp-content\/uploads\/2018\/11\/Salon-de-Belleza-Merida-Robert-Abuda-Salon-Balayage-Olaplex-ANNIE.jpg\" alt=\"\" class=\"wp-image-6621\" srcset=\"https:\/\/robertabudasalon.com\/wp-content\/uploads\/2018\/11\/Salon-de-Belleza-Merida-Robert-Abuda-Salon-Balayage-Olaplex-ANNIE.jpg 551w, https:\/\/robertabudasalon.com\/wp-content\/uploads\/2018\/11\/Salon-de-Belleza-Merida-Robert-Abuda-Salon-Balayage-Olaplex-ANNIE.jpg 265w\" sizes=\"auto, (max-width: 551px) 100vw, 551px\" \/><\/a><figcaption>OLAPLEX Blonde Highlights by ANNIE at Robert Abuda Salon in Merida<\/figcaption><\/figure><\/div>\n\n\n\n<div class=\"wp-block-image\"><figure class=\"alignleft\"><a href=\"http:\/\/www.robertabudasalon.com\/olaplex-merida\/salon-de-belleza-merida-robert-abuda-salon-balayage-olaplex-annie-2\/\" rel=\"attachment wp-att-6623\"><img loading=\"lazy\" decoding=\"async\" width=\"251\" height=\"500\" src=\"https:\/\/robertabudasalon.com\/wp-content\/uploads\/2018\/11\/Salon-de-Belleza-Merida-Robert-Abuda-Salon-Balayage-Olaplex-ANNIE-2.jpg\" alt=\"\" class=\"wp-image-6623\" srcset=\"https:\/\/robertabudasalon.com\/wp-content\/uploads\/2018\/11\/Salon-de-Belleza-Merida-Robert-Abuda-Salon-Balayage-Olaplex-ANNIE-2.jpg 251w, https:\/\/robertabudasalon.com\/wp-content\/uploads\/2018\/11\/Salon-de-Belleza-Merida-Robert-Abuda-Salon-Balayage-Olaplex-ANNIE-2.jpg 151w\" sizes=\"auto, (max-width: 251px) 100vw, 251px\" \/><\/a><figcaption>OLAPLEX Blonde Highlights by ANNIE at Robert Abuda Salon in Merida 2<\/figcaption><\/figure><\/div>\n\n\n\n<div class=\"wp-block-image\"><figure class=\"alignleft\"><a href=\"http:\/\/www.robertabudasalon.com\/olaplex-merida\/salon-de-belleza-merida-robert-abuda-salon-balayage-olaplex\/\" rel=\"attachment wp-att-6617\"><img loading=\"lazy\" decoding=\"async\" width=\"665\" height=\"624\" src=\"https:\/\/robertabudasalon.com\/wp-content\/uploads\/2018\/11\/Salon-de-Belleza-Merida-Robert-Abuda-Salon-Balayage-Olaplex.jpg\" alt=\"\" class=\"wp-image-6617\" srcset=\"https:\/\/robertabudasalon.com\/wp-content\/uploads\/2018\/11\/Salon-de-Belleza-Merida-Robert-Abuda-Salon-Balayage-Olaplex.jpg 665w, https:\/\/robertabudasalon.com\/wp-content\/uploads\/2018\/11\/Salon-de-Belleza-Merida-Robert-Abuda-Salon-Balayage-Olaplex.jpg 300w, https:\/\/robertabudasalon.com\/wp-content\/uploads\/2018\/11\/Salon-de-Belleza-Merida-Robert-Abuda-Salon-Balayage-Olaplex.jpg 600w\" sizes=\"auto, (max-width: 665px) 100vw, 665px\" \/><\/a><figcaption>OLAPLEX Blonde Balayage by ROBERT at Robert Abuda Salon in Merida<\/figcaption><\/figure><\/div>\n\n\n\n<div class=\"wp-block-image\"><figure class=\"alignleft\"><a href=\"http:\/\/www.robertabudasalon.com\/olaplex-merida\/salon-de-belleza-merida-robert-abuda-salon-balayage-olaplex-2\/\" rel=\"attachment wp-att-6619\"><img loading=\"lazy\" decoding=\"async\" width=\"340\" height=\"498\" src=\"https:\/\/robertabudasalon.com\/wp-content\/uploads\/2018\/11\/Salon-de-Belleza-Merida-Robert-Abuda-Salon-Balayage-Olaplex-2.jpg\" alt=\"\" class=\"wp-image-6619\" srcset=\"https:\/\/robertabudasalon.com\/wp-content\/uploads\/2018\/11\/Salon-de-Belleza-Merida-Robert-Abuda-Salon-Balayage-Olaplex-2.jpg 340w, https:\/\/robertabudasalon.com\/wp-content\/uploads\/2018\/11\/Salon-de-Belleza-Merida-Robert-Abuda-Salon-Balayage-Olaplex-2.jpg 205w\" sizes=\"auto, (max-width: 340px) 100vw, 340px\" \/><\/a><figcaption>OLAPLEX Blonde Balayage by ROBERT at Robert Abuda Salon in Merida 2<\/figcaption><\/figure><\/div>\n\n\n\n<div class=\"wp-block-image\"><figure class=\"alignleft\"><a href=\"http:\/\/www.robertabudasalon.com\/olaplex-merida\/salon-de-belleza-merida-by-annie-paseo-de-montejo-babylights-olaplex\/\" rel=\"attachment wp-att-6602\"><img loading=\"lazy\" decoding=\"async\" width=\"592\" height=\"688\" src=\"https:\/\/robertabudasalon.com\/wp-content\/uploads\/2018\/11\/Salon-de-Belleza-Merida-by-ANNIE-Paseo-de-Montejo-Babylights-Olaplex.jpg\" alt=\"\" class=\"wp-image-6602\" srcset=\"https:\/\/robertabudasalon.com\/wp-content\/uploads\/2018\/11\/Salon-de-Belleza-Merida-by-ANNIE-Paseo-de-Montejo-Babylights-Olaplex.jpg 592w, https:\/\/robertabudasalon.com\/wp-content\/uploads\/2018\/11\/Salon-de-Belleza-Merida-by-ANNIE-Paseo-de-Montejo-Babylights-Olaplex.jpg 258w\" sizes=\"auto, (max-width: 592px) 100vw, 592px\" \/><\/a><figcaption>Before &amp; After &#8211; Olaplex Babylights by ANNIE at Robert Abuda Salon in Merida 2<\/figcaption><\/figure><\/div>\n\n\n\n<div class=\"wp-block-image\"><figure class=\"alignleft\"><a href=\"http:\/\/www.robertabudasalon.com\/olaplex-merida\/salon-de-belleza-merida-by-annie-paseo-de-montejo-babylights-olaplex-lge\/\" rel=\"attachment wp-att-6600\"><img loading=\"lazy\" decoding=\"async\" width=\"313\" height=\"570\" src=\"https:\/\/robertabudasalon.com\/wp-content\/uploads\/2018\/11\/Salon-de-Belleza-Merida-by-ANNIE-Paseo-de-Montejo-Babylights-Olaplex-LGE.jpg\" alt=\"\" class=\"wp-image-6600\" srcset=\"https:\/\/robertabudasalon.com\/wp-content\/uploads\/2018\/11\/Salon-de-Belleza-Merida-by-ANNIE-Paseo-de-Montejo-Babylights-Olaplex-LGE.jpg 313w, https:\/\/robertabudasalon.com\/wp-content\/uploads\/2018\/11\/Salon-de-Belleza-Merida-by-ANNIE-Paseo-de-Montejo-Babylights-Olaplex-LGE.jpg 165w\" sizes=\"auto, (max-width: 313px) 100vw, 313px\" \/><\/a><figcaption>Olaplex Babylights by ANNIE at Robert Abuda Salon in Merida<\/figcaption><\/figure><\/div>\n\n\n\n<div class=\"wp-block-image\"><figure class=\"alignleft\"><a href=\"http:\/\/www.robertabudasalon.com\/olaplex-merida\/hair-salon-merida-olaplex-balayage-robert-abuda-hair-salon-by-angie-march-6-2018\/\" rel=\"attachment wp-att-6625\"><img loading=\"lazy\" decoding=\"async\" width=\"534\" height=\"704\" src=\"https:\/\/robertabudasalon.com\/wp-content\/uploads\/2018\/11\/Hair-Salon-Merida-Olaplex-Balayage-Robert-Abuda-Hair-Salon-by-ANGIE-MARCH-6-2018.jpg\" alt=\"\" class=\"wp-image-6625\" srcset=\"https:\/\/robertabudasalon.com\/wp-content\/uploads\/2018\/11\/Hair-Salon-Merida-Olaplex-Balayage-Robert-Abuda-Hair-Salon-by-ANGIE-MARCH-6-2018.jpg 534w, https:\/\/robertabudasalon.com\/wp-content\/uploads\/2018\/11\/Hair-Salon-Merida-Olaplex-Balayage-Robert-Abuda-Hair-Salon-by-ANGIE-MARCH-6-2018.jpg 228w\" sizes=\"auto, (max-width: 534px) 100vw, 534px\" \/><\/a><figcaption>Color with Olaplex and Hair Cut by ANGIE at Robert Abuda Salon<\/figcaption><\/figure><\/div>\n\n\n\n<div class=\"wp-block-image\"><figure class=\"alignleft\"><a href=\"http:\/\/www.robertabudasalon.com\/olaplex-merida\/hair-salon-merida-olaplex-balayage-robert-abuda-hair-salon-by-angie-march-9-2018\/\" rel=\"attachment wp-att-6627\"><img loading=\"lazy\" decoding=\"async\" width=\"254\" height=\"585\" src=\"https:\/\/robertabudasalon.com\/wp-content\/uploads\/2018\/11\/Hair-Salon-Merida-Olaplex-Balayage-Robert-Abuda-Hair-Salon-by-ANGIE-MARCH-9-2018.jpg\" alt=\"\" class=\"wp-image-6627\" srcset=\"https:\/\/robertabudasalon.com\/wp-content\/uploads\/2018\/11\/Hair-Salon-Merida-Olaplex-Balayage-Robert-Abuda-Hair-Salon-by-ANGIE-MARCH-9-2018.jpg 254w, https:\/\/robertabudasalon.com\/wp-content\/uploads\/2018\/11\/Hair-Salon-Merida-Olaplex-Balayage-Robert-Abuda-Hair-Salon-by-ANGIE-MARCH-9-2018.jpg 130w\" sizes=\"auto, (max-width: 254px) 100vw, 254px\" \/><\/a><figcaption>Color with Olaplex and Hair Cut by ANGIE at Robert Abuda Salon 2<\/figcaption><\/figure><\/div>\n\n\n\n<div class=\"wp-block-image\"><figure class=\"alignleft\"><a href=\"http:\/\/www.robertabudasalon.com\/olaplex-merida\/hair-salon-merida-olaplex-balayage-robert-abuda-hair-salon-by-angie-march-10-2018-2\/\" rel=\"attachment wp-att-6629\"><img loading=\"lazy\" decoding=\"async\" width=\"520\" height=\"665\" src=\"https:\/\/robertabudasalon.com\/wp-content\/uploads\/2018\/11\/Hair-Salon-Merida-Olaplex-Balayage-Robert-Abuda-Hair-Salon-by-ANGIE-MARCH-10-2018-2.jpg\" alt=\"\" class=\"wp-image-6629\" srcset=\"https:\/\/robertabudasalon.com\/wp-content\/uploads\/2018\/11\/Hair-Salon-Merida-Olaplex-Balayage-Robert-Abuda-Hair-Salon-by-ANGIE-MARCH-10-2018-2.jpg 520w, https:\/\/robertabudasalon.com\/wp-content\/uploads\/2018\/11\/Hair-Salon-Merida-Olaplex-Balayage-Robert-Abuda-Hair-Salon-by-ANGIE-MARCH-10-2018-2.jpg 235w\" sizes=\"auto, (max-width: 520px) 100vw, 520px\" \/><\/a><figcaption>Color with Olaplex and Hair Cut by ANGIE at Robert Abuda Salon 3<\/figcaption><\/figure><\/div>\n\n\n\n<div class=\"wp-block-image\"><figure class=\"alignleft\"><a href=\"http:\/\/www.robertabudasalon.com\/olaplex-merida\/hair-salon-merida-olaplex-balayage-robert-abuda-hair-salon-by-angie-march-10-2018\/\" rel=\"attachment wp-att-6631\"><img loading=\"lazy\" decoding=\"async\" width=\"243\" height=\"547\" src=\"https:\/\/robertabudasalon.com\/wp-content\/uploads\/2018\/11\/Hair-Salon-Merida-Olaplex-Balayage-Robert-Abuda-Hair-Salon-by-ANGIE-MARCH-10-2018.jpg\" alt=\"\" class=\"wp-image-6631\" srcset=\"https:\/\/robertabudasalon.com\/wp-content\/uploads\/2018\/11\/Hair-Salon-Merida-Olaplex-Balayage-Robert-Abuda-Hair-Salon-by-ANGIE-MARCH-10-2018.jpg 243w, https:\/\/robertabudasalon.com\/wp-content\/uploads\/2018\/11\/Hair-Salon-Merida-Olaplex-Balayage-Robert-Abuda-Hair-Salon-by-ANGIE-MARCH-10-2018.jpg 133w\" sizes=\"auto, (max-width: 243px) 100vw, 243px\" \/><\/a><figcaption>Color with Olaplex and Hair Cut by ANGIE at Robert Abuda Salon 4<\/figcaption><\/figure><\/div>\n\n\n\n<div class=\"wp-block-image\"><figure class=\"alignleft\"><a href=\"http:\/\/www.robertabudasalon.com\/olaplex-merida\/merida-salon-de-belleza-facebook-by-angie-color-and-highlights-hair-02-olaplex\/\" rel=\"attachment wp-att-6647\"><img loading=\"lazy\" decoding=\"async\" width=\"625\" height=\"607\" src=\"https:\/\/robertabudasalon.com\/wp-content\/uploads\/2018\/11\/Merida-Salon-de-Belleza-Facebook-by-angie-Color-and-Highlights-Hair-02-Olaplex.jpg\" alt=\"\" class=\"wp-image-6647\" srcset=\"https:\/\/robertabudasalon.com\/wp-content\/uploads\/2018\/11\/Merida-Salon-de-Belleza-Facebook-by-angie-Color-and-Highlights-Hair-02-Olaplex.jpg 625w, https:\/\/robertabudasalon.com\/wp-content\/uploads\/2018\/11\/Merida-Salon-de-Belleza-Facebook-by-angie-Color-and-Highlights-Hair-02-Olaplex.jpg 300w, https:\/\/robertabudasalon.com\/wp-content\/uploads\/2018\/11\/Merida-Salon-de-Belleza-Facebook-by-angie-Color-and-Highlights-Hair-02-Olaplex.jpg 600w\" sizes=\"auto, (max-width: 625px) 100vw, 625px\" \/><\/a><figcaption>Blonde Balayage with Olaplex by ANGIE at Robert Abuda Salon with Hair Cut<\/figcaption><\/figure><\/div>\n\n\n\n<div class=\"wp-block-image\"><figure class=\"alignleft\"><a href=\"http:\/\/www.robertabudasalon.com\/olaplex-merida\/merida-salon-de-belleza-facebook-by-angie-color-and-highlights-2-hair-02-olaplex\/\" rel=\"attachment wp-att-6645\"><img loading=\"lazy\" decoding=\"async\" width=\"324\" height=\"468\" src=\"https:\/\/robertabudasalon.com\/wp-content\/uploads\/2018\/11\/Merida-Salon-de-Belleza-Facebook-by-angie-Color-and-Highlights-2-Hair-02-Olaplex.jpg\" alt=\"\" class=\"wp-image-6645\" srcset=\"https:\/\/robertabudasalon.com\/wp-content\/uploads\/2018\/11\/Merida-Salon-de-Belleza-Facebook-by-angie-Color-and-Highlights-2-Hair-02-Olaplex.jpg 324w, https:\/\/robertabudasalon.com\/wp-content\/uploads\/2018\/11\/Merida-Salon-de-Belleza-Facebook-by-angie-Color-and-Highlights-2-Hair-02-Olaplex.jpg 208w\" sizes=\"auto, (max-width: 324px) 100vw, 324px\" \/><\/a><figcaption>Blonde Balayage with Olaplex by ANGIE at Robert Abuda Salon with Hair Cut 2<\/figcaption><\/figure><\/div>\n\n\n\n<div class=\"wp-block-image\"><figure class=\"alignleft\"><a href=\"http:\/\/www.robertabudasalon.com\/olaplex-merida\/hair-salon-merida-olaplex-balayage-robert-abuda-jan-2018-2\/\" rel=\"attachment wp-att-6635\"><img loading=\"lazy\" decoding=\"async\" width=\"604\" height=\"726\" src=\"https:\/\/robertabudasalon.com\/wp-content\/uploads\/2018\/11\/Hair-Salon-Merida-Olaplex-Balayage-Robert-Abuda-Jan-2018.jpg\" alt=\"\" class=\"wp-image-6635\" srcset=\"https:\/\/robertabudasalon.com\/wp-content\/uploads\/2018\/11\/Hair-Salon-Merida-Olaplex-Balayage-Robert-Abuda-Jan-2018.jpg 604w, https:\/\/robertabudasalon.com\/wp-content\/uploads\/2018\/11\/Hair-Salon-Merida-Olaplex-Balayage-Robert-Abuda-Jan-2018.jpg 250w, https:\/\/robertabudasalon.com\/wp-content\/uploads\/2018\/11\/Hair-Salon-Merida-Olaplex-Balayage-Robert-Abuda-Jan-2018.jpg 600w\" sizes=\"auto, (max-width: 604px) 100vw, 604px\" \/><\/a><figcaption>Olaplex Color and Cut by ANNIE at Robert Abuda Salon in Merida, Paseo de Montejo<\/figcaption><\/figure><\/div>\n\n\n\n<div class=\"wp-block-image\"><figure class=\"alignleft\"><a href=\"http:\/\/www.robertabudasalon.com\/olaplex-merida\/hair-salon-merida-olaplex-balayage-robert-abuda-jan-2018-lge-2\/\" rel=\"attachment wp-att-6633\"><img loading=\"lazy\" decoding=\"async\" width=\"291\" height=\"599\" src=\"https:\/\/robertabudasalon.com\/wp-content\/uploads\/2018\/11\/Hair-Salon-Merida-Olaplex-Balayage-Robert-Abuda-Jan-2018-LGE.jpg\" alt=\"\" class=\"wp-image-6633\" srcset=\"https:\/\/robertabudasalon.com\/wp-content\/uploads\/2018\/11\/Hair-Salon-Merida-Olaplex-Balayage-Robert-Abuda-Jan-2018-LGE.jpg 291w, https:\/\/robertabudasalon.com\/wp-content\/uploads\/2018\/11\/Hair-Salon-Merida-Olaplex-Balayage-Robert-Abuda-Jan-2018-LGE.jpg 146w\" sizes=\"auto, (max-width: 291px) 100vw, 291px\" \/><\/a><figcaption>Olaplex Color and Cut by ANNIE at Robert Abuda Salon in Merida, Paseo de Montejo 2<\/figcaption><\/figure><\/div>\n\n\n\n<div class=\"wp-block-image\"><figure class=\"alignleft\"><a href=\"http:\/\/www.robertabudasalon.com\/olaplex-merida\/jeanne-edwards-salon-de-belleza-merida-red-hair\/\" rel=\"attachment wp-att-6639\"><img loading=\"lazy\" decoding=\"async\" width=\"662\" height=\"509\" src=\"https:\/\/robertabudasalon.com\/wp-content\/uploads\/2018\/11\/Jeanne-Edwards-Salon-de-Belleza-Merida-Red-Hair.jpg\" alt=\"\" class=\"wp-image-6639\" srcset=\"https:\/\/robertabudasalon.com\/wp-content\/uploads\/2018\/11\/Jeanne-Edwards-Salon-de-Belleza-Merida-Red-Hair.jpg 662w, https:\/\/robertabudasalon.com\/wp-content\/uploads\/2018\/11\/Jeanne-Edwards-Salon-de-Belleza-Merida-Red-Hair.jpg 300w, https:\/\/robertabudasalon.com\/wp-content\/uploads\/2018\/11\/Jeanne-Edwards-Salon-de-Belleza-Merida-Red-Hair.jpg 600w\" sizes=\"auto, (max-width: 662px) 100vw, 662px\" \/><\/a><figcaption>Olaplex Color and Cut by ROBERT at Robert Abuda Salon, Merida 2<\/figcaption><\/figure><\/div>\n\n\n\n<div class=\"wp-block-image\"><figure class=\"alignleft\"><a href=\"http:\/\/www.robertabudasalon.com\/olaplex-merida\/jeanne-edwards-salon-de-belleza-merida-red-hair-2\/\" rel=\"attachment wp-att-6637\"><img loading=\"lazy\" decoding=\"async\" width=\"346\" height=\"386\" src=\"https:\/\/robertabudasalon.com\/wp-content\/uploads\/2018\/11\/Jeanne-Edwards-Salon-de-Belleza-Merida-Red-Hair-2.jpg\" alt=\"\" class=\"wp-image-6637\" srcset=\"https:\/\/robertabudasalon.com\/wp-content\/uploads\/2018\/11\/Jeanne-Edwards-Salon-de-Belleza-Merida-Red-Hair-2.jpg 346w, https:\/\/robertabudasalon.com\/wp-content\/uploads\/2018\/11\/Jeanne-Edwards-Salon-de-Belleza-Merida-Red-Hair-2.jpg 269w\" sizes=\"auto, (max-width: 346px) 100vw, 346px\" \/><\/a><figcaption>Olaplex Color and Cut by ROBERT at Robert Abuda Salon, Merida<\/figcaption><\/figure><\/div>\n\n\n\n<div class=\"wp-block-image\"><figure class=\"alignleft\"><a href=\"http:\/\/www.robertabudasalon.com\/olaplex-merida\/merida-salon-de-belleza-facebook-by-angie-at-robert-abuda-hair-salon-color-olaplex\/\" rel=\"attachment wp-att-6643\"><img loading=\"lazy\" decoding=\"async\" width=\"656\" height=\"643\" src=\"https:\/\/robertabudasalon.com\/wp-content\/uploads\/2018\/11\/Merida-Salon-de-Belleza-Facebook-by-angie-at-robert-abuda-hair-salon-Color-Olaplex.jpg\" alt=\"\" class=\"wp-image-6643\" srcset=\"https:\/\/robertabudasalon.com\/wp-content\/uploads\/2018\/11\/Merida-Salon-de-Belleza-Facebook-by-angie-at-robert-abuda-hair-salon-Color-Olaplex.jpg 656w, https:\/\/robertabudasalon.com\/wp-content\/uploads\/2018\/11\/Merida-Salon-de-Belleza-Facebook-by-angie-at-robert-abuda-hair-salon-Color-Olaplex.jpg 300w, https:\/\/robertabudasalon.com\/wp-content\/uploads\/2018\/11\/Merida-Salon-de-Belleza-Facebook-by-angie-at-robert-abuda-hair-salon-Color-Olaplex.jpg 600w\" sizes=\"auto, (max-width: 656px) 100vw, 656px\" \/><\/a><figcaption>Olaplex Ombre Balayage by ANGIE at Robert Abuda Salon, Merida 2<\/figcaption><\/figure><\/div>\n\n\n\n<div class=\"wp-block-image\"><figure class=\"alignleft\"><a href=\"http:\/\/www.robertabudasalon.com\/olaplex-merida\/merida-salon-de-belleza-facebook-by-angie-at-robert-abuda-hair-salon-23-color-olaplex\/\" rel=\"attachment wp-att-6641\"><img loading=\"lazy\" decoding=\"async\" width=\"366\" height=\"506\" src=\"https:\/\/robertabudasalon.com\/wp-content\/uploads\/2018\/11\/Merida-Salon-de-Belleza-Facebook-by-angie-at-robert-abuda-hair-salon-23-Color-Olaplex.jpg\" alt=\"\" class=\"wp-image-6641\" srcset=\"https:\/\/robertabudasalon.com\/wp-content\/uploads\/2018\/11\/Merida-Salon-de-Belleza-Facebook-by-angie-at-robert-abuda-hair-salon-23-Color-Olaplex.jpg 366w, https:\/\/robertabudasalon.com\/wp-content\/uploads\/2018\/11\/Merida-Salon-de-Belleza-Facebook-by-angie-at-robert-abuda-hair-salon-23-Color-Olaplex.jpg 217w\" sizes=\"auto, (max-width: 366px) 100vw, 366px\" \/><\/a><figcaption>Olaplex Ombre Balayage by ANGIE at Robert Abuda Salon, Merida<\/figcaption><\/figure><\/div>\n\n\n\n<div class=\"wp-block-image\"><figure class=\"alignleft\"><a href=\"http:\/\/www.robertabudasalon.com\/olaplex-merida\/salon-de-belleza-merida-color-annie-2018-2\/\" rel=\"attachment wp-att-6606\"><img loading=\"lazy\" decoding=\"async\" width=\"270\" height=\"496\" src=\"https:\/\/robertabudasalon.com\/wp-content\/uploads\/2018\/11\/Salon-de-Belleza-Merida-Color-ANNIE-2018-2.jpg\" alt=\"\" class=\"wp-image-6606\" srcset=\"https:\/\/robertabudasalon.com\/wp-content\/uploads\/2018\/11\/Salon-de-Belleza-Merida-Color-ANNIE-2018-2.jpg 270w, https:\/\/robertabudasalon.com\/wp-content\/uploads\/2018\/11\/Salon-de-Belleza-Merida-Color-ANNIE-2018-2.jpg 163w\" sizes=\"auto, (max-width: 270px) 100vw, 270px\" \/><\/a><figcaption>Blonde Color Correction by ANNIE at Robert Abuda Salon with OLAPLEX 2<\/figcaption><\/figure><\/div>\n\n\n\n<div class=\"wp-block-image\"><figure class=\"alignleft\"><a href=\"http:\/\/www.robertabudasalon.com\/olaplex-merida\/salon-de-belleza-merida-color-annie-2018\/\" rel=\"attachment wp-att-6604\"><img loading=\"lazy\" decoding=\"async\" width=\"585\" height=\"622\" src=\"https:\/\/robertabudasalon.com\/wp-content\/uploads\/2018\/11\/Salon-de-Belleza-Merida-Color-ANNIE-2018.jpg\" alt=\"\" class=\"wp-image-6604\" srcset=\"https:\/\/robertabudasalon.com\/wp-content\/uploads\/2018\/11\/Salon-de-Belleza-Merida-Color-ANNIE-2018.jpg 585w, https:\/\/robertabudasalon.com\/wp-content\/uploads\/2018\/11\/Salon-de-Belleza-Merida-Color-ANNIE-2018.jpg 282w\" sizes=\"auto, (max-width: 585px) 100vw, 585px\" \/><\/a><figcaption>Blonde Color Correction by ANNIE at Robert Abuda Salon with OLAPLEX<\/figcaption><\/figure><\/div>\n\n\n\n<div class=\"wp-block-image\"><figure class=\"alignleft\"><a href=\"http:\/\/www.robertabudasalon.com\/olaplex-merida\/salon-de-belleza-merida-hair-olaplex-paseo-de-montejo-2\/\" rel=\"attachment wp-att-6592\"><img loading=\"lazy\" decoding=\"async\" width=\"337\" height=\"600\" src=\"https:\/\/robertabudasalon.com\/wp-content\/uploads\/2018\/11\/Salon-de-Belleza-Merida-Hair-Olaplex-Paseo-de-Montejo-2.jpg\" alt=\"\" class=\"wp-image-6592\" srcset=\"https:\/\/robertabudasalon.com\/wp-content\/uploads\/2018\/11\/Salon-de-Belleza-Merida-Hair-Olaplex-Paseo-de-Montejo-2.jpg 337w, https:\/\/robertabudasalon.com\/wp-content\/uploads\/2018\/11\/Salon-de-Belleza-Merida-Hair-Olaplex-Paseo-de-Montejo-2.jpg 169w\" sizes=\"auto, (max-width: 337px) 100vw, 337px\" \/><\/a><figcaption>Purple Rain Balayage by ANGIE at Robert Abuda Salon Merida<\/figcaption><\/figure><\/div>\n\n\n\n<div class=\"wp-block-image\"><figure class=\"alignleft\"><a href=\"http:\/\/www.robertabudasalon.com\/olaplex-merida\/salon-de-belleza-merida-hair-olaplex-paseo-de-montejo\/\" rel=\"attachment wp-att-6594\"><img loading=\"lazy\" decoding=\"async\" width=\"661\" height=\"726\" src=\"https:\/\/robertabudasalon.com\/wp-content\/uploads\/2018\/11\/Salon-de-Belleza-Merida-Hair-Olaplex-Paseo-de-Montejo.jpg\" alt=\"\" class=\"wp-image-6594\" srcset=\"https:\/\/robertabudasalon.com\/wp-content\/uploads\/2018\/11\/Salon-de-Belleza-Merida-Hair-Olaplex-Paseo-de-Montejo.jpg 661w, https:\/\/robertabudasalon.com\/wp-content\/uploads\/2018\/11\/Salon-de-Belleza-Merida-Hair-Olaplex-Paseo-de-Montejo.jpg 273w, https:\/\/robertabudasalon.com\/wp-content\/uploads\/2018\/11\/Salon-de-Belleza-Merida-Hair-Olaplex-Paseo-de-Montejo.jpg 600w\" sizes=\"auto, (max-width: 661px) 100vw, 661px\" \/><\/a><figcaption>Before &amp; After &#8211; Purple Rain Balayage by ANGIE at Robert Abuda Salon Merida<\/figcaption><\/figure><\/div>\n\n\n\n<div class=\"wp-block-image\"><figure class=\"alignleft\"><a href=\"http:\/\/www.robertabudasalon.com\/olaplex-merida\/salon-de-belleza-merida-hair-olaplex-rob-abuda-feb-20-2018-2\/\" rel=\"attachment wp-att-6596\"><img loading=\"lazy\" decoding=\"async\" width=\"300\" height=\"445\" src=\"https:\/\/robertabudasalon.com\/wp-content\/uploads\/2018\/11\/Salon-de-Belleza-Merida-Hair-Olaplex-Rob-Abuda-Feb-20-2018-2.jpg\" alt=\"\" class=\"wp-image-6596\" srcset=\"https:\/\/robertabudasalon.com\/wp-content\/uploads\/2018\/11\/Salon-de-Belleza-Merida-Hair-Olaplex-Rob-Abuda-Feb-20-2018-2.jpg 300w, https:\/\/robertabudasalon.com\/wp-content\/uploads\/2018\/11\/Salon-de-Belleza-Merida-Hair-Olaplex-Rob-Abuda-Feb-20-2018-2.jpg 202w\" sizes=\"auto, (max-width: 300px) 100vw, 300px\" \/><\/a><figcaption>Caramel Balayage by ANGIE at Robert Abuda Salon with OLAPLEX<\/figcaption><\/figure><\/div>\n\n\n\n<div class=\"wp-block-image\"><figure class=\"alignleft\"><a href=\"http:\/\/www.robertabudasalon.com\/olaplex-merida\/salon-de-belleza-merida-hair-olaplex-rob-abuda-feb-20-2018\/\" rel=\"attachment wp-att-6598\"><img loading=\"lazy\" decoding=\"async\" width=\"599\" height=\"545\" src=\"https:\/\/robertabudasalon.com\/wp-content\/uploads\/2018\/11\/Salon-de-Belleza-Merida-Hair-Olaplex-Rob-Abuda-Feb-20-2018.jpg\" alt=\"\" class=\"wp-image-6598\" srcset=\"https:\/\/robertabudasalon.com\/wp-content\/uploads\/2018\/11\/Salon-de-Belleza-Merida-Hair-Olaplex-Rob-Abuda-Feb-20-2018.jpg 599w, https:\/\/robertabudasalon.com\/wp-content\/uploads\/2018\/11\/Salon-de-Belleza-Merida-Hair-Olaplex-Rob-Abuda-Feb-20-2018.jpg 300w\" sizes=\"auto, (max-width: 599px) 100vw, 599px\" \/><\/a><figcaption>Before &amp; After &#8211; Caramel Balayage by ANGIE at Robert Abuda Salon with OLAPLEX 2<\/figcaption><\/figure><\/div>\n\n\n\n<div class=\"wp-block-image\"><figure class=\"alignleft\"><a href=\"http:\/\/www.robertabudasalon.com\/olaplex-merida\/salon-de-belleza-hair-in-merida-by-angie-paseo-de-montejo-1\/\" rel=\"attachment wp-att-6588\"><img loading=\"lazy\" decoding=\"async\" width=\"297\" height=\"597\" src=\"https:\/\/robertabudasalon.com\/wp-content\/uploads\/2018\/11\/Salon-de-Belleza-Hair-in-Merida-by-Angie-Paseo-de-Montejo-1.jpg\" alt=\"\" class=\"wp-image-6588\" srcset=\"https:\/\/robertabudasalon.com\/wp-content\/uploads\/2018\/11\/Salon-de-Belleza-Hair-in-Merida-by-Angie-Paseo-de-Montejo-1.jpg 297w, https:\/\/robertabudasalon.com\/wp-content\/uploads\/2018\/11\/Salon-de-Belleza-Hair-in-Merida-by-Angie-Paseo-de-Montejo-1.jpg 149w\" sizes=\"auto, (max-width: 297px) 100vw, 297px\" \/><\/a><figcaption>Silver Balayage by ANGIE in Merida<\/figcaption><\/figure><\/div>\n\n\n\n<div class=\"wp-block-image\"><figure class=\"alignleft\"><a href=\"http:\/\/www.robertabudasalon.com\/olaplex-merida\/salon-de-belleza-hair-in-merida-by-angie-paseo-de-montejo\/\" rel=\"attachment wp-att-6590\"><img loading=\"lazy\" decoding=\"async\" width=\"665\" height=\"704\" src=\"https:\/\/robertabudasalon.com\/wp-content\/uploads\/2018\/11\/Salon-de-Belleza-Hair-in-Merida-by-Angie-Paseo-de-Montejo.jpg\" alt=\"\" class=\"wp-image-6590\" srcset=\"https:\/\/robertabudasalon.com\/wp-content\/uploads\/2018\/11\/Salon-de-Belleza-Hair-in-Merida-by-Angie-Paseo-de-Montejo.jpg 665w, https:\/\/robertabudasalon.com\/wp-content\/uploads\/2018\/11\/Salon-de-Belleza-Hair-in-Merida-by-Angie-Paseo-de-Montejo.jpg 283w, https:\/\/robertabudasalon.com\/wp-content\/uploads\/2018\/11\/Salon-de-Belleza-Hair-in-Merida-by-Angie-Paseo-de-Montejo.jpg 600w\" sizes=\"auto, (max-width: 665px) 100vw, 665px\" \/><\/a><figcaption>Silver Balayage by ANGIE in Merida with OLAPLEX<\/figcaption><\/figure><\/div>\n\n\n\n<div class=\"wp-block-image\"><figure class=\"alignleft\"><a href=\"http:\/\/www.robertabudasalon.com\/olaplex-merida\/merida-salon-de-belleza-hair-salon-robert-abuda\/\" rel=\"attachment wp-att-6585\"><img loading=\"lazy\" decoding=\"async\" width=\"767\" height=\"726\" src=\"https:\/\/robertabudasalon.com\/wp-content\/uploads\/2018\/11\/Merida-Salon-de-Belleza-Hair-Salon-Robert-Abuda.jpg\" alt=\"\" class=\"wp-image-6585\" srcset=\"https:\/\/robertabudasalon.com\/wp-content\/uploads\/2018\/11\/Merida-Salon-de-Belleza-Hair-Salon-Robert-Abuda.jpg 767w, https:\/\/robertabudasalon.com\/wp-content\/uploads\/2018\/11\/Merida-Salon-de-Belleza-Hair-Salon-Robert-Abuda.jpg 300w, https:\/\/robertabudasalon.com\/wp-content\/uploads\/2018\/11\/Merida-Salon-de-Belleza-Hair-Salon-Robert-Abuda.jpg 600w\" sizes=\"auto, (max-width: 714px) 100vw, 714px\" \/><\/a><figcaption>Ombre with Olaplex by ANGIE | Merida Mexico<\/figcaption><\/figure><\/div>\n\n\n\n<div class=\"wp-block-image\"><figure class=\"alignleft\"><a href=\"http:\/\/www.robertabudasalon.com\/olaplex-merida\/merida-salon-de-belleza-hair-salon-robert-abuda-4\/\" rel=\"attachment wp-att-6583\"><img loading=\"lazy\" decoding=\"async\" width=\"300\" height=\"445\" src=\"https:\/\/robertabudasalon.com\/wp-content\/uploads\/2018\/11\/Merida-Salon-de-Belleza-Hair-Salon-Robert-Abuda-4.jpg\" alt=\"\" class=\"wp-image-6583\" srcset=\"https:\/\/robertabudasalon.com\/wp-content\/uploads\/2018\/11\/Merida-Salon-de-Belleza-Hair-Salon-Robert-Abuda-4.jpg 300w, https:\/\/robertabudasalon.com\/wp-content\/uploads\/2018\/11\/Merida-Salon-de-Belleza-Hair-Salon-Robert-Abuda-4.jpg 202w\" sizes=\"auto, (max-width: 300px) 100vw, 300px\" \/><\/a><figcaption>Ombre with Olaplex by ANGIE | Merida Mexico 2<\/figcaption><\/figure><\/div>\n\n\n\n<div class=\"wp-block-image\"><figure class=\"alignleft\"><a href=\"http:\/\/www.robertabudasalon.com\/olaplex-merida\/salon-de-belleza-merida-angie-robert-abuda-salon-blonde-olaplex-2\/\" rel=\"attachment wp-att-6581\"><img loading=\"lazy\" decoding=\"async\" width=\"264\" height=\"506\" src=\"https:\/\/robertabudasalon.com\/wp-content\/uploads\/2018\/11\/Salon-de-belleza-Merida-Angie-Robert-Abuda-Salon-Blonde-Olaplex-2.jpg\" alt=\"\" class=\"wp-image-6581\" srcset=\"https:\/\/robertabudasalon.com\/wp-content\/uploads\/2018\/11\/Salon-de-belleza-Merida-Angie-Robert-Abuda-Salon-Blonde-Olaplex-2.jpg 264w, https:\/\/robertabudasalon.com\/wp-content\/uploads\/2018\/11\/Salon-de-belleza-Merida-Angie-Robert-Abuda-Salon-Blonde-Olaplex-2.jpg 157w\" sizes=\"auto, (max-width: 264px) 100vw, 264px\" \/><\/a><figcaption>Blonde Hair Balayged by Angie with Olaplex in Merida<\/figcaption><\/figure><\/div>\n\n\n\n<div class=\"wp-block-image\"><figure class=\"alignleft\"><a href=\"http:\/\/www.robertabudasalon.com\/olaplex-merida\/salon-de-belleza-merida-angie-robert-abuda-salon-blonde-olaplex\/\" rel=\"attachment wp-att-6579\"><img loading=\"lazy\" decoding=\"async\" width=\"564\" height=\"643\" src=\"https:\/\/robertabudasalon.com\/wp-content\/uploads\/2018\/11\/Salon-de-belleza-Merida-Angie-Robert-Abuda-Salon-Blonde-Olaplex.jpg\" alt=\"\" class=\"wp-image-6579\" srcset=\"https:\/\/robertabudasalon.com\/wp-content\/uploads\/2018\/11\/Salon-de-belleza-Merida-Angie-Robert-Abuda-Salon-Blonde-Olaplex.jpg 564w, https:\/\/robertabudasalon.com\/wp-content\/uploads\/2018\/11\/Salon-de-belleza-Merida-Angie-Robert-Abuda-Salon-Blonde-Olaplex.jpg 263w\" sizes=\"auto, (max-width: 564px) 100vw, 564px\" \/><\/a><figcaption>Blonde Hair Balayged by Angie with Olaplex in Merida<\/figcaption><\/figure><\/div>\n\n\n\n<div class=\"wp-block-image\"><figure class=\"alignleft\"><a href=\"http:\/\/www.robertabudasalon.com\/olaplex-merida\/salon-de-belleza-olaplex-tratamiento-mini-verano-2018\/\" rel=\"attachment wp-att-6577\"><img loading=\"lazy\" decoding=\"async\" width=\"722\" height=\"631\" src=\"https:\/\/robertabudasalon.com\/wp-content\/uploads\/2018\/11\/Salon-de-Belleza-Olaplex-Tratamiento-MINI-Verano-2018.jpg\" alt=\"\" class=\"wp-image-6577\" srcset=\"https:\/\/robertabudasalon.com\/wp-content\/uploads\/2018\/11\/Salon-de-Belleza-Olaplex-Tratamiento-MINI-Verano-2018.jpg 722w, https:\/\/robertabudasalon.com\/wp-content\/uploads\/2018\/11\/Salon-de-Belleza-Olaplex-Tratamiento-MINI-Verano-2018.jpg 300w, https:\/\/robertabudasalon.com\/wp-content\/uploads\/2018\/11\/Salon-de-Belleza-Olaplex-Tratamiento-MINI-Verano-2018.jpg 600w\" sizes=\"auto, (max-width: 714px) 100vw, 714px\" \/><\/a><figcaption>Olaplex Babylights and Treatment by ANGIE | Merida<\/figcaption><\/figure><\/div>\n\n\n\n<div class=\"wp-block-image\"><figure class=\"alignleft\"><a href=\"http:\/\/www.robertabudasalon.com\/olaplex-merida\/salon-de-belleza-olaplex-tratamiento-mini-verano-2018-2\/\" rel=\"attachment wp-att-6575\"><img loading=\"lazy\" decoding=\"async\" width=\"338\" height=\"496\" src=\"https:\/\/robertabudasalon.com\/wp-content\/uploads\/2018\/11\/Salon-de-Belleza-Olaplex-Tratamiento-MINI-Verano-2018-2.jpg\" alt=\"\" class=\"wp-image-6575\" srcset=\"https:\/\/robertabudasalon.com\/wp-content\/uploads\/2018\/11\/Salon-de-Belleza-Olaplex-Tratamiento-MINI-Verano-2018-2.jpg 338w, https:\/\/robertabudasalon.com\/wp-content\/uploads\/2018\/11\/Salon-de-Belleza-Olaplex-Tratamiento-MINI-Verano-2018-2.jpg 204w\" sizes=\"auto, (max-width: 338px) 100vw, 338px\" \/><\/a><figcaption>Olaplex Babylights and Treatment by ANGIE | Merida<\/figcaption><\/figure><\/div>\n\n\n\n<div class=\"wp-block-image\"><figure class=\"alignleft\"><a href=\"http:\/\/www.robertabudasalon.com\/olaplex-merida\/salon-de-belleza-merida-hair-salon-olaplex-by-robert-abuda-1\/\" rel=\"attachment wp-att-6571\"><img loading=\"lazy\" decoding=\"async\" width=\"377\" height=\"506\" src=\"https:\/\/robertabudasalon.com\/wp-content\/uploads\/2018\/11\/Salon-de-Belleza-Merida-Hair-Salon-Olaplex-by-Robert-Abuda-1.jpg\" alt=\"\" class=\"wp-image-6571\" srcset=\"https:\/\/robertabudasalon.com\/wp-content\/uploads\/2018\/11\/Salon-de-Belleza-Merida-Hair-Salon-Olaplex-by-Robert-Abuda-1.jpg 377w, https:\/\/robertabudasalon.com\/wp-content\/uploads\/2018\/11\/Salon-de-Belleza-Merida-Hair-Salon-Olaplex-by-Robert-Abuda-1.jpg 224w\" sizes=\"auto, (max-width: 377px) 100vw, 377px\" \/><\/a><figcaption>Hair Color by Robert Abuda in Merida with Olaplex<\/figcaption><\/figure><\/div>\n\n\n\n<div class=\"wp-block-image\"><figure class=\"alignleft\"><a href=\"http:\/\/www.robertabudasalon.com\/olaplex-merida\/salon-de-belleza-merida-hair-salon-olaplex-by-robert-abuda\/\" rel=\"attachment wp-att-6573\"><img loading=\"lazy\" decoding=\"async\" width=\"750\" height=\"643\" src=\"https:\/\/robertabudasalon.com\/wp-content\/uploads\/2018\/11\/Salon-de-Belleza-Merida-Hair-Salon-Olaplex-by-Robert-Abuda.jpg\" alt=\"\" class=\"wp-image-6573\" srcset=\"https:\/\/robertabudasalon.com\/wp-content\/uploads\/2018\/11\/Salon-de-Belleza-Merida-Hair-Salon-Olaplex-by-Robert-Abuda.jpg 750w, https:\/\/robertabudasalon.com\/wp-content\/uploads\/2018\/11\/Salon-de-Belleza-Merida-Hair-Salon-Olaplex-by-Robert-Abuda.jpg 300w, https:\/\/robertabudasalon.com\/wp-content\/uploads\/2018\/11\/Salon-de-Belleza-Merida-Hair-Salon-Olaplex-by-Robert-Abuda.jpg 600w\" sizes=\"auto, (max-width: 714px) 100vw, 714px\" \/><\/a><figcaption>Hair Color by Robert Abuda in Merida with Olaplex 2<br><\/figcaption><\/figure><\/div>\n\n\n\n<figure class=\"wp-block-image\"><img loading=\"lazy\" decoding=\"async\" width=\"319\" height=\"498\" src=\"https:\/\/robertabudasalon.com\/wp-content\/uploads\/2019\/04\/Salon-de-Belleza-Merida-Olaplex-Balayage-Robert-Abuda.jpg\" alt=\"\" class=\"wp-image-9023\" srcset=\"https:\/\/robertabudasalon.com\/wp-content\/uploads\/2019\/04\/Salon-de-Belleza-Merida-Olaplex-Balayage-Robert-Abuda.jpg 319w, https:\/\/robertabudasalon.com\/wp-content\/uploads\/2019\/04\/Salon-de-Belleza-Merida-Olaplex-Balayage-Robert-Abuda.jpg 192w\" sizes=\"auto, (max-width: 319px) 100vw, 319px\" \/><figcaption>Olaplex Blonde Balayage by Robert Abuda, Hair Salon Merida<\/figcaption><\/figure>\n\n\n\n<div class=\"wp-block-image\"><figure class=\"alignleft\"><a href=\"http:\/\/www.robertabudasalon.com\/olaplex-merida\/hair-salon-merida-olaplex-balayage-rob\/\" rel=\"attachment wp-att-6569\"><img loading=\"lazy\" decoding=\"async\" width=\"665\" height=\"624\" src=\"https:\/\/robertabudasalon.com\/wp-content\/uploads\/2018\/11\/Hair-Salon-Merida-Olaplex-Balayage-Rob.jpg\" alt=\"Blonde Olaplex Merida Hair\" class=\"wp-image-6569\" srcset=\"https:\/\/robertabudasalon.com\/wp-content\/uploads\/2018\/11\/Hair-Salon-Merida-Olaplex-Balayage-Rob.jpg 665w, https:\/\/robertabudasalon.com\/wp-content\/uploads\/2018\/11\/Hair-Salon-Merida-Olaplex-Balayage-Rob.jpg 300w, https:\/\/robertabudasalon.com\/wp-content\/uploads\/2018\/11\/Hair-Salon-Merida-Olaplex-Balayage-Rob.jpg 600w\" sizes=\"auto, (max-width: 665px) 100vw, 665px\" \/><\/a><figcaption>Beige Blonde Hair by Robert Abuda in Merida with Olaplex<br><\/figcaption><\/figure><\/div>\n\n\n\n<div class=\"wp-block-image\"><figure class=\"alignleft\"><a href=\"http:\/\/robertabudasalon.com\/olaplex-salon-de-belleza-merida\/hair-salon-merida-olaplex-robert-abuda-salon-hotel-zone\/\" rel=\"attachment wp-att-5018\"><img loading=\"lazy\" decoding=\"async\" width=\"500\" height=\"675\" src=\"https:\/\/robertabudasalon.com\/wp-content\/uploads\/2018\/06\/Hair-Salon-Merida-Olaplex-Robert-Abuda-Salon-Hotel-Zone.jpg\" alt=\"unicorn hair by rob abuda\" class=\"wp-image-5018\" srcset=\"https:\/\/robertabudasalon.com\/wp-content\/uploads\/2018\/06\/Hair-Salon-Merida-Olaplex-Robert-Abuda-Salon-Hotel-Zone.jpg 500w, https:\/\/robertabudasalon.com\/wp-content\/uploads\/2018\/06\/Hair-Salon-Merida-Olaplex-Robert-Abuda-Salon-Hotel-Zone.jpg 222w\" sizes=\"auto, (max-width: 500px) 100vw, 500px\" \/><\/a><figcaption>Mermaid Hair 2 by Robert Abuda | Salon de Belleza Merida, MEXICO<\/figcaption><\/figure><\/div>\n\n\n\n<div class=\"wp-block-image\"><figure class=\"alignleft\"><a href=\"http:\/\/robertabudasalon.com\/olaplex-salon-de-belleza-merida\/salon-de-belleza-merida-olaplex-rob-abuda-may-22-2018\/\" rel=\"attachment wp-att-5037\"><img loading=\"lazy\" decoding=\"async\" width=\"707\" height=\"534\" src=\"https:\/\/robertabudasalon.com\/wp-content\/uploads\/2018\/06\/Salon-de-Belleza-Merida-Olaplex-Rob-Abuda-May-22-2018.jpg\" alt=\"Hair Salon in Merida by Robert Abuda\" class=\"wp-image-5037\" srcset=\"https:\/\/robertabudasalon.com\/wp-content\/uploads\/2018\/06\/Salon-de-Belleza-Merida-Olaplex-Rob-Abuda-May-22-2018.jpg 707w, https:\/\/robertabudasalon.com\/wp-content\/uploads\/2018\/06\/Salon-de-Belleza-Merida-Olaplex-Rob-Abuda-May-22-2018.jpg 600w, https:\/\/robertabudasalon.com\/wp-content\/uploads\/2018\/06\/Salon-de-Belleza-Merida-Olaplex-Rob-Abuda-May-22-2018.jpg 300w\" sizes=\"auto, (max-width: 707px) 100vw, 707px\" \/><\/a><figcaption>Mermaid Hair by Robert Abuda | Salon de Belleza Merida, MEXICO<\/figcaption><\/figure><\/div>\n\n\n\n<div class=\"wp-block-image\"><figure class=\"alignleft\"><a href=\"http:\/\/robertabudasalon.com\/olaplex-salon-de-belleza-merida\/salon-de-belleza-merida-olaplex-balayage-robert-abuda-7\/\" rel=\"attachment wp-att-5024\"><img loading=\"lazy\" decoding=\"async\" width=\"300\" height=\"531\" src=\"https:\/\/robertabudasalon.com\/wp-content\/uploads\/2018\/06\/Salon-de-Belleza-Merida-Olaplex-Balayage-Robert-Abuda-7.jpg\" alt=\"Salon Hair and Beauty in Merida\" class=\"wp-image-5024\" srcset=\"https:\/\/robertabudasalon.com\/wp-content\/uploads\/2018\/06\/Salon-de-Belleza-Merida-Olaplex-Balayage-Robert-Abuda-7.jpg 300w, https:\/\/robertabudasalon.com\/wp-content\/uploads\/2018\/06\/Salon-de-Belleza-Merida-Olaplex-Balayage-Robert-Abuda-7.jpg 169w\" sizes=\"auto, (max-width: 300px) 100vw, 300px\" \/><\/a><figcaption>Balayage with Olaplex by Robert Abuda, Merida MX<\/figcaption><\/figure><\/div>\n\n\n\n<div class=\"wp-block-image\"><figure class=\"alignleft\"><a href=\"http:\/\/robertabudasalon.com\/olaplex-salon-de-belleza-merida\/salon-de-belleza-merida-olaplex-balayage-robert-abuda\/\" rel=\"attachment wp-att-5025\"><img loading=\"lazy\" decoding=\"async\" width=\"738\" height=\"900\" src=\"https:\/\/robertabudasalon.com\/wp-content\/uploads\/2018\/06\/Salon-de-Belleza-Merida-Olaplex-Balayage-Robert-Abuda.jpg\" alt=\"Before and After Blonde Hair Merida Balayage\" class=\"wp-image-5025\" srcset=\"https:\/\/robertabudasalon.com\/wp-content\/uploads\/2018\/06\/Salon-de-Belleza-Merida-Olaplex-Balayage-Robert-Abuda.jpg 738w, https:\/\/robertabudasalon.com\/wp-content\/uploads\/2018\/06\/Salon-de-Belleza-Merida-Olaplex-Balayage-Robert-Abuda.jpg 600w, https:\/\/robertabudasalon.com\/wp-content\/uploads\/2018\/06\/Salon-de-Belleza-Merida-Olaplex-Balayage-Robert-Abuda.jpg 246w\" sizes=\"auto, (max-width: 714px) 100vw, 714px\" \/><\/a><figcaption>Blonde Balayage with Olaplex by Robert Abuda in Merida, Mexico<\/figcaption><\/figure><\/div>\n\n\n\n<div class=\"wp-block-image\"><figure class=\"alignleft\"><a href=\"http:\/\/robertabudasalon.com\/olaplex-salon-de-belleza-merida\/salon-de-belleza-merida-olaplex-angie-march-2018\/\" rel=\"attachment wp-att-5023\"><img loading=\"lazy\" decoding=\"async\" width=\"584\" height=\"607\" src=\"https:\/\/robertabudasalon.com\/wp-content\/uploads\/2018\/06\/Salon-de-Belleza-Merida-Olaplex-Angie-March-2018.jpg\" alt=\"Salon de Belleza en Merida Hair Salon\" class=\"wp-image-5023\" srcset=\"https:\/\/robertabudasalon.com\/wp-content\/uploads\/2018\/06\/Salon-de-Belleza-Merida-Olaplex-Angie-March-2018.jpg 584w, https:\/\/robertabudasalon.com\/wp-content\/uploads\/2018\/06\/Salon-de-Belleza-Merida-Olaplex-Angie-March-2018.jpg 289w\" sizes=\"auto, (max-width: 584px) 100vw, 584px\" \/><\/a><figcaption>Hair Color by ANGIE, Merida Mexico<\/figcaption><\/figure><\/div>\n\n\n\n<div class=\"wp-block-image\"><figure class=\"alignleft\"><a href=\"http:\/\/robertabudasalon.com\/olaplex-salon-de-belleza-merida\/salon-de-belleza-merida-olaplex-angie-march-15-2018\/\" rel=\"attachment wp-att-5022\"><img loading=\"lazy\" decoding=\"async\" width=\"280\" height=\"498\" src=\"https:\/\/robertabudasalon.com\/wp-content\/uploads\/2018\/06\/Salon-de-Belleza-Merida-Olaplex-Angie-March-15-2018.jpg\" alt=\"Merida Mexico Hair and beauty Salon\" class=\"wp-image-5022\" srcset=\"https:\/\/robertabudasalon.com\/wp-content\/uploads\/2018\/06\/Salon-de-Belleza-Merida-Olaplex-Angie-March-15-2018.jpg 280w, https:\/\/robertabudasalon.com\/wp-content\/uploads\/2018\/06\/Salon-de-Belleza-Merida-Olaplex-Angie-March-15-2018.jpg 169w\" sizes=\"auto, (max-width: 280px) 100vw, 280px\" \/><\/a><figcaption>Hair Color by ANGIE and Olaplex in Merida<\/figcaption><\/figure><\/div>\n\n\n\n<div class=\"wp-block-image\"><figure class=\"alignleft\"><a href=\"http:\/\/robertabudasalon.com\/olaplex-salon-de-belleza-merida\/salon-de-belleza-merida-olaplex-rob-abuda-jan-2018\/\" rel=\"attachment wp-att-5032\"><img loading=\"lazy\" decoding=\"async\" width=\"584\" height=\"550\" src=\"https:\/\/robertabudasalon.com\/wp-content\/uploads\/2018\/06\/Salon-de-Belleza-Merida-Olaplex-Rob-Abuda-Jan-2018.jpg\" alt=\"Hair Salon in Merida Mexico\" class=\"wp-image-5032\" srcset=\"https:\/\/robertabudasalon.com\/wp-content\/uploads\/2018\/06\/Salon-de-Belleza-Merida-Olaplex-Rob-Abuda-Jan-2018.jpg 584w, https:\/\/robertabudasalon.com\/wp-content\/uploads\/2018\/06\/Salon-de-Belleza-Merida-Olaplex-Rob-Abuda-Jan-2018.jpg 300w\" sizes=\"auto, (max-width: 584px) 100vw, 584px\" \/><\/a><figcaption>Hair Color with Babylights by ROBERT ABUDA, Merida<\/figcaption><\/figure><\/div>\n\n\n\n<div class=\"wp-block-image\"><figure class=\"alignleft\"><a href=\"http:\/\/robertabudasalon.com\/olaplex-salon-de-belleza-merida\/salon-de-belleza-merida-olaplex-rob-abuda-2-jan-2018\/\" rel=\"attachment wp-att-5031\"><img loading=\"lazy\" decoding=\"async\" width=\"306\" height=\"441\" src=\"https:\/\/robertabudasalon.com\/wp-content\/uploads\/2018\/06\/Salon-de-Belleza-Merida-Olaplex-Rob-Abuda-2-Jan-2018.jpg\" alt=\"\" class=\"wp-image-5031\" srcset=\"https:\/\/robertabudasalon.com\/wp-content\/uploads\/2018\/06\/Salon-de-Belleza-Merida-Olaplex-Rob-Abuda-2-Jan-2018.jpg 306w, https:\/\/robertabudasalon.com\/wp-content\/uploads\/2018\/06\/Salon-de-Belleza-Merida-Olaplex-Rob-Abuda-2-Jan-2018.jpg 208w\" sizes=\"auto, (max-width: 306px) 100vw, 306px\" \/><\/a><figcaption>Hair Color with Babylights by ROBERT ABUDA, Merida 2<\/figcaption><\/figure><\/div>\n\n\n\n<div class=\"wp-block-image\"><figure class=\"alignleft\"><a href=\"http:\/\/robertabudasalon.com\/olaplex-salon-de-belleza-merida\/salon-de-belleza-merida-olaplex-angie-feb-2018\/\" rel=\"attachment wp-att-5021\"><img loading=\"lazy\" decoding=\"async\" width=\"584\" height=\"607\" src=\"https:\/\/robertabudasalon.com\/wp-content\/uploads\/2018\/06\/Salon-de-Belleza-Merida-Olaplex-Angie-Feb-2018.jpg\" alt=\"Abuda Salon Robert Merida\" class=\"wp-image-5021\" srcset=\"https:\/\/robertabudasalon.com\/wp-content\/uploads\/2018\/06\/Salon-de-Belleza-Merida-Olaplex-Angie-Feb-2018.jpg 584w, https:\/\/robertabudasalon.com\/wp-content\/uploads\/2018\/06\/Salon-de-Belleza-Merida-Olaplex-Angie-Feb-2018.jpg 289w\" sizes=\"auto, (max-width: 584px) 100vw, 584px\" \/><\/a><figcaption>Hair Color by ANGIE at Robert Abuda Salon in Merida<\/figcaption><\/figure><\/div>\n\n\n\n<div class=\"wp-block-image\"><figure class=\"alignleft\"><a href=\"http:\/\/robertabudasalon.com\/olaplex-salon-de-belleza-merida\/salon-de-belleza-merida-olaplex-angie-feb-2018-lge\/\" rel=\"attachment wp-att-5020\"><img loading=\"lazy\" decoding=\"async\" width=\"289\" height=\"497\" src=\"https:\/\/robertabudasalon.com\/wp-content\/uploads\/2018\/06\/Salon-de-Belleza-Merida-Olaplex-Angie-Feb-2018-LGE.jpg\" alt=\"Salon Robert Abuda Merida by ANGIE\" class=\"wp-image-5020\" srcset=\"https:\/\/robertabudasalon.com\/wp-content\/uploads\/2018\/06\/Salon-de-Belleza-Merida-Olaplex-Angie-Feb-2018-LGE.jpg 289w, https:\/\/robertabudasalon.com\/wp-content\/uploads\/2018\/06\/Salon-de-Belleza-Merida-Olaplex-Angie-Feb-2018-LGE.jpg 174w\" sizes=\"auto, (max-width: 289px) 100vw, 289px\" \/><\/a><figcaption>Hair Color by ANGIE at Robert Abuda Salon in Merida 2<\/figcaption><\/figure><\/div>\n\n\n\n<div class=\"wp-block-image\"><figure class=\"alignleft\"><a href=\"http:\/\/robertabudasalon.com\/olaplex-salon-de-belleza-merida\/salon-de-belleza-merida-olaplex-feb-2018\/\" rel=\"attachment wp-att-5030\"><img loading=\"lazy\" decoding=\"async\" width=\"584\" height=\"607\" src=\"https:\/\/robertabudasalon.com\/wp-content\/uploads\/2018\/06\/Salon-de-Belleza-Merida-Olaplex-Feb-2018.jpg\" alt=\"Hair Balayage Robert Abuda Salon\" class=\"wp-image-5030\" srcset=\"https:\/\/robertabudasalon.com\/wp-content\/uploads\/2018\/06\/Salon-de-Belleza-Merida-Olaplex-Feb-2018.jpg 584w, https:\/\/robertabudasalon.com\/wp-content\/uploads\/2018\/06\/Salon-de-Belleza-Merida-Olaplex-Feb-2018.jpg 289w\" sizes=\"auto, (max-width: 584px) 100vw, 584px\" \/><\/a><figcaption>Blonde Balayage by Robert Abuda, Merida MEX<\/figcaption><\/figure><\/div>\n\n\n\n<div class=\"wp-block-image\"><figure class=\"alignleft\"><a href=\"http:\/\/robertabudasalon.com\/olaplex-salon-de-belleza-merida\/salon-de-belleza-merida-olaplex-2-feb-2018\/\" rel=\"attachment wp-att-5019\"><img loading=\"lazy\" decoding=\"async\" width=\"305\" height=\"497\" src=\"https:\/\/robertabudasalon.com\/wp-content\/uploads\/2018\/06\/Salon-de-Belleza-Merida-Olaplex-2-Feb-2018.jpg\" alt=\"Salon Robert Abuda de Belleza Merida\" class=\"wp-image-5019\" srcset=\"https:\/\/robertabudasalon.com\/wp-content\/uploads\/2018\/06\/Salon-de-Belleza-Merida-Olaplex-2-Feb-2018.jpg 305w, https:\/\/robertabudasalon.com\/wp-content\/uploads\/2018\/06\/Salon-de-Belleza-Merida-Olaplex-2-Feb-2018.jpg 184w\" sizes=\"auto, (max-width: 305px) 100vw, 305px\" \/><\/a><figcaption>Blonde Balayage by Robert Abuda, Merida MEX 2<\/figcaption><\/figure><\/div>\n\n\n\n<div class=\"wp-block-image\"><figure class=\"alignleft\"><a href=\"http:\/\/robertabudasalon.com\/olaplex-salon-de-belleza-merida\/salon-de-belleza-merida-olaplex-by-angie-at-robert-abuda-hair-salon-feb-25-2018\/\" rel=\"attachment wp-att-5027\"><img loading=\"lazy\" decoding=\"async\" width=\"620\" height=\"626\" src=\"https:\/\/robertabudasalon.com\/wp-content\/uploads\/2018\/06\/Salon-de-Belleza-Merida-Olaplex-BY-ANGIE-AT-Robert-Abuda-Hair-Salon-Feb-25-2018.jpg\" alt=\"Color and Cut by Angie Robert Abuda Salon\" class=\"wp-image-5027\" srcset=\"https:\/\/robertabudasalon.com\/wp-content\/uploads\/2018\/06\/Salon-de-Belleza-Merida-Olaplex-BY-ANGIE-AT-Robert-Abuda-Hair-Salon-Feb-25-2018.jpg 620w, https:\/\/robertabudasalon.com\/wp-content\/uploads\/2018\/06\/Salon-de-Belleza-Merida-Olaplex-BY-ANGIE-AT-Robert-Abuda-Hair-Salon-Feb-25-2018.jpg 100w, https:\/\/robertabudasalon.com\/wp-content\/uploads\/2018\/06\/Salon-de-Belleza-Merida-Olaplex-BY-ANGIE-AT-Robert-Abuda-Hair-Salon-Feb-25-2018.jpg 600w, https:\/\/robertabudasalon.com\/wp-content\/uploads\/2018\/06\/Salon-de-Belleza-Merida-Olaplex-BY-ANGIE-AT-Robert-Abuda-Hair-Salon-Feb-25-2018.jpg 150w, https:\/\/robertabudasalon.com\/wp-content\/uploads\/2018\/06\/Salon-de-Belleza-Merida-Olaplex-BY-ANGIE-AT-Robert-Abuda-Hair-Salon-Feb-25-2018.jpg 297w\" sizes=\"auto, (max-width: 620px) 100vw, 620px\" \/><\/a><figcaption>Blonde Balayage and Women&#8217;s Haircut by ANGIE at Robert Abuda Salon Merida<\/figcaption><\/figure><\/div>\n\n\n\n<div class=\"wp-block-image\"><figure class=\"alignleft\"><a href=\"http:\/\/robertabudasalon.com\/olaplex-salon-de-belleza-merida\/salon-de-belleza-merida-olaplex-by-angie-at-hair-robert-abuda-hair-salon-feb-25-2018\/\" rel=\"attachment wp-att-5026\"><img loading=\"lazy\" decoding=\"async\" width=\"380\" height=\"525\" src=\"https:\/\/robertabudasalon.com\/wp-content\/uploads\/2018\/06\/Salon-de-Belleza-Merida-Olaplex-BY-ANGIE-AT-hair-Robert-Abuda-Hair-Salon-Feb-25-2018.jpg\" alt=\"Color and Cut by ANGIE Robert Abuda Salon\" class=\"wp-image-5026\" srcset=\"https:\/\/robertabudasalon.com\/wp-content\/uploads\/2018\/06\/Salon-de-Belleza-Merida-Olaplex-BY-ANGIE-AT-hair-Robert-Abuda-Hair-Salon-Feb-25-2018.jpg 380w, https:\/\/robertabudasalon.com\/wp-content\/uploads\/2018\/06\/Salon-de-Belleza-Merida-Olaplex-BY-ANGIE-AT-hair-Robert-Abuda-Hair-Salon-Feb-25-2018.jpg 217w\" sizes=\"auto, (max-width: 380px) 100vw, 380px\" \/><\/a><figcaption>Blonde Balayage and Women&#8217;s Haircut by ANGIE at Robert Abuda Salon Merida 2<\/figcaption><\/figure><\/div>\n\n\n\n<div class=\"wp-block-image\"><figure class=\"alignleft\"><a href=\"http:\/\/robertabudasalon.com\/olaplex-salon-de-belleza-merida\/salon-de-belleza-merida-robert-abuda-jan-2018\/\" rel=\"attachment wp-att-5038\"><img loading=\"lazy\" decoding=\"async\" width=\"665\" height=\"586\" src=\"https:\/\/robertabudasalon.com\/wp-content\/uploads\/2018\/06\/Salon-de-Belleza-Merida-Robert-Abuda-Jan-2018.jpg\" alt=\"Hair Color by Robert Abuda Merida \" class=\"wp-image-5038\" srcset=\"https:\/\/robertabudasalon.com\/wp-content\/uploads\/2018\/06\/Salon-de-Belleza-Merida-Robert-Abuda-Jan-2018.jpg 665w, https:\/\/robertabudasalon.com\/wp-content\/uploads\/2018\/06\/Salon-de-Belleza-Merida-Robert-Abuda-Jan-2018.jpg 600w, https:\/\/robertabudasalon.com\/wp-content\/uploads\/2018\/06\/Salon-de-Belleza-Merida-Robert-Abuda-Jan-2018.jpg 300w\" sizes=\"auto, (max-width: 665px) 100vw, 665px\" \/><\/a><figcaption>Blonde Balayage by Robert Abuda in Merida 2018<\/figcaption><\/figure><\/div>\n\n\n\n<div class=\"wp-block-image\"><figure class=\"alignleft\"><a href=\"http:\/\/robertabudasalon.com\/olaplex-salon-de-belleza-merida\/salon-de-belleza-merida-robert-abuda-mexico-jan-2018\/\" rel=\"attachment wp-att-5039\"><img loading=\"lazy\" decoding=\"async\" width=\"300\" height=\"403\" src=\"https:\/\/robertabudasalon.com\/wp-content\/uploads\/2018\/06\/Salon-de-Belleza-Merida-Robert-Abuda-Mexico-Jan-2018.jpg\" alt=\"Color and Cut by Robert Abuda\" class=\"wp-image-5039\" srcset=\"https:\/\/robertabudasalon.com\/wp-content\/uploads\/2018\/06\/Salon-de-Belleza-Merida-Robert-Abuda-Mexico-Jan-2018.jpg 300w, https:\/\/robertabudasalon.com\/wp-content\/uploads\/2018\/06\/Salon-de-Belleza-Merida-Robert-Abuda-Mexico-Jan-2018.jpg 223w\" sizes=\"auto, (max-width: 300px) 100vw, 300px\" \/><\/a><figcaption>Blonde Balayage by Robert Abuda in Merida 2018 2<\/figcaption><\/figure><\/div>\n\n\n\n<div class=\"wp-block-image\"><figure class=\"alignleft\"><a href=\"http:\/\/robertabudasalon.com\/olaplex-salon-de-belleza-merida\/salon-de-belleza-merida-olaplex-rob-abuda-march-2018\/\" rel=\"attachment wp-att-5036\"><img loading=\"lazy\" decoding=\"async\" width=\"565\" height=\"540\" src=\"https:\/\/robertabudasalon.com\/wp-content\/uploads\/2018\/06\/Salon-de-Belleza-Merida-Olaplex-Rob-Abuda-March-2018.jpg\" alt=\"Color and Balayage Robert Abuda Salon\" class=\"wp-image-5036\" srcset=\"https:\/\/robertabudasalon.com\/wp-content\/uploads\/2018\/06\/Salon-de-Belleza-Merida-Olaplex-Rob-Abuda-March-2018.jpg 565w, https:\/\/robertabudasalon.com\/wp-content\/uploads\/2018\/06\/Salon-de-Belleza-Merida-Olaplex-Rob-Abuda-March-2018.jpg 300w\" sizes=\"auto, (max-width: 565px) 100vw, 565px\" \/><\/a><figcaption>Color for grey coverage and Balayage Blonde for dimension by Robert Abuda<\/figcaption><\/figure><\/div>\n\n\n\n<div class=\"wp-block-image\"><figure class=\"alignleft\"><a href=\"http:\/\/robertabudasalon.com\/olaplex-salon-de-belleza-merida\/salon-de-belleza-merida-olaplex-rob-abuda-march-2-2018\/\" rel=\"attachment wp-att-5034\"><img loading=\"lazy\" decoding=\"async\" width=\"286\" height=\"431\" src=\"https:\/\/robertabudasalon.com\/wp-content\/uploads\/2018\/06\/Salon-de-Belleza-Merida-Olaplex-Rob-Abuda-March-2-2018.jpg\" alt=\"Color and Balayage 2 by Robert Abuda\" class=\"wp-image-5034\" srcset=\"https:\/\/robertabudasalon.com\/wp-content\/uploads\/2018\/06\/Salon-de-Belleza-Merida-Olaplex-Rob-Abuda-March-2-2018.jpg 286w, https:\/\/robertabudasalon.com\/wp-content\/uploads\/2018\/06\/Salon-de-Belleza-Merida-Olaplex-Rob-Abuda-March-2-2018.jpg 199w\" sizes=\"auto, (max-width: 286px) 100vw, 286px\" \/><\/a><figcaption>Color for grey coverage and Balayage Blonde for dimension by Robert Abuda<\/figcaption><\/figure><\/div>\n\n\n\n<div class=\"wp-block-image\"><figure class=\"alignleft\"><a href=\"http:\/\/robertabudasalon.com\/olaplex-salon-de-belleza-merida\/salon-de-belleza-merida-olaplex-rob-abuda-march-30-2018\/\" rel=\"attachment wp-att-5035\"><img loading=\"lazy\" decoding=\"async\" width=\"565\" height=\"534\" src=\"https:\/\/robertabudasalon.com\/wp-content\/uploads\/2018\/06\/Salon-de-Belleza-Merida-Olaplex-Rob-Abuda-March-30-2018.jpg\" alt=\"Blonde Shadow Root by Robert Abuda\" class=\"wp-image-5035\" srcset=\"https:\/\/robertabudasalon.com\/wp-content\/uploads\/2018\/06\/Salon-de-Belleza-Merida-Olaplex-Rob-Abuda-March-30-2018.jpg 565w, https:\/\/robertabudasalon.com\/wp-content\/uploads\/2018\/06\/Salon-de-Belleza-Merida-Olaplex-Rob-Abuda-March-30-2018.jpg 300w\" sizes=\"auto, (max-width: 565px) 100vw, 565px\" \/><\/a><figcaption>Beige Blonde Balayage and Shadow Root by Robert Abuda Merida<\/figcaption><\/figure><\/div>\n\n\n\n<div class=\"wp-block-image\"><figure class=\"alignleft\"><a href=\"http:\/\/robertabudasalon.com\/olaplex-salon-de-belleza-merida\/salon-de-belleza-merida-olaplex-rob-abuda-march-2-30-2018\/\" rel=\"attachment wp-att-5033\"><img loading=\"lazy\" decoding=\"async\" width=\"306\" height=\"425\" src=\"https:\/\/robertabudasalon.com\/wp-content\/uploads\/2018\/06\/Salon-de-Belleza-Merida-Olaplex-Rob-Abuda-March-2-30-2018.jpg\" alt=\"Blonde Shadow Root by Robert Abuda\" class=\"wp-image-5033\" srcset=\"https:\/\/robertabudasalon.com\/wp-content\/uploads\/2018\/06\/Salon-de-Belleza-Merida-Olaplex-Rob-Abuda-March-2-30-2018.jpg 306w, https:\/\/robertabudasalon.com\/wp-content\/uploads\/2018\/06\/Salon-de-Belleza-Merida-Olaplex-Rob-Abuda-March-2-30-2018.jpg 216w\" sizes=\"auto, (max-width: 306px) 100vw, 306px\" \/><\/a><figcaption>Beige Blonde Balayage and Shadow Root by Robert Abuda Merida<\/figcaption><\/figure><\/div>\n\n\n\n<div class=\"wp-block-image\"><figure class=\"alignleft\"><a href=\"http:\/\/robertabudasalon.com\/olaplex-salon-de-belleza-merida\/salon-de-belleza-merida-olaplex-by-angie-robert-abuda-salon-march-20-2018\/\" rel=\"attachment wp-att-5029\"><img loading=\"lazy\" decoding=\"async\" width=\"599\" height=\"545\" src=\"https:\/\/robertabudasalon.com\/wp-content\/uploads\/2018\/06\/Salon-de-Belleza-Merida-Olaplex-by-ANGIE-Robert-Abuda-Salon-March-20-2018.jpg\" alt=\"Blonde Balayge ANGIE Merida Robert Abuda Salon\" class=\"wp-image-5029\" srcset=\"https:\/\/robertabudasalon.com\/wp-content\/uploads\/2018\/06\/Salon-de-Belleza-Merida-Olaplex-by-ANGIE-Robert-Abuda-Salon-March-20-2018.jpg 599w, https:\/\/robertabudasalon.com\/wp-content\/uploads\/2018\/06\/Salon-de-Belleza-Merida-Olaplex-by-ANGIE-Robert-Abuda-Salon-March-20-2018.jpg 300w\" sizes=\"auto, (max-width: 599px) 100vw, 599px\" \/><\/a><figcaption>Blonde Balayage by ANGIE Robert Abuda Salon in Merida<\/figcaption><\/figure><\/div>\n\n\n\n<div class=\"wp-block-image\"><figure class=\"alignleft\"><a href=\"http:\/\/robertabudasalon.com\/olaplex-salon-de-belleza-merida\/salon-de-belleza-merida-olaplex-by-angie-robert-abuda-salon-march-20-2018-2\/\" rel=\"attachment wp-att-5028\"><img loading=\"lazy\" decoding=\"async\" width=\"304\" height=\"445\" src=\"https:\/\/robertabudasalon.com\/wp-content\/uploads\/2018\/06\/Salon-de-Belleza-Merida-Olaplex-by-ANGIE-Robert-Abuda-Salon-March-20-2018-2.jpg\" alt=\"Blonde Balayage ANGIE Merida 2 \" class=\"wp-image-5028\" srcset=\"https:\/\/robertabudasalon.com\/wp-content\/uploads\/2018\/06\/Salon-de-Belleza-Merida-Olaplex-by-ANGIE-Robert-Abuda-Salon-March-20-2018-2.jpg 304w, https:\/\/robertabudasalon.com\/wp-content\/uploads\/2018\/06\/Salon-de-Belleza-Merida-Olaplex-by-ANGIE-Robert-Abuda-Salon-March-20-2018-2.jpg 205w\" sizes=\"auto, (max-width: 304px) 100vw, 304px\" \/><\/a><figcaption>Blonde Balayage by ANGIE Robert Abuda Salon in Merida<br><br><\/figcaption><\/figure><\/div>\n\n\n\n<figure class=\"wp-block-image\"><img loading=\"lazy\" decoding=\"async\" width=\"362\" height=\"507\" src=\"https:\/\/robertabudasalon.com\/wp-content\/uploads\/2018\/06\/Merida-Salon-de-Belleza-Facebook-by-Robert-Abuda-Color-Olaplex-2-1.jpg\" alt=\"Merida Hair Salon\" class=\"wp-image-5010\" srcset=\"https:\/\/robertabudasalon.com\/wp-content\/uploads\/2018\/06\/Merida-Salon-de-Belleza-Facebook-by-Robert-Abuda-Color-Olaplex-2-1.jpg 362w, https:\/\/robertabudasalon.com\/wp-content\/uploads\/2018\/06\/Merida-Salon-de-Belleza-Facebook-by-Robert-Abuda-Color-Olaplex-2-1.jpg 214w\" sizes=\"auto, (max-width: 362px) 100vw, 362px\" \/><figcaption>Merida Salon de Belleza<\/figcaption><\/figure>\n\n\n\n<div class=\"wp-block-image\"><figure class=\"alignleft\"><a href=\"http:\/\/robertabudasalon.com\/olaplex-salon-de-belleza-merida\/merida-salon-de-belleza-facebook-by-robert-abuda-color-olaplex-2\/\" rel=\"attachment wp-att-5009\"><img loading=\"lazy\" decoding=\"async\" width=\"750\" height=\"643\" src=\"https:\/\/robertabudasalon.com\/wp-content\/uploads\/2018\/06\/Merida-Salon-de-Belleza-Facebook-by-Robert-Abuda-Color-Olaplex-2.jpg\" alt=\"Hair Salon in Merida 456\" class=\"wp-image-5009\" srcset=\"https:\/\/robertabudasalon.com\/wp-content\/uploads\/2018\/06\/Merida-Salon-de-Belleza-Facebook-by-Robert-Abuda-Color-Olaplex-2.jpg 750w, https:\/\/robertabudasalon.com\/wp-content\/uploads\/2018\/06\/Merida-Salon-de-Belleza-Facebook-by-Robert-Abuda-Color-Olaplex-2.jpg 600w, https:\/\/robertabudasalon.com\/wp-content\/uploads\/2018\/06\/Merida-Salon-de-Belleza-Facebook-by-Robert-Abuda-Color-Olaplex-2.jpg 300w\" sizes=\"auto, (max-width: 714px) 100vw, 714px\" \/><\/a><figcaption>Salon de Belleza Merida | de Robert Abuda<\/figcaption><\/figure><\/div>\n\n\n\n<div class=\"wp-block-image\"><figure class=\"alignleft\"><a href=\"http:\/\/robertabudasalon.com\/olaplex-salon-de-belleza-merida\/merida-salon-de-belleza-facebook-by-robert-abuda-color-olaplex-march-2-2018\/\" rel=\"attachment wp-att-5011\"><img loading=\"lazy\" decoding=\"async\" width=\"351\" height=\"449\" src=\"https:\/\/robertabudasalon.com\/wp-content\/uploads\/2018\/06\/Merida-Salon-de-Belleza-Facebook-by-Robert-Abuda-Color-Olaplex-March-2-2018.jpg\" alt=\"Salon Hair Merida\" class=\"wp-image-5011\" srcset=\"https:\/\/robertabudasalon.com\/wp-content\/uploads\/2018\/06\/Merida-Salon-de-Belleza-Facebook-by-Robert-Abuda-Color-Olaplex-March-2-2018.jpg 351w, https:\/\/robertabudasalon.com\/wp-content\/uploads\/2018\/06\/Merida-Salon-de-Belleza-Facebook-by-Robert-Abuda-Color-Olaplex-March-2-2018.jpg 235w\" sizes=\"auto, (max-width: 351px) 100vw, 351px\" \/><\/a><figcaption>Blonde Highlights with Olaplex by Robert Abuda<\/figcaption><\/figure><\/div>\n\n\n\n<div class=\"wp-block-image\"><figure class=\"alignleft\"><a href=\"http:\/\/robertabudasalon.com\/olaplex-salon-de-belleza-merida\/merida-salon-de-belleza-facebook-by-robert-abuda-color-olaplex-march-2018\/\" rel=\"attachment wp-att-5012\"><img loading=\"lazy\" decoding=\"async\" width=\"750\" height=\"598\" src=\"https:\/\/robertabudasalon.com\/wp-content\/uploads\/2018\/06\/Merida-Salon-de-Belleza-Facebook-by-Robert-Abuda-Color-Olaplex-March-2018.jpg\" alt=\"Salon de Belleza Merida\" class=\"wp-image-5012\" srcset=\"https:\/\/robertabudasalon.com\/wp-content\/uploads\/2018\/06\/Merida-Salon-de-Belleza-Facebook-by-Robert-Abuda-Color-Olaplex-March-2018.jpg 750w, https:\/\/robertabudasalon.com\/wp-content\/uploads\/2018\/06\/Merida-Salon-de-Belleza-Facebook-by-Robert-Abuda-Color-Olaplex-March-2018.jpg 600w, https:\/\/robertabudasalon.com\/wp-content\/uploads\/2018\/06\/Merida-Salon-de-Belleza-Facebook-by-Robert-Abuda-Color-Olaplex-March-2018.jpg 300w\" sizes=\"auto, (max-width: 714px) 100vw, 714px\" \/><\/a><figcaption>Hair Salon in Merida<\/figcaption><\/figure><\/div>\n\n\n\n<div class=\"wp-block-image\"><figure class=\"alignleft\"><a href=\"http:\/\/robertabudasalon.com\/olaplex-salon-de-belleza-merida\/merida-salon-de-belleza-facebook-by-robert-abuda-salon-color-correction-1-olaplex-april-2018\/\" rel=\"attachment wp-att-5013\"><img loading=\"lazy\" decoding=\"async\" width=\"395\" height=\"450\" src=\"https:\/\/robertabudasalon.com\/wp-content\/uploads\/2018\/06\/Merida-Salon-de-Belleza-Facebook-by-Robert-Abuda-Salon-Color-Correction-1-Olaplex-April-2018.jpg\" alt=\"Salon de Belleza Merida\" class=\"wp-image-5013\" srcset=\"https:\/\/robertabudasalon.com\/wp-content\/uploads\/2018\/06\/Merida-Salon-de-Belleza-Facebook-by-Robert-Abuda-Salon-Color-Correction-1-Olaplex-April-2018.jpg 395w, https:\/\/robertabudasalon.com\/wp-content\/uploads\/2018\/06\/Merida-Salon-de-Belleza-Facebook-by-Robert-Abuda-Salon-Color-Correction-1-Olaplex-April-2018.jpg 263w\" sizes=\"auto, (max-width: 395px) 100vw, 395px\" \/><\/a><figcaption>Color Correction by ANGIE | Merida Hair Salon<\/figcaption><\/figure><\/div>\n\n\n\n<div class=\"wp-block-image\"><figure class=\"alignleft\"><a href=\"http:\/\/robertabudasalon.com\/olaplex-salon-de-belleza-merida\/merida-salon-de-belleza-facebook-by-robert-abuda-salon-color-olaplex-april-2018\/\" rel=\"attachment wp-att-5014\"><img loading=\"lazy\" decoding=\"async\" width=\"745\" height=\"588\" src=\"https:\/\/robertabudasalon.com\/wp-content\/uploads\/2018\/06\/Merida-Salon-de-Belleza-Facebook-by-Robert-Abuda-Salon-Color-Olaplex-April-2018.jpg\" alt=\"Robert Abuda Salon de Belleza Merida ANGIE Color\" class=\"wp-image-5014\" srcset=\"https:\/\/robertabudasalon.com\/wp-content\/uploads\/2018\/06\/Merida-Salon-de-Belleza-Facebook-by-Robert-Abuda-Salon-Color-Olaplex-April-2018.jpg 745w, https:\/\/robertabudasalon.com\/wp-content\/uploads\/2018\/06\/Merida-Salon-de-Belleza-Facebook-by-Robert-Abuda-Salon-Color-Olaplex-April-2018.jpg 600w, https:\/\/robertabudasalon.com\/wp-content\/uploads\/2018\/06\/Merida-Salon-de-Belleza-Facebook-by-Robert-Abuda-Salon-Color-Olaplex-April-2018.jpg 300w\" sizes=\"auto, (max-width: 714px) 100vw, 714px\" \/><\/a><figcaption>Color Correction by ANGIE at Robert Abuda Salon de Belleza Merida<\/figcaption><\/figure><\/div>\n\n\n\n<div class=\"wp-block-image\"><figure class=\"alignleft\"><a href=\"http:\/\/robertabudasalon.com\/olaplex-salon-de-belleza-merida\/merida-salon-de-belleza-hair-olaplex-by-robert-abuda-2017-november-2\/\" rel=\"attachment wp-att-5015\"><img loading=\"lazy\" decoding=\"async\" width=\"375\" height=\"415\" src=\"https:\/\/robertabudasalon.com\/wp-content\/uploads\/2018\/06\/Merida-Salon-de-Belleza-Hair-Olaplex-by-Robert-Abuda-2017-November-2.jpg\" alt=\"Hair Salon en Merida\" class=\"wp-image-5015\" srcset=\"https:\/\/robertabudasalon.com\/wp-content\/uploads\/2018\/06\/Merida-Salon-de-Belleza-Hair-Olaplex-by-Robert-Abuda-2017-November-2.jpg 375w, https:\/\/robertabudasalon.com\/wp-content\/uploads\/2018\/06\/Merida-Salon-de-Belleza-Hair-Olaplex-by-Robert-Abuda-2017-November-2.jpg 271w\" sizes=\"auto, (max-width: 375px) 100vw, 375px\" \/><\/a><figcaption>Olaplex Highlights on Curly Hair by Robert Abuda<\/figcaption><\/figure><\/div>\n\n\n\n<div class=\"wp-block-image\"><figure class=\"alignleft\"><a href=\"http:\/\/robertabudasalon.com\/olaplex-salon-de-belleza-merida\/merida-salon-de-belleza-hair-olaplex-by-robert-abuda-2017-november\/\" rel=\"attachment wp-att-5016\"><img loading=\"lazy\" decoding=\"async\" width=\"736\" height=\"551\" src=\"https:\/\/robertabudasalon.com\/wp-content\/uploads\/2018\/06\/Merida-Salon-de-Belleza-Hair-Olaplex-by-Robert-Abuda-2017-November.jpg\" alt=\"Hair Salon Merida\" class=\"wp-image-5016\" srcset=\"https:\/\/robertabudasalon.com\/wp-content\/uploads\/2018\/06\/Merida-Salon-de-Belleza-Hair-Olaplex-by-Robert-Abuda-2017-November.jpg 736w, https:\/\/robertabudasalon.com\/wp-content\/uploads\/2018\/06\/Merida-Salon-de-Belleza-Hair-Olaplex-by-Robert-Abuda-2017-November.jpg 600w, https:\/\/robertabudasalon.com\/wp-content\/uploads\/2018\/06\/Merida-Salon-de-Belleza-Hair-Olaplex-by-Robert-Abuda-2017-November.jpg 300w\" sizes=\"auto, (max-width: 714px) 100vw, 714px\" \/><\/a><figcaption>Curly Hair and Highlights by Robert Abuda<\/figcaption><\/figure><\/div>\n\n\n\n<div class=\"wp-block-image\"><figure class=\"alignleft\"><a href=\"http:\/\/robertabudasalon.com\/olaplex-salon-de-belleza-merida\/hair-salon-merida-olaplex-balayage-angie\/\" rel=\"attachment wp-att-4979\"><img loading=\"lazy\" decoding=\"async\" width=\"665\" height=\"704\" src=\"https:\/\/robertabudasalon.com\/wp-content\/uploads\/2018\/04\/Hair-Salon-Merida-Olaplex-Balayage-Angie.jpg\" alt=\"Silver Hair Merida\" class=\"wp-image-4979\" srcset=\"https:\/\/robertabudasalon.com\/wp-content\/uploads\/2018\/04\/Hair-Salon-Merida-Olaplex-Balayage-Angie.jpg 665w, https:\/\/robertabudasalon.com\/wp-content\/uploads\/2018\/04\/Hair-Salon-Merida-Olaplex-Balayage-Angie.jpg 600w, https:\/\/robertabudasalon.com\/wp-content\/uploads\/2018\/04\/Hair-Salon-Merida-Olaplex-Balayage-Angie.jpg 283w\" sizes=\"auto, (max-width: 665px) 100vw, 665px\" \/><\/a><figcaption>Silver Color Correction by ANGIE at Robert Abuda Salon 1<\/figcaption><\/figure><\/div>\n\n\n\n<div class=\"wp-block-image\"><figure class=\"alignleft\"><a href=\"http:\/\/robertabudasalon.com\/olaplex-salon-de-belleza-merida\/hair-salon-merida-olaplex-balayage-angie-24\/\" rel=\"attachment wp-att-4978\"><img loading=\"lazy\" decoding=\"async\" width=\"300\" height=\"538\" src=\"https:\/\/robertabudasalon.com\/wp-content\/uploads\/2018\/04\/Hair-Salon-Merida-Olaplex-Balayage-Angie-24.jpg\" alt=\"Silver Hair Merida 2\" class=\"wp-image-4978\" srcset=\"https:\/\/robertabudasalon.com\/wp-content\/uploads\/2018\/04\/Hair-Salon-Merida-Olaplex-Balayage-Angie-24.jpg 300w, https:\/\/robertabudasalon.com\/wp-content\/uploads\/2018\/04\/Hair-Salon-Merida-Olaplex-Balayage-Angie-24.jpg 167w\" sizes=\"auto, (max-width: 300px) 100vw, 300px\" \/><\/a><figcaption>Silver Color Correction by ANGIE at Robert Abuda Salon 2<\/figcaption><\/figure><\/div>\n\n\n\n<div class=\"wp-block-image\"><figure class=\"alignleft\"><a href=\"http:\/\/robertabudasalon.com\/olaplex-salon-de-belleza-merida\/hair-salon-merida-olaplex-balayage-robert-abuda-jan-2018\/\" rel=\"attachment wp-att-4981\"><img loading=\"lazy\" decoding=\"async\" width=\"604\" height=\"726\" src=\"https:\/\/robertabudasalon.com\/wp-content\/uploads\/2018\/04\/Hair-Salon-Merida-Olaplex-Balayage-Robert-Abuda-Jan-2018.jpg\" alt=\"Color Annie Merida Salon de Belleza\" class=\"wp-image-4981\" srcset=\"https:\/\/robertabudasalon.com\/wp-content\/uploads\/2018\/04\/Hair-Salon-Merida-Olaplex-Balayage-Robert-Abuda-Jan-2018.jpg 604w, https:\/\/robertabudasalon.com\/wp-content\/uploads\/2018\/04\/Hair-Salon-Merida-Olaplex-Balayage-Robert-Abuda-Jan-2018.jpg 600w, https:\/\/robertabudasalon.com\/wp-content\/uploads\/2018\/04\/Hair-Salon-Merida-Olaplex-Balayage-Robert-Abuda-Jan-2018.jpg 250w\" sizes=\"auto, (max-width: 604px) 100vw, 604px\" \/><\/a><figcaption>Hair Color by ANNIE Merida<\/figcaption><\/figure><\/div>\n\n\n\n<div class=\"wp-block-image\"><figure class=\"alignleft\"><a href=\"http:\/\/robertabudasalon.com\/olaplex-salon-de-belleza-merida\/hair-salon-merida-olaplex-balayage-robert-abuda-jan-2018-lge\/\" rel=\"attachment wp-att-4980\"><img loading=\"lazy\" decoding=\"async\" width=\"291\" height=\"599\" src=\"https:\/\/robertabudasalon.com\/wp-content\/uploads\/2018\/04\/Hair-Salon-Merida-Olaplex-Balayage-Robert-Abuda-Jan-2018-LGE.jpg\" alt=\"Annie Hair Color Merida Hair Salon\" class=\"wp-image-4980\" srcset=\"https:\/\/robertabudasalon.com\/wp-content\/uploads\/2018\/04\/Hair-Salon-Merida-Olaplex-Balayage-Robert-Abuda-Jan-2018-LGE.jpg 291w, https:\/\/robertabudasalon.com\/wp-content\/uploads\/2018\/04\/Hair-Salon-Merida-Olaplex-Balayage-Robert-Abuda-Jan-2018-LGE.jpg 146w\" sizes=\"auto, (max-width: 291px) 100vw, 291px\" \/><\/a><figcaption>Hair Color by ANNIE Merida 2<\/figcaption><\/figure><\/div>\n\n\n\n<div class=\"wp-block-image\"><figure class=\"alignleft\"><a href=\"http:\/\/robertabudasalon.com\/olaplex-salon-de-belleza-merida\/hair-salon-in-merida-olaplex-balayage-robert-abuda-2\/\" rel=\"attachment wp-att-4977\"><img loading=\"lazy\" decoding=\"async\" width=\"300\" height=\"503\" src=\"https:\/\/robertabudasalon.com\/wp-content\/uploads\/2018\/04\/Hair-Salon-in-Merida-Olaplex-Balayage-Robert-Abuda-2.jpg\" alt=\"\" class=\"wp-image-4977\" srcset=\"https:\/\/robertabudasalon.com\/wp-content\/uploads\/2018\/04\/Hair-Salon-in-Merida-Olaplex-Balayage-Robert-Abuda-2.jpg 300w, https:\/\/robertabudasalon.com\/wp-content\/uploads\/2018\/04\/Hair-Salon-in-Merida-Olaplex-Balayage-Robert-Abuda-2.jpg 179w\" sizes=\"auto, (max-width: 300px) 100vw, 300px\" \/><\/a><\/figure><\/div>\n\n\n\n<div class=\"wp-block-image\"><figure class=\"alignleft\"><a href=\"http:\/\/robertabudasalon.com\/olaplex-salon-de-belleza-merida\/hair-salon-merida-olaplex-balayage-robert-abuda\/\" rel=\"attachment wp-att-4982\"><img loading=\"lazy\" decoding=\"async\" width=\"665\" height=\"726\" src=\"https:\/\/robertabudasalon.com\/wp-content\/uploads\/2018\/04\/Hair-Salon-Merida-Olaplex-Balayage-Robert-Abuda.jpg\" alt=\"\" class=\"wp-image-4982\" srcset=\"https:\/\/robertabudasalon.com\/wp-content\/uploads\/2018\/04\/Hair-Salon-Merida-Olaplex-Balayage-Robert-Abuda.jpg 665w, https:\/\/robertabudasalon.com\/wp-content\/uploads\/2018\/04\/Hair-Salon-Merida-Olaplex-Balayage-Robert-Abuda.jpg 600w, https:\/\/robertabudasalon.com\/wp-content\/uploads\/2018\/04\/Hair-Salon-Merida-Olaplex-Balayage-Robert-Abuda.jpg 275w\" sizes=\"auto, (max-width: 665px) 100vw, 665px\" \/><\/a><\/figure><\/div>\n\n\n\n<div class=\"wp-block-image\"><figure class=\"alignleft\"><a href=\"http:\/\/robertabudasalon.com\/olaplex-salon-de-belleza-merida\/hair-salon-merida-olaplex-robert-abuda-salon-24\/\" rel=\"attachment wp-att-4984\"><img loading=\"lazy\" decoding=\"async\" width=\"335\" height=\"533\" src=\"https:\/\/robertabudasalon.com\/wp-content\/uploads\/2018\/04\/Hair-Salon-Merida-Olaplex-Robert-Abuda-Salon-24.jpg\" alt=\"\" class=\"wp-image-4984\" srcset=\"https:\/\/robertabudasalon.com\/wp-content\/uploads\/2018\/04\/Hair-Salon-Merida-Olaplex-Robert-Abuda-Salon-24.jpg 335w, https:\/\/robertabudasalon.com\/wp-content\/uploads\/2018\/04\/Hair-Salon-Merida-Olaplex-Robert-Abuda-Salon-24.jpg 189w\" sizes=\"auto, (max-width: 335px) 100vw, 335px\" \/><\/a><\/figure><\/div>\n\n\n\n<div class=\"wp-block-image\"><figure class=\"alignleft\"><a href=\"http:\/\/robertabudasalon.com\/olaplex-salon-de-belleza-merida\/hair-salon-merida-olaplex-robert-abuda-salon-23\/\" rel=\"attachment wp-att-4983\"><img loading=\"lazy\" decoding=\"async\" width=\"678\" height=\"657\" src=\"https:\/\/robertabudasalon.com\/wp-content\/uploads\/2018\/04\/Hair-Salon-Merida-Olaplex-Robert-Abuda-Salon-23.jpg\" alt=\"\" class=\"wp-image-4983\" srcset=\"https:\/\/robertabudasalon.com\/wp-content\/uploads\/2018\/04\/Hair-Salon-Merida-Olaplex-Robert-Abuda-Salon-23.jpg 678w, https:\/\/robertabudasalon.com\/wp-content\/uploads\/2018\/04\/Hair-Salon-Merida-Olaplex-Robert-Abuda-Salon-23.jpg 600w, https:\/\/robertabudasalon.com\/wp-content\/uploads\/2018\/04\/Hair-Salon-Merida-Olaplex-Robert-Abuda-Salon-23.jpg 300w\" sizes=\"auto, (max-width: 678px) 100vw, 678px\" \/><\/a><\/figure><\/div>\n\n\n\n<div class=\"wp-block-image\"><figure class=\"alignleft\"><a href=\"http:\/\/robertabudasalon.com\/olaplex-salon-de-belleza-merida\/hair-salon-olaplex-in-merida-by-robert-abuda-belleza-2-feb-2018\/\" rel=\"attachment wp-att-4987\"><img loading=\"lazy\" decoding=\"async\" width=\"282\" height=\"421\" src=\"https:\/\/robertabudasalon.com\/wp-content\/uploads\/2018\/04\/Hair-Salon-Olaplex-in-Merida-by-Robert-Abuda-Belleza-2-Feb-2018.jpg\" alt=\"\" class=\"wp-image-4987\" srcset=\"https:\/\/robertabudasalon.com\/wp-content\/uploads\/2018\/04\/Hair-Salon-Olaplex-in-Merida-by-Robert-Abuda-Belleza-2-Feb-2018.jpg 282w, https:\/\/robertabudasalon.com\/wp-content\/uploads\/2018\/04\/Hair-Salon-Olaplex-in-Merida-by-Robert-Abuda-Belleza-2-Feb-2018.jpg 201w\" sizes=\"auto, (max-width: 282px) 100vw, 282px\" \/><\/a><\/figure><\/div>\n\n\n\n<div class=\"wp-block-image\"><figure class=\"alignleft\"><a href=\"http:\/\/robertabudasalon.com\/olaplex-salon-de-belleza-merida\/hair-salon-olaplex-in-merida-by-robert-abuda-belleza-feb-2018\/\" rel=\"attachment wp-att-4988\"><img loading=\"lazy\" decoding=\"async\" width=\"525\" height=\"535\" src=\"https:\/\/robertabudasalon.com\/wp-content\/uploads\/2018\/04\/Hair-Salon-Olaplex-in-Merida-by-Robert-Abuda-Belleza-Feb-2018.jpg\" alt=\"\" class=\"wp-image-4988\" srcset=\"https:\/\/robertabudasalon.com\/wp-content\/uploads\/2018\/04\/Hair-Salon-Olaplex-in-Merida-by-Robert-Abuda-Belleza-Feb-2018.jpg 525w, https:\/\/robertabudasalon.com\/wp-content\/uploads\/2018\/04\/Hair-Salon-Olaplex-in-Merida-by-Robert-Abuda-Belleza-Feb-2018.jpg 294w\" sizes=\"auto, (max-width: 525px) 100vw, 525px\" \/><\/a><\/figure><\/div>\n\n\n\n<div class=\"wp-block-image\"><figure class=\"alignleft\"><a href=\"http:\/\/robertabudasalon.com\/olaplex-salon-de-belleza-merida\/hair-salon-olaplex-in-merida-by-robert-abuda-hotel-feb-2-2018\/\" rel=\"attachment wp-att-4989\"><img loading=\"lazy\" decoding=\"async\" width=\"323\" height=\"431\" src=\"https:\/\/robertabudasalon.com\/wp-content\/uploads\/2018\/04\/Hair-Salon-Olaplex-in-Merida-by-Robert-Abuda-Hotel-Feb-2-2018.jpg\" alt=\"\" class=\"wp-image-4989\" srcset=\"https:\/\/robertabudasalon.com\/wp-content\/uploads\/2018\/04\/Hair-Salon-Olaplex-in-Merida-by-Robert-Abuda-Hotel-Feb-2-2018.jpg 323w, https:\/\/robertabudasalon.com\/wp-content\/uploads\/2018\/04\/Hair-Salon-Olaplex-in-Merida-by-Robert-Abuda-Hotel-Feb-2-2018.jpg 225w\" sizes=\"auto, (max-width: 323px) 100vw, 323px\" \/><\/a><\/figure><\/div>\n\n\n\n<div class=\"wp-block-image\"><figure class=\"alignleft\"><a href=\"http:\/\/robertabudasalon.com\/olaplex-salon-de-belleza-merida\/hair-salon-olaplex-in-merida-by-robert-abuda-hotel-feb-3-2018\/\" rel=\"attachment wp-att-4990\"><img loading=\"lazy\" decoding=\"async\" width=\"375\" height=\"487\" src=\"https:\/\/robertabudasalon.com\/wp-content\/uploads\/2018\/04\/Hair-Salon-Olaplex-in-Merida-by-Robert-Abuda-Hotel-Feb-3-2018.jpg\" alt=\"\" class=\"wp-image-4990\" srcset=\"https:\/\/robertabudasalon.com\/wp-content\/uploads\/2018\/04\/Hair-Salon-Olaplex-in-Merida-by-Robert-Abuda-Hotel-Feb-3-2018.jpg 375w, https:\/\/robertabudasalon.com\/wp-content\/uploads\/2018\/04\/Hair-Salon-Olaplex-in-Merida-by-Robert-Abuda-Hotel-Feb-3-2018.jpg 231w\" sizes=\"auto, (max-width: 375px) 100vw, 375px\" \/><\/a><\/figure><\/div>\n\n\n\n<div class=\"wp-block-image\"><figure class=\"alignleft\"><a href=\"http:\/\/robertabudasalon.com\/olaplex-salon-de-belleza-merida\/hair-salon-olaplex-in-merida-by-robert-abuda-hotel-feb-2018\/\" rel=\"attachment wp-att-4991\"><img loading=\"lazy\" decoding=\"async\" width=\"584\" height=\"540\" src=\"https:\/\/robertabudasalon.com\/wp-content\/uploads\/2018\/04\/Hair-Salon-Olaplex-in-Merida-by-Robert-Abuda-Hotel-Feb-2018.jpg\" alt=\"\" class=\"wp-image-4991\" srcset=\"https:\/\/robertabudasalon.com\/wp-content\/uploads\/2018\/04\/Hair-Salon-Olaplex-in-Merida-by-Robert-Abuda-Hotel-Feb-2018.jpg 584w, https:\/\/robertabudasalon.com\/wp-content\/uploads\/2018\/04\/Hair-Salon-Olaplex-in-Merida-by-Robert-Abuda-Hotel-Feb-2018.jpg 300w\" sizes=\"auto, (max-width: 584px) 100vw, 584px\" \/><\/a><\/figure><\/div>\n\n\n\n<div class=\"wp-block-image\"><figure class=\"alignleft\"><a href=\"http:\/\/robertabudasalon.com\/olaplex-salon-de-belleza-merida\/merida-hair-salon-de-belleza-olaplex-robert-abuda-003\/\" rel=\"attachment wp-att-4954\"><img loading=\"lazy\" decoding=\"async\" width=\"312\" height=\"536\" src=\"https:\/\/robertabudasalon.com\/wp-content\/uploads\/2015\/11\/Merida-Hair-Salon-de-Belleza-Olaplex-Robert-Abuda-003.jpg\" alt=\"Merida Salon de Belleza Olaplex Rob Abuda\" class=\"wp-image-4954\" srcset=\"https:\/\/robertabudasalon.com\/wp-content\/uploads\/2015\/11\/Merida-Hair-Salon-de-Belleza-Olaplex-Robert-Abuda-003.jpg 312w, https:\/\/robertabudasalon.com\/wp-content\/uploads\/2015\/11\/Merida-Hair-Salon-de-Belleza-Olaplex-Robert-Abuda-003.jpg 175w\" sizes=\"auto, (max-width: 312px) 100vw, 312px\" \/><\/a><figcaption>Salon de Belleza Merida | Blonde Hair by Robert Abuda and Annie at Paseo de Montejo Salon<\/figcaption><\/figure><\/div>\n\n\n\n<div class=\"wp-block-image\"><figure class=\"alignleft\"><a href=\"http:\/\/robertabudasalon.com\/olaplex-salon-de-belleza-merida\/merida-hair-salon-de-belleza-olaplex-robert-abuda-002\/\" rel=\"attachment wp-att-4953\"><img loading=\"lazy\" decoding=\"async\" width=\"600\" height=\"646\" src=\"https:\/\/robertabudasalon.com\/wp-content\/uploads\/2015\/11\/Merida-Hair-Salon-de-Belleza-Olaplex-Robert-Abuda-002.jpg\" alt=\"Merida Salon de Belleza, Paseo de Montejo\" class=\"wp-image-4953\" srcset=\"https:\/\/robertabudasalon.com\/wp-content\/uploads\/2015\/11\/Merida-Hair-Salon-de-Belleza-Olaplex-Robert-Abuda-002.jpg 600w, https:\/\/robertabudasalon.com\/wp-content\/uploads\/2015\/11\/Merida-Hair-Salon-de-Belleza-Olaplex-Robert-Abuda-002.jpg 279w\" sizes=\"auto, (max-width: 600px) 100vw, 600px\" \/><\/a><figcaption>Blonde Hair with Olaplex by Robert Abuda &amp; Annie in Merida<\/figcaption><\/figure><\/div>\n\n\n\n<div class=\"wp-block-image\"><figure class=\"alignleft\"><a href=\"http:\/\/robertabudasalon.com\/olaplex-salon-de-belleza-merida\/merida-salon-de-belleza-hair-olaplex-robert-abuda-salon-october-2017\/\" rel=\"attachment wp-att-4952\"><img loading=\"lazy\" decoding=\"async\" width=\"407\" height=\"507\" src=\"https:\/\/robertabudasalon.com\/wp-content\/uploads\/2015\/11\/Merida-Salon-de-Belleza-Hair-Olaplex-Robert-Abuda-Salon-October-2017.jpg\" alt=\"Salon de Belleza Merida, Hair Salon Yucatan\" class=\"wp-image-4952\" srcset=\"https:\/\/robertabudasalon.com\/wp-content\/uploads\/2015\/11\/Merida-Salon-de-Belleza-Hair-Olaplex-Robert-Abuda-Salon-October-2017.jpg 407w, https:\/\/robertabudasalon.com\/wp-content\/uploads\/2015\/11\/Merida-Salon-de-Belleza-Hair-Olaplex-Robert-Abuda-Salon-October-2017.jpg 241w\" sizes=\"auto, (max-width: 407px) 100vw, 407px\" \/><\/a><figcaption>Olaplex Color by Angie | Hair Salon Merida<\/figcaption><\/figure><\/div>\n\n\n\n<div class=\"wp-block-image\"><figure class=\"alignleft\"><a href=\"http:\/\/robertabudasalon.com\/olaplex-salon-de-belleza-merida\/merida-salon-de-belleza-hair-olaplex-robert-abuda-salon-oct-2017\/\" rel=\"attachment wp-att-4951\"><img loading=\"lazy\" decoding=\"async\" width=\"726\" height=\"645\" src=\"https:\/\/robertabudasalon.com\/wp-content\/uploads\/2015\/11\/Merida-Salon-de-Belleza-Hair-Olaplex-Robert-Abuda-Salon-Oct-2017.jpg\" alt=\"Hair Salon Merida Paseo de Montejo\" class=\"wp-image-4951\" srcset=\"https:\/\/robertabudasalon.com\/wp-content\/uploads\/2015\/11\/Merida-Salon-de-Belleza-Hair-Olaplex-Robert-Abuda-Salon-Oct-2017.jpg 726w, https:\/\/robertabudasalon.com\/wp-content\/uploads\/2015\/11\/Merida-Salon-de-Belleza-Hair-Olaplex-Robert-Abuda-Salon-Oct-2017.jpg 600w, https:\/\/robertabudasalon.com\/wp-content\/uploads\/2015\/11\/Merida-Salon-de-Belleza-Hair-Olaplex-Robert-Abuda-Salon-Oct-2017.jpg 300w\" sizes=\"auto, (max-width: 714px) 100vw, 714px\" \/><\/a><figcaption>Olaplex Color by Angie | Salon de Belleza Merida<\/figcaption><\/figure><\/div>\n\n\n\n<div class=\"wp-block-image\"><figure class=\"alignleft\"><a href=\"http:\/\/robertabudasalon.com\/olaplex-salon-de-belleza-merida\/merida-salon-de-belleza-robert-abuda-salon-olaplex-2\/\" rel=\"attachment wp-att-4950\"><img loading=\"lazy\" decoding=\"async\" width=\"381\" height=\"522\" src=\"https:\/\/robertabudasalon.com\/wp-content\/uploads\/2015\/11\/Merida-Salon-de-Belleza-Robert-Abuda-Salon-Olaplex-2.jpg\" alt=\"Merida Hair Salon de Belleza\" class=\"wp-image-4950\" srcset=\"https:\/\/robertabudasalon.com\/wp-content\/uploads\/2015\/11\/Merida-Salon-de-Belleza-Robert-Abuda-Salon-Olaplex-2.jpg 381w, https:\/\/robertabudasalon.com\/wp-content\/uploads\/2015\/11\/Merida-Salon-de-Belleza-Robert-Abuda-Salon-Olaplex-2.jpg 219w\" sizes=\"auto, (max-width: 381px) 100vw, 381px\" \/><\/a><figcaption>Color &amp; Highlights by Robert Abuda | Salon de Belleza Centro<\/figcaption><\/figure><\/div>\n\n\n\n<div class=\"wp-block-image\"><figure class=\"alignleft\"><a href=\"http:\/\/robertabudasalon.com\/olaplex-salon-de-belleza-merida\/merida-salon-de-belleza-robert-abuda-salon-olaplex-1\/\" rel=\"attachment wp-att-4949\"><img loading=\"lazy\" decoding=\"async\" width=\"684\" height=\"645\" src=\"https:\/\/robertabudasalon.com\/wp-content\/uploads\/2015\/11\/Merida-Salon-de-Belleza-Robert-Abuda-Salon-Olaplex-1.jpg\" alt=\"Hair Salon en Merida\" class=\"wp-image-4949\" srcset=\"https:\/\/robertabudasalon.com\/wp-content\/uploads\/2015\/11\/Merida-Salon-de-Belleza-Robert-Abuda-Salon-Olaplex-1.jpg 684w, https:\/\/robertabudasalon.com\/wp-content\/uploads\/2015\/11\/Merida-Salon-de-Belleza-Robert-Abuda-Salon-Olaplex-1.jpg 600w, https:\/\/robertabudasalon.com\/wp-content\/uploads\/2015\/11\/Merida-Salon-de-Belleza-Robert-Abuda-Salon-Olaplex-1.jpg 300w\" sizes=\"auto, (max-width: 684px) 100vw, 684px\" \/><\/a><figcaption>Salon de Belleza en Merida | Highlights &amp; Color by Rob Abuda<\/figcaption><\/figure><\/div>\n\n\n\n<div class=\"wp-block-image\"><figure class=\"alignleft\"><a href=\"http:\/\/robertabudasalon.com\/olaplex-salon-de-belleza-merida\/hair-salon-merida-olaplex-robert-abuda-salon-blonde\/\" rel=\"attachment wp-att-4948\"><img loading=\"lazy\" decoding=\"async\" width=\"340\" height=\"600\" src=\"https:\/\/robertabudasalon.com\/wp-content\/uploads\/2015\/11\/Hair-Salon-Merida-Olaplex-Robert-Abuda-Salon-blonde.jpg\" alt=\"Hair Salon en Merida Blonde Hair\" class=\"wp-image-4948\" srcset=\"https:\/\/robertabudasalon.com\/wp-content\/uploads\/2015\/11\/Hair-Salon-Merida-Olaplex-Robert-Abuda-Salon-blonde.jpg 340w, https:\/\/robertabudasalon.com\/wp-content\/uploads\/2015\/11\/Hair-Salon-Merida-Olaplex-Robert-Abuda-Salon-blonde.jpg 170w\" sizes=\"auto, (max-width: 340px) 100vw, 340px\" \/><\/a><figcaption>Olaplex Blonde Balayage by Rob Abuda<\/figcaption><\/figure><\/div>\n\n\n\n<div class=\"wp-block-image\"><figure class=\"alignleft\"><a href=\"http:\/\/robertabudasalon.com\/olaplex-salon-de-belleza-merida\/hair-salon-merida-olaplex-robert-abuda-salon\/\" rel=\"attachment wp-att-4947\"><img loading=\"lazy\" decoding=\"async\" width=\"678\" height=\"724\" src=\"https:\/\/robertabudasalon.com\/wp-content\/uploads\/2015\/11\/Hair-Salon-Merida-Olaplex-Robert-Abuda-Salon.jpg\" alt=\"Merida Hair Salon Olaplex\" class=\"wp-image-4947\" srcset=\"https:\/\/robertabudasalon.com\/wp-content\/uploads\/2015\/11\/Hair-Salon-Merida-Olaplex-Robert-Abuda-Salon.jpg 678w, https:\/\/robertabudasalon.com\/wp-content\/uploads\/2015\/11\/Hair-Salon-Merida-Olaplex-Robert-Abuda-Salon.jpg 600w, https:\/\/robertabudasalon.com\/wp-content\/uploads\/2015\/11\/Hair-Salon-Merida-Olaplex-Robert-Abuda-Salon.jpg 281w\" sizes=\"auto, (max-width: 678px) 100vw, 678px\" \/><\/a><figcaption>Blonde Balayage by Robert Abuda | Merida Salon de Belleza<\/figcaption><\/figure><\/div>\n\n\n\n<div class=\"wp-block-image\"><figure class=\"alignleft\"><a href=\"http:\/\/robertabudasalon.com\/olaplex-salon-de-belleza-merida\/merida-salon-de-belleza-facebook-by-angie-color-olaplex-1\/\" rel=\"attachment wp-att-4946\"><img loading=\"lazy\" decoding=\"async\" width=\"388\" height=\"506\" src=\"https:\/\/robertabudasalon.com\/wp-content\/uploads\/2015\/11\/Merida-Salon-de-Belleza-Facebook-by-Angie-Color-Olaplex-1.jpg\" alt=\"Olaplex Merida Hair Salon\" class=\"wp-image-4946\" srcset=\"https:\/\/robertabudasalon.com\/wp-content\/uploads\/2015\/11\/Merida-Salon-de-Belleza-Facebook-by-Angie-Color-Olaplex-1.jpg 388w, https:\/\/robertabudasalon.com\/wp-content\/uploads\/2015\/11\/Merida-Salon-de-Belleza-Facebook-by-Angie-Color-Olaplex-1.jpg 230w\" sizes=\"auto, (max-width: 388px) 100vw, 388px\" \/><\/a><figcaption>Hair Color by Angie, Merida using Olaplex<\/figcaption><\/figure><\/div>\n\n\n\n<div class=\"wp-block-image\"><figure class=\"alignleft\"><a href=\"http:\/\/robertabudasalon.com\/olaplex-salon-de-belleza-merida\/merida-salon-de-belleza-facebook-by-angie-color-olaplex\/\" rel=\"attachment wp-att-4945\"><img loading=\"lazy\" decoding=\"async\" width=\"750\" height=\"643\" src=\"https:\/\/robertabudasalon.com\/wp-content\/uploads\/2015\/11\/Merida-Salon-de-Belleza-Facebook-by-Angie-Color-Olaplex.jpg\" alt=\"Merida Hair Salon Angie MX\" class=\"wp-image-4945\" srcset=\"https:\/\/robertabudasalon.com\/wp-content\/uploads\/2015\/11\/Merida-Salon-de-Belleza-Facebook-by-Angie-Color-Olaplex.jpg 750w, https:\/\/robertabudasalon.com\/wp-content\/uploads\/2015\/11\/Merida-Salon-de-Belleza-Facebook-by-Angie-Color-Olaplex.jpg 600w, https:\/\/robertabudasalon.com\/wp-content\/uploads\/2015\/11\/Merida-Salon-de-Belleza-Facebook-by-Angie-Color-Olaplex.jpg 300w\" sizes=\"auto, (max-width: 714px) 100vw, 714px\" \/><\/a><figcaption>Color by Angie with Olaplex | Salon de Belleza Merida<\/figcaption><\/figure><\/div>\n\n\n\n<div class=\"wp-block-image\"><figure class=\"alignleft\"><a href=\"http:\/\/robertabudasalon.com\/olaplex-salon-de-belleza-merida\/merida-salon-de-belleza-hair-olaplex-robert-abuda-salon-6\/\" rel=\"attachment wp-att-4944\"><img loading=\"lazy\" decoding=\"async\" width=\"375\" height=\"507\" src=\"https:\/\/robertabudasalon.com\/wp-content\/uploads\/2015\/11\/Merida-Salon-de-Belleza-Hair-Olaplex-Robert-Abuda-Salon-6.jpg\" alt=\"Merida Hair Salon Centro\" class=\"wp-image-4944\" srcset=\"https:\/\/robertabudasalon.com\/wp-content\/uploads\/2015\/11\/Merida-Salon-de-Belleza-Hair-Olaplex-Robert-Abuda-Salon-6.jpg 375w, https:\/\/robertabudasalon.com\/wp-content\/uploads\/2015\/11\/Merida-Salon-de-Belleza-Hair-Olaplex-Robert-Abuda-Salon-6.jpg 222w\" sizes=\"auto, (max-width: 375px) 100vw, 375px\" \/><\/a><figcaption>Olaplex Highlights &amp; Lowlights by Robert Abuda | Salon de Belleza Merida<\/figcaption><\/figure><\/div>\n\n\n\n<div class=\"wp-block-image\"><figure class=\"alignleft\"><a href=\"http:\/\/robertabudasalon.com\/olaplex-salon-de-belleza-merida\/merida-salon-de-belleza-hair-olaplex-robert-abuda-salon-5\/\" rel=\"attachment wp-att-4943\"><img loading=\"lazy\" decoding=\"async\" width=\"750\" height=\"645\" src=\"https:\/\/robertabudasalon.com\/wp-content\/uploads\/2015\/11\/Merida-Salon-de-Belleza-Hair-Olaplex-Robert-Abuda-Salon-5.jpg\" alt=\"Hair Salon Merida | YUC\" class=\"wp-image-4943\" srcset=\"https:\/\/robertabudasalon.com\/wp-content\/uploads\/2015\/11\/Merida-Salon-de-Belleza-Hair-Olaplex-Robert-Abuda-Salon-5.jpg 750w, https:\/\/robertabudasalon.com\/wp-content\/uploads\/2015\/11\/Merida-Salon-de-Belleza-Hair-Olaplex-Robert-Abuda-Salon-5.jpg 600w, https:\/\/robertabudasalon.com\/wp-content\/uploads\/2015\/11\/Merida-Salon-de-Belleza-Hair-Olaplex-Robert-Abuda-Salon-5.jpg 300w\" sizes=\"auto, (max-width: 714px) 100vw, 714px\" \/><\/a><figcaption>Olaplex Merida | Highlights &amp; Lowlights by Rob Abuda<\/figcaption><\/figure><\/div>\n\n\n\n<div class=\"wp-block-image\"><figure class=\"alignleft\"><a href=\"http:\/\/robertabudasalon.com\/olaplex-salon-de-belleza-merida\/merida-hair-salon-balayage-by-robert-abuda-2\/\" rel=\"attachment wp-att-4942\"><img loading=\"lazy\" decoding=\"async\" width=\"619\" height=\"789\" src=\"https:\/\/robertabudasalon.com\/wp-content\/uploads\/2015\/11\/Merida-Hair-Salon-Balayage-by-Robert-Abuda-2.jpg\" alt=\"Salon de Belleza en Merida Balayage\" class=\"wp-image-4942\" srcset=\"https:\/\/robertabudasalon.com\/wp-content\/uploads\/2015\/11\/Merida-Hair-Salon-Balayage-by-Robert-Abuda-2.jpg 619w, https:\/\/robertabudasalon.com\/wp-content\/uploads\/2015\/11\/Merida-Hair-Salon-Balayage-by-Robert-Abuda-2.jpg 600w, https:\/\/robertabudasalon.com\/wp-content\/uploads\/2015\/11\/Merida-Hair-Salon-Balayage-by-Robert-Abuda-2.jpg 235w\" sizes=\"auto, (max-width: 619px) 100vw, 619px\" \/><\/a><figcaption>Hair Salon Merida | Beige Balayage by Robert Abuda<\/figcaption><\/figure><\/div>\n\n\n\n<div class=\"wp-block-image\"><figure class=\"alignleft\"><a href=\"http:\/\/robertabudasalon.com\/olaplex-salon-de-belleza-merida\/merida-salon-hair-de-belleza-olaplex-balayage\/\" rel=\"attachment wp-att-4941\"><img loading=\"lazy\" decoding=\"async\" width=\"1400\" height=\"859\" src=\"https:\/\/robertabudasalon.com\/wp-content\/uploads\/2015\/11\/Merida-Salon-Hair-de-Belleza-Olaplex-Balayage.jpg\" alt=\"Merida Salon de Belleza | Beige Balayage by Rob Abuda\" class=\"wp-image-4941\" srcset=\"https:\/\/robertabudasalon.com\/wp-content\/uploads\/2015\/11\/Merida-Salon-Hair-de-Belleza-Olaplex-Balayage.jpg 1400w, https:\/\/robertabudasalon.com\/wp-content\/uploads\/2015\/11\/Merida-Salon-Hair-de-Belleza-Olaplex-Balayage.jpg 600w, https:\/\/robertabudasalon.com\/wp-content\/uploads\/2015\/11\/Merida-Salon-Hair-de-Belleza-Olaplex-Balayage.jpg 300w, https:\/\/robertabudasalon.com\/wp-content\/uploads\/2015\/11\/Merida-Salon-Hair-de-Belleza-Olaplex-Balayage.jpg 768w, https:\/\/robertabudasalon.com\/wp-content\/uploads\/2015\/11\/Merida-Salon-Hair-de-Belleza-Olaplex-Balayage.jpg 1024w\" sizes=\"auto, (max-width: 714px) 100vw, 714px\" \/><\/a><figcaption>Olaplex Beige Balayage by Robert Abuda<\/figcaption><\/figure><\/div>\n\n\n\n<div class=\"wp-block-image\"><figure class=\"alignleft\"><a href=\"http:\/\/robertabudasalon.com\/olaplex-salon-de-belleza-merida\/merida-salon-de-belleza-olaplex-hair-stylists-13\/\" rel=\"attachment wp-att-4940\"><img loading=\"lazy\" decoding=\"async\" width=\"388\" height=\"596\" src=\"https:\/\/robertabudasalon.com\/wp-content\/uploads\/2015\/11\/Merida-Salon-de-Belleza-Olaplex-Hair-Stylists-13.jpg\" alt=\"Merida Salon de Belleza by Angie\" class=\"wp-image-4940\" srcset=\"https:\/\/robertabudasalon.com\/wp-content\/uploads\/2015\/11\/Merida-Salon-de-Belleza-Olaplex-Hair-Stylists-13.jpg 388w, https:\/\/robertabudasalon.com\/wp-content\/uploads\/2015\/11\/Merida-Salon-de-Belleza-Olaplex-Hair-Stylists-13.jpg 195w\" sizes=\"auto, (max-width: 388px) 100vw, 388px\" \/><\/a><figcaption>Color with Olaplex by Angie | Hair Salon Merida<\/figcaption><\/figure><\/div>\n\n\n\n<div class=\"wp-block-image\"><figure class=\"alignleft\"><a href=\"http:\/\/robertabudasalon.com\/olaplex-salon-de-belleza-merida\/merida-salon-de-belleza-olaplex-hair-stylists-12\/\" rel=\"attachment wp-att-4939\"><img loading=\"lazy\" decoding=\"async\" width=\"684\" height=\"720\" src=\"https:\/\/robertabudasalon.com\/wp-content\/uploads\/2015\/11\/Merida-Salon-de-Belleza-Olaplex-Hair-Stylists-12.jpg\" alt=\"Estilista Angie, Hair Salon Merida\" class=\"wp-image-4939\" srcset=\"https:\/\/robertabudasalon.com\/wp-content\/uploads\/2015\/11\/Merida-Salon-de-Belleza-Olaplex-Hair-Stylists-12.jpg 684w, https:\/\/robertabudasalon.com\/wp-content\/uploads\/2015\/11\/Merida-Salon-de-Belleza-Olaplex-Hair-Stylists-12.jpg 600w, https:\/\/robertabudasalon.com\/wp-content\/uploads\/2015\/11\/Merida-Salon-de-Belleza-Olaplex-Hair-Stylists-12.jpg 285w\" sizes=\"auto, (max-width: 684px) 100vw, 684px\" \/><\/a><figcaption>Salon de Belleza Merida | Olaplex Color by ANGIE<\/figcaption><\/figure><\/div>\n\n\n\n<div class=\"wp-block-image\"><figure class=\"alignleft\"><a href=\"http:\/\/robertabudasalon.com\/olaplex-salon-de-belleza-merida\/merida-salon-de-belleza-olaplex-robert-abuda-003\/\" rel=\"attachment wp-att-4938\"><img loading=\"lazy\" decoding=\"async\" width=\"297\" height=\"486\" src=\"https:\/\/robertabudasalon.com\/wp-content\/uploads\/2015\/11\/Merida-Salon-de-Belleza-Olaplex-Robert-Abuda-003.jpg\" alt=\"Merida Hair Salon YUC\" class=\"wp-image-4938\" srcset=\"https:\/\/robertabudasalon.com\/wp-content\/uploads\/2015\/11\/Merida-Salon-de-Belleza-Olaplex-Robert-Abuda-003.jpg 297w, https:\/\/robertabudasalon.com\/wp-content\/uploads\/2015\/11\/Merida-Salon-de-Belleza-Olaplex-Robert-Abuda-003.jpg 183w\" sizes=\"auto, (max-width: 297px) 100vw, 297px\" \/><\/a><figcaption>Olaplex Blonde Balayage by Rob, Styling by ANNIE<\/figcaption><\/figure><\/div>\n\n\n\n<div class=\"wp-block-image\"><figure class=\"alignleft\"><a href=\"http:\/\/robertabudasalon.com\/olaplex-salon-de-belleza-merida\/merida-salon-de-belleza-olaplex-robert-abuda-001-google\/\" rel=\"attachment wp-att-4937\"><img loading=\"lazy\" decoding=\"async\" width=\"567\" height=\"600\" src=\"https:\/\/robertabudasalon.com\/wp-content\/uploads\/2015\/11\/Merida-Salon-de-Belleza-Olaplex-Robert-Abuda-001-Google.jpg\" alt=\"Salon de Belleza Merida Hair MX\" class=\"wp-image-4937\" srcset=\"https:\/\/robertabudasalon.com\/wp-content\/uploads\/2015\/11\/Merida-Salon-de-Belleza-Olaplex-Robert-Abuda-001-Google.jpg 567w, https:\/\/robertabudasalon.com\/wp-content\/uploads\/2015\/11\/Merida-Salon-de-Belleza-Olaplex-Robert-Abuda-001-Google.jpg 284w\" sizes=\"auto, (max-width: 567px) 100vw, 567px\" \/><\/a><figcaption>Olaplex Blonde Balayage by Robert Abuda | Styling by Annie<\/figcaption><\/figure><\/div>\n\n\n\n<div class=\"wp-block-image\"><figure class=\"alignleft\"><a href=\"http:\/\/robertabudasalon.com\/olaplex-salon-de-belleza-merida\/salon-de-belleza-en-merida-por-angie-olaplex-brunette-hair\/\" rel=\"attachment wp-att-4936\"><img loading=\"lazy\" decoding=\"async\" width=\"550\" height=\"831\" src=\"https:\/\/robertabudasalon.com\/wp-content\/uploads\/2015\/11\/Salon-de-Belleza-en-Merida-por-Angie-Olaplex-Brunette-Hair.jpg\" alt=\"Salon de Belleza Merida Yuc\" class=\"wp-image-4936\" srcset=\"https:\/\/robertabudasalon.com\/wp-content\/uploads\/2015\/11\/Salon-de-Belleza-en-Merida-por-Angie-Olaplex-Brunette-Hair.jpg 550w, https:\/\/robertabudasalon.com\/wp-content\/uploads\/2015\/11\/Salon-de-Belleza-en-Merida-por-Angie-Olaplex-Brunette-Hair.jpg 199w\" sizes=\"auto, (max-width: 550px) 100vw, 550px\" \/><\/a><figcaption>Olaplex Color by ANGIE | Hair Salon Merida YUC<\/figcaption><\/figure><\/div>\n\n\n\n<div class=\"wp-block-image\"><figure class=\"alignleft\"><a href=\"http:\/\/robertabudasalon.com\/olaplex-salon-de-belleza-merida\/hair-salon-merida-olaplex-balyage-robert-abuda-salon-mx-5\/\" rel=\"attachment wp-att-4928\"><img loading=\"lazy\" decoding=\"async\" width=\"641\" height=\"854\" src=\"https:\/\/robertabudasalon.com\/wp-content\/uploads\/2015\/11\/Hair-Salon-Merida-Olaplex-Balyage-Robert-Abuda-Salon-MX-5.jpg\" alt=\"Hair Stylist Estilistas Merida\" class=\"wp-image-4928\" srcset=\"https:\/\/robertabudasalon.com\/wp-content\/uploads\/2015\/11\/Hair-Salon-Merida-Olaplex-Balyage-Robert-Abuda-Salon-MX-5.jpg 641w, https:\/\/robertabudasalon.com\/wp-content\/uploads\/2015\/11\/Hair-Salon-Merida-Olaplex-Balyage-Robert-Abuda-Salon-MX-5.jpg 600w, https:\/\/robertabudasalon.com\/wp-content\/uploads\/2015\/11\/Hair-Salon-Merida-Olaplex-Balyage-Robert-Abuda-Salon-MX-5.jpg 225w\" sizes=\"auto, (max-width: 641px) 100vw, 641px\" \/><\/a><figcaption>Hair Color with Olaplex by ANGIE at Robert Abuda Salon | Merida, MX<\/figcaption><\/figure><\/div>\n\n\n\n<div class=\"wp-block-image\"><figure class=\"alignleft\"><a href=\"http:\/\/robertabudasalon.com\/olaplex-salon-de-belleza-merida\/hair-salon-merida-2-olaplex-paseo-de-montejo-robert-abuda-salon\/\" rel=\"attachment wp-att-4925\"><img loading=\"lazy\" decoding=\"async\" width=\"415\" height=\"600\" src=\"https:\/\/robertabudasalon.com\/wp-content\/uploads\/2015\/11\/Hair-Salon-Merida-2-Olaplex-Paseo-de-Montejo-Robert-Abuda-Salon.jpg\" alt=\"Merida Hair Salon 25\" class=\"wp-image-4925\" srcset=\"https:\/\/robertabudasalon.com\/wp-content\/uploads\/2015\/11\/Hair-Salon-Merida-2-Olaplex-Paseo-de-Montejo-Robert-Abuda-Salon.jpg 415w, https:\/\/robertabudasalon.com\/wp-content\/uploads\/2015\/11\/Hair-Salon-Merida-2-Olaplex-Paseo-de-Montejo-Robert-Abuda-Salon.jpg 208w\" sizes=\"auto, (max-width: 415px) 100vw, 415px\" \/><\/a><figcaption>Olaplex Color Correction by Robert Abuda Merida<\/figcaption><\/figure><\/div>\n\n\n\n<div class=\"wp-block-image\"><figure class=\"alignleft\"><a href=\"http:\/\/robertabudasalon.com\/olaplex-salon-de-belleza-merida\/merida-salon-de-belleza-olaplex-robert-abuda-salon32\/\" rel=\"attachment wp-att-4924\"><img loading=\"lazy\" decoding=\"async\" width=\"750\" height=\"694\" src=\"https:\/\/robertabudasalon.com\/wp-content\/uploads\/2015\/11\/Merida-Salon-de-Belleza-Olaplex-Robert-Abuda-Salon32.jpg\" alt=\"Hair Salon Merida de Belleza\" class=\"wp-image-4924\" srcset=\"https:\/\/robertabudasalon.com\/wp-content\/uploads\/2015\/11\/Merida-Salon-de-Belleza-Olaplex-Robert-Abuda-Salon32.jpg 750w, https:\/\/robertabudasalon.com\/wp-content\/uploads\/2015\/11\/Merida-Salon-de-Belleza-Olaplex-Robert-Abuda-Salon32.jpg 600w, https:\/\/robertabudasalon.com\/wp-content\/uploads\/2015\/11\/Merida-Salon-de-Belleza-Olaplex-Robert-Abuda-Salon32.jpg 300w\" sizes=\"auto, (max-width: 714px) 100vw, 714px\" \/><\/a><figcaption>Olaplex Color Correction by Robert Abuda after 2 appointments<\/figcaption><\/figure><\/div>\n\n\n\n<div class=\"wp-block-image\"><figure class=\"alignleft\"><a href=\"http:\/\/robertabudasalon.com\/olaplex-salon-de-belleza-merida\/merida-salon-de-belleza-olaplex-robert-abuda-salon31\/\" rel=\"attachment wp-att-4921\"><img loading=\"lazy\" decoding=\"async\" width=\"457\" height=\"700\" src=\"https:\/\/robertabudasalon.com\/wp-content\/uploads\/2015\/11\/Merida-Salon-de-Belleza-Olaplex-Robert-Abuda-Salon31.jpg\" alt=\"Merida Hair Salon with Olaplex\" class=\"wp-image-4921\" srcset=\"https:\/\/robertabudasalon.com\/wp-content\/uploads\/2015\/11\/Merida-Salon-de-Belleza-Olaplex-Robert-Abuda-Salon31.jpg 457w, https:\/\/robertabudasalon.com\/wp-content\/uploads\/2015\/11\/Merida-Salon-de-Belleza-Olaplex-Robert-Abuda-Salon31.jpg 196w\" sizes=\"auto, (max-width: 457px) 100vw, 457px\" \/><\/a><figcaption>Merida Olaplex Salon de Belleza | Balayage by ANGIE at Robert Abuda Salon<\/figcaption><\/figure><\/div>\n\n\n\n<div class=\"wp-block-image\"><figure class=\"alignleft\"><a href=\"http:\/\/robertabudasalon.com\/olaplex-salon-de-belleza-merida\/merida-salon-de-belleza-olaplex-robert-abuda-salon30\/\" rel=\"attachment wp-att-4919\"><img loading=\"lazy\" decoding=\"async\" width=\"750\" height=\"741\" src=\"https:\/\/robertabudasalon.com\/wp-content\/uploads\/2015\/11\/Merida-Salon-de-Belleza-Olaplex-Robert-Abuda-Salon30.jpg\" alt=\"Merida Hair Salon MX Olaplex\" class=\"wp-image-4919\" srcset=\"https:\/\/robertabudasalon.com\/wp-content\/uploads\/2015\/11\/Merida-Salon-de-Belleza-Olaplex-Robert-Abuda-Salon30.jpg 750w, https:\/\/robertabudasalon.com\/wp-content\/uploads\/2015\/11\/Merida-Salon-de-Belleza-Olaplex-Robert-Abuda-Salon30.jpg 100w, https:\/\/robertabudasalon.com\/wp-content\/uploads\/2015\/11\/Merida-Salon-de-Belleza-Olaplex-Robert-Abuda-Salon30.jpg 600w, https:\/\/robertabudasalon.com\/wp-content\/uploads\/2015\/11\/Merida-Salon-de-Belleza-Olaplex-Robert-Abuda-Salon30.jpg 300w\" sizes=\"auto, (max-width: 714px) 100vw, 714px\" \/><\/a><figcaption>Merida Salon de Belleza | Olaplex Balayage by ANGIE at Robert Abuda Salon<\/figcaption><\/figure><\/div>\n\n\n\n<div class=\"wp-block-image\"><figure class=\"alignleft\"><a href=\"http:\/\/robertabudasalon.com\/olaplex-salon-de-belleza-merida\/merida-salon-de-belleza-hair-by-robert-abuda-1\/\" rel=\"attachment wp-att-4916\"><img loading=\"lazy\" decoding=\"async\" width=\"524\" height=\"800\" src=\"https:\/\/robertabudasalon.com\/wp-content\/uploads\/2015\/11\/Merida-Salon-de-Belleza-Hair-by-Robert-Abuda-1.jpg\" alt=\"Hair Salon Merida Balayage\" class=\"wp-image-4916\" srcset=\"https:\/\/robertabudasalon.com\/wp-content\/uploads\/2015\/11\/Merida-Salon-de-Belleza-Hair-by-Robert-Abuda-1.jpg 524w, https:\/\/robertabudasalon.com\/wp-content\/uploads\/2015\/11\/Merida-Salon-de-Belleza-Hair-by-Robert-Abuda-1.jpg 197w\" sizes=\"auto, (max-width: 524px) 100vw, 524px\" \/><\/a><figcaption>Salon de Belleza Merida | Olaplex Blonde Balayage by Robert Abuda<\/figcaption><\/figure><\/div>\n\n\n\n<div class=\"wp-block-image\"><figure class=\"alignleft\"><a href=\"http:\/\/robertabudasalon.com\/olaplex-salon-de-belleza-merida\/merida-salon-de-belleza-olaplex-robert-abuda-salon19\/\" rel=\"attachment wp-att-4915\"><img loading=\"lazy\" decoding=\"async\" width=\"623\" height=\"622\" src=\"https:\/\/robertabudasalon.com\/wp-content\/uploads\/2015\/11\/Merida-Salon-de-Belleza-Olaplex-Robert-Abuda-Salon19.jpg\" alt=\"Merida Salon de Belleza 421\" class=\"wp-image-4915\" srcset=\"https:\/\/robertabudasalon.com\/wp-content\/uploads\/2015\/11\/Merida-Salon-de-Belleza-Olaplex-Robert-Abuda-Salon19.jpg 623w, https:\/\/robertabudasalon.com\/wp-content\/uploads\/2015\/11\/Merida-Salon-de-Belleza-Olaplex-Robert-Abuda-Salon19.jpg 300w, https:\/\/robertabudasalon.com\/wp-content\/uploads\/2015\/11\/Merida-Salon-de-Belleza-Olaplex-Robert-Abuda-Salon19.jpg 100w, https:\/\/robertabudasalon.com\/wp-content\/uploads\/2015\/11\/Merida-Salon-de-Belleza-Olaplex-Robert-Abuda-Salon19.jpg 600w, https:\/\/robertabudasalon.com\/wp-content\/uploads\/2015\/11\/Merida-Salon-de-Belleza-Olaplex-Robert-Abuda-Salon19.jpg 150w\" sizes=\"auto, (max-width: 623px) 100vw, 623px\" \/><\/a><figcaption>Olaplex Balayage &amp; ColorMelt by Robert Abuda | Salon de Belleza Merida<\/figcaption><\/figure><\/div>\n\n\n\n<div class=\"wp-block-image\"><figure class=\"alignleft\"><a href=\"http:\/\/robertabudasalon.com\/olaplex-salon-de-belleza-merida\/hair-salon-merida-olaplex-paseo-de-montejo-robert-abuda-salon\/\" rel=\"attachment wp-att-4914\"><img loading=\"lazy\" decoding=\"async\" width=\"439\" height=\"700\" src=\"https:\/\/robertabudasalon.com\/wp-content\/uploads\/2015\/11\/Hair-Salon-Merida-Olaplex-Paseo-de-Montejo-Robert-Abuda-Salon.jpg\" alt=\"Hair Salon en Merida Estilistas\" class=\"wp-image-4914\" srcset=\"https:\/\/robertabudasalon.com\/wp-content\/uploads\/2015\/11\/Hair-Salon-Merida-Olaplex-Paseo-de-Montejo-Robert-Abuda-Salon.jpg 439w, https:\/\/robertabudasalon.com\/wp-content\/uploads\/2015\/11\/Hair-Salon-Merida-Olaplex-Paseo-de-Montejo-Robert-Abuda-Salon.jpg 188w\" sizes=\"auto, (max-width: 439px) 100vw, 439px\" \/><\/a><figcaption>Merida Salon de Belleza | Olaplex Blonde Balayage by ANGIE y Annie<\/figcaption><\/figure><\/div>\n\n\n\n<div class=\"wp-block-image\"><figure class=\"alignleft\"><a href=\"http:\/\/robertabudasalon.com\/olaplex-salon-de-belleza-merida\/merida-salon-de-belleza-olaplex-robert-abuda-salon18-2\/\" rel=\"attachment wp-att-4903\"><img loading=\"lazy\" decoding=\"async\" width=\"620\" height=\"698\" src=\"https:\/\/robertabudasalon.com\/wp-content\/uploads\/2015\/11\/Merida-Salon-de-Belleza-Olaplex-Robert-Abuda-Salon18-1.jpg\" alt=\"Salon de Belleza Merida Olaplex Balayage\" class=\"wp-image-4903\" srcset=\"https:\/\/robertabudasalon.com\/wp-content\/uploads\/2015\/11\/Merida-Salon-de-Belleza-Olaplex-Robert-Abuda-Salon18-1.jpg 620w, https:\/\/robertabudasalon.com\/wp-content\/uploads\/2015\/11\/Merida-Salon-de-Belleza-Olaplex-Robert-Abuda-Salon18-1.jpg 600w, https:\/\/robertabudasalon.com\/wp-content\/uploads\/2015\/11\/Merida-Salon-de-Belleza-Olaplex-Robert-Abuda-Salon18-1.jpg 266w\" sizes=\"auto, (max-width: 620px) 100vw, 620px\" \/><\/a><figcaption>BALAYAGE with OLAPLEX by ANGIE, Assisted by ANNIE.<\/figcaption><\/figure><\/div>\n\n\n\n<div class=\"wp-block-image\"><figure class=\"alignleft\"><a href=\"http:\/\/robertabudasalon.com\/olaplex-salon-de-belleza-merida\/merida-salon-de-belleza-olaplex-robert-abuda-salon17\/\" rel=\"attachment wp-att-4881\"><img loading=\"lazy\" decoding=\"async\" width=\"620\" height=\"698\" src=\"https:\/\/robertabudasalon.com\/wp-content\/uploads\/2015\/11\/Merida-Salon-de-Belleza-Olaplex-Robert-Abuda-Salon17.jpg\" alt=\"Hair by Robert Abuda Blonde Highlights\" class=\"wp-image-4881\" srcset=\"https:\/\/robertabudasalon.com\/wp-content\/uploads\/2015\/11\/Merida-Salon-de-Belleza-Olaplex-Robert-Abuda-Salon17.jpg 620w, https:\/\/robertabudasalon.com\/wp-content\/uploads\/2015\/11\/Merida-Salon-de-Belleza-Olaplex-Robert-Abuda-Salon17.jpg 600w, https:\/\/robertabudasalon.com\/wp-content\/uploads\/2015\/11\/Merida-Salon-de-Belleza-Olaplex-Robert-Abuda-Salon17.jpg 266w\" sizes=\"auto, (max-width: 620px) 100vw, 620px\" \/><\/a><figcaption>OLAPLEX Blonde Highlights by ROBERT | Hair Salon Merida Yucatan Mexico<\/figcaption><\/figure><\/div>\n\n\n\n<div class=\"wp-block-image\"><figure class=\"alignleft\"><a href=\"http:\/\/robertabudasalon.com\/olaplex-salon-de-belleza-merida\/merida-salon-de-belleza-olaplex-robert-abuda-salon18\/\" rel=\"attachment wp-att-4882\"><img loading=\"lazy\" decoding=\"async\" width=\"516\" height=\"900\" src=\"https:\/\/robertabudasalon.com\/wp-content\/uploads\/2015\/11\/Merida-Salon-de-Belleza-Olaplex-Robert-Abuda-Salon18.jpg\" alt=\"Olaplex Highlights by Robert Abuda \" class=\"wp-image-4882\" srcset=\"https:\/\/robertabudasalon.com\/wp-content\/uploads\/2015\/11\/Merida-Salon-de-Belleza-Olaplex-Robert-Abuda-Salon18.jpg 516w, https:\/\/robertabudasalon.com\/wp-content\/uploads\/2015\/11\/Merida-Salon-de-Belleza-Olaplex-Robert-Abuda-Salon18.jpg 172w\" sizes=\"auto, (max-width: 516px) 100vw, 516px\" \/><\/a><figcaption>OLAPLEX Blonde Highlights by ROBERT 2 | Hair Salon Merida Yucatan Mexico<\/figcaption><\/figure><\/div>\n\n\n\n<div class=\"wp-block-image\"><figure class=\"alignleft\"><a href=\"http:\/\/robertabudasalon.com\/olaplex-salon-de-belleza-merida\/merida-salon-de-belleza-olaplex-robert-abuda-salon16\/\" rel=\"attachment wp-att-4879\"><img loading=\"lazy\" decoding=\"async\" width=\"623\" height=\"700\" src=\"https:\/\/robertabudasalon.com\/wp-content\/uploads\/2015\/11\/Merida-Salon-de-Belleza-Olaplex-Robert-Abuda-Salon16.jpg\" alt=\"Hair Salon Merida Balyage23\" class=\"wp-image-4879\" srcset=\"https:\/\/robertabudasalon.com\/wp-content\/uploads\/2015\/11\/Merida-Salon-de-Belleza-Olaplex-Robert-Abuda-Salon16.jpg 623w, https:\/\/robertabudasalon.com\/wp-content\/uploads\/2015\/11\/Merida-Salon-de-Belleza-Olaplex-Robert-Abuda-Salon16.jpg 600w, https:\/\/robertabudasalon.com\/wp-content\/uploads\/2015\/11\/Merida-Salon-de-Belleza-Olaplex-Robert-Abuda-Salon16.jpg 267w\" sizes=\"auto, (max-width: 623px) 100vw, 623px\" \/><\/a><figcaption>Olaplex Balyage by ANGIE | Robert Abuda Salon de Belleza, Merida Yucatan<\/figcaption><\/figure><\/div>\n\n\n\n<div class=\"wp-block-image\"><figure class=\"alignleft\"><a href=\"http:\/\/robertabudasalon.com\/olaplex-salon-de-belleza-merida\/olaplex-merida-salon-de-belleza-02\/\" rel=\"attachment wp-att-4868\"><img loading=\"lazy\" decoding=\"async\" width=\"1221\" height=\"617\" src=\"https:\/\/robertabudasalon.com\/wp-content\/uploads\/2015\/11\/Olaplex-Merida-Salon-de-Belleza-02.jpg\" alt=\"Hair Estilistas Merida 54\" class=\"wp-image-4868\" srcset=\"https:\/\/robertabudasalon.com\/wp-content\/uploads\/2015\/11\/Olaplex-Merida-Salon-de-Belleza-02.jpg 1221w, https:\/\/robertabudasalon.com\/wp-content\/uploads\/2015\/11\/Olaplex-Merida-Salon-de-Belleza-02.jpg 600w, https:\/\/robertabudasalon.com\/wp-content\/uploads\/2015\/11\/Olaplex-Merida-Salon-de-Belleza-02.jpg 300w, https:\/\/robertabudasalon.com\/wp-content\/uploads\/2015\/11\/Olaplex-Merida-Salon-de-Belleza-02.jpg 768w, https:\/\/robertabudasalon.com\/wp-content\/uploads\/2015\/11\/Olaplex-Merida-Salon-de-Belleza-02.jpg 1024w\" sizes=\"auto, (max-width: 714px) 100vw, 714px\" \/><\/a><figcaption>Olaplex Back to Natural by ANGIE | ROBERT ABUDA SALON de Belleza Merida<\/figcaption><\/figure><\/div>\n\n\n\n<div class=\"wp-block-image\"><figure class=\"alignleft\"><a href=\"http:\/\/robertabudasalon.com\/olaplex-salon-de-belleza-merida\/salon-de-belleza-merida-balyage-olaplex-robert-abuda3\/\" rel=\"attachment wp-att-4873\"><img loading=\"lazy\" decoding=\"async\" width=\"659\" height=\"586\" src=\"https:\/\/robertabudasalon.com\/wp-content\/uploads\/2015\/11\/Salon-de-Belleza-Merida-Balyage-Olaplex-Robert-Abuda3.jpg\" alt=\"Merida Hair Salon\" class=\"wp-image-4873\" srcset=\"https:\/\/robertabudasalon.com\/wp-content\/uploads\/2015\/11\/Salon-de-Belleza-Merida-Balyage-Olaplex-Robert-Abuda3.jpg 659w, https:\/\/robertabudasalon.com\/wp-content\/uploads\/2015\/11\/Salon-de-Belleza-Merida-Balyage-Olaplex-Robert-Abuda3.jpg 600w, https:\/\/robertabudasalon.com\/wp-content\/uploads\/2015\/11\/Salon-de-Belleza-Merida-Balyage-Olaplex-Robert-Abuda3.jpg 300w\" sizes=\"auto, (max-width: 659px) 100vw, 659px\" \/><\/a><figcaption>Olaplex Balyage by Robert Abuda | Merida Salon de Belleza<\/figcaption><\/figure><\/div>\n\n\n\n<div class=\"wp-block-image\"><figure class=\"alignleft\"><a href=\"http:\/\/robertabudasalon.com\/olaplex-salon-de-belleza-merida\/merida-salon-de-belleza-olaplex-robert-abuda-salon15\/\" rel=\"attachment wp-att-4863\"><img loading=\"lazy\" decoding=\"async\" width=\"623\" height=\"700\" src=\"https:\/\/robertabudasalon.com\/wp-content\/uploads\/2015\/11\/Merida-Salon-de-Belleza-Olaplex-Robert-Abuda-Salon15.jpg\" alt=\"Salon de Belleza Merida Hair Rose Gold Ombre \" class=\"wp-image-4863\" srcset=\"https:\/\/robertabudasalon.com\/wp-content\/uploads\/2015\/11\/Merida-Salon-de-Belleza-Olaplex-Robert-Abuda-Salon15.jpg 623w, https:\/\/robertabudasalon.com\/wp-content\/uploads\/2015\/11\/Merida-Salon-de-Belleza-Olaplex-Robert-Abuda-Salon15.jpg 600w, https:\/\/robertabudasalon.com\/wp-content\/uploads\/2015\/11\/Merida-Salon-de-Belleza-Olaplex-Robert-Abuda-Salon15.jpg 267w\" sizes=\"auto, (max-width: 623px) 100vw, 623px\" \/><\/a><figcaption>Olaplex Rose Gold Ombre at Robert Abuda Salon<\/figcaption><\/figure><\/div>\n\n\n\n<div class=\"wp-block-image\"><figure class=\"alignleft\"><a href=\"http:\/\/robertabudasalon.com\/olaplex-salon-de-belleza-merida\/merida-salon-de-belleza-olaplex-robert-abuda-salon11\/\" rel=\"attachment wp-att-4864\"><img loading=\"lazy\" decoding=\"async\" width=\"623\" height=\"622\" src=\"https:\/\/robertabudasalon.com\/wp-content\/uploads\/2015\/11\/Merida-Salon-de-Belleza-Olaplex-Robert-Abuda-Salon11.jpg\" alt=\"Hair Salon Merida 47, Babylights Olaplex\" class=\"wp-image-4864\" srcset=\"https:\/\/robertabudasalon.com\/wp-content\/uploads\/2015\/11\/Merida-Salon-de-Belleza-Olaplex-Robert-Abuda-Salon11.jpg 623w, https:\/\/robertabudasalon.com\/wp-content\/uploads\/2015\/11\/Merida-Salon-de-Belleza-Olaplex-Robert-Abuda-Salon11.jpg 300w, https:\/\/robertabudasalon.com\/wp-content\/uploads\/2015\/11\/Merida-Salon-de-Belleza-Olaplex-Robert-Abuda-Salon11.jpg 100w, https:\/\/robertabudasalon.com\/wp-content\/uploads\/2015\/11\/Merida-Salon-de-Belleza-Olaplex-Robert-Abuda-Salon11.jpg 600w, https:\/\/robertabudasalon.com\/wp-content\/uploads\/2015\/11\/Merida-Salon-de-Belleza-Olaplex-Robert-Abuda-Salon11.jpg 150w\" sizes=\"auto, (max-width: 623px) 100vw, 623px\" \/><\/a><figcaption>Olaplex Balyage &amp; Babylights by Robert Abuda, Merida Yucatan<\/figcaption><\/figure><\/div>\n\n\n\n<div class=\"wp-block-image\"><figure class=\"alignleft\"><a href=\"http:\/\/robertabudasalon.com\/olaplex-salon-de-belleza-merida\/merida-salon-de-belleza-olaplex-robert-abuda-salon20\/\" rel=\"attachment wp-att-4865\"><img loading=\"lazy\" decoding=\"async\" width=\"623\" height=\"683\" src=\"https:\/\/robertabudasalon.com\/wp-content\/uploads\/2015\/11\/Merida-Salon-de-Belleza-Olaplex-Robert-Abuda-Salon20.jpg\" alt=\"Balyage Merida Yucatan Blond78\" class=\"wp-image-4865\" srcset=\"https:\/\/robertabudasalon.com\/wp-content\/uploads\/2015\/11\/Merida-Salon-de-Belleza-Olaplex-Robert-Abuda-Salon20.jpg 623w, https:\/\/robertabudasalon.com\/wp-content\/uploads\/2015\/11\/Merida-Salon-de-Belleza-Olaplex-Robert-Abuda-Salon20.jpg 600w, https:\/\/robertabudasalon.com\/wp-content\/uploads\/2015\/11\/Merida-Salon-de-Belleza-Olaplex-Robert-Abuda-Salon20.jpg 274w\" sizes=\"auto, (max-width: 623px) 100vw, 623px\" \/><\/a><figcaption>Back to Blonde | Olaplex and Heavy Balyage by Rob Abuda. Stage 1.<\/figcaption><\/figure><\/div>\n\n\n\n<div class=\"wp-block-image\"><figure class=\"alignleft\"><a href=\"http:\/\/robertabudasalon.com\/olaplex-salon-de-belleza-merida\/salon-de-belleza-merida-balyage-angie1\/\" rel=\"attachment wp-att-4845\"><img loading=\"lazy\" decoding=\"async\" width=\"659\" height=\"586\" src=\"https:\/\/robertabudasalon.com\/wp-content\/uploads\/2015\/11\/Salon-de-Belleza-Merida-Balyage-Angie1.jpg\" alt=\"Hair Salon Merida98\" class=\"wp-image-4845\" srcset=\"https:\/\/robertabudasalon.com\/wp-content\/uploads\/2015\/11\/Salon-de-Belleza-Merida-Balyage-Angie1.jpg 659w, https:\/\/robertabudasalon.com\/wp-content\/uploads\/2015\/11\/Salon-de-Belleza-Merida-Balyage-Angie1.jpg 600w, https:\/\/robertabudasalon.com\/wp-content\/uploads\/2015\/11\/Salon-de-Belleza-Merida-Balyage-Angie1.jpg 300w\" sizes=\"auto, (max-width: 659px) 100vw, 659px\" \/><\/a><figcaption>OLAPLEX Balyage &amp; Babylights by ANGIE for Robert Abuda Salon | Salon de Belleza Merida46<\/figcaption><\/figure><\/div>\n\n\n\n<div class=\"wp-block-image\"><figure class=\"alignleft\"><a href=\"http:\/\/robertabudasalon.com\/olaplex-salon-de-belleza-merida\/salon-de-belleza-merida-olaplex-hair-balyage-2017-robert-abuda\/\" rel=\"attachment wp-att-4840\"><img loading=\"lazy\" decoding=\"async\" width=\"684\" height=\"724\" src=\"https:\/\/robertabudasalon.com\/wp-content\/uploads\/2015\/11\/Salon-de-Belleza-Merida-Olaplex-Hair-Balyage-2017-Robert-Abuda.jpg\" alt=\"Olaplex Hair Salon Merida4\" class=\"wp-image-4840\" srcset=\"https:\/\/robertabudasalon.com\/wp-content\/uploads\/2015\/11\/Salon-de-Belleza-Merida-Olaplex-Hair-Balyage-2017-Robert-Abuda.jpg 684w, https:\/\/robertabudasalon.com\/wp-content\/uploads\/2015\/11\/Salon-de-Belleza-Merida-Olaplex-Hair-Balyage-2017-Robert-Abuda.jpg 600w, https:\/\/robertabudasalon.com\/wp-content\/uploads\/2015\/11\/Salon-de-Belleza-Merida-Olaplex-Hair-Balyage-2017-Robert-Abuda.jpg 283w\" sizes=\"auto, (max-width: 684px) 100vw, 684px\" \/><\/a><figcaption>Olaplex Balyage y Babylights by Robert Abuda, 2017<\/figcaption><\/figure><\/div>\n\n\n\n<div class=\"wp-block-image\"><figure class=\"alignleft\"><a href=\"http:\/\/robertabudasalon.com\/olaplex-salon-de-belleza-merida\/hair-salon-olaplex-merida-robert-abuda-salon-feb-2017\/\" rel=\"attachment wp-att-4821\"><img loading=\"lazy\" decoding=\"async\" width=\"668\" height=\"713\" src=\"https:\/\/robertabudasalon.com\/wp-content\/uploads\/2015\/11\/Hair-Salon-Olaplex-Merida-Robert-Abuda-Salon-Feb-2017.jpg\" alt=\"Merida Hair Salon Olaplex by Rob 2017\" class=\"wp-image-4821\" srcset=\"https:\/\/robertabudasalon.com\/wp-content\/uploads\/2015\/11\/Hair-Salon-Olaplex-Merida-Robert-Abuda-Salon-Feb-2017.jpg 668w, https:\/\/robertabudasalon.com\/wp-content\/uploads\/2015\/11\/Hair-Salon-Olaplex-Merida-Robert-Abuda-Salon-Feb-2017.jpg 600w, https:\/\/robertabudasalon.com\/wp-content\/uploads\/2015\/11\/Hair-Salon-Olaplex-Merida-Robert-Abuda-Salon-Feb-2017.jpg 281w\" sizes=\"auto, (max-width: 668px) 100vw, 668px\" \/><\/a><figcaption>OLAPLEX BALAGE &amp; HIGHLIGHTS by Robert Abuda | Salon de Belleza Merida<\/figcaption><\/figure><\/div>\n\n\n\n<figure class=\"wp-block-image\"><img loading=\"lazy\" decoding=\"async\" width=\"609\" height=\"503\" src=\"https:\/\/robertabudasalon.com\/wp-content\/uploads\/2019\/04\/Salon-de-Belleza-Olaplex-Merida-Mexico.jpg\" alt=\"\" class=\"wp-image-8887\" srcset=\"https:\/\/robertabudasalon.com\/wp-content\/uploads\/2019\/04\/Salon-de-Belleza-Olaplex-Merida-Mexico.jpg 609w, https:\/\/robertabudasalon.com\/wp-content\/uploads\/2019\/04\/Salon-de-Belleza-Olaplex-Merida-Mexico.jpg 300w, https:\/\/robertabudasalon.com\/wp-content\/uploads\/2019\/04\/Salon-de-Belleza-Olaplex-Merida-Mexico.jpg 600w\" sizes=\"auto, (max-width: 609px) 100vw, 609px\" \/><figcaption>Blonde Highlights with Olaplex by Robert Abuda<\/figcaption><\/figure>\n\n\n\n<div class=\"wp-block-image\"><figure class=\"alignleft\"><a href=\"http:\/\/robertabudasalon.com\/olaplex-salon-de-belleza-merida\/salon-de-belleza-olaplex-merida-feb-2017\/\" rel=\"attachment wp-att-4815\"><img loading=\"lazy\" decoding=\"async\" width=\"668\" height=\"713\" src=\"https:\/\/robertabudasalon.com\/wp-content\/uploads\/2015\/11\/Salon-de-Belleza-Olaplex-Merida-Feb-2017.jpg\" alt=\"Merida Hair Salon Olaplex\" class=\"wp-image-4815\" srcset=\"https:\/\/robertabudasalon.com\/wp-content\/uploads\/2015\/11\/Salon-de-Belleza-Olaplex-Merida-Feb-2017.jpg 668w, https:\/\/robertabudasalon.com\/wp-content\/uploads\/2015\/11\/Salon-de-Belleza-Olaplex-Merida-Feb-2017.jpg 600w, https:\/\/robertabudasalon.com\/wp-content\/uploads\/2015\/11\/Salon-de-Belleza-Olaplex-Merida-Feb-2017.jpg 281w\" sizes=\"auto, (max-width: 668px) 100vw, 668px\" \/><\/a><figcaption>Olaplex &amp; Color by Robert Abuda | Salon de Belleza Merida<\/figcaption><\/figure><\/div>\n\n\n\n<figure class=\"wp-block-image alignnone\"><a href=\"http:\/\/robertabudasalon.com\/olaplex-salon-de-belleza-merida\/salon-de-belleza-merida-mejor-hair-salon-olaplex\/\" rel=\"attachment wp-att-4812\"><img loading=\"lazy\" decoding=\"async\" width=\"659\" height=\"586\" src=\"https:\/\/robertabudasalon.com\/wp-content\/uploads\/2015\/11\/Salon-de-Belleza-Merida-Mejor-Hair-Salon-Olaplex.jpg\" alt=\"Hair Salon Merida Olaplex Balyage\" class=\"wp-image-4812\" srcset=\"https:\/\/robertabudasalon.com\/wp-content\/uploads\/2015\/11\/Salon-de-Belleza-Merida-Mejor-Hair-Salon-Olaplex.jpg 659w, https:\/\/robertabudasalon.com\/wp-content\/uploads\/2015\/11\/Salon-de-Belleza-Merida-Mejor-Hair-Salon-Olaplex.jpg 600w, https:\/\/robertabudasalon.com\/wp-content\/uploads\/2015\/11\/Salon-de-Belleza-Merida-Mejor-Hair-Salon-Olaplex.jpg 300w\" sizes=\"auto, (max-width: 659px) 100vw, 659px\" \/><\/a><figcaption>Salon de Belleza Merida | OLAPLEX Balyage by Robert Abuda 2017.<\/figcaption><\/figure>\n\n\n\n<div class=\"wp-block-image\"><figure class=\"alignleft\"><a href=\"http:\/\/robertabudasalon.com\/olaplex-salon-de-belleza-merida\/salon-de-belleza-merida-olaplex-balyage-robert-abuda-salon-2017\/\" rel=\"attachment wp-att-4785\"><img loading=\"lazy\" decoding=\"async\" width=\"659\" height=\"586\" src=\"https:\/\/robertabudasalon.com\/wp-content\/uploads\/2015\/11\/Salon-de-Belleza-Merida-Olaplex-Balyage-Robert-Abuda-Salon-2017.jpg\" alt=\"Hair Salon Merida Robert Abuda Salon Balyage\" class=\"wp-image-4785\" srcset=\"https:\/\/robertabudasalon.com\/wp-content\/uploads\/2015\/11\/Salon-de-Belleza-Merida-Olaplex-Balyage-Robert-Abuda-Salon-2017.jpg 659w, https:\/\/robertabudasalon.com\/wp-content\/uploads\/2015\/11\/Salon-de-Belleza-Merida-Olaplex-Balyage-Robert-Abuda-Salon-2017.jpg 600w, https:\/\/robertabudasalon.com\/wp-content\/uploads\/2015\/11\/Salon-de-Belleza-Merida-Olaplex-Balyage-Robert-Abuda-Salon-2017.jpg 300w\" sizes=\"auto, (max-width: 659px) 100vw, 659px\" \/><\/a><figcaption>Olaplex Balyage de Robert Abuda &#8211; Salon de Belleza Merida 2017.<\/figcaption><\/figure><\/div>\n\n\n\n<h2 class=\"wp-block-heading\">2016<\/h2>\n\n\n\n<div class=\"wp-block-image\"><figure class=\"alignleft\"><a href=\"http:\/\/robertabudasalon.com\/olaplex-salon-de-belleza-merida\/salon-de-belleza-olaplex-merida-dec-2016\/\" rel=\"attachment wp-att-4786\"><img loading=\"lazy\" decoding=\"async\" width=\"756\" height=\"713\" src=\"https:\/\/robertabudasalon.com\/wp-content\/uploads\/2015\/11\/Salon-de-Belleza-Olaplex-Merida-Dec-2016.jpg\" alt=\"Olaplex Hair Salon Merida \" class=\"wp-image-4786\" srcset=\"https:\/\/robertabudasalon.com\/wp-content\/uploads\/2015\/11\/Salon-de-Belleza-Olaplex-Merida-Dec-2016.jpg 756w, https:\/\/robertabudasalon.com\/wp-content\/uploads\/2015\/11\/Salon-de-Belleza-Olaplex-Merida-Dec-2016.jpg 600w, https:\/\/robertabudasalon.com\/wp-content\/uploads\/2015\/11\/Salon-de-Belleza-Olaplex-Merida-Dec-2016.jpg 300w\" sizes=\"auto, (max-width: 714px) 100vw, 714px\" \/><\/a><figcaption>Olaplex Highlights (Mechas) by Robert Abuda | MERIDA<\/figcaption><\/figure><\/div>\n\n\n\n<div class=\"wp-block-image size-full wp-image-4703\"><figure class=\"alignleft\"><img loading=\"lazy\" decoding=\"async\" width=\"822\" height=\"715\" src=\"https:\/\/robertabudasalon.com\/wp-content\/uploads\/2015\/11\/Salon-de-Belleza-Merida-Olaplex-Balyage.jpg\" alt=\"Hair Salon Merida Olaplex\" class=\"wp-image-4703\" srcset=\"https:\/\/robertabudasalon.com\/wp-content\/uploads\/2015\/11\/Salon-de-Belleza-Merida-Olaplex-Balyage.jpg 822w, https:\/\/robertabudasalon.com\/wp-content\/uploads\/2015\/11\/Salon-de-Belleza-Merida-Olaplex-Balyage.jpg 600w, https:\/\/robertabudasalon.com\/wp-content\/uploads\/2015\/11\/Salon-de-Belleza-Merida-Olaplex-Balyage.jpg 300w, https:\/\/robertabudasalon.com\/wp-content\/uploads\/2015\/11\/Salon-de-Belleza-Merida-Olaplex-Balyage.jpg 768w\" sizes=\"auto, (max-width: 714px) 100vw, 714px\" \/><figcaption>Olaplex Correcion de Color de Yenni | Salon de Belleza Merida<\/figcaption><\/figure><\/div>\n\n\n\n<div class=\"wp-block-image size-full wp-image-4677\"><figure class=\"alignleft\"><img loading=\"lazy\" decoding=\"async\" width=\"684\" height=\"724\" src=\"https:\/\/robertabudasalon.com\/wp-content\/uploads\/2015\/11\/Hair-Salon-Merida-Olaplex-Balyage-Robert-Abuda-Salon-MX.jpg\" alt=\"Olaplex Hair Merida by Robert Abuda\" class=\"wp-image-4677\" srcset=\"https:\/\/robertabudasalon.com\/wp-content\/uploads\/2015\/11\/Hair-Salon-Merida-Olaplex-Balyage-Robert-Abuda-Salon-MX.jpg 684w, https:\/\/robertabudasalon.com\/wp-content\/uploads\/2015\/11\/Hair-Salon-Merida-Olaplex-Balyage-Robert-Abuda-Salon-MX.jpg 600w, https:\/\/robertabudasalon.com\/wp-content\/uploads\/2015\/11\/Hair-Salon-Merida-Olaplex-Balyage-Robert-Abuda-Salon-MX.jpg 283w\" sizes=\"auto, (max-width: 684px) 100vw, 684px\" \/><figcaption>Olaplex Salon de Belleza Merida Balyage by Robert Abuda | Hair Salon de Belleza Merida<\/figcaption><\/figure><\/div>\n\n\n\n<div class=\"wp-block-image size-full wp-image-4686\"><figure class=\"alignleft\"><img loading=\"lazy\" decoding=\"async\" width=\"684\" height=\"586\" src=\"https:\/\/robertabudasalon.com\/wp-content\/uploads\/2015\/11\/Hair-Salon-Merida-Olaplex-Balyage-Robert-Abuda-Salon-2016.jpg\" alt=\"Hair Salon Merida 2016\" class=\"wp-image-4686\" srcset=\"https:\/\/robertabudasalon.com\/wp-content\/uploads\/2015\/11\/Hair-Salon-Merida-Olaplex-Balyage-Robert-Abuda-Salon-2016.jpg 684w, https:\/\/robertabudasalon.com\/wp-content\/uploads\/2015\/11\/Hair-Salon-Merida-Olaplex-Balyage-Robert-Abuda-Salon-2016.jpg 600w, https:\/\/robertabudasalon.com\/wp-content\/uploads\/2015\/11\/Hair-Salon-Merida-Olaplex-Balyage-Robert-Abuda-Salon-2016.jpg 300w\" sizes=\"auto, (max-width: 684px) 100vw, 684px\" \/><figcaption>Highlights with Olaplex. | Salon de Belleza Merida.<\/figcaption><\/figure><\/div>\n\n\n\n<div class=\"wp-block-image size-full wp-image-4581\"><figure class=\"alignleft\"><img loading=\"lazy\" decoding=\"async\" width=\"684\" height=\"754\" src=\"https:\/\/robertabudasalon.com\/wp-content\/uploads\/2015\/11\/Hair-Salon-Merida-Olaplex-Balyage-Robert-Abuda-MX.jpg\" alt=\"Hair Salon Merida Olaplex Salon de Belleza\" class=\"wp-image-4581\" srcset=\"https:\/\/robertabudasalon.com\/wp-content\/uploads\/2015\/11\/Hair-Salon-Merida-Olaplex-Balyage-Robert-Abuda-MX.jpg 684w, https:\/\/robertabudasalon.com\/wp-content\/uploads\/2015\/11\/Hair-Salon-Merida-Olaplex-Balyage-Robert-Abuda-MX.jpg 600w, https:\/\/robertabudasalon.com\/wp-content\/uploads\/2015\/11\/Hair-Salon-Merida-Olaplex-Balyage-Robert-Abuda-MX.jpg 272w\" sizes=\"auto, (max-width: 684px) 100vw, 684px\" \/><figcaption>Hair Salon Merida 489. | Balyage with Olaplex by Robert Abuda<\/figcaption><\/figure><\/div>\n\n\n\n<div class=\"wp-block-image wp-image-4553 size-full\"><figure class=\"alignleft\"><img loading=\"lazy\" decoding=\"async\" width=\"1009\" height=\"687\" src=\"https:\/\/robertabudasalon.com\/wp-content\/uploads\/2015\/11\/Salon-de-Belleza-Hair-Salon-Merida-Olaplex.jpg\" alt=\"salon de belleza Merida 24\" class=\"wp-image-4553\" srcset=\"https:\/\/robertabudasalon.com\/wp-content\/uploads\/2015\/11\/Salon-de-Belleza-Hair-Salon-Merida-Olaplex.jpg 1009w, https:\/\/robertabudasalon.com\/wp-content\/uploads\/2015\/11\/Salon-de-Belleza-Hair-Salon-Merida-Olaplex.jpg 600w, https:\/\/robertabudasalon.com\/wp-content\/uploads\/2015\/11\/Salon-de-Belleza-Hair-Salon-Merida-Olaplex.jpg 300w, https:\/\/robertabudasalon.com\/wp-content\/uploads\/2015\/11\/Salon-de-Belleza-Hair-Salon-Merida-Olaplex.jpg 768w\" sizes=\"auto, (max-width: 714px) 100vw, 714px\" \/><figcaption>Salon de Belleza Merida | Hair Salon Merida 24 Olaplex by Robert Abuda<\/figcaption><\/figure><\/div>\n\n\n\n<div class=\"wp-block-image wp-image-4504 size-full\"><figure class=\"alignleft\"><img loading=\"lazy\" decoding=\"async\" width=\"1009\" height=\"709\" src=\"https:\/\/robertabudasalon.com\/wp-content\/uploads\/2015\/11\/Hair-Salon-Merida-Olaplex.jpg\" alt=\"hair-salon-merida-olaplex 1\" class=\"wp-image-4504\" srcset=\"https:\/\/robertabudasalon.com\/wp-content\/uploads\/2015\/11\/Hair-Salon-Merida-Olaplex.jpg 1009w, https:\/\/robertabudasalon.com\/wp-content\/uploads\/2015\/11\/Hair-Salon-Merida-Olaplex.jpg 600w, https:\/\/robertabudasalon.com\/wp-content\/uploads\/2015\/11\/Hair-Salon-Merida-Olaplex.jpg 300w, https:\/\/robertabudasalon.com\/wp-content\/uploads\/2015\/11\/Hair-Salon-Merida-Olaplex.jpg 768w\" sizes=\"auto, (max-width: 714px) 100vw, 714px\" \/><figcaption>Hair Salon Merida | Olaplex and Lilac Hair by Robert Abuda.<\/figcaption><\/figure><\/div>\n\n\n\n<div class=\"wp-block-image wp-image-4093 size-large\"><figure class=\"alignleft\"><img loading=\"lazy\" decoding=\"async\" width=\"1024\" height=\"469\" src=\"https:\/\/robertabudasalon.com\/wp-content\/uploads\/2015\/11\/Salon-de-Belleza-Merida-Olaplex-Hair-Robert-Abuda-1024x469.jpg\" alt=\"Salon de Belleza Merida 54\" class=\"wp-image-4093\" srcset=\"https:\/\/robertabudasalon.com\/wp-content\/uploads\/2015\/11\/Salon-de-Belleza-Merida-Olaplex-Hair-Robert-Abuda.jpg 1024w, https:\/\/robertabudasalon.com\/wp-content\/uploads\/2015\/11\/Salon-de-Belleza-Merida-Olaplex-Hair-Robert-Abuda.jpg 600w, https:\/\/robertabudasalon.com\/wp-content\/uploads\/2015\/11\/Salon-de-Belleza-Merida-Olaplex-Hair-Robert-Abuda.jpg 300w, https:\/\/robertabudasalon.com\/wp-content\/uploads\/2015\/11\/Salon-de-Belleza-Merida-Olaplex-Hair-Robert-Abuda.jpg 768w, https:\/\/robertabudasalon.com\/wp-content\/uploads\/2015\/11\/Salon-de-Belleza-Merida-Olaplex-Hair-Robert-Abuda.jpg 1132w\" sizes=\"auto, (max-width: 714px) 100vw, 714px\" \/><figcaption>Salon de Belleza Merida | OLAPLEX | Balyage de Robert Abuda.<\/figcaption><\/figure><\/div>\n\n\n\n<div class=\"wp-block-image wp-image-4092 size-full\"><figure class=\"alignleft\"><img loading=\"lazy\" decoding=\"async\" width=\"877\" height=\"518\" src=\"https:\/\/robertabudasalon.com\/wp-content\/uploads\/2015\/11\/Salon-de-Belleza-Mejor-Hair-Olaplex-Robert-Abuda.jpg\" alt=\"Salon de Belleza Merida 14 | Mejor\" class=\"wp-image-4092\" srcset=\"https:\/\/robertabudasalon.com\/wp-content\/uploads\/2015\/11\/Salon-de-Belleza-Mejor-Hair-Olaplex-Robert-Abuda.jpg 877w, https:\/\/robertabudasalon.com\/wp-content\/uploads\/2015\/11\/Salon-de-Belleza-Mejor-Hair-Olaplex-Robert-Abuda.jpg 600w, https:\/\/robertabudasalon.com\/wp-content\/uploads\/2015\/11\/Salon-de-Belleza-Mejor-Hair-Olaplex-Robert-Abuda.jpg 300w, https:\/\/robertabudasalon.com\/wp-content\/uploads\/2015\/11\/Salon-de-Belleza-Mejor-Hair-Olaplex-Robert-Abuda.jpg 768w\" sizes=\"auto, (max-width: 714px) 100vw, 714px\" \/><figcaption>Salon de Belleza Merida 2 | OLAPLEX | Balyage&nbsp; de Robert Abuda.<\/figcaption><\/figure><\/div>\n\n\n\n<div class=\"wp-block-image wp-image-4091 size-full\"><figure class=\"alignleft\"><img loading=\"lazy\" decoding=\"async\" width=\"719\" height=\"713\" src=\"https:\/\/robertabudasalon.com\/wp-content\/uploads\/2015\/11\/Mejor-Salon-de-Belleza-Merida-Olaplex-Robert-Abuda.jpg\" alt=\"Olaplex Salon de Belleza Merida 4\" class=\"wp-image-4091\" srcset=\"https:\/\/robertabudasalon.com\/wp-content\/uploads\/2015\/11\/Mejor-Salon-de-Belleza-Merida-Olaplex-Robert-Abuda.jpg 719w, https:\/\/robertabudasalon.com\/wp-content\/uploads\/2015\/11\/Mejor-Salon-de-Belleza-Merida-Olaplex-Robert-Abuda.jpg 100w, https:\/\/robertabudasalon.com\/wp-content\/uploads\/2015\/11\/Mejor-Salon-de-Belleza-Merida-Olaplex-Robert-Abuda.jpg 600w, https:\/\/robertabudasalon.com\/wp-content\/uploads\/2015\/11\/Mejor-Salon-de-Belleza-Merida-Olaplex-Robert-Abuda.jpg 150w, https:\/\/robertabudasalon.com\/wp-content\/uploads\/2015\/11\/Mejor-Salon-de-Belleza-Merida-Olaplex-Robert-Abuda.jpg 300w\" sizes=\"auto, (max-width: 714px) 100vw, 714px\" \/><figcaption>Olaplex Salon de Belleza Merida 4 Mejor | Balyage con Olaplex de Robert Abuda<\/figcaption><\/figure><\/div>\n\n\n\n<div class=\"wp-block-image wp-image-4088 size-full\"><figure class=\"alignleft\"><img loading=\"lazy\" decoding=\"async\" width=\"814\" height=\"669\" src=\"https:\/\/robertabudasalon.com\/wp-content\/uploads\/2015\/11\/salon-de-belleza-Merida-Olaplex-by-Robert-Abuda.jpg\" alt=\"Olaplex Salon de Belleza Merida 5 Robert Abuda 4\" class=\"wp-image-4088\" srcset=\"https:\/\/robertabudasalon.com\/wp-content\/uploads\/2015\/11\/salon-de-belleza-Merida-Olaplex-by-Robert-Abuda.jpg 814w, https:\/\/robertabudasalon.com\/wp-content\/uploads\/2015\/11\/salon-de-belleza-Merida-Olaplex-by-Robert-Abuda.jpg 600w, https:\/\/robertabudasalon.com\/wp-content\/uploads\/2015\/11\/salon-de-belleza-Merida-Olaplex-by-Robert-Abuda.jpg 300w, https:\/\/robertabudasalon.com\/wp-content\/uploads\/2015\/11\/salon-de-belleza-Merida-Olaplex-by-Robert-Abuda.jpg 768w\" sizes=\"auto, (max-width: 714px) 100vw, 714px\" \/><figcaption>Bob Hair Cut by Robert Abuda | Salon de Belleza Merida 4 | Olaplex de Robert Abuda 4<\/figcaption><\/figure><\/div>\n\n\n\n<div class=\"wp-block-image wp-image-4077 size-large\"><figure class=\"alignleft\"><img loading=\"lazy\" decoding=\"async\" width=\"1024\" height=\"691\" src=\"https:\/\/robertabudasalon.com\/wp-content\/uploads\/2015\/11\/salon-de-belleza-Merida-Olaplex-1024x691.jpg\" alt=\"Salon de Belleza Merida Olaplex 16\" class=\"wp-image-4077\" srcset=\"https:\/\/robertabudasalon.com\/wp-content\/uploads\/2015\/11\/salon-de-belleza-Merida-Olaplex.jpg 1024w, https:\/\/robertabudasalon.com\/wp-content\/uploads\/2015\/11\/salon-de-belleza-Merida-Olaplex.jpg 600w, https:\/\/robertabudasalon.com\/wp-content\/uploads\/2015\/11\/salon-de-belleza-Merida-Olaplex.jpg 300w, https:\/\/robertabudasalon.com\/wp-content\/uploads\/2015\/11\/salon-de-belleza-Merida-Olaplex.jpg 768w, https:\/\/robertabudasalon.com\/wp-content\/uploads\/2015\/11\/salon-de-belleza-Merida-Olaplex.jpg 1100w\" sizes=\"auto, (max-width: 714px) 100vw, 714px\" \/><figcaption>Salon de Belleza Merida Olaplex | Balyage &amp; Babylights by Yenni<\/figcaption><\/figure><\/div>\n\n\n\n<div class=\"wp-block-image wp-image-4046 size-full\"><figure class=\"alignleft\"><img loading=\"lazy\" decoding=\"async\" width=\"734\" height=\"713\" src=\"https:\/\/robertabudasalon.com\/wp-content\/uploads\/2015\/11\/Salon-de-Belleza-Merida-Robert-Abuda.jpg\" alt=\"Olaplex Salon de Belleza Merida 17\" class=\"wp-image-4046\" srcset=\"https:\/\/robertabudasalon.com\/wp-content\/uploads\/2015\/11\/Salon-de-Belleza-Merida-Robert-Abuda.jpg 734w, https:\/\/robertabudasalon.com\/wp-content\/uploads\/2015\/11\/Salon-de-Belleza-Merida-Robert-Abuda.jpg 600w, https:\/\/robertabudasalon.com\/wp-content\/uploads\/2015\/11\/Salon-de-Belleza-Merida-Robert-Abuda.jpg 300w\" sizes=\"auto, (max-width: 714px) 100vw, 714px\" \/><figcaption>Salon de Belleza Merida and Olaplex de Robert Abuda.<\/figcaption><\/figure><\/div>\n\n\n\n<div class=\"wp-block-image wp-image-4022 size-full\"><figure class=\"alignleft\"><img loading=\"lazy\" decoding=\"async\" width=\"781\" height=\"593\" src=\"https:\/\/robertabudasalon.com\/wp-content\/uploads\/2015\/11\/Salon-de-Belleza-Olaplex-Merida-Perm.jpg\" alt=\"Salon de Belleza Merida Olaplex 18\" class=\"wp-image-4022\" srcset=\"https:\/\/robertabudasalon.com\/wp-content\/uploads\/2015\/11\/Salon-de-Belleza-Olaplex-Merida-Perm.jpg 781w, https:\/\/robertabudasalon.com\/wp-content\/uploads\/2015\/11\/Salon-de-Belleza-Olaplex-Merida-Perm.jpg 600w, https:\/\/robertabudasalon.com\/wp-content\/uploads\/2015\/11\/Salon-de-Belleza-Olaplex-Merida-Perm.jpg 300w, https:\/\/robertabudasalon.com\/wp-content\/uploads\/2015\/11\/Salon-de-Belleza-Olaplex-Merida-Perm.jpg 768w\" sizes=\"auto, (max-width: 714px) 100vw, 714px\" \/><figcaption>Merida Olaplex con Ondulado de Verano. (Olaplex with a Summer Perm) de Yenni @ Robert Abuda Salon de Belleza Merida.<\/figcaption><\/figure><\/div>\n\n\n\n<div class=\"wp-block-image wp-image-4018 size-full\"><figure class=\"alignleft\"><img loading=\"lazy\" decoding=\"async\" width=\"814\" height=\"750\" src=\"https:\/\/robertabudasalon.com\/wp-content\/uploads\/2015\/11\/Olaplex-Mejor-Salon-de-Belleza-Merida-sharp.jpg\" alt=\"Hair Salon Merida 614\" class=\"wp-image-4018\" srcset=\"https:\/\/robertabudasalon.com\/wp-content\/uploads\/2015\/11\/Olaplex-Mejor-Salon-de-Belleza-Merida-sharp.jpg 814w, https:\/\/robertabudasalon.com\/wp-content\/uploads\/2015\/11\/Olaplex-Mejor-Salon-de-Belleza-Merida-sharp.jpg 600w, https:\/\/robertabudasalon.com\/wp-content\/uploads\/2015\/11\/Olaplex-Mejor-Salon-de-Belleza-Merida-sharp.jpg 300w, https:\/\/robertabudasalon.com\/wp-content\/uploads\/2015\/11\/Olaplex-Mejor-Salon-de-Belleza-Merida-sharp.jpg 768w\" sizes=\"auto, (max-width: 714px) 100vw, 714px\" \/><figcaption>Merida Hair Salon | Olaplex Balyage, Highlights, &amp; Babylights y corte de Hair Stylist &#8211; Robert Abuda, Merida<\/figcaption><\/figure><\/div>\n\n\n\n<div class=\"wp-block-image wp-image-3997 size-full\"><figure class=\"alignleft\"><img loading=\"lazy\" decoding=\"async\" width=\"811\" height=\"593\" src=\"https:\/\/robertabudasalon.com\/wp-content\/uploads\/2015\/11\/Olaplex-Salon-de-Belleza-Mejor-Merida.jpg\" alt=\"Salon de Belleza Merida 25 | Robert Abuda Salon\" class=\"wp-image-3997\" srcset=\"https:\/\/robertabudasalon.com\/wp-content\/uploads\/2015\/11\/Olaplex-Salon-de-Belleza-Mejor-Merida.jpg 811w, https:\/\/robertabudasalon.com\/wp-content\/uploads\/2015\/11\/Olaplex-Salon-de-Belleza-Mejor-Merida.jpg 600w, https:\/\/robertabudasalon.com\/wp-content\/uploads\/2015\/11\/Olaplex-Salon-de-Belleza-Mejor-Merida.jpg 300w, https:\/\/robertabudasalon.com\/wp-content\/uploads\/2015\/11\/Olaplex-Salon-de-Belleza-Mejor-Merida.jpg 768w\" sizes=\"auto, (max-width: 714px) 100vw, 714px\" \/><figcaption>Decolorante de Robert Abuda usando Olaplex, Merida Hair Salon.<\/figcaption><\/figure><\/div>\n\n\n\n<div class=\"wp-block-image wp-image-3991 size-full\"><figure class=\"alignleft\"><img loading=\"lazy\" decoding=\"async\" width=\"756\" height=\"713\" src=\"https:\/\/robertabudasalon.com\/wp-content\/uploads\/2015\/11\/Hair-Salon-de-Belleza-Merida-Olaplex-Mejor.jpg\" alt=\"Olaplex Salon de Belleza Merida\" class=\"wp-image-3991\" srcset=\"https:\/\/robertabudasalon.com\/wp-content\/uploads\/2015\/11\/Hair-Salon-de-Belleza-Merida-Olaplex-Mejor.jpg 756w, https:\/\/robertabudasalon.com\/wp-content\/uploads\/2015\/11\/Hair-Salon-de-Belleza-Merida-Olaplex-Mejor.jpg 600w, https:\/\/robertabudasalon.com\/wp-content\/uploads\/2015\/11\/Hair-Salon-de-Belleza-Merida-Olaplex-Mejor.jpg 300w\" sizes=\"auto, (max-width: 714px) 100vw, 714px\" \/><figcaption>Hair Salon Merida | Olaplex Highlights, Babylights, &amp; Balyage de Yenni M. @ Robert Abuda Salon de Belleza Merida.<\/figcaption><\/figure><\/div>\n\n\n\n<figure class=\"wp-block-image\"><img loading=\"lazy\" decoding=\"async\" width=\"1024\" height=\"630\" src=\"https:\/\/robertabudasalon.com\/wp-content\/uploads\/2015\/11\/Hair-Salon-de-Belleza-Merida-Olaplex-1024x630.jpg\" alt=\"Olaplex Back to Brunette de Robert Abuda, Hair Salon Merida\" class=\"wp-image-3982\" srcset=\"https:\/\/robertabudasalon.com\/wp-content\/uploads\/2015\/11\/Hair-Salon-de-Belleza-Merida-Olaplex.jpg 1024w, https:\/\/robertabudasalon.com\/wp-content\/uploads\/2015\/11\/Hair-Salon-de-Belleza-Merida-Olaplex.jpg 600w, https:\/\/robertabudasalon.com\/wp-content\/uploads\/2015\/11\/Hair-Salon-de-Belleza-Merida-Olaplex.jpg 300w, https:\/\/robertabudasalon.com\/wp-content\/uploads\/2015\/11\/Hair-Salon-de-Belleza-Merida-Olaplex.jpg 768w, https:\/\/robertabudasalon.com\/wp-content\/uploads\/2015\/11\/Hair-Salon-de-Belleza-Merida-Olaplex.jpg 1400w\" sizes=\"auto, (max-width: 714px) 100vw, 714px\" \/><\/figure>\n\n\n\n<p>Back to Brunette de Robert Abuda usando Olaplex, Merida Hair Salon.<\/p>\n\n\n\n<figure class=\"wp-block-image\"><img loading=\"lazy\" decoding=\"async\" width=\"781\" height=\"713\" src=\"https:\/\/robertabudasalon.com\/wp-content\/uploads\/2015\/11\/Hair-Salon-de-Belleza-Merida-Olaplex-Robert-Abuda.jpg\" alt=\"Olaplex Back to Brunette de Robert Abuda, Hair Salon Merida 69\" class=\"wp-image-3981\" srcset=\"https:\/\/robertabudasalon.com\/wp-content\/uploads\/2015\/11\/Hair-Salon-de-Belleza-Merida-Olaplex-Robert-Abuda.jpg 781w, https:\/\/robertabudasalon.com\/wp-content\/uploads\/2015\/11\/Hair-Salon-de-Belleza-Merida-Olaplex-Robert-Abuda.jpg 600w, https:\/\/robertabudasalon.com\/wp-content\/uploads\/2015\/11\/Hair-Salon-de-Belleza-Merida-Olaplex-Robert-Abuda.jpg 300w, https:\/\/robertabudasalon.com\/wp-content\/uploads\/2015\/11\/Hair-Salon-de-Belleza-Merida-Olaplex-Robert-Abuda.jpg 768w\" sizes=\"auto, (max-width: 714px) 100vw, 714px\" \/><\/figure>\n\n\n\n<p>Back to Brunette de Robert Abuda con Olaplex, Merida Hair Salon<\/p>\n\n\n\n<div class=\"wp-block-image wp-image-3978 size-full\"><figure class=\"alignleft\"><img loading=\"lazy\" decoding=\"async\" width=\"1000\" height=\"1003\" src=\"https:\/\/robertabudasalon.com\/wp-content\/uploads\/2015\/11\/Merida-Hair-Salon-Olaplex-Marina.jpg\" alt=\"Olaplex Merida 256\" class=\"wp-image-3978\" srcset=\"https:\/\/robertabudasalon.com\/wp-content\/uploads\/2015\/11\/Merida-Hair-Salon-Olaplex-Marina.jpg 1000w, https:\/\/robertabudasalon.com\/wp-content\/uploads\/2015\/11\/Merida-Hair-Salon-Olaplex-Marina.jpg 300w, https:\/\/robertabudasalon.com\/wp-content\/uploads\/2015\/11\/Merida-Hair-Salon-Olaplex-Marina.jpg 100w, https:\/\/robertabudasalon.com\/wp-content\/uploads\/2015\/11\/Merida-Hair-Salon-Olaplex-Marina.jpg 600w, https:\/\/robertabudasalon.com\/wp-content\/uploads\/2015\/11\/Merida-Hair-Salon-Olaplex-Marina.jpg 150w, https:\/\/robertabudasalon.com\/wp-content\/uploads\/2015\/11\/Merida-Hair-Salon-Olaplex-Marina.jpg 768w\" sizes=\"auto, (max-width: 714px) 100vw, 714px\" \/><figcaption>Babylights and Highlights de Robert Abuda con OLAPLEX, en Merida.<\/figcaption><\/figure><\/div>\n\n\n\n<div class=\"wp-block-image wp-image-3976 size-full\"><figure class=\"alignleft\"><img loading=\"lazy\" decoding=\"async\" width=\"1009\" height=\"836\" src=\"https:\/\/robertabudasalon.com\/wp-content\/uploads\/2015\/11\/Olaplex-Merida-Hair-Salon-de-Belleza-Robert-Abuda.jpg\" alt=\"Olaplex Balyage, Ombre, &amp; Babylights y Corte de Robert Abuda\" class=\"wp-image-3976\" srcset=\"https:\/\/robertabudasalon.com\/wp-content\/uploads\/2015\/11\/Olaplex-Merida-Hair-Salon-de-Belleza-Robert-Abuda.jpg 1009w, https:\/\/robertabudasalon.com\/wp-content\/uploads\/2015\/11\/Olaplex-Merida-Hair-Salon-de-Belleza-Robert-Abuda.jpg 600w, https:\/\/robertabudasalon.com\/wp-content\/uploads\/2015\/11\/Olaplex-Merida-Hair-Salon-de-Belleza-Robert-Abuda.jpg 300w, https:\/\/robertabudasalon.com\/wp-content\/uploads\/2015\/11\/Olaplex-Merida-Hair-Salon-de-Belleza-Robert-Abuda.jpg 768w\" sizes=\"auto, (max-width: 714px) 100vw, 714px\" \/><figcaption>Olaplex Balyage, Ombre, &amp; Babylights and Corte de Robert Abuda.<\/figcaption><\/figure><\/div>\n\n\n\n<div class=\"wp-block-image size-full wp-image-3918\"><figure class=\"alignleft\"><img loading=\"lazy\" decoding=\"async\" width=\"684\" height=\"786\" src=\"https:\/\/robertabudasalon.com\/wp-content\/uploads\/2015\/11\/Merida-Hair-Salon-Olaplex.jpg\" alt=\"Olaplex Balyage &amp; Ombre de Yenni\" class=\"wp-image-3918\" srcset=\"https:\/\/robertabudasalon.com\/wp-content\/uploads\/2015\/11\/Merida-Hair-Salon-Olaplex.jpg 684w, https:\/\/robertabudasalon.com\/wp-content\/uploads\/2015\/11\/Merida-Hair-Salon-Olaplex.jpg 600w, https:\/\/robertabudasalon.com\/wp-content\/uploads\/2015\/11\/Merida-Hair-Salon-Olaplex.jpg 261w\" sizes=\"auto, (max-width: 684px) 100vw, 684px\" \/><figcaption>Balyage and Ombre con Olaplex de Yenni.<\/figcaption><\/figure><\/div>\n\n\n\n<div class=\"wp-block-image wp-image-3917 size-full\"><figure class=\"alignleft\"><img loading=\"lazy\" decoding=\"async\" width=\"504\" height=\"717\" src=\"https:\/\/robertabudasalon.com\/wp-content\/uploads\/2015\/11\/Merida-Hair-Salon-Olaplex-2.jpg\" alt=\"Olaplex Balyage &amp; Ombre de Yenni 36\" class=\"wp-image-3917\" srcset=\"https:\/\/robertabudasalon.com\/wp-content\/uploads\/2015\/11\/Merida-Hair-Salon-Olaplex-2.jpg 504w, https:\/\/robertabudasalon.com\/wp-content\/uploads\/2015\/11\/Merida-Hair-Salon-Olaplex-2.jpg 211w\" sizes=\"auto, (max-width: 504px) 100vw, 504px\" \/><figcaption>Olaplex Balyage and Ombre de Yenni.<\/figcaption><\/figure><\/div>\n\n\n\n<div class=\"wp-block-image wp-image-3803 size-full\"><figure class=\"alignleft\"><img loading=\"lazy\" decoding=\"async\" width=\"700\" height=\"687\" src=\"https:\/\/robertabudasalon.com\/wp-content\/uploads\/2015\/11\/hair-salon-merida-salon-de-belleza-robert-abuda-salon.jpg\" alt=\"Hair Salon Merida, con OLAPLEX\" class=\"wp-image-3803\" srcset=\"https:\/\/robertabudasalon.com\/wp-content\/uploads\/2015\/11\/hair-salon-merida-salon-de-belleza-robert-abuda-salon.jpg 700w, https:\/\/robertabudasalon.com\/wp-content\/uploads\/2015\/11\/hair-salon-merida-salon-de-belleza-robert-abuda-salon.jpg 600w, https:\/\/robertabudasalon.com\/wp-content\/uploads\/2015\/11\/hair-salon-merida-salon-de-belleza-robert-abuda-salon.jpg 300w\" sizes=\"auto, (max-width: 700px) 100vw, 700px\" \/><figcaption>Hair Salon Merida. OLAPLEX de Robert Abuda<\/figcaption><\/figure><\/div>\n\n\n\n<h2 class=\"wp-block-heading\">OLAPLEX SALON de BELLEZA MERIDA | 2015<\/h2>\n\n\n\n<div class=\"wp-block-image wp-image-3802 size-full\"><figure class=\"alignleft\"><img loading=\"lazy\" decoding=\"async\" width=\"900\" height=\"650\" src=\"https:\/\/robertabudasalon.com\/wp-content\/uploads\/2015\/11\/Salon-de-Belleza-Merida-Hair-Salon-Olaplex.jpg\" alt=\"Hair Salon Merida, Tinte con OLAPLEX\" class=\"wp-image-3802\" srcset=\"https:\/\/robertabudasalon.com\/wp-content\/uploads\/2015\/11\/Salon-de-Belleza-Merida-Hair-Salon-Olaplex.jpg 900w, https:\/\/robertabudasalon.com\/wp-content\/uploads\/2015\/11\/Salon-de-Belleza-Merida-Hair-Salon-Olaplex.jpg 600w, https:\/\/robertabudasalon.com\/wp-content\/uploads\/2015\/11\/Salon-de-Belleza-Merida-Hair-Salon-Olaplex.jpg 300w\" sizes=\"auto, (max-width: 714px) 100vw, 714px\" \/><figcaption>Hair Salon Merida. Tinte con OLAPLEX de Robert Abuda.<\/figcaption><\/figure><\/div>\n\n\n\n<div class=\"wp-block-image wp-image-3784 size-full\"><figure class=\"alignleft\"><img loading=\"lazy\" decoding=\"async\" width=\"700\" height=\"687\" src=\"https:\/\/robertabudasalon.com\/wp-content\/uploads\/2015\/11\/hair-salon-merida-salon-de-belleza.jpg\" alt=\"OLAPLEX Robert Abuda Salon de Belleza Merida, YUC\" class=\"wp-image-3784\" srcset=\"https:\/\/robertabudasalon.com\/wp-content\/uploads\/2015\/11\/hair-salon-merida-salon-de-belleza.jpg 700w, https:\/\/robertabudasalon.com\/wp-content\/uploads\/2015\/11\/hair-salon-merida-salon-de-belleza.jpg 600w, https:\/\/robertabudasalon.com\/wp-content\/uploads\/2015\/11\/hair-salon-merida-salon-de-belleza.jpg 300w\" sizes=\"auto, (max-width: 700px) 100vw, 700px\" \/><figcaption>Blonde Hair using Olaplex. Robert Abuda Salon de Belleza Merida.&nbsp; Olaplex Hair Color de Robert Abuda.<\/figcaption><\/figure><\/div>\n\n\n\n<h2 class=\"wp-block-heading\">&nbsp;<\/h2>\n\n\n\n<div class=\"wp-block-image wp-image-3783 size-large\"><figure class=\"alignleft\"><img loading=\"lazy\" decoding=\"async\" width=\"1024\" height=\"703\" src=\"https:\/\/robertabudasalon.com\/wp-content\/uploads\/2015\/11\/hair-salon-merida-color-correct-robert-abuda-salon-1024x703.jpg\" alt=\"hair salon merida color correct robert abuda salon\" class=\"wp-image-3783\" srcset=\"https:\/\/robertabudasalon.com\/wp-content\/uploads\/2015\/11\/hair-salon-merida-color-correct-robert-abuda-salon.jpg 1024w, https:\/\/robertabudasalon.com\/wp-content\/uploads\/2015\/11\/hair-salon-merida-color-correct-robert-abuda-salon.jpg 600w, https:\/\/robertabudasalon.com\/wp-content\/uploads\/2015\/11\/hair-salon-merida-color-correct-robert-abuda-salon.jpg 300w, https:\/\/robertabudasalon.com\/wp-content\/uploads\/2015\/11\/hair-salon-merida-color-correct-robert-abuda-salon.jpg 1100w\" sizes=\"auto, (max-width: 714px) 100vw, 714px\" \/><figcaption>Robert Abuda Salon de Belleza Merida, YUC. Color de Robert Abuda con <a href=\"http:\/\/www.olaplex.com.mx\">OLAPLEX<\/a>.<\/figcaption><\/figure><\/div>\n\n\n\n<div class=\"wp-block-image wp-image-3786 size-full\"><figure class=\"alignleft\"><img loading=\"lazy\" decoding=\"async\" width=\"703\" height=\"931\" src=\"https:\/\/robertabudasalon.com\/wp-content\/uploads\/2015\/11\/hair-salon-merida-olaplex-highlights-robert-abuda-salon.jpg\" alt=\"hair salon merida olaplex highlights robert abuda salon\" class=\"wp-image-3786\" srcset=\"https:\/\/robertabudasalon.com\/wp-content\/uploads\/2015\/11\/hair-salon-merida-olaplex-highlights-robert-abuda-salon.jpg 703w, https:\/\/robertabudasalon.com\/wp-content\/uploads\/2015\/11\/hair-salon-merida-olaplex-highlights-robert-abuda-salon.jpg 600w, https:\/\/robertabudasalon.com\/wp-content\/uploads\/2015\/11\/hair-salon-merida-olaplex-highlights-robert-abuda-salon.jpg 227w\" sizes=\"auto, (max-width: 703px) 100vw, 703px\" \/><figcaption>Olaplex Color de Robert Abuda 5.<\/figcaption><\/figure><\/div>\n\n\n\n<div class=\"wp-block-image wp-image-3785 size-full\"><figure class=\"alignleft\"><img loading=\"lazy\" decoding=\"async\" width=\"1000\" height=\"791\" src=\"https:\/\/robertabudasalon.com\/wp-content\/uploads\/2015\/11\/salon-de-belleza-Hair-Salon-Merida-Robert-Abuda-Salon-Olaplex-Yenni.jpg\" alt=\"salon de belleza Hair Salon Merida Robert Abuda Salon Olaplex Yenni\" class=\"wp-image-3785\" srcset=\"https:\/\/robertabudasalon.com\/wp-content\/uploads\/2015\/11\/salon-de-belleza-Hair-Salon-Merida-Robert-Abuda-Salon-Olaplex-Yenni.jpg 1000w, https:\/\/robertabudasalon.com\/wp-content\/uploads\/2015\/11\/salon-de-belleza-Hair-Salon-Merida-Robert-Abuda-Salon-Olaplex-Yenni.jpg 600w, https:\/\/robertabudasalon.com\/wp-content\/uploads\/2015\/11\/salon-de-belleza-Hair-Salon-Merida-Robert-Abuda-Salon-Olaplex-Yenni.jpg 300w\" sizes=\"auto, (max-width: 714px) 100vw, 714px\" \/><figcaption>Balyage Hair Color with Olaplex de Yenni M.<\/figcaption><\/figure><\/div>\n\n\n\n<div class=\"wp-block-image wp-image-3789 size-full\"><figure class=\"alignleft\"><img loading=\"lazy\" decoding=\"async\" width=\"750\" height=\"985\" src=\"https:\/\/robertabudasalon.com\/wp-content\/uploads\/2015\/11\/Salon-de-Belleza-Merida-Hair-Salon.jpg\" alt=\"Salon de Belleza Merida 1141\" class=\"wp-image-3789\" srcset=\"https:\/\/robertabudasalon.com\/wp-content\/uploads\/2015\/11\/Salon-de-Belleza-Merida-Hair-Salon.jpg 750w, https:\/\/robertabudasalon.com\/wp-content\/uploads\/2015\/11\/Salon-de-Belleza-Merida-Hair-Salon.jpg 600w, https:\/\/robertabudasalon.com\/wp-content\/uploads\/2015\/11\/Salon-de-Belleza-Merida-Hair-Salon.jpg 228w\" sizes=\"auto, (max-width: 714px) 100vw, 714px\" \/><figcaption>Olaplex Color de Robert Abuda con Balyage.<\/figcaption><\/figure><\/div>\n\n\n\n<div class=\"wp-block-image wp-image-3788 size-large\"><figure class=\"alignleft\"><img loading=\"lazy\" decoding=\"async\" width=\"743\" height=\"1024\" src=\"https:\/\/robertabudasalon.com\/wp-content\/uploads\/2015\/11\/Salon-de-Belleza-Merida-Hair-Salon-3-743x1024.jpg\" alt=\"Salon de Belleza Merida Hair Salon 1142\" class=\"wp-image-3788\" srcset=\"https:\/\/robertabudasalon.com\/wp-content\/uploads\/2015\/11\/Salon-de-Belleza-Merida-Hair-Salon-3.jpg 743w, https:\/\/robertabudasalon.com\/wp-content\/uploads\/2015\/11\/Salon-de-Belleza-Merida-Hair-Salon-3.jpg 600w, https:\/\/robertabudasalon.com\/wp-content\/uploads\/2015\/11\/Salon-de-Belleza-Merida-Hair-Salon-3.jpg 218w, https:\/\/robertabudasalon.com\/wp-content\/uploads\/2015\/11\/Salon-de-Belleza-Merida-Hair-Salon-3.jpg 750w\" sizes=\"auto, (max-width: 714px) 100vw, 714px\" \/><figcaption>Merida Hair Color. Olaplex by Robert Abuda in Merida.<\/figcaption><\/figure><\/div>\n\n\n\n<div class=\"wp-block-image wp-image-3787 size-full\"><figure class=\"alignleft\"><img loading=\"lazy\" decoding=\"async\" width=\"750\" height=\"1013\" src=\"https:\/\/robertabudasalon.com\/wp-content\/uploads\/2015\/11\/Salon-de-Belleza-Merida-Hair-Salon-2.jpg\" alt=\"Salon de Belleza Merida Hair 786\" class=\"wp-image-3787\" srcset=\"https:\/\/robertabudasalon.com\/wp-content\/uploads\/2015\/11\/Salon-de-Belleza-Merida-Hair-Salon-2.jpg 750w, https:\/\/robertabudasalon.com\/wp-content\/uploads\/2015\/11\/Salon-de-Belleza-Merida-Hair-Salon-2.jpg 600w, https:\/\/robertabudasalon.com\/wp-content\/uploads\/2015\/11\/Salon-de-Belleza-Merida-Hair-Salon-2.jpg 222w\" sizes=\"auto, (max-width: 714px) 100vw, 714px\" \/><figcaption>Balyage Hair Color de Robert Abuda and Olaplex 2.<\/figcaption><\/figure><\/div>\n\n\n\n<div class=\"wp-block-image wp-image-3790 size-full\"><figure class=\"alignleft\"><img loading=\"lazy\" decoding=\"async\" width=\"700\" height=\"663\" src=\"https:\/\/robertabudasalon.com\/wp-content\/uploads\/2015\/11\/salon-de-belleza-Merida.jpg\" alt=\"salon de belleza Merida Olaplex 631\" class=\"wp-image-3790\" srcset=\"https:\/\/robertabudasalon.com\/wp-content\/uploads\/2015\/11\/salon-de-belleza-Merida.jpg 700w, https:\/\/robertabudasalon.com\/wp-content\/uploads\/2015\/11\/salon-de-belleza-Merida.jpg 600w, https:\/\/robertabudasalon.com\/wp-content\/uploads\/2015\/11\/salon-de-belleza-Merida.jpg 300w\" sizes=\"auto, (max-width: 700px) 100vw, 700px\" \/><figcaption>Bronde Hair Color with Olaplex.<\/figcaption><\/figure><\/div>\n","protected":false},"excerpt":{"rendered":"<p>OLAPLEX Salon de Belleza Merida | YUC | TEL +52 999 926 3015 Despl\u00e1cese hacia abajo para ver fotos. OLAPLEX Salon de Belleza Merida, YUC | Hazte m\u00e1s rubia. Ve m\u00e1s all\u00e1 sin comprometer la integridad de tu cabello. Desde sesiones fotogr\u00e1ficas hasta el sal\u00f3n de belleza, los coloristas se liberan del miedo al cabello [&hellip;]<\/p>\n","protected":false},"author":1,"featured_media":6675,"parent":0,"menu_order":0,"comment_status":"open","ping_status":"closed","template":"","meta":{"nf_dc_page":"","jetpack_post_was_ever_published":false,"footnotes":""},"yst_prominent_words":[524,627,1723,1719,964,1722,563,554,560,557,1721,1720,512,633,967,1102,697,639,630,656],"class_list":["post-6296","page","type-page","status-publish","has-post-thumbnail","entry"],"yoast_head":"<!-- This site is optimized with the Yoast SEO Premium plugin v14.4.1 - https:\/\/yoast.com\/wordpress\/plugins\/seo\/ -->\n<title>OLAPLEX Salon de Belleza MERIDA<\/title>\n<meta name=\"description\" content=\"OLAPLEX Salon de Belleza Merida | Paseo Montejo. Peluquer\u00eda Merida. Ve mas all\u00e1 sin comprometer la integridad de tu cabello.TEL 9999 26 30 15 MERIDA\" \/>\n<meta name=\"robots\" content=\"index, follow\" \/>\n<meta name=\"googlebot\" content=\"index, follow, max-snippet:-1, max-image-preview:large, max-video-preview:-1\" \/>\n<meta name=\"bingbot\" content=\"index, follow, max-snippet:-1, max-image-preview:large, max-video-preview:-1\" \/>\n<link rel=\"canonical\" href=\"https:\/\/www.robertabudasalon.com\/es\/olaplex-merida\/\" \/>\n<meta property=\"og:locale\" content=\"es_ES\" \/>\n<meta property=\"og:type\" content=\"article\" \/>\n<meta property=\"og:title\" content=\"OLAPLEX Salon de Belleza MERIDA\" \/>\n<meta property=\"og:description\" content=\"OLAPLEX Salon de Belleza Merida | Paseo Montejo. Peluquer\u00eda Merida. Ve mas all\u00e1 sin comprometer la integridad de tu cabello.TEL 9999 26 30 15 MERIDA\" \/>\n<meta property=\"og:url\" content=\"https:\/\/www.robertabudasalon.com\/es\/olaplex-merida\/\" \/>\n<meta property=\"og:site_name\" content=\"Robert Abuda Merida Hair Salon\" \/>\n<meta property=\"article:publisher\" content=\"https:\/\/www.facebook.com\/RobertAbudaSalondeBellezaMerida\" \/>\n<meta property=\"article:author\" content=\"https:\/\/www.facebook.com\/RobertAbudaSalondeBellezaMerida\" \/>\n<meta property=\"article:modified_time\" content=\"2020-06-21T16:04:24+00:00\" \/>\n<meta property=\"og:image\" content=\"https:\/\/robertabudasalon.com\/wp-content\/uploads\/2018\/12\/Hair-Salon-merida-Olaplex-Robert-Abuda-Salon.jpg\" \/>\n\t<meta property=\"og:image:width\" content=\"960\" \/>\n\t<meta property=\"og:image:height\" content=\"960\" \/>\n<meta property=\"fb:app_id\" content=\"https:\/\/www.facebook.com\/RobertAbudaSalondeBellezaMerida\" \/>\n<meta name=\"twitter:card\" content=\"summary\" \/>\n<meta name=\"twitter:creator\" content=\"@RobAbudaSalon\" \/>\n<meta name=\"twitter:site\" content=\"@RobAbudaSalon\" \/>\n<script type=\"application\/ld+json\" class=\"yoast-schema-graph\">{\"@context\":\"https:\/\/schema.org\",\"@graph\":[{\"@type\":\"WebSite\",\"@id\":\"https:\/\/robertabudasalon.com\/es\/#website\",\"url\":\"https:\/\/robertabudasalon.com\/es\/\",\"name\":\"Robert Abuda Merida Hair Salon\",\"description\":\"Hair Salon Merida, Salon de Belleza Merida +52 999 926 3015, #470C Paseo de Montejo, Peluqueria y SPA.\",\"potentialAction\":[{\"@type\":\"SearchAction\",\"target\":\"https:\/\/robertabudasalon.com\/es\/?s={search_term_string}\",\"query-input\":\"required name=search_term_string\"}],\"inLanguage\":\"es-ES\"},{\"@type\":\"ImageObject\",\"@id\":\"https:\/\/www.robertabudasalon.com\/es\/olaplex-merida\/#primaryimage\",\"inLanguage\":\"es-ES\",\"url\":\"https:\/\/robertabudasalon.com\/wp-content\/uploads\/2018\/12\/Hair-Salon-merida-Olaplex-Robert-Abuda-Salon.jpg\",\"width\":960,\"height\":960},{\"@type\":\"WebPage\",\"@id\":\"https:\/\/www.robertabudasalon.com\/es\/olaplex-merida\/#webpage\",\"url\":\"https:\/\/www.robertabudasalon.com\/es\/olaplex-merida\/\",\"name\":\"OLAPLEX Salon de Belleza MERIDA\",\"isPartOf\":{\"@id\":\"https:\/\/robertabudasalon.com\/es\/#website\"},\"primaryImageOfPage\":{\"@id\":\"https:\/\/www.robertabudasalon.com\/es\/olaplex-merida\/#primaryimage\"},\"datePublished\":\"2018-11-14T16:50:26+00:00\",\"dateModified\":\"2020-06-21T16:04:24+00:00\",\"description\":\"OLAPLEX Salon de Belleza Merida | Paseo Montejo. Peluquer\\u00eda Merida. Ve mas all\\u00e1 sin comprometer la integridad de tu cabello.TEL 9999 26 30 15 MERIDA\",\"inLanguage\":\"es-ES\",\"potentialAction\":[{\"@type\":\"ReadAction\",\"target\":[\"https:\/\/www.robertabudasalon.com\/es\/olaplex-merida\/\"]}]}]}<\/script>\n<!-- \/ Yoast SEO Premium plugin. -->","jetpack_sharing_enabled":true,"jetpack_shortlink":"https:\/\/wp.me\/P6c51u-1Dy","amp_enabled":true,"_links":{"self":[{"href":"https:\/\/robertabudasalon.com\/es\/wp-json\/wp\/v2\/pages\/6296","targetHints":{"allow":["GET"]}}],"collection":[{"href":"https:\/\/robertabudasalon.com\/es\/wp-json\/wp\/v2\/pages"}],"about":[{"href":"https:\/\/robertabudasalon.com\/es\/wp-json\/wp\/v2\/types\/page"}],"author":[{"embeddable":true,"href":"https:\/\/robertabudasalon.com\/es\/wp-json\/wp\/v2\/users\/1"}],"replies":[{"embeddable":true,"href":"https:\/\/robertabudasalon.com\/es\/wp-json\/wp\/v2\/comments?post=6296"}],"version-history":[{"count":77,"href":"https:\/\/robertabudasalon.com\/es\/wp-json\/wp\/v2\/pages\/6296\/revisions"}],"predecessor-version":[{"id":10940,"href":"https:\/\/robertabudasalon.com\/es\/wp-json\/wp\/v2\/pages\/6296\/revisions\/10940"}],"wp:featuredmedia":[{"embeddable":true,"href":"https:\/\/robertabudasalon.com\/es\/wp-json\/wp\/v2\/media\/6675"}],"wp:attachment":[{"href":"https:\/\/robertabudasalon.com\/es\/wp-json\/wp\/v2\/media?parent=6296"}],"wp:term":[{"taxonomy":"yst_prominent_words","embeddable":true,"href":"https:\/\/robertabudasalon.com\/es\/wp-json\/wp\/v2\/yst_prominent_words?post=6296"}],"curies":[{"name":"wp","href":"https:\/\/api.w.org\/{rel}","templated":true}]}}